{"id":62252,"date":"2025-09-15T12:11:29","date_gmt":"2025-09-15T10:11:29","guid":{"rendered":"https:\/\/www.riyadelcadi.com\/?page_id=62252"},"modified":"2025-09-27T16:24:46","modified_gmt":"2025-09-27T14:24:46","slug":"familles-et-amis2","status":"publish","type":"page","link":"https:\/\/www.riyadelcadi.com\/fr\/toutes-les-chambres\/familles-et-amis2\/","title":{"rendered":"Pour les Familles et les Amis"},"content":{"rendered":"<div class=\"wpb-content-wrapper\"><p>[vc_section][vc_row][vc_column css=\u00a0\u00bb.vc_custom_1588335465436{background-color: #faf8f4 !important;}\u00a0\u00bb][vc_column_text]<br \/>\nNos suites familiales peuvent accueillir de 3 \u00e0 5 personnes et conviennent parfaitement aux familles avec enfants, aux amis qui ne souhaitent pas partager une chambre (ou aux partenaires qui ronflent).<\/p>\n<ul>\n<li>Toutes les suites familiales disposent de deux chambres.<br data-start=\"335\" data-end=\"338\" \/>La Maison Bleue, l\u2019Appartement et la Suite Douiriya offrent deux chambres s\u00e9par\u00e9es ainsi qu\u2019un salon.<br data-start=\"439\" data-end=\"442\" \/>Les Suites Senior et la Suite Master ne sont pas des suites familiales \u00e0 proprement parler. Cependant, en y ajoutant 1 \u00e0 2 lits dans le salon, elles peuvent accueillir des familles ou des amis.<\/li>\n<li>Toutes les suites disposent soit d&rsquo;un salon et d&rsquo;une chambre suppl\u00e9mentaire, soit d&rsquo;un balcon\/terrasse.<\/li>\n<\/ul>\n<p>[\/vc_column_text][\/vc_column][\/vc_row][vc_row][vc_column][vc_empty_space height=\u00a0\u00bb5px\u00a0\u00bb][\/vc_column][\/vc_row][vc_row equal_height=\u00a0\u00bbyes\u00a0\u00bb content_placement=\u00a0\u00bbmiddle\u00a0\u00bb css=\u00a0\u00bb.vc_custom_1588291984842{margin-bottom: 40px !important;border-radius: 1px !important;}\u00a0\u00bb][vc_column width=\u00a0\u00bb2\/3&Prime; css=\u00a0\u00bb.vc_custom_1758039165161{padding-top: 160px !important;padding-bottom: 160px !important;background-image: url(https:\/\/www.riyadelcadi.com\/wp-content\/uploads\/2015\/10\/20231222_112055-scaled.jpeg?id=33121) !important;background-position: center !important;background-repeat: no-repeat !important;background-size: cover !important;}\u00a0\u00bb][\/vc_column][vc_column width=\u00a0\u00bb1\/3&Prime; css=\u00a0\u00bb.vc_custom_1553275628359{background-color: #faf8f4 !important;}\u00a0\u00bb][vc_column_text]<\/p>\n<h2><a title=\"Staying fit in Marrakech\" href=\"https:\/\/www.riyadelcadi.com\/fr\/rooms-chambres\/appartement-61\/\">SUITE FAMILIALE &#8211; APPARTEMENT 61<\/a><\/h2>\n<p>Suite Familiale<\/p>\n<ul>\n<li>1er \u00e9tage<\/li>\n<li>Salon<\/li>\n<li>Climatis\u00e9e<\/li>\n<li>max. 4 personnes<\/li>\n<\/ul>\n<p>[\/vc_column_text]<div class=\"ut-btn-group  ut-btn-group-center ut-btn-group-tablet-center ut-btn-group-mobile-center clearfix\"><style type=\"text\/css\">#bklyn_btn_69ef740f2a528 .bklyn-btn { color:#ffffff !important; background-color:#193d38 !important; }#bklyn_btn_69ef740f2a528 .bklyn-btn:hover{ color:#ffffff !important; background-color:#46635f !important; }#bklyn_btn_69ef740f2a528 .bklyn-btn:focus{ color:#ffffff !important; background-color:#46635f !important; }#bklyn_btn_69ef740f2a528 .bklyn-btn:active { color:#ffffff !important; background-color:#46635f !important; }#bklyn_btn_69ef740f2a528 a.bklyn-btn { font-weight:500 !important; }#bklyn_btn_69ef740f2a528.bklyn-btn-header a.bklyn-btn { font-weight:500 !important; }#bklyn_btn_69ef740f2a528.bklyn-btn-header a.bklyn-btn span { font-weight:500 !important; }#bklyn_btn_69ef740f2a528 a.bklyn-btn { font-family:inherit !important; }<\/style><div id=\"bklyn_btn_69ef740f2a528\" class=\"bklyn-btn-holder  bklyn-btn-first bklyn-btn-center bklyn-btn-tablet-center bklyn-btn-mobile-center\"><a title=\"Apartment 61\"   href=\"https:\/\/www.riyadelcadi.com\/fr\/rooms-chambres\/appartement-61\/\" target=\"_self\" class=\"bklyn-btn  bklyn-btn-small\" ><span class=\"ut-btn-text\">VOIR LA CHAMBRE<\/span><\/a><\/div><style type=\"text\/css\">#bklyn_btn_69ef740f2a5d8 .bklyn-btn { color:#ffffff !important; background-color:#eca65c !important; }#bklyn_btn_69ef740f2a5d8 .bklyn-btn:hover{ color:#ffffff !important; background-color:#efb273 !important; }#bklyn_btn_69ef740f2a5d8 .bklyn-btn:focus{ color:#ffffff !important; background-color:#efb273 !important; }#bklyn_btn_69ef740f2a5d8 .bklyn-btn:active { color:#ffffff !important; background-color:#efb273 !important; }#bklyn_btn_69ef740f2a5d8 a.bklyn-btn { font-weight:500 !important; }#bklyn_btn_69ef740f2a5d8.bklyn-btn-header a.bklyn-btn { font-weight:500 !important; }#bklyn_btn_69ef740f2a5d8.bklyn-btn-header a.bklyn-btn span { font-weight:500 !important; }#bklyn_btn_69ef740f2a5d8 a.bklyn-btn { text-transform:uppercase !important; }<\/style><div id=\"bklyn_btn_69ef740f2a5d8\" class=\"bklyn-btn-holder  bklyn-btn-last bklyn-btn-center bklyn-btn-tablet-center bklyn-btn-mobile-center\"><a title=\"\"   href=\"https:\/\/direct-book.com\/properties\/riyadelcadidirect?number_nights=3&#038;number_adults=2&#038;promotion_code=Special\" target=\"_self\" class=\"bklyn-btn  bklyn-btn-small\" ><span class=\"ut-btn-text\">R\u00e9servation<\/span><\/a><\/div><\/div>[\/vc_column][\/vc_row][vc_row equal_height=\u00a0\u00bbyes\u00a0\u00bb content_placement=\u00a0\u00bbmiddle\u00a0\u00bb css=\u00a0\u00bb.vc_custom_1588333492680{margin-bottom: 40px !important;border-radius: 1px !important;}\u00a0\u00bb][vc_column width=\u00a0\u00bb2\/3&Prime; css=\u00a0\u00bb.vc_custom_1757927828428{padding-top: 160px !important;padding-bottom: 160px !important;background-image: url(https:\/\/www.riyadelcadi.com\/wp-content\/uploads\/2023\/04\/Blue-House_cCyril-Schirmbeck81-Kopie.jpg?id=32440) !important;background-position: center !important;background-repeat: no-repeat !important;background-size: cover !important;}\u00a0\u00bb][\/vc_column][vc_column width=\u00a0\u00bb1\/3&Prime; css=\u00a0\u00bb.vc_custom_1553275641280{background-color: #faf8f4 !important;}\u00a0\u00bb][vc_column_text]<\/p>\n<p>&nbsp;<\/p>\n<h2><a href=\"https:\/\/www.riyadelcadi.com\/fr\/rooms-chambres\/maison-bleue\/\">MAISON BLEUE<\/a><\/h2>\n<p>Suite Familiale \/ Riad Priv\u00e9<\/p>\n<ul>\n<li>Riad privatif sur deux \u00e9tages<\/li>\n<li>Climatisation \u00e0 l\u2019\u00e9tage<\/li>\n<li>Chambre fra\u00eeche au rez-de-chauss\u00e9e gr\u00e2ce aux murs \u00e9pais (climatisation inutile de mi-septembre \u00e0 mi-juin)<\/li>\n<li>2 salles de bain<\/li>\n<li>Balcon \u00e0 l&rsquo;\u00e9tage<\/li>\n<li>Patio priv\u00e9<\/li>\n<li>Salon<\/li>\n<li>Jusqu\u2019\u00e0 5 personnes (suppl\u00e9ment de 50 \u20ac pour la 5\u1d49 personne de plus de 12 ans)<\/li>\n<\/ul>\n<p>[\/vc_column_text]<div class=\"ut-btn-group  ut-btn-group-center ut-btn-group-tablet-center ut-btn-group-mobile-center clearfix\"><style type=\"text\/css\">#bklyn_btn_69ef740f2a6a3 .bklyn-btn { color:#ffffff !important; background-color:#193d38 !important; }#bklyn_btn_69ef740f2a6a3 .bklyn-btn:hover{ color:#ffffff !important; background-color:#46635f !important; }#bklyn_btn_69ef740f2a6a3 .bklyn-btn:focus{ color:#ffffff !important; background-color:#46635f !important; }#bklyn_btn_69ef740f2a6a3 .bklyn-btn:active { color:#ffffff !important; background-color:#46635f !important; }#bklyn_btn_69ef740f2a6a3 a.bklyn-btn { font-weight:500 !important; }#bklyn_btn_69ef740f2a6a3.bklyn-btn-header a.bklyn-btn { font-weight:500 !important; }#bklyn_btn_69ef740f2a6a3.bklyn-btn-header a.bklyn-btn span { font-weight:500 !important; }#bklyn_btn_69ef740f2a6a3 a.bklyn-btn { font-family:inherit !important; }<\/style><div id=\"bklyn_btn_69ef740f2a6a3\" class=\"bklyn-btn-holder  bklyn-btn-first bklyn-btn-center bklyn-btn-tablet-center bklyn-btn-mobile-center\"><a title=\"Maison Bleue 61\"   href=\"https:\/\/www.riyadelcadi.com\/fr\/rooms-chambres\/maison-bleue\/\/\" target=\"_self\" class=\"bklyn-btn  bklyn-btn-small\" ><span class=\"ut-btn-text\">VOIR LA CHAMBRE<\/span><\/a><\/div><style type=\"text\/css\">#bklyn_btn_69ef740f2a6fd .bklyn-btn { color:#ffffff !important; background-color:#eca65c !important; }#bklyn_btn_69ef740f2a6fd .bklyn-btn:hover{ color:#ffffff !important; background-color:#efb273 !important; }#bklyn_btn_69ef740f2a6fd .bklyn-btn:focus{ color:#ffffff !important; background-color:#efb273 !important; }#bklyn_btn_69ef740f2a6fd .bklyn-btn:active { color:#ffffff !important; background-color:#efb273 !important; }#bklyn_btn_69ef740f2a6fd a.bklyn-btn { font-weight:500 !important; }#bklyn_btn_69ef740f2a6fd.bklyn-btn-header a.bklyn-btn { font-weight:500 !important; }#bklyn_btn_69ef740f2a6fd.bklyn-btn-header a.bklyn-btn span { font-weight:500 !important; }#bklyn_btn_69ef740f2a6fd a.bklyn-btn { text-transform:uppercase !important; }<\/style><div id=\"bklyn_btn_69ef740f2a6fd\" class=\"bklyn-btn-holder  bklyn-btn-last bklyn-btn-center bklyn-btn-tablet-center bklyn-btn-mobile-center\"><a title=\"\"   href=\"https:\/\/direct-book.com\/properties\/riyadelcadidirect?number_nights=3&#038;number_adults=2&#038;promotion_code=Special\" target=\"_self\" class=\"bklyn-btn  bklyn-btn-small\" ><span class=\"ut-btn-text\">R\u00e9servation<\/span><\/a><\/div><\/div>[\/vc_column][\/vc_row][vc_row equal_height=\u00a0\u00bbyes\u00a0\u00bb content_placement=\u00a0\u00bbmiddle\u00a0\u00bb css=\u00a0\u00bb.vc_custom_1588291984842{margin-bottom: 40px !important;border-radius: 1px !important;}\u00a0\u00bb][vc_column width=\u00a0\u00bb2\/3&Prime; css=\u00a0\u00bb.vc_custom_1757930902253{padding-top: 160px !important;padding-bottom: 160px !important;background-image: url(https:\/\/www.riyadelcadi.com\/wp-content\/uploads\/2015\/11\/Suite-Ottomane-Salon-c-Keohane-e1448365596911.jpg?id=26795) !important;background-position: center !important;background-repeat: no-repeat !important;background-size: cover !important;}\u00a0\u00bb][\/vc_column][vc_column width=\u00a0\u00bb1\/3&Prime; css=\u00a0\u00bb.vc_custom_1553275628359{background-color: #faf8f4 !important;}\u00a0\u00bb][vc_column_text]<\/p>\n<h2><a title=\"Staying fit in Marrakech\" href=\"https:\/\/www.riyadelcadi.com\/fr\/rooms-chambres\/suite-douiriya\/\">SUITE DOUIRIYA<\/a><\/h2>\n<p>Suite Junior Triple<\/p>\n<ul>\n<li>Premier \u00e9tage<\/li>\n<li>Climatis\u00e9e<\/li>\n<li>Loggia, chambre single<\/li>\n<li>max. 3 persons<\/li>\n<\/ul>\n<p>[\/vc_column_text]<div class=\"ut-btn-group  ut-btn-group-center ut-btn-group-tablet-center ut-btn-group-mobile-center clearfix\"><style type=\"text\/css\">#bklyn_btn_69ef740f2a7a4 .bklyn-btn { color:#ffffff !important; background-color:#193d38 !important; }#bklyn_btn_69ef740f2a7a4 .bklyn-btn:hover{ color:#ffffff !important; background-color:#46635f !important; }#bklyn_btn_69ef740f2a7a4 .bklyn-btn:focus{ color:#ffffff !important; background-color:#46635f !important; }#bklyn_btn_69ef740f2a7a4 .bklyn-btn:active { color:#ffffff !important; background-color:#46635f !important; }#bklyn_btn_69ef740f2a7a4 a.bklyn-btn { font-weight:500 !important; }#bklyn_btn_69ef740f2a7a4.bklyn-btn-header a.bklyn-btn { font-weight:500 !important; }#bklyn_btn_69ef740f2a7a4.bklyn-btn-header a.bklyn-btn span { font-weight:500 !important; }#bklyn_btn_69ef740f2a7a4 a.bklyn-btn { font-family:inherit !important; }<\/style><div id=\"bklyn_btn_69ef740f2a7a4\" class=\"bklyn-btn-holder  bklyn-btn-first bklyn-btn-center bklyn-btn-tablet-center bklyn-btn-mobile-center\"><a title=\"Suite Douiriya\"   href=\"https:\/\/www.riyadelcadi.com\/fr\/rooms-chambres\/suite-douiriya\/\" target=\"_self\" class=\"bklyn-btn  bklyn-btn-small\" ><span class=\"ut-btn-text\">VOIR LA CHAMBRE<\/span><\/a><\/div><style type=\"text\/css\">#bklyn_btn_69ef740f2a811 .bklyn-btn { color:#ffffff !important; background-color:#eca65c !important; }#bklyn_btn_69ef740f2a811 .bklyn-btn:hover{ color:#ffffff !important; background-color:#efb273 !important; }#bklyn_btn_69ef740f2a811 .bklyn-btn:focus{ color:#ffffff !important; background-color:#efb273 !important; }#bklyn_btn_69ef740f2a811 .bklyn-btn:active { color:#ffffff !important; background-color:#efb273 !important; }#bklyn_btn_69ef740f2a811 a.bklyn-btn { font-weight:500 !important; }#bklyn_btn_69ef740f2a811.bklyn-btn-header a.bklyn-btn { font-weight:500 !important; }#bklyn_btn_69ef740f2a811.bklyn-btn-header a.bklyn-btn span { font-weight:500 !important; }#bklyn_btn_69ef740f2a811 a.bklyn-btn { text-transform:uppercase !important; }<\/style><div id=\"bklyn_btn_69ef740f2a811\" class=\"bklyn-btn-holder  bklyn-btn-last bklyn-btn-center bklyn-btn-tablet-center bklyn-btn-mobile-center\"><a title=\"\"   href=\"https:\/\/direct-book.com\/properties\/riyadelcadidirect?number_nights=3&#038;number_adults=2&#038;promotion_code=Special\" target=\"_self\" class=\"bklyn-btn  bklyn-btn-small\" ><span class=\"ut-btn-text\">R\u00e9servation<\/span><\/a><\/div><\/div>[\/vc_column][\/vc_row]<\/p>\n<p>[vc_row equal_height=\u00a0\u00bbyes\u00a0\u00bb content_placement=\u00a0\u00bbmiddle\u00a0\u00bb css=\u00a0\u00bb.vc_custom_1588291984842{margin-bottom: 40px !important;border-radius: 1px !important;}\u00a0\u00bb][vc_column width=\u00a0\u00bb2\/3&Prime; css=\u00a0\u00bb.vc_custom_1588292664663{padding-top: 160px !important;padding-bottom: 160px !important;background-image: url(https:\/\/www.riyadelcadi.com\/wp-content\/uploads\/2015\/11\/Chambre-Appartement-61-Bedroom-c-Kai-Kremser.jpg?id=17502) !important;background-position: center !important;background-repeat: no-repeat !important;background-size: cover !important;}\u00a0\u00bb][\/vc_column][vc_column width=\u00a0\u00bb1\/3&Prime; css=\u00a0\u00bb.vc_custom_1553275628359{background-color: #faf8f4 !important;}\u00a0\u00bb][vc_column_text]<\/p>\n<h2><a href=\"https:\/\/www.riyadelcadi.com\/fr\/rooms-chambres\/suite-ottomane\/\">SUITE OTTOMANE<\/a><\/h2>\n<p style=\"text-align: left;\"><span style=\"color: #193d38;\">Suite Senior<\/span><\/p>\n<ul>\n<li style=\"text-align: left;\">1er \u00e9tage<\/li>\n<li>Climatis\u00e9e<\/li>\n<li>Salon, gal\u00e9rie<\/li>\n<li style=\"text-align: left;\">max 3 personnes<\/li>\n<\/ul>\n<p>[\/vc_column_text]<div class=\"ut-btn-group  ut-btn-group-center ut-btn-group-tablet-center ut-btn-group-mobile-center clearfix\"><style type=\"text\/css\">#bklyn_btn_69ef740f2a8be .bklyn-btn { color:#ffffff !important; background-color:#193d38 !important; }#bklyn_btn_69ef740f2a8be .bklyn-btn:hover{ color:#ffffff !important; background-color:#46635f !important; }#bklyn_btn_69ef740f2a8be .bklyn-btn:focus{ color:#ffffff !important; background-color:#46635f !important; }#bklyn_btn_69ef740f2a8be .bklyn-btn:active { color:#ffffff !important; background-color:#46635f !important; }#bklyn_btn_69ef740f2a8be a.bklyn-btn { font-weight:500 !important; }#bklyn_btn_69ef740f2a8be.bklyn-btn-header a.bklyn-btn { font-weight:500 !important; }#bklyn_btn_69ef740f2a8be.bklyn-btn-header a.bklyn-btn span { font-weight:500 !important; }#bklyn_btn_69ef740f2a8be a.bklyn-btn { font-family:inherit !important; }<\/style><div id=\"bklyn_btn_69ef740f2a8be\" class=\"bklyn-btn-holder  bklyn-btn-first bklyn-btn-center bklyn-btn-tablet-center bklyn-btn-mobile-center\"><a title=\"Suite Ottomane\"   href=\"https:\/\/www.riyadelcadi.com\/fr\/rooms-chambres\/suite-ottomane\/\" target=\"_self\" class=\"bklyn-btn  bklyn-btn-small\" ><span class=\"ut-btn-text\">VOIR LA CHAMBRE<\/span><\/a><\/div><style type=\"text\/css\">#bklyn_btn_69ef740f2a90e .bklyn-btn { color:#ffffff !important; background-color:#eca65c !important; }#bklyn_btn_69ef740f2a90e .bklyn-btn:hover{ color:#ffffff !important; background-color:#efb273 !important; }#bklyn_btn_69ef740f2a90e .bklyn-btn:focus{ color:#ffffff !important; background-color:#efb273 !important; }#bklyn_btn_69ef740f2a90e .bklyn-btn:active { color:#ffffff !important; background-color:#efb273 !important; }#bklyn_btn_69ef740f2a90e a.bklyn-btn { font-weight:500 !important; }#bklyn_btn_69ef740f2a90e.bklyn-btn-header a.bklyn-btn { font-weight:500 !important; }#bklyn_btn_69ef740f2a90e.bklyn-btn-header a.bklyn-btn span { font-weight:500 !important; }#bklyn_btn_69ef740f2a90e a.bklyn-btn { text-transform:uppercase !important; }<\/style><div id=\"bklyn_btn_69ef740f2a90e\" class=\"bklyn-btn-holder  bklyn-btn-last bklyn-btn-center bklyn-btn-tablet-center bklyn-btn-mobile-center\"><a title=\"\"   href=\"https:\/\/direct-book.com\/properties\/riyadelcadidirect?number_nights=3&#038;number_adults=2&#038;promotion_code=Special\" target=\"_self\" class=\"bklyn-btn  bklyn-btn-small\" ><span class=\"ut-btn-text\">R\u00e9servation<\/span><\/a><\/div><\/div>[\/vc_column][\/vc_row][vc_row equal_height=\u00a0\u00bbyes\u00a0\u00bb content_placement=\u00a0\u00bbmiddle\u00a0\u00bb css=\u00a0\u00bb.vc_custom_1588291984842{margin-bottom: 40px !important;border-radius: 1px !important;}\u00a0\u00bb][vc_column width=\u00a0\u00bb2\/3&Prime; css=\u00a0\u00bb.vc_custom_1588338276591{padding-top: 160px !important;padding-bottom: 160px !important;background-image: url(https:\/\/www.riyadelcadi.com\/wp-content\/uploads\/2015\/10\/Suite-Palmier-03-by-Lydia-Toll-1.jpg?id=23511) !important;background-position: center !important;background-repeat: no-repeat !important;background-size: cover !important;}\u00a0\u00bb][\/vc_column][vc_column width=\u00a0\u00bb1\/3&Prime; css=\u00a0\u00bb.vc_custom_1553275628359{background-color: #faf8f4 !important;}\u00a0\u00bb][vc_column_text]<\/p>\n<h2><a href=\"https:\/\/www.riyadelcadi.com\/de\/rooms-chambres\/palmen-suite\/\">SUITE PALMIER<\/a><\/h2>\n<p style=\"text-align: left;\"><span style=\"color: #193d38;\">Suite Senior<\/span><\/p>\n<ul>\n<li style=\"text-align: left;\">1er \u00e9tage<\/li>\n<li>Climatis\u00e9e<\/li>\n<li>Salon, balcon<\/li>\n<li style=\"text-align: left;\">max 3 personnes<\/li>\n<\/ul>\n<p>[\/vc_column_text]<div class=\"ut-btn-group  ut-btn-group-center ut-btn-group-tablet-center ut-btn-group-mobile-center clearfix\"><style type=\"text\/css\">#bklyn_btn_69ef740f2a9a7 .bklyn-btn { color:#ffffff !important; background-color:#193d38 !important; }#bklyn_btn_69ef740f2a9a7 .bklyn-btn:hover{ color:#ffffff !important; background-color:#46635f !important; }#bklyn_btn_69ef740f2a9a7 .bklyn-btn:focus{ color:#ffffff !important; background-color:#46635f !important; }#bklyn_btn_69ef740f2a9a7 .bklyn-btn:active { color:#ffffff !important; background-color:#46635f !important; }#bklyn_btn_69ef740f2a9a7 a.bklyn-btn { font-weight:500 !important; }#bklyn_btn_69ef740f2a9a7.bklyn-btn-header a.bklyn-btn { font-weight:500 !important; }#bklyn_btn_69ef740f2a9a7.bklyn-btn-header a.bklyn-btn span { font-weight:500 !important; }#bklyn_btn_69ef740f2a9a7 a.bklyn-btn { font-family:inherit !important; }<\/style><div id=\"bklyn_btn_69ef740f2a9a7\" class=\"bklyn-btn-holder  bklyn-btn-first bklyn-btn-center bklyn-btn-tablet-center bklyn-btn-mobile-center\"><a title=\"Suite Palmier\"   href=\"https:\/\/www.riyadelcadi.com\/fr\/rooms-chambres\/suite-palmier\/\" target=\"_self\" class=\"bklyn-btn  bklyn-btn-small\" ><span class=\"ut-btn-text\">VOIR LA CHAMBRE<\/span><\/a><\/div><style type=\"text\/css\">#bklyn_btn_69ef740f2a9f5 .bklyn-btn { color:#ffffff !important; background-color:#eca65c !important; }#bklyn_btn_69ef740f2a9f5 .bklyn-btn:hover{ color:#ffffff !important; background-color:#efb273 !important; }#bklyn_btn_69ef740f2a9f5 .bklyn-btn:focus{ color:#ffffff !important; background-color:#efb273 !important; }#bklyn_btn_69ef740f2a9f5 .bklyn-btn:active { color:#ffffff !important; background-color:#efb273 !important; }#bklyn_btn_69ef740f2a9f5 a.bklyn-btn { font-weight:500 !important; }#bklyn_btn_69ef740f2a9f5.bklyn-btn-header a.bklyn-btn { font-weight:500 !important; }#bklyn_btn_69ef740f2a9f5.bklyn-btn-header a.bklyn-btn span { font-weight:500 !important; }#bklyn_btn_69ef740f2a9f5 a.bklyn-btn { text-transform:uppercase !important; }<\/style><div id=\"bklyn_btn_69ef740f2a9f5\" class=\"bklyn-btn-holder  bklyn-btn-last bklyn-btn-center bklyn-btn-tablet-center bklyn-btn-mobile-center\"><a title=\"\"   href=\"https:\/\/direct-book.com\/properties\/riyadelcadidirect?number_nights=3&#038;number_adults=2&#038;promotion_code=Special\" target=\"_self\" class=\"bklyn-btn  bklyn-btn-small\" ><span class=\"ut-btn-text\">R\u00e9servation<\/span><\/a><\/div><\/div>[\/vc_column][\/vc_row][vc_row equal_height=\u00a0\u00bbyes\u00a0\u00bb content_placement=\u00a0\u00bbmiddle\u00a0\u00bb css=\u00a0\u00bb.vc_custom_1588291984842{margin-bottom: 40px !important;border-radius: 1px !important;}\u00a0\u00bb][vc_column width=\u00a0\u00bb2\/3&Prime; css=\u00a0\u00bb.vc_custom_1588338377404{padding-top: 160px !important;padding-bottom: 160px !important;background-image: url(https:\/\/www.riyadelcadi.com\/wp-content\/uploads\/2015\/11\/Master-Suite-Patio-4-c-Keohane-e1448641461436.jpg?id=17601) !important;background-position: center !important;background-repeat: no-repeat !important;background-size: cover !important;}\u00a0\u00bb][\/vc_column][vc_column width=\u00a0\u00bb1\/3&Prime; css=\u00a0\u00bb.vc_custom_1553275628359{background-color: #faf8f4 !important;}\u00a0\u00bb][vc_column_text]<\/p>\n<h2><a href=\"https:\/\/www.riyadelcadi.com\/de\/rooms-chambres\/master-suite\/\">MASTER SUITE<\/a><\/h2>\n<p style=\"text-align: left;\"><span style=\"color: #193d38;\">Suite Senior<\/span><\/p>\n<ul>\n<li style=\"text-align: left;\">1er\/2eme \u00e9tage<\/li>\n<li>Climatis\u00e9e<\/li>\n<li>Salon, patio, terrasses<\/li>\n<li style=\"text-align: left;\">max 3 personnes<\/li>\n<\/ul>\n<p>[\/vc_column_text]<div class=\"ut-btn-group  ut-btn-group-center ut-btn-group-tablet-center ut-btn-group-mobile-center clearfix\"><style type=\"text\/css\">#bklyn_btn_69ef740f2aa89 .bklyn-btn { color:#ffffff !important; background-color:#193d38 !important; }#bklyn_btn_69ef740f2aa89 .bklyn-btn:hover{ color:#ffffff !important; background-color:#46635f !important; }#bklyn_btn_69ef740f2aa89 .bklyn-btn:focus{ color:#ffffff !important; background-color:#46635f !important; }#bklyn_btn_69ef740f2aa89 .bklyn-btn:active { color:#ffffff !important; background-color:#46635f !important; }#bklyn_btn_69ef740f2aa89 a.bklyn-btn { font-weight:500 !important; }#bklyn_btn_69ef740f2aa89.bklyn-btn-header a.bklyn-btn { font-weight:500 !important; }#bklyn_btn_69ef740f2aa89.bklyn-btn-header a.bklyn-btn span { font-weight:500 !important; }#bklyn_btn_69ef740f2aa89 a.bklyn-btn { font-family:inherit !important; }<\/style><div id=\"bklyn_btn_69ef740f2aa89\" class=\"bklyn-btn-holder  bklyn-btn-first bklyn-btn-center bklyn-btn-tablet-center bklyn-btn-mobile-center\"><a title=\"Master Suite\"   href=\"https:\/\/www.riyadelcadi.com\/fr\/rooms-chambres\/master-suite\/\" target=\"_self\" class=\"bklyn-btn  bklyn-btn-small\" ><span class=\"ut-btn-text\">VOIR LA CHAMBRE<\/span><\/a><\/div><style type=\"text\/css\">#bklyn_btn_69ef740f2aad7 .bklyn-btn { color:#ffffff !important; background-color:#eca65c !important; }#bklyn_btn_69ef740f2aad7 .bklyn-btn:hover{ color:#ffffff !important; background-color:#efb273 !important; }#bklyn_btn_69ef740f2aad7 .bklyn-btn:focus{ color:#ffffff !important; background-color:#efb273 !important; }#bklyn_btn_69ef740f2aad7 .bklyn-btn:active { color:#ffffff !important; background-color:#efb273 !important; }#bklyn_btn_69ef740f2aad7 a.bklyn-btn { font-weight:500 !important; }#bklyn_btn_69ef740f2aad7.bklyn-btn-header a.bklyn-btn { font-weight:500 !important; }#bklyn_btn_69ef740f2aad7.bklyn-btn-header a.bklyn-btn span { font-weight:500 !important; }#bklyn_btn_69ef740f2aad7 a.bklyn-btn { text-transform:uppercase !important; }<\/style><div id=\"bklyn_btn_69ef740f2aad7\" class=\"bklyn-btn-holder  bklyn-btn-last bklyn-btn-center bklyn-btn-tablet-center bklyn-btn-mobile-center\"><a title=\"\"   href=\"https:\/\/direct-book.com\/properties\/riyadelcadidirect?number_nights=3&#038;number_adults=2&#038;promotion_code=Special\" target=\"_self\" class=\"bklyn-btn  bklyn-btn-small\" ><span class=\"ut-btn-text\">R\u00e9servation<\/span><\/a><\/div><\/div>[\/vc_column][\/vc_row][\/vc_section]<\/p>\n<\/div>","protected":false},"excerpt":{"rendered":"<p>[vc_section][vc_row][vc_column css=\u00a0\u00bb.vc_custom_1588335465436{background-color: #faf8f4 !important;}\u00a0\u00bb][vc_column_text] Nos suites familiales peuvent accueillir de 3 \u00e0 5 personnes et conviennent parfaitement aux familles avec enfants, aux amis qui ne souhaitent pas partager une chambre (ou aux partenaires qui ronflent). Toutes les suites familiales disposent de deux chambres.La Maison Bleue, l\u2019Appartement et la Suite Douiriya offrent deux chambres s\u00e9par\u00e9es ainsi [&hellip;]<\/p>\n","protected":false},"author":4,"featured_media":23610,"parent":18515,"menu_order":0,"comment_status":"closed","ping_status":"closed","template":"","meta":{"footnotes":""},"yoast_head":"<!-- This site is optimized with the Yoast SEO plugin v24.5 - https:\/\/yoast.com\/wordpress\/plugins\/seo\/ -->\n<title>Pour les Familles et les Amis - Riyad El Cadi<\/title>\n<meta name=\"robots\" content=\"index, follow, max-snippet:-1, max-image-preview:large, max-video-preview:-1\" \/>\n<link rel=\"canonical\" href=\"https:\/\/www.riyadelcadi.com\/fr\/toutes-les-chambres\/familles-et-amis2\/\" \/>\n<meta property=\"og:locale\" content=\"fr_FR\" \/>\n<meta property=\"og:type\" content=\"article\" \/>\n<meta property=\"og:title\" content=\"Pour les Familles et les Amis - Riyad El Cadi\" \/>\n<meta property=\"og:description\" content=\"[vc_section][vc_row][vc_column css=\u00a0\u00bb.vc_custom_1588335465436{background-color: #faf8f4 !important;}\u00a0\u00bb][vc_column_text] Nos suites familiales peuvent accueillir de 3 \u00e0 5 personnes et conviennent parfaitement aux familles avec enfants, aux amis qui ne souhaitent pas partager une chambre (ou aux partenaires qui ronflent). Toutes les suites familiales disposent de deux chambres.La Maison Bleue, l\u2019Appartement et la Suite Douiriya offrent deux chambres s\u00e9par\u00e9es ainsi [&hellip;]\" \/>\n<meta property=\"og:url\" content=\"https:\/\/www.riyadelcadi.com\/fr\/toutes-les-chambres\/familles-et-amis2\/\" \/>\n<meta property=\"og:site_name\" content=\"Riyad El Cadi\" \/>\n<meta property=\"article:publisher\" content=\"https:\/\/www.facebook.com\/RiyadElCadi\/\" \/>\n<meta property=\"article:modified_time\" content=\"2025-09-27T14:24:46+00:00\" \/>\n<meta property=\"og:image\" content=\"https:\/\/www.riyadelcadi.com\/wp-content\/uploads\/2019\/02\/Curtain-Pattern_jed.kaoru_.share_.jpg\" \/>\n\t<meta property=\"og:image:width\" content=\"1280\" \/>\n\t<meta property=\"og:image:height\" content=\"853\" \/>\n\t<meta property=\"og:image:type\" content=\"image\/jpeg\" \/>\n<meta name=\"twitter:card\" content=\"summary_large_image\" \/>\n<meta name=\"twitter:label1\" content=\"Dur\u00e9e de lecture estim\u00e9e\" \/>\n\t<meta name=\"twitter:data1\" content=\"3 minutes\" \/>\n<script type=\"application\/ld+json\" class=\"yoast-schema-graph\">{\"@context\":\"https:\/\/schema.org\",\"@graph\":[{\"@type\":\"WebPage\",\"@id\":\"https:\/\/www.riyadelcadi.com\/fr\/toutes-les-chambres\/familles-et-amis2\/\",\"url\":\"https:\/\/www.riyadelcadi.com\/fr\/toutes-les-chambres\/familles-et-amis2\/\",\"name\":\"Pour les Familles et les Amis - Riyad El Cadi\",\"isPartOf\":{\"@id\":\"https:\/\/www.riyadelcadi.com\/fr\/#website\"},\"primaryImageOfPage\":{\"@id\":\"https:\/\/www.riyadelcadi.com\/fr\/toutes-les-chambres\/familles-et-amis2\/#primaryimage\"},\"image\":{\"@id\":\"https:\/\/www.riyadelcadi.com\/fr\/toutes-les-chambres\/familles-et-amis2\/#primaryimage\"},\"thumbnailUrl\":\"https:\/\/www.riyadelcadi.com\/wp-content\/uploads\/2019\/02\/Curtain-Pattern_jed.kaoru_.share_.jpg\",\"datePublished\":\"2025-09-15T10:11:29+00:00\",\"dateModified\":\"2025-09-27T14:24:46+00:00\",\"breadcrumb\":{\"@id\":\"https:\/\/www.riyadelcadi.com\/fr\/toutes-les-chambres\/familles-et-amis2\/#breadcrumb\"},\"inLanguage\":\"fr-FR\",\"potentialAction\":[{\"@type\":\"ReadAction\",\"target\":[\"https:\/\/www.riyadelcadi.com\/fr\/toutes-les-chambres\/familles-et-amis2\/\"]}]},{\"@type\":\"ImageObject\",\"inLanguage\":\"fr-FR\",\"@id\":\"https:\/\/www.riyadelcadi.com\/fr\/toutes-les-chambres\/familles-et-amis2\/#primaryimage\",\"url\":\"https:\/\/www.riyadelcadi.com\/wp-content\/uploads\/2019\/02\/Curtain-Pattern_jed.kaoru_.share_.jpg\",\"contentUrl\":\"https:\/\/www.riyadelcadi.com\/wp-content\/uploads\/2019\/02\/Curtain-Pattern_jed.kaoru_.share_.jpg\",\"width\":1280,\"height\":853},{\"@type\":\"BreadcrumbList\",\"@id\":\"https:\/\/www.riyadelcadi.com\/fr\/toutes-les-chambres\/familles-et-amis2\/#breadcrumb\",\"itemListElement\":[{\"@type\":\"ListItem\",\"position\":1,\"name\":\"Accueil\",\"item\":\"https:\/\/www.riyadelcadi.com\/fr\/\"},{\"@type\":\"ListItem\",\"position\":2,\"name\":\"Nos Chambres\",\"item\":\"https:\/\/www.riyadelcadi.com\/fr\/toutes-les-chambres\/\"},{\"@type\":\"ListItem\",\"position\":3,\"name\":\"Pour les Familles et les Amis\"}]},{\"@type\":\"WebSite\",\"@id\":\"https:\/\/www.riyadelcadi.com\/fr\/#website\",\"url\":\"https:\/\/www.riyadelcadi.com\/fr\/\",\"name\":\"Riyad El Cadi\",\"description\":\"Riad avec du style in Marrakech\",\"potentialAction\":[{\"@type\":\"SearchAction\",\"target\":{\"@type\":\"EntryPoint\",\"urlTemplate\":\"https:\/\/www.riyadelcadi.com\/fr\/?s={search_term_string}\"},\"query-input\":{\"@type\":\"PropertyValueSpecification\",\"valueRequired\":true,\"valueName\":\"search_term_string\"}}],\"inLanguage\":\"fr-FR\"}]}<\/script>\n<!-- \/ Yoast SEO plugin. -->","yoast_head_json":{"title":"Pour les Familles et les Amis - Riyad El Cadi","robots":{"index":"index","follow":"follow","max-snippet":"max-snippet:-1","max-image-preview":"max-image-preview:large","max-video-preview":"max-video-preview:-1"},"canonical":"https:\/\/www.riyadelcadi.com\/fr\/toutes-les-chambres\/familles-et-amis2\/","og_locale":"fr_FR","og_type":"article","og_title":"Pour les Familles et les Amis - Riyad El Cadi","og_description":"[vc_section][vc_row][vc_column css=\u00a0\u00bb.vc_custom_1588335465436{background-color: #faf8f4 !important;}\u00a0\u00bb][vc_column_text] Nos suites familiales peuvent accueillir de 3 \u00e0 5 personnes et conviennent parfaitement aux familles avec enfants, aux amis qui ne souhaitent pas partager une chambre (ou aux partenaires qui ronflent). Toutes les suites familiales disposent de deux chambres.La Maison Bleue, l\u2019Appartement et la Suite Douiriya offrent deux chambres s\u00e9par\u00e9es ainsi [&hellip;]","og_url":"https:\/\/www.riyadelcadi.com\/fr\/toutes-les-chambres\/familles-et-amis2\/","og_site_name":"Riyad El Cadi","article_publisher":"https:\/\/www.facebook.com\/RiyadElCadi\/","article_modified_time":"2025-09-27T14:24:46+00:00","og_image":[{"width":1280,"height":853,"url":"https:\/\/www.riyadelcadi.com\/wp-content\/uploads\/2019\/02\/Curtain-Pattern_jed.kaoru_.share_.jpg","type":"image\/jpeg"}],"twitter_card":"summary_large_image","twitter_misc":{"Dur\u00e9e de lecture estim\u00e9e":"3 minutes"},"schema":{"@context":"https:\/\/schema.org","@graph":[{"@type":"WebPage","@id":"https:\/\/www.riyadelcadi.com\/fr\/toutes-les-chambres\/familles-et-amis2\/","url":"https:\/\/www.riyadelcadi.com\/fr\/toutes-les-chambres\/familles-et-amis2\/","name":"Pour les Familles et les Amis - Riyad El Cadi","isPartOf":{"@id":"https:\/\/www.riyadelcadi.com\/fr\/#website"},"primaryImageOfPage":{"@id":"https:\/\/www.riyadelcadi.com\/fr\/toutes-les-chambres\/familles-et-amis2\/#primaryimage"},"image":{"@id":"https:\/\/www.riyadelcadi.com\/fr\/toutes-les-chambres\/familles-et-amis2\/#primaryimage"},"thumbnailUrl":"https:\/\/www.riyadelcadi.com\/wp-content\/uploads\/2019\/02\/Curtain-Pattern_jed.kaoru_.share_.jpg","datePublished":"2025-09-15T10:11:29+00:00","dateModified":"2025-09-27T14:24:46+00:00","breadcrumb":{"@id":"https:\/\/www.riyadelcadi.com\/fr\/toutes-les-chambres\/familles-et-amis2\/#breadcrumb"},"inLanguage":"fr-FR","potentialAction":[{"@type":"ReadAction","target":["https:\/\/www.riyadelcadi.com\/fr\/toutes-les-chambres\/familles-et-amis2\/"]}]},{"@type":"ImageObject","inLanguage":"fr-FR","@id":"https:\/\/www.riyadelcadi.com\/fr\/toutes-les-chambres\/familles-et-amis2\/#primaryimage","url":"https:\/\/www.riyadelcadi.com\/wp-content\/uploads\/2019\/02\/Curtain-Pattern_jed.kaoru_.share_.jpg","contentUrl":"https:\/\/www.riyadelcadi.com\/wp-content\/uploads\/2019\/02\/Curtain-Pattern_jed.kaoru_.share_.jpg","width":1280,"height":853},{"@type":"BreadcrumbList","@id":"https:\/\/www.riyadelcadi.com\/fr\/toutes-les-chambres\/familles-et-amis2\/#breadcrumb","itemListElement":[{"@type":"ListItem","position":1,"name":"Accueil","item":"https:\/\/www.riyadelcadi.com\/fr\/"},{"@type":"ListItem","position":2,"name":"Nos Chambres","item":"https:\/\/www.riyadelcadi.com\/fr\/toutes-les-chambres\/"},{"@type":"ListItem","position":3,"name":"Pour les Familles et les Amis"}]},{"@type":"WebSite","@id":"https:\/\/www.riyadelcadi.com\/fr\/#website","url":"https:\/\/www.riyadelcadi.com\/fr\/","name":"Riyad El Cadi","description":"Riad avec du style in Marrakech","potentialAction":[{"@type":"SearchAction","target":{"@type":"EntryPoint","urlTemplate":"https:\/\/www.riyadelcadi.com\/fr\/?s={search_term_string}"},"query-input":{"@type":"PropertyValueSpecification","valueRequired":true,"valueName":"search_term_string"}}],"inLanguage":"fr-FR"}]}},"_links":{"self":[{"href":"https:\/\/www.riyadelcadi.com\/fr\/wp-json\/wp\/v2\/pages\/62252"}],"collection":[{"href":"https:\/\/www.riyadelcadi.com\/fr\/wp-json\/wp\/v2\/pages"}],"about":[{"href":"https:\/\/www.riyadelcadi.com\/fr\/wp-json\/wp\/v2\/types\/page"}],"author":[{"embeddable":true,"href":"https:\/\/www.riyadelcadi.com\/fr\/wp-json\/wp\/v2\/users\/4"}],"replies":[{"embeddable":true,"href":"https:\/\/www.riyadelcadi.com\/fr\/wp-json\/wp\/v2\/comments?post=62252"}],"version-history":[{"count":13,"href":"https:\/\/www.riyadelcadi.com\/fr\/wp-json\/wp\/v2\/pages\/62252\/revisions"}],"predecessor-version":[{"id":62294,"href":"https:\/\/www.riyadelcadi.com\/fr\/wp-json\/wp\/v2\/pages\/62252\/revisions\/62294"}],"up":[{"embeddable":true,"href":"https:\/\/www.riyadelcadi.com\/fr\/wp-json\/wp\/v2\/pages\/18515"}],"wp:featuredmedia":[{"embeddable":true,"href":"https:\/\/www.riyadelcadi.com\/fr\/wp-json\/wp\/v2\/media\/23610"}],"wp:attachment":[{"href":"https:\/\/www.riyadelcadi.com\/fr\/wp-json\/wp\/v2\/media?parent=62252"}],"curies":[{"name":"wp","href":"https:\/\/api.w.org\/{rel}","templated":true}]}}