{"id":28718,"date":"2020-05-01T01:33:10","date_gmt":"2020-04-30T23:33:10","guid":{"rendered":"https:\/\/www.riyadelcadi.com\/?page_id=28718"},"modified":"2025-05-02T17:56:04","modified_gmt":"2025-05-02T15:56:04","slug":"chambres-double","status":"publish","type":"page","link":"https:\/\/www.riyadelcadi.com\/fr\/toutes-les-chambres\/chambres-double\/","title":{"rendered":"Chambres Double"},"content":{"rendered":"<div class=\"wpb-content-wrapper\"><p>[vc_section][vc_row][vc_column css=\u00a0\u00bb.vc_custom_1588337521996{background-color: #faf8f4 !important;}\u00a0\u00bb][vc_column_text]<\/p>\n<ul>\n<li>Toutes les chambres du <strong><span style=\"color: #336666;\">premier \u00e9tage<\/span><\/strong> sont <strong>climatis\u00e9es<\/strong>.<\/li>\n<li>Les chambres du <span style=\"color: #336666;\"><strong>rez-de-chauss\u00e9e<\/strong><\/span> ne sont pas climatis\u00e9es mais, en raison de l&rsquo;architecture traditionnelle, elles ne sont pas trop chaudes pendant les p\u00e9riodes estivales.<\/li>\n<li><strong><span style=\"color: #336666;\">Toutes les chambres<\/span><\/strong> disposent d&rsquo;une <strong>salle de bain priv\u00e9e<\/strong> (douche) avec des \u00e9quipements \u00e0 base d&rsquo;<strong>huile d&rsquo;argan<\/strong>, peignoirs, pantoufles et s\u00e8che-cheveux. La chambre Piscine dispose d&rsquo;une baignoire.<\/li>\n<\/ul>\n<p>[\/vc_column_text][\/vc_column][\/vc_row][vc_row][vc_column][vc_empty_space height=\u00a0\u00bb5px\u00a0\u00bb][\/vc_column][\/vc_row][vc_row equal_height=\u00a0\u00bbyes\u00a0\u00bb content_placement=\u00a0\u00bbmiddle\u00a0\u00bb css=\u00a0\u00bb.vc_custom_1588333492680{margin-bottom: 40px !important;border-radius: 1px !important;}\u00a0\u00bb][vc_column width=\u00a0\u00bb2\/3&Prime; css=\u00a0\u00bb.vc_custom_1588291555697{padding-top: 160px !important;padding-bottom: 160px !important;background-image: url(https:\/\/www.riyadelcadi.com\/wp-content\/uploads\/2020\/04\/DSC9732.jpg?id=28392) !important;background-position: center !important;background-repeat: no-repeat !important;background-size: cover !important;}\u00a0\u00bb][\/vc_column][vc_column width=\u00a0\u00bb1\/3&Prime; css=\u00a0\u00bb.vc_custom_1553275641280{background-color: #faf8f4 !important;}\u00a0\u00bb][vc_column_text]<\/p>\n<h2><a href=\"https:\/\/www.riyadelcadi.com\/fr\/rooms-chambres\/chambre-arganier\/\">CHAMBRE DOUBLE<\/a><\/h2>\n<p style=\"text-align: left;\"><span style=\"color: #193d38;\">Chambre Double Simple<\/span><\/p>\n<ul>\n<li style=\"text-align: left;\">Rez-de-chauss\u00e9e<\/li>\n<li>Coin salon<\/li>\n<li style=\"text-align: left;\">max. 3 personnes<\/li>\n<\/ul>\n<p>[\/vc_column_text]<div class=\"ut-btn-group  ut-btn-group-center ut-btn-group-tablet-center ut-btn-group-mobile-center clearfix\"><style type=\"text\/css\">#bklyn_btn_69ef72958a6b0 .bklyn-btn { color:#ffffff !important; background-color:#193d38 !important; }#bklyn_btn_69ef72958a6b0 .bklyn-btn:hover{ color:#ffffff !important; background-color:#46635f !important; }#bklyn_btn_69ef72958a6b0 .bklyn-btn:focus{ color:#ffffff !important; background-color:#46635f !important; }#bklyn_btn_69ef72958a6b0 .bklyn-btn:active { color:#ffffff !important; background-color:#46635f !important; }#bklyn_btn_69ef72958a6b0 a.bklyn-btn { font-weight:500 !important; }#bklyn_btn_69ef72958a6b0.bklyn-btn-header a.bklyn-btn { font-weight:500 !important; }#bklyn_btn_69ef72958a6b0.bklyn-btn-header a.bklyn-btn span { font-weight:500 !important; }#bklyn_btn_69ef72958a6b0 a.bklyn-btn { font-family:inherit !important; }<\/style><div id=\"bklyn_btn_69ef72958a6b0\" class=\"bklyn-btn-holder  bklyn-btn-first bklyn-btn-center bklyn-btn-tablet-center bklyn-btn-mobile-center\"><a title=\"Chambre Arganier\"   href=\"https:\/\/www.riyadelcadi.com\/fr\/rooms-chambres\/chambre-arganier\/\" target=\"_self\" class=\"bklyn-btn  bklyn-btn-small\" ><span class=\"ut-btn-text\">VOIR LA CHAMBRE<\/span><\/a><\/div><style type=\"text\/css\">#bklyn_btn_69ef72958a794 .bklyn-btn { color:#ffffff !important; background-color:#eca65c !important; }#bklyn_btn_69ef72958a794 .bklyn-btn:hover{ color:#ffffff !important; background-color:#efb273 !important; }#bklyn_btn_69ef72958a794 .bklyn-btn:focus{ color:#ffffff !important; background-color:#efb273 !important; }#bklyn_btn_69ef72958a794 .bklyn-btn:active { color:#ffffff !important; background-color:#efb273 !important; }#bklyn_btn_69ef72958a794 a.bklyn-btn { font-weight:500 !important; }#bklyn_btn_69ef72958a794.bklyn-btn-header a.bklyn-btn { font-weight:500 !important; }#bklyn_btn_69ef72958a794.bklyn-btn-header a.bklyn-btn span { font-weight:500 !important; }#bklyn_btn_69ef72958a794 a.bklyn-btn { text-transform:uppercase !important; }<\/style><div id=\"bklyn_btn_69ef72958a794\" class=\"bklyn-btn-holder  bklyn-btn-last bklyn-btn-center bklyn-btn-tablet-center bklyn-btn-mobile-center\"><a title=\"\"   href=\"https:\/\/direct-book.com\/properties\/riyadelcadidirect?number_nights=3&#038;number_adults=2&#038;promotion_code=Special\" target=\"_self\" class=\"bklyn-btn  bklyn-btn-small\" ><span class=\"ut-btn-text\">R\u00e9servation<\/span><\/a><\/div><\/div>[\/vc_column][\/vc_row][vc_row equal_height=\u00a0\u00bbyes\u00a0\u00bb content_placement=\u00a0\u00bbmiddle\u00a0\u00bb css=\u00a0\u00bb.vc_custom_1588291984842{margin-bottom: 40px !important;border-radius: 1px !important;}\u00a0\u00bb][vc_column width=\u00a0\u00bb2\/3&Prime; css=\u00a0\u00bb.vc_custom_1588291884804{padding-top: 160px !important;padding-bottom: 160px !important;background-image: url(https:\/\/www.riyadelcadi.com\/wp-content\/uploads\/2015\/11\/Chambre-Alep_-Aleppo-Room-e1448278306877.jpg?id=17496) !important;background-position: center !important;background-repeat: no-repeat !important;background-size: cover !important;}\u00a0\u00bb][\/vc_column][vc_column width=\u00a0\u00bb1\/3&Prime; css=\u00a0\u00bb.vc_custom_1553275628359{background-color: #faf8f4 !important;}\u00a0\u00bb][vc_column_text]<\/p>\n<h2 style=\"text-align: left;\"><a title=\"Chambre Alep\" href=\"https:\/\/www.riyadelcadi.com\/rooms-chambres\/aleppo-room\/\">CHAMBRE ALEP<\/a><\/h2>\n<p style=\"text-align: left;\"><span style=\"color: #193d38;\">Chambre Double Simple<\/span><\/p>\n<ul>\n<li style=\"text-align: left;\">Rez-de-chauss\u00e9e<\/li>\n<li style=\"text-align: left;\">max. 2 personnes<\/li>\n<\/ul>\n<p>[\/vc_column_text]<div class=\"ut-btn-group  ut-btn-group-center ut-btn-group-tablet-center ut-btn-group-mobile-center clearfix\"><style type=\"text\/css\">#bklyn_btn_69ef72958a850 .bklyn-btn { color:#ffffff !important; background-color:#193d38 !important; }#bklyn_btn_69ef72958a850 .bklyn-btn:hover{ color:#ffffff !important; background-color:#46635f !important; }#bklyn_btn_69ef72958a850 .bklyn-btn:focus{ color:#ffffff !important; background-color:#46635f !important; }#bklyn_btn_69ef72958a850 .bklyn-btn:active { color:#ffffff !important; background-color:#46635f !important; }#bklyn_btn_69ef72958a850 a.bklyn-btn { font-weight:500 !important; }#bklyn_btn_69ef72958a850.bklyn-btn-header a.bklyn-btn { font-weight:500 !important; }#bklyn_btn_69ef72958a850.bklyn-btn-header a.bklyn-btn span { font-weight:500 !important; }#bklyn_btn_69ef72958a850 a.bklyn-btn { font-family:inherit !important; }<\/style><div id=\"bklyn_btn_69ef72958a850\" class=\"bklyn-btn-holder  bklyn-btn-first bklyn-btn-center bklyn-btn-tablet-center bklyn-btn-mobile-center\"><a title=\"Chambre Alep\"   href=\"https:\/\/www.riyadelcadi.com\/fr\/rooms-chambres\/chambre-alep\/\" target=\"_self\" class=\"bklyn-btn  bklyn-btn-small\" ><span class=\"ut-btn-text\">VOIR LA CHAMBRE<\/span><\/a><\/div><style type=\"text\/css\">#bklyn_btn_69ef72958a8a4 .bklyn-btn { color:#ffffff !important; background-color:#eca65c !important; }#bklyn_btn_69ef72958a8a4 .bklyn-btn:hover{ color:#ffffff !important; background-color:#efb273 !important; }#bklyn_btn_69ef72958a8a4 .bklyn-btn:focus{ color:#ffffff !important; background-color:#efb273 !important; }#bklyn_btn_69ef72958a8a4 .bklyn-btn:active { color:#ffffff !important; background-color:#efb273 !important; }#bklyn_btn_69ef72958a8a4 a.bklyn-btn { font-weight:500 !important; }#bklyn_btn_69ef72958a8a4.bklyn-btn-header a.bklyn-btn { font-weight:500 !important; }#bklyn_btn_69ef72958a8a4.bklyn-btn-header a.bklyn-btn span { font-weight:500 !important; }#bklyn_btn_69ef72958a8a4 a.bklyn-btn { text-transform:uppercase !important; }<\/style><div id=\"bklyn_btn_69ef72958a8a4\" class=\"bklyn-btn-holder  bklyn-btn-last bklyn-btn-center bklyn-btn-tablet-center bklyn-btn-mobile-center\"><a title=\"\"   href=\"https:\/\/direct-book.com\/properties\/riyadelcadidirect?number_nights=3&#038;number_adults=2&#038;promotion_code=Special\" target=\"_self\" class=\"bklyn-btn  bklyn-btn-small\" ><span class=\"ut-btn-text\">R\u00e9servation<\/span><\/a><\/div><\/div>[\/vc_column][\/vc_row][vc_row equal_height=\u00a0\u00bbyes\u00a0\u00bb content_placement=\u00a0\u00bbmiddle\u00a0\u00bb css=\u00a0\u00bb.vc_custom_1588291984842{margin-bottom: 40px !important;border-radius: 1px !important;}\u00a0\u00bb][vc_column width=\u00a0\u00bb2\/3&Prime; css=\u00a0\u00bb.vc_custom_1746200603023{padding-top: 160px !important;padding-bottom: 160px !important;background-image: url(https:\/\/www.riyadelcadi.com\/wp-content\/uploads\/2023\/12\/Tinmel-Room-Issam_Bousga-03-2.jpg?id=43128) !important;background-position: center !important;background-repeat: no-repeat !important;background-size: cover !important;}\u00a0\u00bb][\/vc_column][vc_column width=\u00a0\u00bb1\/3&Prime; css=\u00a0\u00bb.vc_custom_1553275628359{background-color: #faf8f4 !important;}\u00a0\u00bb][vc_column_text]<\/p>\n<h2 style=\"text-align: left;\"><a title=\"Chambre Tinmel\" href=\"https:\/\/www.riyadelcadi.com\/fr\/rooms-chambres\/chambre-tinmel\/\">CHAMBRE TINMEL <\/a><\/h2>\n<p style=\"text-align: left;\"><span style=\"color: #193d38;\">Chambre Double Sup\u00e9rieure<\/span><\/p>\n<ul>\n<li style=\"text-align: left;\">1er \u00e9tage<\/li>\n<li>Climatis\u00e9e<\/li>\n<li style=\"text-align: left;\">max. 2 personnes<\/li>\n<\/ul>\n<p>[\/vc_column_text]<div class=\"ut-btn-group  ut-btn-group-center ut-btn-group-tablet-center ut-btn-group-mobile-center clearfix\"><style type=\"text\/css\">#bklyn_btn_69ef72958a93d .bklyn-btn { color:#ffffff !important; background-color:#193d38 !important; }#bklyn_btn_69ef72958a93d .bklyn-btn:hover{ color:#ffffff !important; background-color:#46635f !important; }#bklyn_btn_69ef72958a93d .bklyn-btn:focus{ color:#ffffff !important; background-color:#46635f !important; }#bklyn_btn_69ef72958a93d .bklyn-btn:active { color:#ffffff !important; background-color:#46635f !important; }#bklyn_btn_69ef72958a93d a.bklyn-btn { font-weight:500 !important; }#bklyn_btn_69ef72958a93d.bklyn-btn-header a.bklyn-btn { font-weight:500 !important; }#bklyn_btn_69ef72958a93d.bklyn-btn-header a.bklyn-btn span { font-weight:500 !important; }#bklyn_btn_69ef72958a93d a.bklyn-btn { font-family:inherit !important; }<\/style><div id=\"bklyn_btn_69ef72958a93d\" class=\"bklyn-btn-holder  bklyn-btn-first bklyn-btn-center bklyn-btn-tablet-center bklyn-btn-mobile-center\"><a title=\"Chambre Cor\u00e9e\"   href=\"https:\/\/www.riyadelcadi.com\/fr\/rooms-chambres\/chambre-tinmel\/\" target=\"_self\" class=\"bklyn-btn  bklyn-btn-small\" ><span class=\"ut-btn-text\">VOIR LA CHAMBRE<\/span><\/a><\/div><style type=\"text\/css\">#bklyn_btn_69ef72958a98d .bklyn-btn { color:#ffffff !important; background-color:#eca65c !important; }#bklyn_btn_69ef72958a98d .bklyn-btn:hover{ color:#ffffff !important; background-color:#efb273 !important; }#bklyn_btn_69ef72958a98d .bklyn-btn:focus{ color:#ffffff !important; background-color:#efb273 !important; }#bklyn_btn_69ef72958a98d .bklyn-btn:active { color:#ffffff !important; background-color:#efb273 !important; }#bklyn_btn_69ef72958a98d a.bklyn-btn { font-weight:500 !important; }#bklyn_btn_69ef72958a98d.bklyn-btn-header a.bklyn-btn { font-weight:500 !important; }#bklyn_btn_69ef72958a98d.bklyn-btn-header a.bklyn-btn span { font-weight:500 !important; }#bklyn_btn_69ef72958a98d a.bklyn-btn { text-transform:uppercase !important; }<\/style><div id=\"bklyn_btn_69ef72958a98d\" class=\"bklyn-btn-holder  bklyn-btn-last bklyn-btn-center bklyn-btn-tablet-center bklyn-btn-mobile-center\"><a title=\"\"   href=\"https:\/\/direct-book.com\/properties\/riyadelcadidirect?number_nights=3&#038;number_adults=2&#038;promotion_code=Special\" target=\"_self\" class=\"bklyn-btn  bklyn-btn-small\" ><span class=\"ut-btn-text\">R\u00e9servation<\/span><\/a><\/div><\/div>[\/vc_column][\/vc_row][vc_row equal_height=\u00a0\u00bbyes\u00a0\u00bb content_placement=\u00a0\u00bbmiddle\u00a0\u00bb css=\u00a0\u00bb.vc_custom_1588291984842{margin-bottom: 40px !important;border-radius: 1px !important;}\u00a0\u00bb][vc_column width=\u00a0\u00bb2\/3&Prime; css=\u00a0\u00bb.vc_custom_1588292918796{padding-top: 160px !important;padding-bottom: 160px !important;background-image: url(https:\/\/www.riyadelcadi.com\/wp-content\/uploads\/2011\/01\/Petite-Suite-Terrace-2-c-Keohane.jpg?id=2410) !important;background-position: center !important;background-repeat: no-repeat !important;background-size: cover !important;}\u00a0\u00bb][\/vc_column][vc_column width=\u00a0\u00bb1\/3&Prime; css=\u00a0\u00bb.vc_custom_1553275628359{background-color: #faf8f4 !important;}\u00a0\u00bb][vc_column_text]<\/p>\n<h2 style=\"text-align: left;\"><a title=\"Petite Suite\" href=\"https:\/\/www.riyadelcadi.com\/fr\/rooms-chambres\/petite-suite\/\">PETITE SUITE<\/a><\/h2>\n<p style=\"text-align: left;\"><span style=\"color: #193d38;\">Chambre Double Sup\u00e9rieure<\/span><\/p>\n<ul>\n<li style=\"text-align: left;\">2\u00e8me \u00e9tage<\/li>\n<li style=\"text-align: left;\">Salon<\/li>\n<li>Climatis\u00e9e<\/li>\n<li>Terrasses<\/li>\n<li style=\"text-align: left;\">max. 3 personnes<\/li>\n<\/ul>\n<p>[\/vc_column_text]<div class=\"ut-btn-group  ut-btn-group-center ut-btn-group-tablet-center ut-btn-group-mobile-center clearfix\"><style type=\"text\/css\">#bklyn_btn_69ef72958aa33 .bklyn-btn { color:#ffffff !important; background-color:#193d38 !important; }#bklyn_btn_69ef72958aa33 .bklyn-btn:hover{ color:#ffffff !important; background-color:#46635f !important; }#bklyn_btn_69ef72958aa33 .bklyn-btn:focus{ color:#ffffff !important; background-color:#46635f !important; }#bklyn_btn_69ef72958aa33 .bklyn-btn:active { color:#ffffff !important; background-color:#46635f !important; }#bklyn_btn_69ef72958aa33 a.bklyn-btn { font-weight:500 !important; }#bklyn_btn_69ef72958aa33.bklyn-btn-header a.bklyn-btn { font-weight:500 !important; }#bklyn_btn_69ef72958aa33.bklyn-btn-header a.bklyn-btn span { font-weight:500 !important; }#bklyn_btn_69ef72958aa33 a.bklyn-btn { font-family:inherit !important; }<\/style><div id=\"bklyn_btn_69ef72958aa33\" class=\"bklyn-btn-holder  bklyn-btn-first bklyn-btn-center bklyn-btn-tablet-center bklyn-btn-mobile-center\"><a title=\"Petite Suite\"   href=\"https:\/\/www.riyadelcadi.com\/fr\/rooms-chambres\/petite-suite\/\" target=\"_self\" class=\"bklyn-btn  bklyn-btn-small\" ><span class=\"ut-btn-text\">VOIR LA CHAMBRE<\/span><\/a><\/div><style type=\"text\/css\">#bklyn_btn_69ef72958aaa3 .bklyn-btn { color:#ffffff !important; background-color:#eca65c !important; }#bklyn_btn_69ef72958aaa3 .bklyn-btn:hover{ color:#ffffff !important; background-color:#efb273 !important; }#bklyn_btn_69ef72958aaa3 .bklyn-btn:focus{ color:#ffffff !important; background-color:#efb273 !important; }#bklyn_btn_69ef72958aaa3 .bklyn-btn:active { color:#ffffff !important; background-color:#efb273 !important; }#bklyn_btn_69ef72958aaa3 a.bklyn-btn { font-weight:500 !important; }#bklyn_btn_69ef72958aaa3.bklyn-btn-header a.bklyn-btn { font-weight:500 !important; }#bklyn_btn_69ef72958aaa3.bklyn-btn-header a.bklyn-btn span { font-weight:500 !important; }#bklyn_btn_69ef72958aaa3 a.bklyn-btn { text-transform:uppercase !important; }<\/style><div id=\"bklyn_btn_69ef72958aaa3\" class=\"bklyn-btn-holder  bklyn-btn-last bklyn-btn-center bklyn-btn-tablet-center bklyn-btn-mobile-center\"><a title=\"\"   href=\"https:\/\/direct-book.com\/properties\/riyadelcadidirect?number_nights=3&#038;number_adults=2&#038;promotion_code=Special\" target=\"_self\" class=\"bklyn-btn  bklyn-btn-small\" ><span class=\"ut-btn-text\">R\u00e9servation<\/span><\/a><\/div><\/div>[\/vc_column][\/vc_row][vc_row equal_height=\u00a0\u00bbyes\u00a0\u00bb content_placement=\u00a0\u00bbmiddle\u00a0\u00bb css=\u00a0\u00bb.vc_custom_1588296113001{margin-bottom: 40px !important;border-radius: 1px !important;}\u00a0\u00bb][vc_column width=\u00a0\u00bb2\/3&Prime; css=\u00a0\u00bb.vc_custom_1703514107913{padding-top: 160px !important;padding-bottom: 160px !important;background-image: url(https:\/\/www.riyadelcadi.com\/wp-content\/uploads\/2018\/03\/Chanbre-Tanger-c-Uwe-Niehuus-1.jpg?id=21730) !important;background-position: center !important;background-repeat: no-repeat !important;background-size: cover !important;}\u00a0\u00bb][\/vc_column][vc_column width=\u00a0\u00bb1\/3&Prime; css=\u00a0\u00bb.vc_custom_1553275628359{background-color: #faf8f4 !important;}\u00a0\u00bb][vc_column_text]<\/p>\n<h2 style=\"text-align: left;\"><a title=\"Chambre Tanger\" href=\"https:\/\/www.riyadelcadi.com\/fr\/rooms-chambres\/chambre-tanger\/\">CHAMBRE TANGER<\/a><\/h2>\n<p style=\"text-align: left;\"><span style=\"color: #193d38;\">Chambre Double Sup\u00e9rieure<\/span><\/p>\n<ul>\n<li style=\"text-align: left;\">Rez-de-chauss\u00e9e<\/li>\n<li>Coin salon<\/li>\n<li style=\"text-align: left;\">max. 3 personnes<\/li>\n<\/ul>\n<p>[\/vc_column_text]<div class=\"ut-btn-group  ut-btn-group-center ut-btn-group-tablet-center ut-btn-group-mobile-center clearfix\"><style type=\"text\/css\">#bklyn_btn_69ef72958ab63 .bklyn-btn { color:#ffffff !important; background-color:#193d38 !important; }#bklyn_btn_69ef72958ab63 .bklyn-btn:hover{ color:#ffffff !important; background-color:#46635f !important; }#bklyn_btn_69ef72958ab63 .bklyn-btn:focus{ color:#ffffff !important; background-color:#46635f !important; }#bklyn_btn_69ef72958ab63 .bklyn-btn:active { color:#ffffff !important; background-color:#46635f !important; }#bklyn_btn_69ef72958ab63 a.bklyn-btn { font-weight:500 !important; }#bklyn_btn_69ef72958ab63.bklyn-btn-header a.bklyn-btn { font-weight:500 !important; }#bklyn_btn_69ef72958ab63.bklyn-btn-header a.bklyn-btn span { font-weight:500 !important; }#bklyn_btn_69ef72958ab63 a.bklyn-btn { font-family:inherit !important; }<\/style><div id=\"bklyn_btn_69ef72958ab63\" class=\"bklyn-btn-holder  bklyn-btn-first bklyn-btn-center bklyn-btn-tablet-center bklyn-btn-mobile-center\"><a title=\"Petite Suite\"   href=\"https:\/\/www.riyadelcadi.com\/fr\/rooms-chambres\/chambre-tanger\/\" target=\"_self\" class=\"bklyn-btn  bklyn-btn-small\" ><span class=\"ut-btn-text\">VOIR LA CHAMBRE<\/span><\/a><\/div><style type=\"text\/css\">#bklyn_btn_69ef72958abc5 .bklyn-btn { color:#ffffff !important; background-color:#eca65c !important; }#bklyn_btn_69ef72958abc5 .bklyn-btn:hover{ color:#ffffff !important; background-color:#efb273 !important; }#bklyn_btn_69ef72958abc5 .bklyn-btn:focus{ color:#ffffff !important; background-color:#efb273 !important; }#bklyn_btn_69ef72958abc5 .bklyn-btn:active { color:#ffffff !important; background-color:#efb273 !important; }#bklyn_btn_69ef72958abc5 a.bklyn-btn { font-weight:500 !important; }#bklyn_btn_69ef72958abc5.bklyn-btn-header a.bklyn-btn { font-weight:500 !important; }#bklyn_btn_69ef72958abc5.bklyn-btn-header a.bklyn-btn span { font-weight:500 !important; }#bklyn_btn_69ef72958abc5 a.bklyn-btn { text-transform:uppercase !important; }<\/style><div id=\"bklyn_btn_69ef72958abc5\" class=\"bklyn-btn-holder  bklyn-btn-last bklyn-btn-center bklyn-btn-tablet-center bklyn-btn-mobile-center\"><a title=\"\"   href=\"https:\/\/direct-book.com\/properties\/riyadelcadidirect?number_nights=3&#038;number_adults=2&#038;promotion_code=Special\" target=\"_self\" class=\"bklyn-btn  bklyn-btn-small\" ><span class=\"ut-btn-text\">R\u00e9servation<\/span><\/a><\/div><\/div>[\/vc_column][\/vc_row][vc_row equal_height=\u00a0\u00bbyes\u00a0\u00bb content_placement=\u00a0\u00bbmiddle\u00a0\u00bb css=\u00a0\u00bb.vc_custom_1588291984842{margin-bottom: 40px !important;border-radius: 1px !important;}\u00a0\u00bb][vc_column width=\u00a0\u00bb2\/3&Prime; css=\u00a0\u00bb.vc_custom_1588292206064{padding-top: 160px !important;padding-bottom: 160px !important;background-image: url(https:\/\/www.riyadelcadi.com\/wp-content\/uploads\/2015\/10\/Chambre-Piscine_-Piscine-Room-c-Keohane.jpg?id=23426) !important;background-position: center !important;background-repeat: no-repeat !important;background-size: cover !important;}\u00a0\u00bb][\/vc_column][vc_column width=\u00a0\u00bb1\/3&Prime; css=\u00a0\u00bb.vc_custom_1553275628359{background-color: #faf8f4 !important;}\u00a0\u00bb][vc_column_text]<\/p>\n<h2 style=\"text-align: left;\"><a title=\"Chambre Piscine\" href=\"https:\/\/www.riyadelcadi.com\/rooms-chambres\/piscine-room\/\">CHAMBRE PISCINE<\/a><\/h2>\n<p style=\"text-align: left;\"><span style=\"color: #193d38;\">Chambre Double Sup\u00e9rieure<\/span><\/p>\n<ul>\n<li style=\"text-align: left;\">1er \u00e9tage<\/li>\n<li>Climatis\u00e9e<\/li>\n<li style=\"text-align: left;\">max. 2 personnes<\/li>\n<\/ul>\n<p>[\/vc_column_text]<div class=\"ut-btn-group  ut-btn-group-center ut-btn-group-tablet-center ut-btn-group-mobile-center clearfix\"><style type=\"text\/css\">#bklyn_btn_69ef72958ac64 .bklyn-btn { color:#ffffff !important; background-color:#193d38 !important; }#bklyn_btn_69ef72958ac64 .bklyn-btn:hover{ color:#ffffff !important; background-color:#46635f !important; }#bklyn_btn_69ef72958ac64 .bklyn-btn:focus{ color:#ffffff !important; background-color:#46635f !important; }#bklyn_btn_69ef72958ac64 .bklyn-btn:active { color:#ffffff !important; background-color:#46635f !important; }#bklyn_btn_69ef72958ac64 a.bklyn-btn { font-weight:500 !important; }#bklyn_btn_69ef72958ac64.bklyn-btn-header a.bklyn-btn { font-weight:500 !important; }#bklyn_btn_69ef72958ac64.bklyn-btn-header a.bklyn-btn span { font-weight:500 !important; }#bklyn_btn_69ef72958ac64 a.bklyn-btn { font-family:inherit !important; }<\/style><div id=\"bklyn_btn_69ef72958ac64\" class=\"bklyn-btn-holder  bklyn-btn-first bklyn-btn-center bklyn-btn-tablet-center bklyn-btn-mobile-center\"><a title=\"Chambre Piscine\"   href=\"https:\/\/www.riyadelcadi.com\/fr\/rooms-chambres\/chambre-piscine\/\" target=\"_self\" class=\"bklyn-btn  bklyn-btn-small\" ><span class=\"ut-btn-text\">VOIR LA CHAMBRE<\/span><\/a><\/div><style type=\"text\/css\">#bklyn_btn_69ef72958acb2 .bklyn-btn { color:#ffffff !important; background-color:#eca65c !important; }#bklyn_btn_69ef72958acb2 .bklyn-btn:hover{ color:#ffffff !important; background-color:#efb273 !important; }#bklyn_btn_69ef72958acb2 .bklyn-btn:focus{ color:#ffffff !important; background-color:#efb273 !important; }#bklyn_btn_69ef72958acb2 .bklyn-btn:active { color:#ffffff !important; background-color:#efb273 !important; }#bklyn_btn_69ef72958acb2 a.bklyn-btn { font-weight:500 !important; }#bklyn_btn_69ef72958acb2.bklyn-btn-header a.bklyn-btn { font-weight:500 !important; }#bklyn_btn_69ef72958acb2.bklyn-btn-header a.bklyn-btn span { font-weight:500 !important; }#bklyn_btn_69ef72958acb2 a.bklyn-btn { text-transform:uppercase !important; }<\/style><div id=\"bklyn_btn_69ef72958acb2\" class=\"bklyn-btn-holder  bklyn-btn-last bklyn-btn-center bklyn-btn-tablet-center bklyn-btn-mobile-center\"><a title=\"\"   href=\"https:\/\/direct-book.com\/properties\/riyadelcadidirect?number_nights=3&#038;number_adults=2&#038;promotion_code=Special\" target=\"_self\" class=\"bklyn-btn  bklyn-btn-small\" ><span class=\"ut-btn-text\">R\u00e9servation<\/span><\/a><\/div><\/div>[\/vc_column][\/vc_row][vc_row equal_height=\u00a0\u00bbyes\u00a0\u00bb content_placement=\u00a0\u00bbmiddle\u00a0\u00bb css=\u00a0\u00bb.vc_custom_1588291984842{margin-bottom: 40px !important;border-radius: 1px !important;}\u00a0\u00bb][vc_column width=\u00a0\u00bb2\/3&Prime; css=\u00a0\u00bb.vc_custom_1588292584510{padding-top: 160px !important;padding-bottom: 160px !important;background-image: url(https:\/\/www.riyadelcadi.com\/wp-content\/uploads\/2015\/10\/Chambre-Coree-Korea-Room_Alan_Keohane-940&#215;928.jpg?id=23440) !important;background-position: center !important;background-repeat: no-repeat !important;background-size: cover !important;}\u00a0\u00bb][\/vc_column][vc_column width=\u00a0\u00bb1\/3&Prime; css=\u00a0\u00bb.vc_custom_1553275628359{background-color: #faf8f4 !important;}\u00a0\u00bb][vc_column_text]<\/p>\n<h2 style=\"text-align: left;\"><a title=\"Chambre Cor\u00e9e\" href=\"https:\/\/www.riyadelcadi.com\/fr\/rooms-chambres\/chambre-coree\/\">CHAMBRE COR\u00c9E<\/a><\/h2>\n<p style=\"text-align: left;\"><span style=\"color: #193d38;\">Chambre Double Sup\u00e9rieure<\/span><\/p>\n<ul>\n<li style=\"text-align: left;\">rez-de-chauss\u00e9e<\/li>\n<li style=\"text-align: left;\">max. 2 personnes<\/li>\n<\/ul>\n<p>[\/vc_column_text]<div class=\"ut-btn-group  ut-btn-group-center ut-btn-group-tablet-center ut-btn-group-mobile-center clearfix\"><style type=\"text\/css\">#bklyn_btn_69ef72958ad45 .bklyn-btn { color:#ffffff !important; background-color:#193d38 !important; }#bklyn_btn_69ef72958ad45 .bklyn-btn:hover{ color:#ffffff !important; background-color:#46635f !important; }#bklyn_btn_69ef72958ad45 .bklyn-btn:focus{ color:#ffffff !important; background-color:#46635f !important; }#bklyn_btn_69ef72958ad45 .bklyn-btn:active { color:#ffffff !important; background-color:#46635f !important; }#bklyn_btn_69ef72958ad45 a.bklyn-btn { font-weight:500 !important; }#bklyn_btn_69ef72958ad45.bklyn-btn-header a.bklyn-btn { font-weight:500 !important; }#bklyn_btn_69ef72958ad45.bklyn-btn-header a.bklyn-btn span { font-weight:500 !important; }#bklyn_btn_69ef72958ad45 a.bklyn-btn { font-family:inherit !important; }<\/style><div id=\"bklyn_btn_69ef72958ad45\" class=\"bklyn-btn-holder  bklyn-btn-first bklyn-btn-center bklyn-btn-tablet-center bklyn-btn-mobile-center\"><a title=\"Chambre Cor\u00e9e\"   href=\"https:\/\/www.riyadelcadi.com\/fr\/rooms-chambres\/chambre-coree\/\" target=\"_self\" class=\"bklyn-btn  bklyn-btn-small\" ><span class=\"ut-btn-text\">VOIR LA CHAMBRE<\/span><\/a><\/div><style type=\"text\/css\">#bklyn_btn_69ef72958ad94 .bklyn-btn { color:#ffffff !important; background-color:#eca65c !important; }#bklyn_btn_69ef72958ad94 .bklyn-btn:hover{ color:#ffffff !important; background-color:#efb273 !important; }#bklyn_btn_69ef72958ad94 .bklyn-btn:focus{ color:#ffffff !important; background-color:#efb273 !important; }#bklyn_btn_69ef72958ad94 .bklyn-btn:active { color:#ffffff !important; background-color:#efb273 !important; }#bklyn_btn_69ef72958ad94 a.bklyn-btn { font-weight:500 !important; }#bklyn_btn_69ef72958ad94.bklyn-btn-header a.bklyn-btn { font-weight:500 !important; }#bklyn_btn_69ef72958ad94.bklyn-btn-header a.bklyn-btn span { font-weight:500 !important; }#bklyn_btn_69ef72958ad94 a.bklyn-btn { text-transform:uppercase !important; }<\/style><div id=\"bklyn_btn_69ef72958ad94\" class=\"bklyn-btn-holder  bklyn-btn-last bklyn-btn-center bklyn-btn-tablet-center bklyn-btn-mobile-center\"><a title=\"\"   href=\"https:\/\/direct-book.com\/properties\/riyadelcadidirect?number_nights=3&#038;number_adults=2&#038;promotion_code=Special\" target=\"_self\" class=\"bklyn-btn  bklyn-btn-small\" ><span class=\"ut-btn-text\">R\u00e9servation<\/span><\/a><\/div><\/div>[\/vc_column][\/vc_row][\/vc_section]<\/p>\n<\/div>","protected":false},"excerpt":{"rendered":"<p>[vc_section][vc_row][vc_column css=\u00a0\u00bb.vc_custom_1588337521996{background-color: #faf8f4 !important;}\u00a0\u00bb][vc_column_text] Toutes les chambres du premier \u00e9tage sont climatis\u00e9es. Les chambres du rez-de-chauss\u00e9e ne sont pas climatis\u00e9es mais, en raison de l&rsquo;architecture traditionnelle, elles ne sont pas trop chaudes pendant les p\u00e9riodes estivales. Toutes les chambres disposent d&rsquo;une salle de bain priv\u00e9e (douche) avec des \u00e9quipements \u00e0 base d&rsquo;huile d&rsquo;argan, peignoirs, pantoufles [&hellip;]<\/p>\n","protected":false},"author":4,"featured_media":23610,"parent":18515,"menu_order":0,"comment_status":"closed","ping_status":"closed","template":"","meta":{"footnotes":""},"yoast_head":"<!-- This site is optimized with the Yoast SEO plugin v24.5 - https:\/\/yoast.com\/wordpress\/plugins\/seo\/ -->\n<title>Chambres Double - Riyad El Cadi<\/title>\n<meta name=\"robots\" content=\"index, follow, max-snippet:-1, max-image-preview:large, max-video-preview:-1\" \/>\n<link rel=\"canonical\" href=\"https:\/\/www.riyadelcadi.com\/fr\/toutes-les-chambres\/chambres-double\/\" \/>\n<meta property=\"og:locale\" content=\"fr_FR\" \/>\n<meta property=\"og:type\" content=\"article\" \/>\n<meta property=\"og:title\" content=\"Chambres Double - Riyad El Cadi\" \/>\n<meta property=\"og:description\" content=\"[vc_section][vc_row][vc_column css=\u00a0\u00bb.vc_custom_1588337521996{background-color: #faf8f4 !important;}\u00a0\u00bb][vc_column_text] Toutes les chambres du premier \u00e9tage sont climatis\u00e9es. Les chambres du rez-de-chauss\u00e9e ne sont pas climatis\u00e9es mais, en raison de l&rsquo;architecture traditionnelle, elles ne sont pas trop chaudes pendant les p\u00e9riodes estivales. Toutes les chambres disposent d&rsquo;une salle de bain priv\u00e9e (douche) avec des \u00e9quipements \u00e0 base d&rsquo;huile d&rsquo;argan, peignoirs, pantoufles [&hellip;]\" \/>\n<meta property=\"og:url\" content=\"https:\/\/www.riyadelcadi.com\/fr\/toutes-les-chambres\/chambres-double\/\" \/>\n<meta property=\"og:site_name\" content=\"Riyad El Cadi\" \/>\n<meta property=\"article:publisher\" content=\"https:\/\/www.facebook.com\/RiyadElCadi\/\" \/>\n<meta property=\"article:modified_time\" content=\"2025-05-02T15:56:04+00:00\" \/>\n<meta property=\"og:image\" content=\"https:\/\/www.riyadelcadi.com\/wp-content\/uploads\/2019\/02\/Curtain-Pattern_jed.kaoru_.share_.jpg\" \/>\n\t<meta property=\"og:image:width\" content=\"1280\" \/>\n\t<meta property=\"og:image:height\" content=\"853\" \/>\n\t<meta property=\"og:image:type\" content=\"image\/jpeg\" \/>\n<meta name=\"twitter:card\" content=\"summary_large_image\" \/>\n<meta name=\"twitter:label1\" content=\"Dur\u00e9e de lecture estim\u00e9e\" \/>\n\t<meta name=\"twitter:data1\" content=\"3 minutes\" \/>\n<script type=\"application\/ld+json\" class=\"yoast-schema-graph\">{\"@context\":\"https:\/\/schema.org\",\"@graph\":[{\"@type\":\"WebPage\",\"@id\":\"https:\/\/www.riyadelcadi.com\/fr\/toutes-les-chambres\/chambres-double\/\",\"url\":\"https:\/\/www.riyadelcadi.com\/fr\/toutes-les-chambres\/chambres-double\/\",\"name\":\"Chambres Double - Riyad El Cadi\",\"isPartOf\":{\"@id\":\"https:\/\/www.riyadelcadi.com\/fr\/#website\"},\"primaryImageOfPage\":{\"@id\":\"https:\/\/www.riyadelcadi.com\/fr\/toutes-les-chambres\/chambres-double\/#primaryimage\"},\"image\":{\"@id\":\"https:\/\/www.riyadelcadi.com\/fr\/toutes-les-chambres\/chambres-double\/#primaryimage\"},\"thumbnailUrl\":\"https:\/\/www.riyadelcadi.com\/wp-content\/uploads\/2019\/02\/Curtain-Pattern_jed.kaoru_.share_.jpg\",\"datePublished\":\"2020-04-30T23:33:10+00:00\",\"dateModified\":\"2025-05-02T15:56:04+00:00\",\"breadcrumb\":{\"@id\":\"https:\/\/www.riyadelcadi.com\/fr\/toutes-les-chambres\/chambres-double\/#breadcrumb\"},\"inLanguage\":\"fr-FR\",\"potentialAction\":[{\"@type\":\"ReadAction\",\"target\":[\"https:\/\/www.riyadelcadi.com\/fr\/toutes-les-chambres\/chambres-double\/\"]}]},{\"@type\":\"ImageObject\",\"inLanguage\":\"fr-FR\",\"@id\":\"https:\/\/www.riyadelcadi.com\/fr\/toutes-les-chambres\/chambres-double\/#primaryimage\",\"url\":\"https:\/\/www.riyadelcadi.com\/wp-content\/uploads\/2019\/02\/Curtain-Pattern_jed.kaoru_.share_.jpg\",\"contentUrl\":\"https:\/\/www.riyadelcadi.com\/wp-content\/uploads\/2019\/02\/Curtain-Pattern_jed.kaoru_.share_.jpg\",\"width\":1280,\"height\":853},{\"@type\":\"BreadcrumbList\",\"@id\":\"https:\/\/www.riyadelcadi.com\/fr\/toutes-les-chambres\/chambres-double\/#breadcrumb\",\"itemListElement\":[{\"@type\":\"ListItem\",\"position\":1,\"name\":\"Accueil\",\"item\":\"https:\/\/www.riyadelcadi.com\/fr\/\"},{\"@type\":\"ListItem\",\"position\":2,\"name\":\"Nos Chambres\",\"item\":\"https:\/\/www.riyadelcadi.com\/fr\/toutes-les-chambres\/\"},{\"@type\":\"ListItem\",\"position\":3,\"name\":\"Chambres Double\"}]},{\"@type\":\"WebSite\",\"@id\":\"https:\/\/www.riyadelcadi.com\/fr\/#website\",\"url\":\"https:\/\/www.riyadelcadi.com\/fr\/\",\"name\":\"Riyad El Cadi\",\"description\":\"Riad avec du style in Marrakech\",\"potentialAction\":[{\"@type\":\"SearchAction\",\"target\":{\"@type\":\"EntryPoint\",\"urlTemplate\":\"https:\/\/www.riyadelcadi.com\/fr\/?s={search_term_string}\"},\"query-input\":{\"@type\":\"PropertyValueSpecification\",\"valueRequired\":true,\"valueName\":\"search_term_string\"}}],\"inLanguage\":\"fr-FR\"}]}<\/script>\n<!-- \/ Yoast SEO plugin. -->","yoast_head_json":{"title":"Chambres Double - Riyad El Cadi","robots":{"index":"index","follow":"follow","max-snippet":"max-snippet:-1","max-image-preview":"max-image-preview:large","max-video-preview":"max-video-preview:-1"},"canonical":"https:\/\/www.riyadelcadi.com\/fr\/toutes-les-chambres\/chambres-double\/","og_locale":"fr_FR","og_type":"article","og_title":"Chambres Double - Riyad El Cadi","og_description":"[vc_section][vc_row][vc_column css=\u00a0\u00bb.vc_custom_1588337521996{background-color: #faf8f4 !important;}\u00a0\u00bb][vc_column_text] Toutes les chambres du premier \u00e9tage sont climatis\u00e9es. Les chambres du rez-de-chauss\u00e9e ne sont pas climatis\u00e9es mais, en raison de l&rsquo;architecture traditionnelle, elles ne sont pas trop chaudes pendant les p\u00e9riodes estivales. Toutes les chambres disposent d&rsquo;une salle de bain priv\u00e9e (douche) avec des \u00e9quipements \u00e0 base d&rsquo;huile d&rsquo;argan, peignoirs, pantoufles [&hellip;]","og_url":"https:\/\/www.riyadelcadi.com\/fr\/toutes-les-chambres\/chambres-double\/","og_site_name":"Riyad El Cadi","article_publisher":"https:\/\/www.facebook.com\/RiyadElCadi\/","article_modified_time":"2025-05-02T15:56:04+00:00","og_image":[{"width":1280,"height":853,"url":"https:\/\/www.riyadelcadi.com\/wp-content\/uploads\/2019\/02\/Curtain-Pattern_jed.kaoru_.share_.jpg","type":"image\/jpeg"}],"twitter_card":"summary_large_image","twitter_misc":{"Dur\u00e9e de lecture estim\u00e9e":"3 minutes"},"schema":{"@context":"https:\/\/schema.org","@graph":[{"@type":"WebPage","@id":"https:\/\/www.riyadelcadi.com\/fr\/toutes-les-chambres\/chambres-double\/","url":"https:\/\/www.riyadelcadi.com\/fr\/toutes-les-chambres\/chambres-double\/","name":"Chambres Double - Riyad El Cadi","isPartOf":{"@id":"https:\/\/www.riyadelcadi.com\/fr\/#website"},"primaryImageOfPage":{"@id":"https:\/\/www.riyadelcadi.com\/fr\/toutes-les-chambres\/chambres-double\/#primaryimage"},"image":{"@id":"https:\/\/www.riyadelcadi.com\/fr\/toutes-les-chambres\/chambres-double\/#primaryimage"},"thumbnailUrl":"https:\/\/www.riyadelcadi.com\/wp-content\/uploads\/2019\/02\/Curtain-Pattern_jed.kaoru_.share_.jpg","datePublished":"2020-04-30T23:33:10+00:00","dateModified":"2025-05-02T15:56:04+00:00","breadcrumb":{"@id":"https:\/\/www.riyadelcadi.com\/fr\/toutes-les-chambres\/chambres-double\/#breadcrumb"},"inLanguage":"fr-FR","potentialAction":[{"@type":"ReadAction","target":["https:\/\/www.riyadelcadi.com\/fr\/toutes-les-chambres\/chambres-double\/"]}]},{"@type":"ImageObject","inLanguage":"fr-FR","@id":"https:\/\/www.riyadelcadi.com\/fr\/toutes-les-chambres\/chambres-double\/#primaryimage","url":"https:\/\/www.riyadelcadi.com\/wp-content\/uploads\/2019\/02\/Curtain-Pattern_jed.kaoru_.share_.jpg","contentUrl":"https:\/\/www.riyadelcadi.com\/wp-content\/uploads\/2019\/02\/Curtain-Pattern_jed.kaoru_.share_.jpg","width":1280,"height":853},{"@type":"BreadcrumbList","@id":"https:\/\/www.riyadelcadi.com\/fr\/toutes-les-chambres\/chambres-double\/#breadcrumb","itemListElement":[{"@type":"ListItem","position":1,"name":"Accueil","item":"https:\/\/www.riyadelcadi.com\/fr\/"},{"@type":"ListItem","position":2,"name":"Nos Chambres","item":"https:\/\/www.riyadelcadi.com\/fr\/toutes-les-chambres\/"},{"@type":"ListItem","position":3,"name":"Chambres Double"}]},{"@type":"WebSite","@id":"https:\/\/www.riyadelcadi.com\/fr\/#website","url":"https:\/\/www.riyadelcadi.com\/fr\/","name":"Riyad El Cadi","description":"Riad avec du style in Marrakech","potentialAction":[{"@type":"SearchAction","target":{"@type":"EntryPoint","urlTemplate":"https:\/\/www.riyadelcadi.com\/fr\/?s={search_term_string}"},"query-input":{"@type":"PropertyValueSpecification","valueRequired":true,"valueName":"search_term_string"}}],"inLanguage":"fr-FR"}]}},"_links":{"self":[{"href":"https:\/\/www.riyadelcadi.com\/fr\/wp-json\/wp\/v2\/pages\/28718"}],"collection":[{"href":"https:\/\/www.riyadelcadi.com\/fr\/wp-json\/wp\/v2\/pages"}],"about":[{"href":"https:\/\/www.riyadelcadi.com\/fr\/wp-json\/wp\/v2\/types\/page"}],"author":[{"embeddable":true,"href":"https:\/\/www.riyadelcadi.com\/fr\/wp-json\/wp\/v2\/users\/4"}],"replies":[{"embeddable":true,"href":"https:\/\/www.riyadelcadi.com\/fr\/wp-json\/wp\/v2\/comments?post=28718"}],"version-history":[{"count":9,"href":"https:\/\/www.riyadelcadi.com\/fr\/wp-json\/wp\/v2\/pages\/28718\/revisions"}],"predecessor-version":[{"id":44620,"href":"https:\/\/www.riyadelcadi.com\/fr\/wp-json\/wp\/v2\/pages\/28718\/revisions\/44620"}],"up":[{"embeddable":true,"href":"https:\/\/www.riyadelcadi.com\/fr\/wp-json\/wp\/v2\/pages\/18515"}],"wp:featuredmedia":[{"embeddable":true,"href":"https:\/\/www.riyadelcadi.com\/fr\/wp-json\/wp\/v2\/media\/23610"}],"wp:attachment":[{"href":"https:\/\/www.riyadelcadi.com\/fr\/wp-json\/wp\/v2\/media?parent=28718"}],"curies":[{"name":"wp","href":"https:\/\/api.w.org\/{rel}","templated":true}]}}