{"id":28707,"date":"2020-05-01T14:11:12","date_gmt":"2020-05-01T12:11:12","guid":{"rendered":"https:\/\/www.riyadelcadi.com\/toutes-les-chambres\/suites-junior\/"},"modified":"2025-09-15T10:52:30","modified_gmt":"2025-09-15T08:52:30","slug":"suites-junior","status":"publish","type":"page","link":"https:\/\/www.riyadelcadi.com\/fr\/toutes-les-chambres\/suites-junior\/","title":{"rendered":"Suites Junior"},"content":{"rendered":"<div class=\"wpb-content-wrapper\"><p>[vc_section][vc_row][vc_column css=\u00a0\u00bb.vc_custom_1588335465436{background-color: #faf8f4 !important;}\u00a0\u00bb][vc_column_text]<\/p>\n<ul>\n<li>Toutes <strong><span style=\"color: #336666;\">les suites<\/span><\/strong> sont <strong>climatis\u00e9es<\/strong> et situ\u00e9es au<strong> premier \u00e9tage<\/strong>.<\/li>\n<li>Toutes les suites disposent d&rsquo;une chambre suppl\u00e9mentaire ou d&rsquo;un balcon.<\/li>\n<li><strong><span style=\"color: #336666;\">Toutes les chambres<\/span><\/strong> ont une <strong>salle de bain priv\u00e9e<\/strong> avec des \u00e9quipements \u00e0 base d&rsquo;<strong>huile d&rsquo;argan<\/strong>, des peignoirs, des pantoufles et des s\u00e8che-cheveux.<\/li>\n<\/ul>\n<p>[\/vc_column_text][\/vc_column][\/vc_row][vc_row][vc_column][vc_empty_space height=\u00a0\u00bb5px\u00a0\u00bb][\/vc_column][\/vc_row][vc_row equal_height=\u00a0\u00bbyes\u00a0\u00bb content_placement=\u00a0\u00bbmiddle\u00a0\u00bb css=\u00a0\u00bb.vc_custom_1588333492680{margin-bottom: 40px !important;border-radius: 1px !important;}\u00a0\u00bb][vc_column width=\u00a0\u00bb2\/3&Prime; css=\u00a0\u00bb.vc_custom_1588334542563{padding-top: 160px !important;padding-bottom: 160px !important;background-image: url(https:\/\/www.riyadelcadi.com\/wp-content\/uploads\/2015\/10\/6-Suite-Berb\u00e8re-2-cPaul-Spierenburg.jpg?id=19325) !important;background-position: center !important;background-repeat: no-repeat !important;background-size: cover !important;}\u00a0\u00bb][\/vc_column][vc_column width=\u00a0\u00bb1\/3&Prime; css=\u00a0\u00bb.vc_custom_1553275641280{background-color: #faf8f4 !important;}\u00a0\u00bb][vc_column_text]<\/p>\n<h2><a href=\"https:\/\/www.riyadelcadi.com\/fr\/rooms-chambres\/suite-berbere\/\">SUITE BERB\u00c8RE<\/a><\/h2>\n<p style=\"text-align: left;\"><span style=\"color: #193d38;\">Suite Junior<\/span><\/p>\n<ul>\n<li style=\"text-align: left;\">Premier \u00e9tage<\/li>\n<li>Climatis\u00e9e<\/li>\n<li>Balcon<\/li>\n<li style=\"text-align: left;\">max. 2 persons<\/li>\n<\/ul>\n<p>[\/vc_column_text]<div class=\"ut-btn-group  ut-btn-group-center ut-btn-group-tablet-center ut-btn-group-mobile-center clearfix\"><style type=\"text\/css\">#bklyn_btn_69ef728fc6227 .bklyn-btn { color:#ffffff !important; background-color:#193d38 !important; }#bklyn_btn_69ef728fc6227 .bklyn-btn:hover{ color:#ffffff !important; background-color:#46635f !important; }#bklyn_btn_69ef728fc6227 .bklyn-btn:focus{ color:#ffffff !important; background-color:#46635f !important; }#bklyn_btn_69ef728fc6227 .bklyn-btn:active { color:#ffffff !important; background-color:#46635f !important; }#bklyn_btn_69ef728fc6227 a.bklyn-btn { font-weight:500 !important; }#bklyn_btn_69ef728fc6227.bklyn-btn-header a.bklyn-btn { font-weight:500 !important; }#bklyn_btn_69ef728fc6227.bklyn-btn-header a.bklyn-btn span { font-weight:500 !important; }#bklyn_btn_69ef728fc6227 a.bklyn-btn { font-family:inherit !important; }<\/style><div id=\"bklyn_btn_69ef728fc6227\" class=\"bklyn-btn-holder  bklyn-btn-first bklyn-btn-center bklyn-btn-tablet-center bklyn-btn-mobile-center\"><a title=\"Suite Berb\u00e8re\"   href=\"https:\/\/www.riyadelcadi.com\/fr\/rooms-chambres\/suite-berbere\/\" target=\"_self\" class=\"bklyn-btn  bklyn-btn-small\" ><span class=\"ut-btn-text\">VOIR LA CHAMBRE<\/span><\/a><\/div><style type=\"text\/css\">#bklyn_btn_69ef728fc6320 .bklyn-btn { color:#ffffff !important; background-color:#eca65c !important; }#bklyn_btn_69ef728fc6320 .bklyn-btn:hover{ color:#ffffff !important; background-color:#efb273 !important; }#bklyn_btn_69ef728fc6320 .bklyn-btn:focus{ color:#ffffff !important; background-color:#efb273 !important; }#bklyn_btn_69ef728fc6320 .bklyn-btn:active { color:#ffffff !important; background-color:#efb273 !important; }#bklyn_btn_69ef728fc6320 a.bklyn-btn { font-weight:500 !important; }#bklyn_btn_69ef728fc6320.bklyn-btn-header a.bklyn-btn { font-weight:500 !important; }#bklyn_btn_69ef728fc6320.bklyn-btn-header a.bklyn-btn span { font-weight:500 !important; }#bklyn_btn_69ef728fc6320 a.bklyn-btn { text-transform:uppercase !important; }<\/style><div id=\"bklyn_btn_69ef728fc6320\" class=\"bklyn-btn-holder  bklyn-btn-last bklyn-btn-center bklyn-btn-tablet-center bklyn-btn-mobile-center\"><a title=\"\"   href=\"https:\/\/direct-book.com\/properties\/riyadelcadidirect?number_nights=3&#038;number_adults=2&#038;promotion_code=Special\" target=\"_self\" class=\"bklyn-btn  bklyn-btn-small\" ><span class=\"ut-btn-text\">R\u00e9servation<\/span><\/a><\/div><\/div>[\/vc_column][\/vc_row][vc_row equal_height=\u00a0\u00bbyes\u00a0\u00bb content_placement=\u00a0\u00bbmiddle\u00a0\u00bb css=\u00a0\u00bb.vc_custom_1588291984842{margin-bottom: 40px !important;border-radius: 1px !important;}\u00a0\u00bb][vc_column width=\u00a0\u00bb2\/3&Prime; css=\u00a0\u00bb.vc_custom_1588334620637{padding-top: 160px !important;padding-bottom: 160px !important;background-image: url(https:\/\/www.riyadelcadi.com\/wp-content\/uploads\/2011\/07\/Junior_Suite_Chauoen_42.jpg?id=2748) !important;background-position: center !important;background-repeat: no-repeat !important;background-size: cover !important;}\u00a0\u00bb][\/vc_column][vc_column width=\u00a0\u00bb1\/3&Prime; css=\u00a0\u00bb.vc_custom_1553275628359{background-color: #faf8f4 !important;}\u00a0\u00bb][vc_column_text]<\/p>\n<h2 style=\"text-align: left;\"><a title=\"Staying fit in Marrakech\" href=\"https:\/\/www.riyadelcadi.com\/fr\/rooms-chambres\/suite-chaouen\/\">SUITE CHAOUEN<\/a><\/h2>\n<p style=\"text-align: left;\"><span style=\"color: #193d38;\">Suite Junior<\/span><\/p>\n<ul>\n<li style=\"text-align: left;\">Premier \u00e9tage<\/li>\n<li>Climatis\u00e9e<\/li>\n<li>Coin salon<\/li>\n<li style=\"text-align: left;\">max. 3 persons<\/li>\n<\/ul>\n<p>[\/vc_column_text]<div class=\"ut-btn-group  ut-btn-group-center ut-btn-group-tablet-center ut-btn-group-mobile-center clearfix\"><style type=\"text\/css\">#bklyn_btn_69ef728fc6409 .bklyn-btn { color:#ffffff !important; background-color:#193d38 !important; }#bklyn_btn_69ef728fc6409 .bklyn-btn:hover{ color:#ffffff !important; background-color:#46635f !important; }#bklyn_btn_69ef728fc6409 .bklyn-btn:focus{ color:#ffffff !important; background-color:#46635f !important; }#bklyn_btn_69ef728fc6409 .bklyn-btn:active { color:#ffffff !important; background-color:#46635f !important; }#bklyn_btn_69ef728fc6409 a.bklyn-btn { font-weight:500 !important; }#bklyn_btn_69ef728fc6409.bklyn-btn-header a.bklyn-btn { font-weight:500 !important; }#bklyn_btn_69ef728fc6409.bklyn-btn-header a.bklyn-btn span { font-weight:500 !important; }#bklyn_btn_69ef728fc6409 a.bklyn-btn { font-family:inherit !important; }<\/style><div id=\"bklyn_btn_69ef728fc6409\" class=\"bklyn-btn-holder  bklyn-btn-first bklyn-btn-center bklyn-btn-tablet-center bklyn-btn-mobile-center\"><a title=\"Suite Chaouen\"   href=\"https:\/\/www.riyadelcadi.com\/fr\/rooms-chambres\/suite-chaouen\/\" target=\"_self\" class=\"bklyn-btn  bklyn-btn-small\" ><span class=\"ut-btn-text\">VOIR LA CHAMBRE<\/span><\/a><\/div><style type=\"text\/css\">#bklyn_btn_69ef728fc6491 .bklyn-btn { color:#ffffff !important; background-color:#eca65c !important; }#bklyn_btn_69ef728fc6491 .bklyn-btn:hover{ color:#ffffff !important; background-color:#efb273 !important; }#bklyn_btn_69ef728fc6491 .bklyn-btn:focus{ color:#ffffff !important; background-color:#efb273 !important; }#bklyn_btn_69ef728fc6491 .bklyn-btn:active { color:#ffffff !important; background-color:#efb273 !important; }#bklyn_btn_69ef728fc6491 a.bklyn-btn { font-weight:500 !important; }#bklyn_btn_69ef728fc6491.bklyn-btn-header a.bklyn-btn { font-weight:500 !important; }#bklyn_btn_69ef728fc6491.bklyn-btn-header a.bklyn-btn span { font-weight:500 !important; }#bklyn_btn_69ef728fc6491 a.bklyn-btn { text-transform:uppercase !important; }<\/style><div id=\"bklyn_btn_69ef728fc6491\" class=\"bklyn-btn-holder  bklyn-btn-last bklyn-btn-center bklyn-btn-tablet-center bklyn-btn-mobile-center\"><a title=\"\"   href=\"https:\/\/direct-book.com\/properties\/riyadelcadidirect?number_nights=3&#038;number_adults=2&#038;promotion_code=Special\" target=\"_self\" class=\"bklyn-btn  bklyn-btn-small\" ><span class=\"ut-btn-text\">R\u00e9servation<\/span><\/a><\/div><\/div>[\/vc_column][\/vc_row][vc_row equal_height=\u00a0\u00bbyes\u00a0\u00bb content_placement=\u00a0\u00bbmiddle\u00a0\u00bb css=\u00a0\u00bb.vc_custom_1588291984842{margin-bottom: 40px !important;border-radius: 1px !important;}\u00a0\u00bb][vc_column width=\u00a0\u00bb2\/3&Prime; css=\u00a0\u00bb.vc_custom_1588334816097{padding-top: 160px !important;padding-bottom: 160px !important;background-image: url(https:\/\/www.riyadelcadi.com\/wp-content\/uploads\/2012\/08\/Suite-Chine_-China-Suite3.jpg?id=9768) !important;background-position: center !important;background-repeat: no-repeat !important;background-size: cover !important;}\u00a0\u00bb][\/vc_column][vc_column width=\u00a0\u00bb1\/3&Prime; css=\u00a0\u00bb.vc_custom_1553275628359{background-color: #faf8f4 !important;}\u00a0\u00bb][vc_column_text]<\/p>\n<h2 style=\"text-align: left;\"><a title=\"Staying fit in Marrakech\" href=\"https:\/\/www.riyadelcadi.com\/fr\/rooms-chambres\/suite-chine\/\">SUITE CHINE<\/a><\/h2>\n<p style=\"text-align: left;\"><span style=\"color: #193d38;\">Suite Junior<\/span><\/p>\n<ul>\n<li style=\"text-align: left;\">Premier \u00e9tage<\/li>\n<li>Climatis\u00e9e<\/li>\n<li>Balcon<\/li>\n<li style=\"text-align: left;\">max. 2 persons<\/li>\n<\/ul>\n<p>[\/vc_column_text]<div class=\"ut-btn-group  ut-btn-group-center ut-btn-group-tablet-center ut-btn-group-mobile-center clearfix\"><style type=\"text\/css\">#bklyn_btn_69ef728fc6560 .bklyn-btn { color:#ffffff !important; background-color:#193d38 !important; }#bklyn_btn_69ef728fc6560 .bklyn-btn:hover{ color:#ffffff !important; background-color:#46635f !important; }#bklyn_btn_69ef728fc6560 .bklyn-btn:focus{ color:#ffffff !important; background-color:#46635f !important; }#bklyn_btn_69ef728fc6560 .bklyn-btn:active { color:#ffffff !important; background-color:#46635f !important; }#bklyn_btn_69ef728fc6560 a.bklyn-btn { font-weight:500 !important; }#bklyn_btn_69ef728fc6560.bklyn-btn-header a.bklyn-btn { font-weight:500 !important; }#bklyn_btn_69ef728fc6560.bklyn-btn-header a.bklyn-btn span { font-weight:500 !important; }#bklyn_btn_69ef728fc6560 a.bklyn-btn { font-family:inherit !important; }<\/style><div id=\"bklyn_btn_69ef728fc6560\" class=\"bklyn-btn-holder  bklyn-btn-first bklyn-btn-center bklyn-btn-tablet-center bklyn-btn-mobile-center\"><a title=\"Suite Chine\"   href=\"https:\/\/www.riyadelcadi.com\/fr\/rooms-chambres\/suite-chine\/\" target=\"_self\" class=\"bklyn-btn  bklyn-btn-small\" ><span class=\"ut-btn-text\">VOIR LA CHAMBRE<\/span><\/a><\/div><style type=\"text\/css\">#bklyn_btn_69ef728fc65cd .bklyn-btn { color:#ffffff !important; background-color:#eca65c !important; }#bklyn_btn_69ef728fc65cd .bklyn-btn:hover{ color:#ffffff !important; background-color:#efb273 !important; }#bklyn_btn_69ef728fc65cd .bklyn-btn:focus{ color:#ffffff !important; background-color:#efb273 !important; }#bklyn_btn_69ef728fc65cd .bklyn-btn:active { color:#ffffff !important; background-color:#efb273 !important; }#bklyn_btn_69ef728fc65cd a.bklyn-btn { font-weight:500 !important; }#bklyn_btn_69ef728fc65cd.bklyn-btn-header a.bklyn-btn { font-weight:500 !important; }#bklyn_btn_69ef728fc65cd.bklyn-btn-header a.bklyn-btn span { font-weight:500 !important; }#bklyn_btn_69ef728fc65cd a.bklyn-btn { text-transform:uppercase !important; }<\/style><div id=\"bklyn_btn_69ef728fc65cd\" class=\"bklyn-btn-holder  bklyn-btn-last bklyn-btn-center bklyn-btn-tablet-center bklyn-btn-mobile-center\"><a title=\"\"   href=\"https:\/\/direct-book.com\/properties\/riyadelcadidirect?number_nights=3&#038;number_adults=2&#038;promotion_code=Special\" target=\"_self\" class=\"bklyn-btn  bklyn-btn-small\" ><span class=\"ut-btn-text\">R\u00e9servation<\/span><\/a><\/div><\/div>[\/vc_column][\/vc_row][vc_row equal_height=\u00a0\u00bbyes\u00a0\u00bb content_placement=\u00a0\u00bbmiddle\u00a0\u00bb css=\u00a0\u00bb.vc_custom_1588291984842{margin-bottom: 40px !important;border-radius: 1px !important;}\u00a0\u00bb][vc_column width=\u00a0\u00bb2\/3&Prime; css=\u00a0\u00bb.vc_custom_1588334986633{padding-top: 160px !important;padding-bottom: 160px !important;background-image: url(https:\/\/www.riyadelcadi.com\/wp-content\/uploads\/2015\/11\/Suite-Douiriya-LoggiacKai.Kremser.jpg?id=17524) !important;background-position: center !important;background-repeat: no-repeat !important;background-size: cover !important;}\u00a0\u00bb][\/vc_column][vc_column width=\u00a0\u00bb1\/3&Prime; css=\u00a0\u00bb.vc_custom_1553275628359{background-color: #faf8f4 !important;}\u00a0\u00bb][vc_column_text]<\/p>\n<h2 style=\"text-align: left;\"><a title=\"Staying fit in Marrakech\" href=\"https:\/\/www.riyadelcadi.com\/fr\/rooms-chambres\/suite-douiriya\/\">SUITE DOUIRIYA<\/a><\/h2>\n<p style=\"text-align: left;\"><span style=\"color: #193d38;\">Suite Junior<\/span><\/p>\n<ul>\n<li style=\"text-align: left;\">Premier \u00e9tage<\/li>\n<li>Climatis\u00e9e<\/li>\n<li>Loggia, chambre single<\/li>\n<li style=\"text-align: left;\">max. 3 persons<\/li>\n<\/ul>\n<p>[\/vc_column_text]<div class=\"ut-btn-group  ut-btn-group-center ut-btn-group-tablet-center ut-btn-group-mobile-center clearfix\"><style type=\"text\/css\">#bklyn_btn_69ef728fc66a6 .bklyn-btn { color:#ffffff !important; background-color:#193d38 !important; }#bklyn_btn_69ef728fc66a6 .bklyn-btn:hover{ color:#ffffff !important; background-color:#46635f !important; }#bklyn_btn_69ef728fc66a6 .bklyn-btn:focus{ color:#ffffff !important; background-color:#46635f !important; }#bklyn_btn_69ef728fc66a6 .bklyn-btn:active { color:#ffffff !important; background-color:#46635f !important; }#bklyn_btn_69ef728fc66a6 a.bklyn-btn { font-weight:500 !important; }#bklyn_btn_69ef728fc66a6.bklyn-btn-header a.bklyn-btn { font-weight:500 !important; }#bklyn_btn_69ef728fc66a6.bklyn-btn-header a.bklyn-btn span { font-weight:500 !important; }#bklyn_btn_69ef728fc66a6 a.bklyn-btn { font-family:inherit !important; }<\/style><div id=\"bklyn_btn_69ef728fc66a6\" class=\"bklyn-btn-holder  bklyn-btn-first bklyn-btn-center bklyn-btn-tablet-center bklyn-btn-mobile-center\"><a title=\"Suite Douiriya\"   href=\"https:\/\/www.riyadelcadi.com\/fr\/rooms-chambres\/suite-douiriya\/\" target=\"_self\" class=\"bklyn-btn  bklyn-btn-small\" ><span class=\"ut-btn-text\">VOIR LA CHAMBRE<\/span><\/a><\/div><style type=\"text\/css\">#bklyn_btn_69ef728fc6724 .bklyn-btn { color:#ffffff !important; background-color:#eca65c !important; }#bklyn_btn_69ef728fc6724 .bklyn-btn:hover{ color:#ffffff !important; background-color:#efb273 !important; }#bklyn_btn_69ef728fc6724 .bklyn-btn:focus{ color:#ffffff !important; background-color:#efb273 !important; }#bklyn_btn_69ef728fc6724 .bklyn-btn:active { color:#ffffff !important; background-color:#efb273 !important; }#bklyn_btn_69ef728fc6724 a.bklyn-btn { font-weight:500 !important; }#bklyn_btn_69ef728fc6724.bklyn-btn-header a.bklyn-btn { font-weight:500 !important; }#bklyn_btn_69ef728fc6724.bklyn-btn-header a.bklyn-btn span { font-weight:500 !important; }#bklyn_btn_69ef728fc6724 a.bklyn-btn { text-transform:uppercase !important; }<\/style><div id=\"bklyn_btn_69ef728fc6724\" class=\"bklyn-btn-holder  bklyn-btn-last bklyn-btn-center bklyn-btn-tablet-center bklyn-btn-mobile-center\"><a title=\"\"   href=\"https:\/\/direct-book.com\/properties\/riyadelcadidirect?number_nights=3&#038;number_adults=2&#038;promotion_code=Special\" target=\"_self\" class=\"bklyn-btn  bklyn-btn-small\" ><span class=\"ut-btn-text\">R\u00e9servation<\/span><\/a><\/div><\/div>[\/vc_column][\/vc_row]<\/p>\n<p>[vc_row equal_height=\u00a0\u00bbyes\u00a0\u00bb content_placement=\u00a0\u00bbmiddle\u00a0\u00bb css=\u00a0\u00bb.vc_custom_1588291984842{margin-bottom: 40px !important;border-radius: 1px !important;}\u00a0\u00bb][vc_column width=\u00a0\u00bb2\/3&Prime; css=\u00a0\u00bb.vc_custom_1588292664663{padding-top: 160px !important;padding-bottom: 160px !important;background-image: url(https:\/\/www.riyadelcadi.com\/wp-content\/uploads\/2015\/11\/Chambre-Appartement-61-Bedroom-c-Kai-Kremser.jpg?id=17502) !important;background-position: center !important;background-repeat: no-repeat !important;background-size: cover !important;}\u00a0\u00bb][\/vc_column][vc_column width=\u00a0\u00bb1\/3&Prime; css=\u00a0\u00bb.vc_custom_1553275628359{background-color: #faf8f4 !important;}\u00a0\u00bb][vc_column_text]<\/p>\n<h2><a title=\"Staying fit in Marrakech\" href=\"https:\/\/www.riyadelcadi.com\/fr\/rooms-chambres\/appartement-61\/\">SUITE FAMILIALE &#8211; APPARTEMENT 61<\/a><\/h2>\n<p>Triple Suite Junior<\/p>\n<ul>\n<li>1er \u00e9tage<\/li>\n<li>Salon<\/li>\n<li>Climatis\u00e9e<\/li>\n<li>max. 4 personnes<\/li>\n<\/ul>\n<p>[\/vc_column_text]<div class=\"ut-btn-group  ut-btn-group-center ut-btn-group-tablet-center ut-btn-group-mobile-center clearfix\"><style type=\"text\/css\">#bklyn_btn_69ef728fc67f7 .bklyn-btn { color:#ffffff !important; background-color:#193d38 !important; }#bklyn_btn_69ef728fc67f7 .bklyn-btn:hover{ color:#ffffff !important; background-color:#46635f !important; }#bklyn_btn_69ef728fc67f7 .bklyn-btn:focus{ color:#ffffff !important; background-color:#46635f !important; }#bklyn_btn_69ef728fc67f7 .bklyn-btn:active { color:#ffffff !important; background-color:#46635f !important; }#bklyn_btn_69ef728fc67f7 a.bklyn-btn { font-weight:500 !important; }#bklyn_btn_69ef728fc67f7.bklyn-btn-header a.bklyn-btn { font-weight:500 !important; }#bklyn_btn_69ef728fc67f7.bklyn-btn-header a.bklyn-btn span { font-weight:500 !important; }#bklyn_btn_69ef728fc67f7 a.bklyn-btn { font-family:inherit !important; }<\/style><div id=\"bklyn_btn_69ef728fc67f7\" class=\"bklyn-btn-holder  bklyn-btn-first bklyn-btn-center bklyn-btn-tablet-center bklyn-btn-mobile-center\"><a title=\"Apartment 61\"   href=\"https:\/\/www.riyadelcadi.com\/fr\/rooms-chambres\/appartement-61\/\" target=\"_self\" class=\"bklyn-btn  bklyn-btn-small\" ><span class=\"ut-btn-text\">VOIR LA CHAMBRE<\/span><\/a><\/div><style type=\"text\/css\">#bklyn_btn_69ef728fc687b .bklyn-btn { color:#ffffff !important; background-color:#eca65c !important; }#bklyn_btn_69ef728fc687b .bklyn-btn:hover{ color:#ffffff !important; background-color:#efb273 !important; }#bklyn_btn_69ef728fc687b .bklyn-btn:focus{ color:#ffffff !important; background-color:#efb273 !important; }#bklyn_btn_69ef728fc687b .bklyn-btn:active { color:#ffffff !important; background-color:#efb273 !important; }#bklyn_btn_69ef728fc687b a.bklyn-btn { font-weight:500 !important; }#bklyn_btn_69ef728fc687b.bklyn-btn-header a.bklyn-btn { font-weight:500 !important; }#bklyn_btn_69ef728fc687b.bklyn-btn-header a.bklyn-btn span { font-weight:500 !important; }#bklyn_btn_69ef728fc687b a.bklyn-btn { text-transform:uppercase !important; }<\/style><div id=\"bklyn_btn_69ef728fc687b\" class=\"bklyn-btn-holder  bklyn-btn-last bklyn-btn-center bklyn-btn-tablet-center bklyn-btn-mobile-center\"><a title=\"\"   href=\"https:\/\/direct-book.com\/properties\/riyadelcadidirect?number_nights=3&#038;number_adults=2&#038;promotion_code=Special\" target=\"_self\" class=\"bklyn-btn  bklyn-btn-small\" ><span class=\"ut-btn-text\">R\u00e9servation<\/span><\/a><\/div><\/div>[\/vc_column][\/vc_row]<\/p>\n<p>[\/vc_section]<\/p>\n<\/div>","protected":false},"excerpt":{"rendered":"<p>[vc_section][vc_row][vc_column css=\u00a0\u00bb.vc_custom_1588335465436{background-color: #faf8f4 !important;}\u00a0\u00bb][vc_column_text] Toutes les suites sont climatis\u00e9es et situ\u00e9es au premier \u00e9tage. Toutes les suites disposent d&rsquo;une chambre suppl\u00e9mentaire ou d&rsquo;un balcon. Toutes les chambres ont une salle de bain priv\u00e9e avec des \u00e9quipements \u00e0 base d&rsquo;huile d&rsquo;argan, des peignoirs, des pantoufles et des s\u00e8che-cheveux. [\/vc_column_text][\/vc_column][\/vc_row][vc_row][vc_column][vc_empty_space height=\u00a0\u00bb5px\u00a0\u00bb][\/vc_column][\/vc_row][vc_row equal_height=\u00a0\u00bbyes\u00a0\u00bb content_placement=\u00a0\u00bbmiddle\u00a0\u00bb css=\u00a0\u00bb.vc_custom_1588333492680{margin-bottom: 40px !important;border-radius: 1px [&hellip;]<\/p>\n","protected":false},"author":4,"featured_media":23610,"parent":18515,"menu_order":0,"comment_status":"closed","ping_status":"closed","template":"","meta":{"footnotes":""},"yoast_head":"<!-- This site is optimized with the Yoast SEO plugin v24.5 - https:\/\/yoast.com\/wordpress\/plugins\/seo\/ -->\n<title>Suites Junior - Riyad El Cadi<\/title>\n<meta name=\"robots\" content=\"index, follow, max-snippet:-1, max-image-preview:large, max-video-preview:-1\" \/>\n<link rel=\"canonical\" href=\"https:\/\/www.riyadelcadi.com\/fr\/toutes-les-chambres\/suites-junior\/\" \/>\n<meta property=\"og:locale\" content=\"fr_FR\" \/>\n<meta property=\"og:type\" content=\"article\" \/>\n<meta property=\"og:title\" content=\"Suites Junior - Riyad El Cadi\" \/>\n<meta property=\"og:description\" content=\"[vc_section][vc_row][vc_column css=\u00a0\u00bb.vc_custom_1588335465436{background-color: #faf8f4 !important;}\u00a0\u00bb][vc_column_text] Toutes les suites sont climatis\u00e9es et situ\u00e9es au premier \u00e9tage. Toutes les suites disposent d&rsquo;une chambre suppl\u00e9mentaire ou d&rsquo;un balcon. Toutes les chambres ont une salle de bain priv\u00e9e avec des \u00e9quipements \u00e0 base d&rsquo;huile d&rsquo;argan, des peignoirs, des pantoufles et des s\u00e8che-cheveux. [\/vc_column_text][\/vc_column][\/vc_row][vc_row][vc_column][vc_empty_space height=\u00a0\u00bb5px\u00a0\u00bb][\/vc_column][\/vc_row][vc_row equal_height=\u00a0\u00bbyes\u00a0\u00bb content_placement=\u00a0\u00bbmiddle\u00a0\u00bb css=\u00a0\u00bb.vc_custom_1588333492680{margin-bottom: 40px !important;border-radius: 1px [&hellip;]\" \/>\n<meta property=\"og:url\" content=\"https:\/\/www.riyadelcadi.com\/fr\/toutes-les-chambres\/suites-junior\/\" \/>\n<meta property=\"og:site_name\" content=\"Riyad El Cadi\" \/>\n<meta property=\"article:publisher\" content=\"https:\/\/www.facebook.com\/RiyadElCadi\/\" \/>\n<meta property=\"article:modified_time\" content=\"2025-09-15T08:52:30+00:00\" \/>\n<meta property=\"og:image\" content=\"https:\/\/www.riyadelcadi.com\/wp-content\/uploads\/2019\/02\/Curtain-Pattern_jed.kaoru_.share_.jpg\" \/>\n\t<meta property=\"og:image:width\" content=\"1280\" \/>\n\t<meta property=\"og:image:height\" content=\"853\" \/>\n\t<meta property=\"og:image:type\" content=\"image\/jpeg\" \/>\n<meta name=\"twitter:card\" content=\"summary_large_image\" \/>\n<meta name=\"twitter:label1\" content=\"Dur\u00e9e de lecture estim\u00e9e\" \/>\n\t<meta name=\"twitter:data1\" content=\"2 minutes\" \/>\n<script type=\"application\/ld+json\" class=\"yoast-schema-graph\">{\"@context\":\"https:\/\/schema.org\",\"@graph\":[{\"@type\":\"WebPage\",\"@id\":\"https:\/\/www.riyadelcadi.com\/fr\/toutes-les-chambres\/suites-junior\/\",\"url\":\"https:\/\/www.riyadelcadi.com\/fr\/toutes-les-chambres\/suites-junior\/\",\"name\":\"Suites Junior - Riyad El Cadi\",\"isPartOf\":{\"@id\":\"https:\/\/www.riyadelcadi.com\/fr\/#website\"},\"primaryImageOfPage\":{\"@id\":\"https:\/\/www.riyadelcadi.com\/fr\/toutes-les-chambres\/suites-junior\/#primaryimage\"},\"image\":{\"@id\":\"https:\/\/www.riyadelcadi.com\/fr\/toutes-les-chambres\/suites-junior\/#primaryimage\"},\"thumbnailUrl\":\"https:\/\/www.riyadelcadi.com\/wp-content\/uploads\/2019\/02\/Curtain-Pattern_jed.kaoru_.share_.jpg\",\"datePublished\":\"2020-05-01T12:11:12+00:00\",\"dateModified\":\"2025-09-15T08:52:30+00:00\",\"breadcrumb\":{\"@id\":\"https:\/\/www.riyadelcadi.com\/fr\/toutes-les-chambres\/suites-junior\/#breadcrumb\"},\"inLanguage\":\"fr-FR\",\"potentialAction\":[{\"@type\":\"ReadAction\",\"target\":[\"https:\/\/www.riyadelcadi.com\/fr\/toutes-les-chambres\/suites-junior\/\"]}]},{\"@type\":\"ImageObject\",\"inLanguage\":\"fr-FR\",\"@id\":\"https:\/\/www.riyadelcadi.com\/fr\/toutes-les-chambres\/suites-junior\/#primaryimage\",\"url\":\"https:\/\/www.riyadelcadi.com\/wp-content\/uploads\/2019\/02\/Curtain-Pattern_jed.kaoru_.share_.jpg\",\"contentUrl\":\"https:\/\/www.riyadelcadi.com\/wp-content\/uploads\/2019\/02\/Curtain-Pattern_jed.kaoru_.share_.jpg\",\"width\":1280,\"height\":853},{\"@type\":\"BreadcrumbList\",\"@id\":\"https:\/\/www.riyadelcadi.com\/fr\/toutes-les-chambres\/suites-junior\/#breadcrumb\",\"itemListElement\":[{\"@type\":\"ListItem\",\"position\":1,\"name\":\"Accueil\",\"item\":\"https:\/\/www.riyadelcadi.com\/fr\/\"},{\"@type\":\"ListItem\",\"position\":2,\"name\":\"Nos Chambres\",\"item\":\"https:\/\/www.riyadelcadi.com\/fr\/toutes-les-chambres\/\"},{\"@type\":\"ListItem\",\"position\":3,\"name\":\"Suites Junior\"}]},{\"@type\":\"WebSite\",\"@id\":\"https:\/\/www.riyadelcadi.com\/fr\/#website\",\"url\":\"https:\/\/www.riyadelcadi.com\/fr\/\",\"name\":\"Riyad El Cadi\",\"description\":\"Riad avec du style in Marrakech\",\"potentialAction\":[{\"@type\":\"SearchAction\",\"target\":{\"@type\":\"EntryPoint\",\"urlTemplate\":\"https:\/\/www.riyadelcadi.com\/fr\/?s={search_term_string}\"},\"query-input\":{\"@type\":\"PropertyValueSpecification\",\"valueRequired\":true,\"valueName\":\"search_term_string\"}}],\"inLanguage\":\"fr-FR\"}]}<\/script>\n<!-- \/ Yoast SEO plugin. -->","yoast_head_json":{"title":"Suites Junior - Riyad El Cadi","robots":{"index":"index","follow":"follow","max-snippet":"max-snippet:-1","max-image-preview":"max-image-preview:large","max-video-preview":"max-video-preview:-1"},"canonical":"https:\/\/www.riyadelcadi.com\/fr\/toutes-les-chambres\/suites-junior\/","og_locale":"fr_FR","og_type":"article","og_title":"Suites Junior - Riyad El Cadi","og_description":"[vc_section][vc_row][vc_column css=\u00a0\u00bb.vc_custom_1588335465436{background-color: #faf8f4 !important;}\u00a0\u00bb][vc_column_text] Toutes les suites sont climatis\u00e9es et situ\u00e9es au premier \u00e9tage. Toutes les suites disposent d&rsquo;une chambre suppl\u00e9mentaire ou d&rsquo;un balcon. Toutes les chambres ont une salle de bain priv\u00e9e avec des \u00e9quipements \u00e0 base d&rsquo;huile d&rsquo;argan, des peignoirs, des pantoufles et des s\u00e8che-cheveux. [\/vc_column_text][\/vc_column][\/vc_row][vc_row][vc_column][vc_empty_space height=\u00a0\u00bb5px\u00a0\u00bb][\/vc_column][\/vc_row][vc_row equal_height=\u00a0\u00bbyes\u00a0\u00bb content_placement=\u00a0\u00bbmiddle\u00a0\u00bb css=\u00a0\u00bb.vc_custom_1588333492680{margin-bottom: 40px !important;border-radius: 1px [&hellip;]","og_url":"https:\/\/www.riyadelcadi.com\/fr\/toutes-les-chambres\/suites-junior\/","og_site_name":"Riyad El Cadi","article_publisher":"https:\/\/www.facebook.com\/RiyadElCadi\/","article_modified_time":"2025-09-15T08:52:30+00:00","og_image":[{"width":1280,"height":853,"url":"https:\/\/www.riyadelcadi.com\/wp-content\/uploads\/2019\/02\/Curtain-Pattern_jed.kaoru_.share_.jpg","type":"image\/jpeg"}],"twitter_card":"summary_large_image","twitter_misc":{"Dur\u00e9e de lecture estim\u00e9e":"2 minutes"},"schema":{"@context":"https:\/\/schema.org","@graph":[{"@type":"WebPage","@id":"https:\/\/www.riyadelcadi.com\/fr\/toutes-les-chambres\/suites-junior\/","url":"https:\/\/www.riyadelcadi.com\/fr\/toutes-les-chambres\/suites-junior\/","name":"Suites Junior - Riyad El Cadi","isPartOf":{"@id":"https:\/\/www.riyadelcadi.com\/fr\/#website"},"primaryImageOfPage":{"@id":"https:\/\/www.riyadelcadi.com\/fr\/toutes-les-chambres\/suites-junior\/#primaryimage"},"image":{"@id":"https:\/\/www.riyadelcadi.com\/fr\/toutes-les-chambres\/suites-junior\/#primaryimage"},"thumbnailUrl":"https:\/\/www.riyadelcadi.com\/wp-content\/uploads\/2019\/02\/Curtain-Pattern_jed.kaoru_.share_.jpg","datePublished":"2020-05-01T12:11:12+00:00","dateModified":"2025-09-15T08:52:30+00:00","breadcrumb":{"@id":"https:\/\/www.riyadelcadi.com\/fr\/toutes-les-chambres\/suites-junior\/#breadcrumb"},"inLanguage":"fr-FR","potentialAction":[{"@type":"ReadAction","target":["https:\/\/www.riyadelcadi.com\/fr\/toutes-les-chambres\/suites-junior\/"]}]},{"@type":"ImageObject","inLanguage":"fr-FR","@id":"https:\/\/www.riyadelcadi.com\/fr\/toutes-les-chambres\/suites-junior\/#primaryimage","url":"https:\/\/www.riyadelcadi.com\/wp-content\/uploads\/2019\/02\/Curtain-Pattern_jed.kaoru_.share_.jpg","contentUrl":"https:\/\/www.riyadelcadi.com\/wp-content\/uploads\/2019\/02\/Curtain-Pattern_jed.kaoru_.share_.jpg","width":1280,"height":853},{"@type":"BreadcrumbList","@id":"https:\/\/www.riyadelcadi.com\/fr\/toutes-les-chambres\/suites-junior\/#breadcrumb","itemListElement":[{"@type":"ListItem","position":1,"name":"Accueil","item":"https:\/\/www.riyadelcadi.com\/fr\/"},{"@type":"ListItem","position":2,"name":"Nos Chambres","item":"https:\/\/www.riyadelcadi.com\/fr\/toutes-les-chambres\/"},{"@type":"ListItem","position":3,"name":"Suites Junior"}]},{"@type":"WebSite","@id":"https:\/\/www.riyadelcadi.com\/fr\/#website","url":"https:\/\/www.riyadelcadi.com\/fr\/","name":"Riyad El Cadi","description":"Riad avec du style in Marrakech","potentialAction":[{"@type":"SearchAction","target":{"@type":"EntryPoint","urlTemplate":"https:\/\/www.riyadelcadi.com\/fr\/?s={search_term_string}"},"query-input":{"@type":"PropertyValueSpecification","valueRequired":true,"valueName":"search_term_string"}}],"inLanguage":"fr-FR"}]}},"_links":{"self":[{"href":"https:\/\/www.riyadelcadi.com\/fr\/wp-json\/wp\/v2\/pages\/28707"}],"collection":[{"href":"https:\/\/www.riyadelcadi.com\/fr\/wp-json\/wp\/v2\/pages"}],"about":[{"href":"https:\/\/www.riyadelcadi.com\/fr\/wp-json\/wp\/v2\/types\/page"}],"author":[{"embeddable":true,"href":"https:\/\/www.riyadelcadi.com\/fr\/wp-json\/wp\/v2\/users\/4"}],"replies":[{"embeddable":true,"href":"https:\/\/www.riyadelcadi.com\/fr\/wp-json\/wp\/v2\/comments?post=28707"}],"version-history":[{"count":4,"href":"https:\/\/www.riyadelcadi.com\/fr\/wp-json\/wp\/v2\/pages\/28707\/revisions"}],"predecessor-version":[{"id":62263,"href":"https:\/\/www.riyadelcadi.com\/fr\/wp-json\/wp\/v2\/pages\/28707\/revisions\/62263"}],"up":[{"embeddable":true,"href":"https:\/\/www.riyadelcadi.com\/fr\/wp-json\/wp\/v2\/pages\/18515"}],"wp:featuredmedia":[{"embeddable":true,"href":"https:\/\/www.riyadelcadi.com\/fr\/wp-json\/wp\/v2\/media\/23610"}],"wp:attachment":[{"href":"https:\/\/www.riyadelcadi.com\/fr\/wp-json\/wp\/v2\/media?parent=28707"}],"curies":[{"name":"wp","href":"https:\/\/api.w.org\/{rel}","templated":true}]}}