{"id":28339,"date":"2020-03-06T13:44:03","date_gmt":"2020-03-06T12:44:03","guid":{"rendered":"https:\/\/www.riyadelcadi.com\/?page_id=28339"},"modified":"2022-09-22T21:02:40","modified_gmt":"2022-09-22T19:02:40","slug":"coronavirus-covid19","status":"publish","type":"page","link":"https:\/\/www.riyadelcadi.com\/fr\/coronavirus-covid19\/","title":{"rendered":"Voyager au Maroc au moment de la pand\u00e9mie Covid19"},"content":{"rendered":"<div class=\"wpb-content-wrapper\"><p>[vc_section][vc_row][vc_column]<div class=\"wpb_content_element \"><style type=\"text\/css\">#ut_header_69f719bf090a7 h2.section-title { font-size:26px !important; }<\/style><header id=\"ut_header_69f719bf090a7\" class=\"section-header  ut-no-title-linebreak-mobile ut-no-lead-linebreak-mobile pt-style-2 header-center header-tablet-center header-mobile-center\"><h2 data-title=\"Votre s\u00e9jour au Riyad El Cadi pendant la pandemie Covid19\"  data-responsive-font=\"section_title\" data-responsive-font-settings=\"{&quot;base-font-size&quot;:&quot;26&quot;,&quot;font-size&quot;:{&quot;desktop_large&quot;:&quot;26&quot;},&quot;base-line-height&quot;:&quot;global&quot;,&quot;base-letter-spacing&quot;:&quot;global&quot;}\" class=\"section-title  \"><span>Votre s\u00e9jour au Riyad El Cadi pendant la pandemie Covid19<\/span><\/h2><div data-delay=\"0\" class=\"lead \"><p>Votre sant\u00e9 est important \u00e0 nous!<\/p>\n<\/div><\/header><\/div>[vc_column_text css=\u00a0\u00bb.vc_custom_1636992133234{border-top-width: 1px !important;border-right-width: 1px !important;border-bottom-width: 1px !important;border-left-width: 1px !important;padding-top: 10px !important;padding-right: 10px !important;padding-bottom: 10px !important;padding-left: 10px !important;background-color: #dfbba5 !important;border-left-color: #c62d2d !important;border-left-style: solid !important;border-right-color: #c62d2d !important;border-right-style: solid !important;border-top-color: #c62d2d !important;border-top-style: solid !important;border-bottom-color: #c62d2d !important;border-bottom-style: solid !important;border-radius: 3px !important;}\u00a0\u00bb]Par cons\u00e9quent, prendre en consid\u00e9ration la s\u00e9curit\u00e9 de nos h\u00f4tes et de notre personnel, nous avons d\u00e9cid\u00e9 &#8211; apr\u00e8s des longues d\u00e9lib\u00e9rations &#8211; de n&rsquo;accepter que des h\u00f4tes vaccin\u00e9s. Les enfants jusqu&rsquo;\u00e0 12 ans sont exclus. Nous vous demandons donc de pr\u00e9senter les preuves appropri\u00e9es.[\/vc_column_text][vc_column_text]<\/p>\n<h3>Voyage au Maroc:<\/h3>\n<p><em>Mise \u00e0 jour le 19.01.2022:<\/em><\/p>\n<p>Actuellement, tous les vols \u00e0 destination et au d\u00e9part du Maroc sont suspendus jusqu&rsquo;au 31 janvier 2022. Selon certaines rumeurs, les liaisons a\u00e9riennes reprendront d\u00e9but ou mi-f\u00e9vrier. Il est possible que les conditions d&rsquo;entr\u00e9e du 14.11.2021 soient \u00e0 nouveau appliqu\u00e9es:<\/p>\n<p><em>Mise \u00e0 jour le 14.11.2021:<\/em><\/p>\n<p>L&rsquo;entr\u00e9e au Maroc est limit\u00e9e pour les touristes provenant de pays \u00e0 haut risque (<a href=\"https:\/\/www.visitmorocco.com\/sites\/default\/files\/listb_18_novembre_2021.pdf\">cat\u00e9gorie B)<\/a> aux passagers avec une vaccination valide et un test PCR (ne datant pas de plus de 48 heures). Les touristes en provenance de pays \u00e0 faible risque (non r\u00e9pertori\u00e9s dans la cat\u00e9gorie B) doivent pr\u00e9senter \u00e0 l&#8217;embarquement un carnet de vaccination. Tous les passengers doivent en outre presenter le <a href=\"https:\/\/www.onda.ma\/form.php\">fiche sainitaire<\/a>, rempli et sign\u00e9.<\/p>\n<p>En outre, le Maroc installera des cam\u00e9ras thermiques et des thermom\u00e8tres \u00e9lectroniques, ainsi que des tests antig\u00e9niques pour v\u00e9rifier l&rsquo;\u00e9tat de sant\u00e9 des personnes arrivant de pays \u00e0 haut risque. Tout passager dont le test est positif \u00e0 son arriv\u00e9e au Maroc ne pourra pas acc\u00e9der au pays et devra retourner imm\u00e9diatement dans son pays d&rsquo;origine. Seuls les ressortissants marocains et les \u00e9trangers ayant le statut de r\u00e9sident permanent seront exempt\u00e9s de cette condition. Ce r\u00e8glement entrera en vigueur imm\u00e9diatement (14.11.2021).<\/p>\n<p>Pour plus de d\u00e9tails sur ce qui est requis pour votre voyage, veuillez consulter le site officiel de l&rsquo;<a href=\"https:\/\/www.visitmorocco.com\/fr\/informations-pratiques\/covid-19-voyagez-en-toute-securite-au-maroc\">Office national marocain du tourisme<\/a>.<\/p>\n<p>&nbsp;<\/p>\n<h3>Nous sommes pr\u00eats pour votre visite au Riyad El Cadi :<\/h3>\n<h4>Covid-Annulation<\/h4>\n<p>Nous vous recommandons de souscrire une assurance voyage sp\u00e9ciale qui couvre \u00e9galement les annulations de voyage li\u00e9es \u00e0 la covid. En outre, nous vous encourageons \u00e0 r\u00e9server nos tarifs avec un court d\u00e9lai d&rsquo;annulation.<\/p>\n<h4>Hygi\u00e8ne<\/h4>\n<p><strong>Tout notre personnel est vaccin\u00e9.<\/strong><\/p>\n<p>Pour nous, \u00e0 Riyad El Cadi, la s\u00e9curit\u00e9 de nos h\u00f4tes et de notre personnel est de la plus haute importance.<\/p>\n<p>Nous appliquons donc les mesures d&rsquo;hygi\u00e8ne les plus strictes (d\u00e9sinfectant virucide disponible dans les chambres, les espaces publics. D\u00e9sinfection r\u00e9guli\u00e8re des espaces publics, d\u00e9sinfection quotidienne des locaux. Tapis de d\u00e9sinfection dans la zone d&rsquo;entr\u00e9e).<\/p>\n<p>Dans notre restaurant et notre espace petit-d\u00e9jeuner, les distances requises de 1,5 \u00e0 2 m entre les tables sont d\u00e9j\u00e0 respect\u00e9es en fonctionnement normal. Tous nos employ\u00e9s assurent une d\u00e9sinfection\/un nettoyage r\u00e9gulier et portent des masques.<\/p>\n<h4>Situation des voyages dans le pays<\/h4>\n<p>Le Maroc a re\u00e7u de nombreux \u00e9loges internationaux pour sa gestion de la crise contre la propagation du coronavirus. Un couvre-feu strict, le port obligatoire de masques \u00e0 l&rsquo;\u00e9chelle nationale, l&rsquo;utilisation d&rsquo;applications de haute technologie telles que les drones ou l&rsquo;application de suivi : nombre de ces mesures, qui ont \u00e9t\u00e9 introduites tr\u00e8s rapidement par rapport \u00e0 l&rsquo;Europe, des vaccinations tr\u00e8s efficaces, ont fait que la pand\u00e9mie ne s&rsquo;est propag\u00e9e ici que lentement et qu&rsquo;il y a eu relativement peu d&rsquo;infections. En outre, les difficult\u00e9s sociales ont \u00e9t\u00e9 att\u00e9nu\u00e9es par l&rsquo;introduction d&rsquo;une aide financi\u00e8re unique.[\/vc_column_text][\/vc_column][\/vc_row][\/vc_section]<\/p>\n<\/div>","protected":false},"excerpt":{"rendered":"<p>[vc_section][vc_row][vc_column][vc_column_text css=\u00a0\u00bb.vc_custom_1636992133234{border-top-width: 1px !important;border-right-width: 1px !important;border-bottom-width: 1px !important;border-left-width: 1px !important;padding-top: 10px !important;padding-right: 10px !important;padding-bottom: 10px !important;padding-left: 10px !important;background-color: #dfbba5 !important;border-left-color: #c62d2d !important;border-left-style: solid !important;border-right-color: #c62d2d !important;border-right-style: solid !important;border-top-color: #c62d2d !important;border-top-style: solid !important;border-bottom-color: #c62d2d !important;border-bottom-style: solid !important;border-radius: 3px !important;}\u00a0\u00bb]Par cons\u00e9quent, prendre en consid\u00e9ration la s\u00e9curit\u00e9 de nos h\u00f4tes et de notre personnel, nous avons d\u00e9cid\u00e9 &#8211; [&hellip;]<\/p>\n","protected":false},"author":4,"featured_media":28332,"parent":0,"menu_order":0,"comment_status":"closed","ping_status":"closed","template":"","meta":{"footnotes":""},"yoast_head":"<!-- This site is optimized with the Yoast SEO plugin v24.5 - https:\/\/yoast.com\/wordpress\/plugins\/seo\/ -->\n<title>Voyager au Maroc au moment de la pand\u00e9mie Covid19 - Riyad El Cadi<\/title>\n<meta name=\"robots\" content=\"index, follow, max-snippet:-1, max-image-preview:large, max-video-preview:-1\" \/>\n<link rel=\"canonical\" href=\"https:\/\/www.riyadelcadi.com\/fr\/coronavirus-covid19\/\" \/>\n<meta property=\"og:locale\" content=\"fr_FR\" \/>\n<meta property=\"og:type\" content=\"article\" \/>\n<meta property=\"og:title\" content=\"Voyager au Maroc au moment de la pand\u00e9mie Covid19 - Riyad El Cadi\" \/>\n<meta property=\"og:description\" content=\"[vc_section][vc_row][vc_column][vc_column_text css=\u00a0\u00bb.vc_custom_1636992133234{border-top-width: 1px !important;border-right-width: 1px !important;border-bottom-width: 1px !important;border-left-width: 1px !important;padding-top: 10px !important;padding-right: 10px !important;padding-bottom: 10px !important;padding-left: 10px !important;background-color: #dfbba5 !important;border-left-color: #c62d2d !important;border-left-style: solid !important;border-right-color: #c62d2d !important;border-right-style: solid !important;border-top-color: #c62d2d !important;border-top-style: solid !important;border-bottom-color: #c62d2d !important;border-bottom-style: solid !important;border-radius: 3px !important;}\u00a0\u00bb]Par cons\u00e9quent, prendre en consid\u00e9ration la s\u00e9curit\u00e9 de nos h\u00f4tes et de notre personnel, nous avons d\u00e9cid\u00e9 &#8211; [&hellip;]\" \/>\n<meta property=\"og:url\" content=\"https:\/\/www.riyadelcadi.com\/fr\/coronavirus-covid19\/\" \/>\n<meta property=\"og:site_name\" content=\"Riyad El Cadi\" \/>\n<meta property=\"article:publisher\" content=\"https:\/\/www.facebook.com\/RiyadElCadi\/\" \/>\n<meta property=\"article:modified_time\" content=\"2022-09-22T19:02:40+00:00\" \/>\n<meta property=\"og:image\" content=\"https:\/\/www.riyadelcadi.com\/wp-content\/uploads\/2020\/03\/IMG_0071-1.jpg\" \/>\n\t<meta property=\"og:image:width\" content=\"1280\" \/>\n\t<meta property=\"og:image:height\" content=\"959\" \/>\n\t<meta property=\"og:image:type\" content=\"image\/jpeg\" \/>\n<meta name=\"twitter:card\" content=\"summary_large_image\" \/>\n<meta name=\"twitter:label1\" content=\"Dur\u00e9e de lecture estim\u00e9e\" \/>\n\t<meta name=\"twitter:data1\" content=\"3 minutes\" \/>\n<script type=\"application\/ld+json\" class=\"yoast-schema-graph\">{\"@context\":\"https:\/\/schema.org\",\"@graph\":[{\"@type\":\"WebPage\",\"@id\":\"https:\/\/www.riyadelcadi.com\/fr\/coronavirus-covid19\/\",\"url\":\"https:\/\/www.riyadelcadi.com\/fr\/coronavirus-covid19\/\",\"name\":\"Voyager au Maroc au moment de la pand\u00e9mie Covid19 - Riyad El Cadi\",\"isPartOf\":{\"@id\":\"https:\/\/www.riyadelcadi.com\/fr\/#website\"},\"primaryImageOfPage\":{\"@id\":\"https:\/\/www.riyadelcadi.com\/fr\/coronavirus-covid19\/#primaryimage\"},\"image\":{\"@id\":\"https:\/\/www.riyadelcadi.com\/fr\/coronavirus-covid19\/#primaryimage\"},\"thumbnailUrl\":\"https:\/\/www.riyadelcadi.com\/wp-content\/uploads\/2020\/03\/IMG_0071-1.jpg\",\"datePublished\":\"2020-03-06T12:44:03+00:00\",\"dateModified\":\"2022-09-22T19:02:40+00:00\",\"breadcrumb\":{\"@id\":\"https:\/\/www.riyadelcadi.com\/fr\/coronavirus-covid19\/#breadcrumb\"},\"inLanguage\":\"fr-FR\",\"potentialAction\":[{\"@type\":\"ReadAction\",\"target\":[\"https:\/\/www.riyadelcadi.com\/fr\/coronavirus-covid19\/\"]}]},{\"@type\":\"ImageObject\",\"inLanguage\":\"fr-FR\",\"@id\":\"https:\/\/www.riyadelcadi.com\/fr\/coronavirus-covid19\/#primaryimage\",\"url\":\"https:\/\/www.riyadelcadi.com\/wp-content\/uploads\/2020\/03\/IMG_0071-1.jpg\",\"contentUrl\":\"https:\/\/www.riyadelcadi.com\/wp-content\/uploads\/2020\/03\/IMG_0071-1.jpg\",\"width\":1280,\"height\":959},{\"@type\":\"BreadcrumbList\",\"@id\":\"https:\/\/www.riyadelcadi.com\/fr\/coronavirus-covid19\/#breadcrumb\",\"itemListElement\":[{\"@type\":\"ListItem\",\"position\":1,\"name\":\"Accueil\",\"item\":\"https:\/\/www.riyadelcadi.com\/fr\/\"},{\"@type\":\"ListItem\",\"position\":2,\"name\":\"Voyager au Maroc au moment de la pand\u00e9mie Covid19\"}]},{\"@type\":\"WebSite\",\"@id\":\"https:\/\/www.riyadelcadi.com\/fr\/#website\",\"url\":\"https:\/\/www.riyadelcadi.com\/fr\/\",\"name\":\"Riyad El Cadi\",\"description\":\"Riad avec du style in Marrakech\",\"potentialAction\":[{\"@type\":\"SearchAction\",\"target\":{\"@type\":\"EntryPoint\",\"urlTemplate\":\"https:\/\/www.riyadelcadi.com\/fr\/?s={search_term_string}\"},\"query-input\":{\"@type\":\"PropertyValueSpecification\",\"valueRequired\":true,\"valueName\":\"search_term_string\"}}],\"inLanguage\":\"fr-FR\"}]}<\/script>\n<!-- \/ Yoast SEO plugin. -->","yoast_head_json":{"title":"Voyager au Maroc au moment de la pand\u00e9mie Covid19 - Riyad El Cadi","robots":{"index":"index","follow":"follow","max-snippet":"max-snippet:-1","max-image-preview":"max-image-preview:large","max-video-preview":"max-video-preview:-1"},"canonical":"https:\/\/www.riyadelcadi.com\/fr\/coronavirus-covid19\/","og_locale":"fr_FR","og_type":"article","og_title":"Voyager au Maroc au moment de la pand\u00e9mie Covid19 - Riyad El Cadi","og_description":"[vc_section][vc_row][vc_column][vc_column_text css=\u00a0\u00bb.vc_custom_1636992133234{border-top-width: 1px !important;border-right-width: 1px !important;border-bottom-width: 1px !important;border-left-width: 1px !important;padding-top: 10px !important;padding-right: 10px !important;padding-bottom: 10px !important;padding-left: 10px !important;background-color: #dfbba5 !important;border-left-color: #c62d2d !important;border-left-style: solid !important;border-right-color: #c62d2d !important;border-right-style: solid !important;border-top-color: #c62d2d !important;border-top-style: solid !important;border-bottom-color: #c62d2d !important;border-bottom-style: solid !important;border-radius: 3px !important;}\u00a0\u00bb]Par cons\u00e9quent, prendre en consid\u00e9ration la s\u00e9curit\u00e9 de nos h\u00f4tes et de notre personnel, nous avons d\u00e9cid\u00e9 &#8211; [&hellip;]","og_url":"https:\/\/www.riyadelcadi.com\/fr\/coronavirus-covid19\/","og_site_name":"Riyad El Cadi","article_publisher":"https:\/\/www.facebook.com\/RiyadElCadi\/","article_modified_time":"2022-09-22T19:02:40+00:00","og_image":[{"width":1280,"height":959,"url":"https:\/\/www.riyadelcadi.com\/wp-content\/uploads\/2020\/03\/IMG_0071-1.jpg","type":"image\/jpeg"}],"twitter_card":"summary_large_image","twitter_misc":{"Dur\u00e9e de lecture estim\u00e9e":"3 minutes"},"schema":{"@context":"https:\/\/schema.org","@graph":[{"@type":"WebPage","@id":"https:\/\/www.riyadelcadi.com\/fr\/coronavirus-covid19\/","url":"https:\/\/www.riyadelcadi.com\/fr\/coronavirus-covid19\/","name":"Voyager au Maroc au moment de la pand\u00e9mie Covid19 - Riyad El Cadi","isPartOf":{"@id":"https:\/\/www.riyadelcadi.com\/fr\/#website"},"primaryImageOfPage":{"@id":"https:\/\/www.riyadelcadi.com\/fr\/coronavirus-covid19\/#primaryimage"},"image":{"@id":"https:\/\/www.riyadelcadi.com\/fr\/coronavirus-covid19\/#primaryimage"},"thumbnailUrl":"https:\/\/www.riyadelcadi.com\/wp-content\/uploads\/2020\/03\/IMG_0071-1.jpg","datePublished":"2020-03-06T12:44:03+00:00","dateModified":"2022-09-22T19:02:40+00:00","breadcrumb":{"@id":"https:\/\/www.riyadelcadi.com\/fr\/coronavirus-covid19\/#breadcrumb"},"inLanguage":"fr-FR","potentialAction":[{"@type":"ReadAction","target":["https:\/\/www.riyadelcadi.com\/fr\/coronavirus-covid19\/"]}]},{"@type":"ImageObject","inLanguage":"fr-FR","@id":"https:\/\/www.riyadelcadi.com\/fr\/coronavirus-covid19\/#primaryimage","url":"https:\/\/www.riyadelcadi.com\/wp-content\/uploads\/2020\/03\/IMG_0071-1.jpg","contentUrl":"https:\/\/www.riyadelcadi.com\/wp-content\/uploads\/2020\/03\/IMG_0071-1.jpg","width":1280,"height":959},{"@type":"BreadcrumbList","@id":"https:\/\/www.riyadelcadi.com\/fr\/coronavirus-covid19\/#breadcrumb","itemListElement":[{"@type":"ListItem","position":1,"name":"Accueil","item":"https:\/\/www.riyadelcadi.com\/fr\/"},{"@type":"ListItem","position":2,"name":"Voyager au Maroc au moment de la pand\u00e9mie Covid19"}]},{"@type":"WebSite","@id":"https:\/\/www.riyadelcadi.com\/fr\/#website","url":"https:\/\/www.riyadelcadi.com\/fr\/","name":"Riyad El Cadi","description":"Riad avec du style in Marrakech","potentialAction":[{"@type":"SearchAction","target":{"@type":"EntryPoint","urlTemplate":"https:\/\/www.riyadelcadi.com\/fr\/?s={search_term_string}"},"query-input":{"@type":"PropertyValueSpecification","valueRequired":true,"valueName":"search_term_string"}}],"inLanguage":"fr-FR"}]}},"_links":{"self":[{"href":"https:\/\/www.riyadelcadi.com\/fr\/wp-json\/wp\/v2\/pages\/28339"}],"collection":[{"href":"https:\/\/www.riyadelcadi.com\/fr\/wp-json\/wp\/v2\/pages"}],"about":[{"href":"https:\/\/www.riyadelcadi.com\/fr\/wp-json\/wp\/v2\/types\/page"}],"author":[{"embeddable":true,"href":"https:\/\/www.riyadelcadi.com\/fr\/wp-json\/wp\/v2\/users\/4"}],"replies":[{"embeddable":true,"href":"https:\/\/www.riyadelcadi.com\/fr\/wp-json\/wp\/v2\/comments?post=28339"}],"version-history":[{"count":0,"href":"https:\/\/www.riyadelcadi.com\/fr\/wp-json\/wp\/v2\/pages\/28339\/revisions"}],"wp:featuredmedia":[{"embeddable":true,"href":"https:\/\/www.riyadelcadi.com\/fr\/wp-json\/wp\/v2\/media\/28332"}],"wp:attachment":[{"href":"https:\/\/www.riyadelcadi.com\/fr\/wp-json\/wp\/v2\/media?parent=28339"}],"curies":[{"name":"wp","href":"https:\/\/api.w.org\/{rel}","templated":true}]}}