{"id":18430,"date":"2015-12-26T15:03:06","date_gmt":"2015-12-26T14:03:06","guid":{"rendered":"http:\/\/www.riyadelcadi.com\/?page_id=18430&#038;lang=fr"},"modified":"2024-11-06T00:06:51","modified_gmt":"2024-11-05T23:06:51","slug":"equipe","status":"publish","type":"page","link":"https:\/\/www.riyadelcadi.com\/fr\/riad-3\/equipe\/","title":{"rendered":"Equipe: toujours \u00e0 votre disposition"},"content":{"rendered":"<div class=\"wpb-content-wrapper\"><p>[vc_section][vc_row][vc_column][vc_column_text]<img decoding=\"async\" class=\"alignleft wp-image-33949\" src=\"https:\/\/www.riyadelcadi.com\/wp-content\/uploads\/2024\/10\/Julia-Bartels-A6_5329-cMichael-Bley-325x217.jpg\" alt=\"\" width=\"160\" height=\"110\" srcset=\"https:\/\/www.riyadelcadi.com\/wp-content\/uploads\/2024\/10\/Julia-Bartels-A6_5329-cMichael-Bley-1536x1055.jpg 1536w, https:\/\/www.riyadelcadi.com\/wp-content\/uploads\/2024\/10\/Julia-Bartels-A6_5329-cMichael-Bley-2048x1407.jpg 2048w, https:\/\/www.riyadelcadi.com\/wp-content\/uploads\/2024\/10\/Julia-Bartels-A6_5329-cMichael-Bley-1048x720.jpg 1048w\" sizes=\"(max-width: 160px) 100vw, 160px\" \/>Notre riad vit gr\u00e2ce aux personnes qui y travaillent &#8211; notre \u00e9quipe est le c\u0153ur et l&rsquo;\u00e2me de la maison. Je suis tr\u00e8s heureux d&rsquo;avoir autant de collaborateurs merveilleux qui rendent cet endroit si chaleureux, beau et sp\u00e9cial. Ensemble, nous veillons \u00e0 ce que nos h\u00f4tes soient choy\u00e9s au riad comme s&rsquo;ils \u00e9taient chez des amis. Notre service est discret, mais toujours attentif.<\/p>\n<p><em>Julia Bartels<\/em>[\/vc_column_text][vc_column_text]<\/p>\n<h3>Permettez-moi de vous pr\u00e9senter:<\/h3>\n<p>[\/vc_column_text][\/vc_column][\/vc_row][vc_row effect=\u00a0\u00bbfadeIn\u00a0\u00bb][vc_column width=\u00a0\u00bb1\/4&Prime;]<div class=\"wpb_content_element \"><style type=\"text\/css\">#ut_tm_69ef70e8efd45 .bklyn-team-member-ocupation { color: #999999; }#ut_tm_69ef70e8efd45 .bklyn-team-member-social-icons a { font-size: 18px; }#ut_tm_69ef70e8efd45 .bklyn-team-member-ocupation { font-weight: 600; }#ut_tm_69ef70e8efd45 .bklyn-team-member-ocupation { letter-spacing: 0.05em; }#ut_tm_69ef70e8efd45 .bklyn-team-member-ocupation { margin-bottom: 10px; }#ut_tm_69ef70e8efd45 .bklyn-team-member-social-icons a { color: #333333; }#ut_tm_69ef70e8efd45 .bklyn-team-member-social-icons a:visited { color: #333333; }#ut_tm_69ef70e8efd45 .bklyn-team-member-social-icons a:hover { color: #999999; }#ut_tm_69ef70e8efd45 .bklyn-team-member-social-icons a:focus { color: #999999; }#ut_tm_69ef70e8efd45 .bklyn-team-member-social-icons a:active { color: #999999; }<\/style><div id=\"ut_tm_69ef70e8efd45\" class=\"bklyn-team-member bklyn-team-member-style-1  bklyn-team-member-left\"><a title=\"\" href=\"https:\/\/www.riyadelcadi.com\/riad-in-marrakech\/team-best-service-at-el-cadi-riad-marrakech\/concierge-tips-for-marrakech\/\" target=\"_self\" ><div class=\"bklyn-team-member-avatar \"><img decoding=\"async\" alt=\"Khadija Marai-DSC5050 (c)Michael-Bley\" class=\"ut-lozad\" src=\"data:image\/svg+xml;charset=utf-8,%3Csvg xmlns%3D'http%3A%2F%2Fwww.w3.org%2F2000%2Fsvg' viewBox%3D'0 0 826 1239'%2F%3E\" data-src=\"https:\/\/www.riyadelcadi.com\/wp-content\/uploads\/2024\/10\/Khadija-Marai-DSC5050-cMichael-Bley-1-scaled-e1730213665776.jpg\"><\/div><\/a><div class=\"bklyn-team-member-info\"><h3 class=\"bklyn-team-member-name\">Khadija<\/h3><p class=\"bklyn-team-member-ocupation\">RECEPTIONISTE<\/p><p class=\"bklyn-team-member-description\">Khadija \u00e0 la r\u00e9ception se fera un plaisir de vous aider \u00e0 r\u00e9aliser vos souhaits et \u00e0 planifier vos vacances. Elle est \u00e0 votre service du matin au midi, vous r\u00e9servera des restaurants et des guides de la ville, et beacoup plus&#8230;<\/p><\/div><\/div><\/div>[\/vc_column][vc_column width=\u00a0\u00bb1\/4&Prime;]<div class=\"wpb_content_element \"><style type=\"text\/css\">#ut_tm_69ef70e907d50 .bklyn-team-member-ocupation { color: #999999; }#ut_tm_69ef70e907d50 .bklyn-team-member-social-icons a { font-size: 18px; }#ut_tm_69ef70e907d50 .bklyn-team-member-ocupation { font-weight: 600; }#ut_tm_69ef70e907d50 .bklyn-team-member-ocupation { letter-spacing: 0.05em; }#ut_tm_69ef70e907d50 .bklyn-team-member-ocupation { margin-bottom: 10px; }#ut_tm_69ef70e907d50 .bklyn-team-member-social-icons a { color: #333333; }#ut_tm_69ef70e907d50 .bklyn-team-member-social-icons a:visited { color: #333333; }#ut_tm_69ef70e907d50 .bklyn-team-member-social-icons a:hover { color: #999999; }#ut_tm_69ef70e907d50 .bklyn-team-member-social-icons a:focus { color: #999999; }#ut_tm_69ef70e907d50 .bklyn-team-member-social-icons a:active { color: #999999; }<\/style><div id=\"ut_tm_69ef70e907d50\" class=\"bklyn-team-member bklyn-team-member-style-1  bklyn-team-member-left\"><a title=\"\" href=\"https:\/\/www.riyadelcadi.com\/riad-in-marrakech\/restaurant\/\" target=\"_self\" ><div class=\"bklyn-team-member-avatar \"><img decoding=\"async\" alt=\"A6_07490_Michael-Bley\" class=\"ut-lozad\" src=\"data:image\/svg+xml;charset=utf-8,%3Csvg xmlns%3D'http%3A%2F%2Fwww.w3.org%2F2000%2Fsvg' viewBox%3D'0 0 827 1240'%2F%3E\" data-src=\"https:\/\/www.riyadelcadi.com\/wp-content\/uploads\/2019\/10\/A6_07490_Michael-Bley-e1571672850282.jpg\"><\/div><\/a><div class=\"bklyn-team-member-info\"><h3 class=\"bklyn-team-member-name\">Hassan<\/h3><p class=\"bklyn-team-member-ocupation\">CHEF DE CUISINE<\/p><p class=\"bklyn-team-member-description\">Notre excellent cuisinier Hassan contribue avec une large vari\u00e9t\u00e9 de plats des cuisines marocaine et internationale \u00e0 votre s\u00e9jour exceptionnel \u00e0 Marrakech. Leur large gamme de plats marocains et internationaux, des d\u00e9licieuses salades marocaines et des interpr\u00e9tations marocaines de desserts classiques rend la cuisine au Riyad El Cadi l&rsquo;une des meilleures \u00e0 Marrakech.<\/p>\n<p>Hassan vous fait d\u00e9couvrir avec plaisir ses secrets de la cuisine marocaine lors d&rsquo;un cours de cuisine: <a href=\"https:\/\/www.riyadelcadi.com\/fr\/cours-de-cuisine\/\">cours de cuisine<\/a>.<\/p><\/div><\/div><\/div>[\/vc_column][vc_column width=\u00a0\u00bb1\/4&Prime;]<div class=\"wpb_content_element \"><style type=\"text\/css\">#ut_tm_69ef70e90f0cc .bklyn-team-member-ocupation { color: #999999; }#ut_tm_69ef70e90f0cc .bklyn-team-member-social-icons a { font-size: 18px; }#ut_tm_69ef70e90f0cc .bklyn-team-member-ocupation { font-weight: 600; }#ut_tm_69ef70e90f0cc .bklyn-team-member-ocupation { letter-spacing: 0.05em; }#ut_tm_69ef70e90f0cc .bklyn-team-member-ocupation { margin-bottom: 10px; }#ut_tm_69ef70e90f0cc .bklyn-team-member-social-icons a { color: #333333; }#ut_tm_69ef70e90f0cc .bklyn-team-member-social-icons a:visited { color: #333333; }#ut_tm_69ef70e90f0cc .bklyn-team-member-social-icons a:hover { color: #999999; }#ut_tm_69ef70e90f0cc .bklyn-team-member-social-icons a:focus { color: #999999; }#ut_tm_69ef70e90f0cc .bklyn-team-member-social-icons a:active { color: #999999; }<\/style><div id=\"ut_tm_69ef70e90f0cc\" class=\"bklyn-team-member bklyn-team-member-style-1  bklyn-team-member-left\"><a title=\"\" href=\"https:\/\/www.riyadelcadi.com\/riad-in-marrakech\/restaurant\/\" target=\"_self\" ><div class=\"bklyn-team-member-avatar \"><img decoding=\"async\" alt=\"Marrakesch-Kochkurs-Tariq\" class=\"ut-lozad\" src=\"data:image\/svg+xml;charset=utf-8,%3Csvg xmlns%3D'http%3A%2F%2Fwww.w3.org%2F2000%2Fsvg' viewBox%3D'0 0 684 1024'%2F%3E\" data-src=\"https:\/\/www.riyadelcadi.com\/wp-content\/uploads\/2019\/02\/Marrakesch-Kochkurs-Tariq.jpg\"><\/div><\/a><div class=\"bklyn-team-member-info\"><h3 class=\"bklyn-team-member-name\">Tariq<\/h3><p class=\"bklyn-team-member-ocupation\">CHEF DE CUISINE<\/p><p class=\"bklyn-team-member-description\">Tariq, en collaboration avec son coll\u00e8gue Hassan, veille \u00e0 votre bien-\u00eatre en cuisine avec un large gamme de plats traditionnels marocains et internationaux. Ses sp\u00e9cialit\u00e9s sont les tajines copieuses et les salades internationales pr\u00e9par\u00e9es comme des objets d&rsquo;art. Vous trouverez au Riyad El Cadi le meilleur poulet au citron de Marrakech&#8230; avec du pain &#8211; pour tremper la derni\u00e8re goutte de la sauce.<\/p>\n<p>Tariq se fera un plaisir de vous faire d\u00e9couvrir les secrets de la cuisine marocaine: <a href=\"https:\/\/www.riyadelcadi.com\/fr\/cours-de-cuisine\/\">cours de cuisine<\/a>.<\/p><\/div><\/div><\/div>[\/vc_column][vc_column width=\u00a0\u00bb1\/4&Prime;]<div class=\"wpb_content_element \"><style type=\"text\/css\">#ut_tm_69ef70e919bd1 .bklyn-team-member-ocupation { color: #999999; }#ut_tm_69ef70e919bd1 .bklyn-team-member-social-icons a { font-size: 18px; }#ut_tm_69ef70e919bd1 .bklyn-team-member-ocupation { font-weight: 600; }#ut_tm_69ef70e919bd1 .bklyn-team-member-ocupation { letter-spacing: 0.05em; }#ut_tm_69ef70e919bd1 .bklyn-team-member-ocupation { margin-bottom: 10px; }#ut_tm_69ef70e919bd1 .bklyn-team-member-social-icons a { color: #333333; }#ut_tm_69ef70e919bd1 .bklyn-team-member-social-icons a:visited { color: #333333; }#ut_tm_69ef70e919bd1 .bklyn-team-member-social-icons a:hover { color: #999999; }#ut_tm_69ef70e919bd1 .bklyn-team-member-social-icons a:focus { color: #999999; }#ut_tm_69ef70e919bd1 .bklyn-team-member-social-icons a:active { color: #999999; }<\/style><div id=\"ut_tm_69ef70e919bd1\" class=\"bklyn-team-member bklyn-team-member-style-1  bklyn-team-member-left\"><div class=\"bklyn-team-member-avatar \"><img decoding=\"async\" alt=\"Fatiha-DSC5013 (c)Michael-Bley\" class=\"ut-lozad\" src=\"data:image\/svg+xml;charset=utf-8,%3Csvg xmlns%3D'http%3A%2F%2Fwww.w3.org%2F2000%2Fsvg' viewBox%3D'0 0 867 1237'%2F%3E\" data-src=\"https:\/\/www.riyadelcadi.com\/wp-content\/uploads\/2024\/10\/Fatiha-DSC5013-cMichael-Bley-scaled-e1730313316419.jpg\"><\/div><div class=\"bklyn-team-member-info\"><h3 class=\"bklyn-team-member-name\">Fatiha<\/h3><p class=\"bklyn-team-member-ocupation\">HOUSEKEEPING<\/p><p class=\"bklyn-team-member-description\">Fatiha est l\u2019une des quatre dames qui s\u2019occupe de votre bien-\u00eatre et confort dans votre maison marocaine.<\/p><\/div><\/div><\/div>[\/vc_column][\/vc_row][vc_row effect=\u00a0\u00bbfadeIn\u00a0\u00bb][vc_column width=\u00a0\u00bb1\/4&Prime;]<div class=\"wpb_content_element \"><style type=\"text\/css\">#ut_tm_69ef70e922d94 .bklyn-team-member-ocupation { color: #999999; }#ut_tm_69ef70e922d94 .bklyn-team-member-social-icons a { font-size: 18px; }#ut_tm_69ef70e922d94 .bklyn-team-member-ocupation { font-weight: 600; }#ut_tm_69ef70e922d94 .bklyn-team-member-ocupation { letter-spacing: 0.05em; }#ut_tm_69ef70e922d94 .bklyn-team-member-ocupation { margin-bottom: 10px; }#ut_tm_69ef70e922d94 .bklyn-team-member-social-icons a { color: #333333; }#ut_tm_69ef70e922d94 .bklyn-team-member-social-icons a:visited { color: #333333; }#ut_tm_69ef70e922d94 .bklyn-team-member-social-icons a:hover { color: #999999; }#ut_tm_69ef70e922d94 .bklyn-team-member-social-icons a:focus { color: #999999; }#ut_tm_69ef70e922d94 .bklyn-team-member-social-icons a:active { color: #999999; }<\/style><div id=\"ut_tm_69ef70e922d94\" class=\"bklyn-team-member bklyn-team-member-style-1  bklyn-team-member-left\"><div class=\"bklyn-team-member-avatar \"><img decoding=\"async\" alt=\"Portrait-Hassan (c) Anna Bartels-3 Kopie\" class=\"ut-lozad\" src=\"data:image\/svg+xml;charset=utf-8,%3Csvg xmlns%3D'http%3A%2F%2Fwww.w3.org%2F2000%2Fsvg' viewBox%3D'0 0 683 1024'%2F%3E\" data-src=\"https:\/\/www.riyadelcadi.com\/wp-content\/uploads\/2019\/05\/Portrait-Hassan-c-Anna-Bartels-3-Kopie.jpg\"><\/div><div class=\"bklyn-team-member-info\"><h3 class=\"bklyn-team-member-name\">Hassan<\/h3><p class=\"bklyn-team-member-ocupation\">SERVICE<\/p><p class=\"bklyn-team-member-description\">Hassan est \u00e0 votre service l&rsquo;apr\u00e8s-midi et le soir pendant d\u00eener. Avec calme, tr\u00e8s attentive, il vous fournit des informations toujours \u00e0 jour sur l&rsquo;actualit\u00e9 du football dans votre ville natale.<\/p><\/div><\/div><\/div>[\/vc_column][vc_column width=\u00a0\u00bb1\/4&Prime;]<div class=\"wpb_content_element \"><style type=\"text\/css\">#ut_tm_69ef70e92d48d .bklyn-team-member-ocupation { color: #999999; }#ut_tm_69ef70e92d48d .bklyn-team-member-social-icons a { font-size: 18px; }#ut_tm_69ef70e92d48d .bklyn-team-member-ocupation { font-weight: 600; }#ut_tm_69ef70e92d48d .bklyn-team-member-ocupation { letter-spacing: 0.05em; }#ut_tm_69ef70e92d48d .bklyn-team-member-ocupation { margin-bottom: 10px; }#ut_tm_69ef70e92d48d .bklyn-team-member-social-icons a { color: #333333; }#ut_tm_69ef70e92d48d .bklyn-team-member-social-icons a:visited { color: #333333; }#ut_tm_69ef70e92d48d .bklyn-team-member-social-icons a:hover { color: #999999; }#ut_tm_69ef70e92d48d .bklyn-team-member-social-icons a:focus { color: #999999; }#ut_tm_69ef70e92d48d .bklyn-team-member-social-icons a:active { color: #999999; }<\/style><div id=\"ut_tm_69ef70e92d48d\" class=\"bklyn-team-member bklyn-team-member-style-1  bklyn-team-member-left\"><div class=\"bklyn-team-member-avatar \"><img decoding=\"async\" alt=\"Fatima Boutaf (c)Anna Bartels-0\" class=\"ut-lozad\" src=\"data:image\/svg+xml;charset=utf-8,%3Csvg xmlns%3D'http%3A%2F%2Fwww.w3.org%2F2000%2Fsvg' viewBox%3D'0 0 683 1024'%2F%3E\" data-src=\"https:\/\/www.riyadelcadi.com\/wp-content\/uploads\/2019\/05\/Fatima-Boutaf-cAnna-Bartels-0.jpg\"><\/div><div class=\"bklyn-team-member-info\"><h3 class=\"bklyn-team-member-name\">Fatima<\/h3><p class=\"bklyn-team-member-ocupation\">HOUSEKEEPING<\/p><p class=\"bklyn-team-member-description\">Fatima est la grande dame du m\u00e9nage. Elle estMar la personne de confiance pour tous les employ\u00e9s, toujours la premi\u00e8re de la maison et, avec Naima, la plus ancienne d&rsquo;entre nous.<\/p><\/div><\/div><\/div>[\/vc_column][vc_column width=\u00a0\u00bb1\/4&Prime;]<div class=\"wpb_content_element \"><style type=\"text\/css\">#ut_tm_69ef70e9389b4 .bklyn-team-member-ocupation { color: #999999; }#ut_tm_69ef70e9389b4 .bklyn-team-member-social-icons a { font-size: 18px; }#ut_tm_69ef70e9389b4 .bklyn-team-member-ocupation { font-weight: 600; }#ut_tm_69ef70e9389b4 .bklyn-team-member-ocupation { letter-spacing: 0.05em; }#ut_tm_69ef70e9389b4 .bklyn-team-member-ocupation { margin-bottom: 10px; }#ut_tm_69ef70e9389b4 .bklyn-team-member-social-icons a { color: #333333; }#ut_tm_69ef70e9389b4 .bklyn-team-member-social-icons a:visited { color: #333333; }#ut_tm_69ef70e9389b4 .bklyn-team-member-social-icons a:hover { color: #999999; }#ut_tm_69ef70e9389b4 .bklyn-team-member-social-icons a:focus { color: #999999; }#ut_tm_69ef70e9389b4 .bklyn-team-member-social-icons a:active { color: #999999; }<\/style><div id=\"ut_tm_69ef70e9389b4\" class=\"bklyn-team-member bklyn-team-member-style-1  bklyn-team-member-left\"><div class=\"bklyn-team-member-avatar \"><img decoding=\"async\" alt=\"Said (c)Anna Bartels\" class=\"ut-lozad\" src=\"data:image\/svg+xml;charset=utf-8,%3Csvg xmlns%3D'http%3A%2F%2Fwww.w3.org%2F2000%2Fsvg' viewBox%3D'0 0 683 1024'%2F%3E\" data-src=\"https:\/\/www.riyadelcadi.com\/wp-content\/uploads\/2019\/05\/Said-cAnna-Bartels.jpg\"><\/div><div class=\"bklyn-team-member-info\"><h3 class=\"bklyn-team-member-name\">Said<\/h3><p class=\"bklyn-team-member-ocupation\">SERVICE<\/p><p class=\"bklyn-team-member-description\">Said a le sourire le plus \u00e9clatant, il vous aide avec vos bagages, votre soif de caf\u00e9 et pr\u00e9pare, si vous en avez envie, au milieu de la nuit, une omelette d\u00e9licieuse.<\/p><\/div><\/div><\/div>[\/vc_column][vc_column width=\u00a0\u00bb1\/4&Prime;]<div class=\"wpb_content_element \"><style type=\"text\/css\">#ut_tm_69ef70e941309 .bklyn-team-member-ocupation { color: #999999; }#ut_tm_69ef70e941309 .bklyn-team-member-social-icons a { font-size: 18px; }#ut_tm_69ef70e941309 .bklyn-team-member-ocupation { font-weight: 600; }#ut_tm_69ef70e941309 .bklyn-team-member-ocupation { letter-spacing: 0.05em; }#ut_tm_69ef70e941309 .bklyn-team-member-ocupation { margin-bottom: 10px; }#ut_tm_69ef70e941309 .bklyn-team-member-social-icons a { color: #333333; }#ut_tm_69ef70e941309 .bklyn-team-member-social-icons a:visited { color: #333333; }#ut_tm_69ef70e941309 .bklyn-team-member-social-icons a:hover { color: #999999; }#ut_tm_69ef70e941309 .bklyn-team-member-social-icons a:focus { color: #999999; }#ut_tm_69ef70e941309 .bklyn-team-member-social-icons a:active { color: #999999; }<\/style><div id=\"ut_tm_69ef70e941309\" class=\"bklyn-team-member bklyn-team-member-style-1  bklyn-team-member-left\"><div class=\"bklyn-team-member-avatar \"><img decoding=\"async\" alt=\"Henna Party Naima (c)Anna Bartels-2\" class=\"ut-lozad\" src=\"data:image\/svg+xml;charset=utf-8,%3Csvg xmlns%3D'http%3A%2F%2Fwww.w3.org%2F2000%2Fsvg' viewBox%3D'0 0 683 1024'%2F%3E\" data-src=\"https:\/\/www.riyadelcadi.com\/wp-content\/uploads\/2019\/05\/Henna-Party-Naima-cAnna-Bartels-2.jpg\"><\/div><div class=\"bklyn-team-member-info\"><h3 class=\"bklyn-team-member-name\">Naima<\/h3><p class=\"bklyn-team-member-ocupation\">HOUSEKEEPING, HENNE<\/p><p class=\"bklyn-team-member-description\">Naima existe \u00e0 Riyad El Cadi depuis que Riyad El Cadi existe. Elle s&rsquo;occupe de la propret\u00e9 de votre chambre et vous d\u00e9core elle-m\u00eame si vous le souhaitez. Elle est notre grande artiste au henn\u00e9.<\/p><\/div><div class=\"bklyn-team-member-social-icons \"><ul><li><a title=\"\" href=\"https:\/\/www.facebook.com\/youssef.elharch\" target=\"_self\" ><i class=\"fa fa-facebook\"><\/i><\/a><\/li><\/ul><\/div><\/div><\/div>[\/vc_column][\/vc_row][vc_row effect=\u00a0\u00bbfadeIn\u00a0\u00bb][vc_column width=\u00a0\u00bb1\/2&Prime;]<div class=\"wpb_content_element \"><style type=\"text\/css\">#ut_tm_69ef70e94d02e .bklyn-team-member-ocupation { color: #999999; }#ut_tm_69ef70e94d02e .bklyn-team-member-social-icons a { font-size: 18px; }#ut_tm_69ef70e94d02e .bklyn-team-member-ocupation { font-weight: 600; }#ut_tm_69ef70e94d02e .bklyn-team-member-ocupation { letter-spacing: 0.05em; }#ut_tm_69ef70e94d02e .bklyn-team-member-ocupation { margin-bottom: 10px; }#ut_tm_69ef70e94d02e .bklyn-team-member-social-icons a { color: #333333; }#ut_tm_69ef70e94d02e .bklyn-team-member-social-icons a:visited { color: #333333; }#ut_tm_69ef70e94d02e .bklyn-team-member-social-icons a:hover { color: #999999; }#ut_tm_69ef70e94d02e .bklyn-team-member-social-icons a:focus { color: #999999; }#ut_tm_69ef70e94d02e .bklyn-team-member-social-icons a:active { color: #999999; }<\/style><div id=\"ut_tm_69ef70e94d02e\" class=\"bklyn-team-member bklyn-team-member-style-1  bklyn-team-member-left\"><div class=\"bklyn-team-member-avatar \"><img decoding=\"async\" alt=\"Filles (c)Anna Bartels-2\" class=\"ut-lozad\" src=\"data:image\/svg+xml;charset=utf-8,%3Csvg xmlns%3D'http%3A%2F%2Fwww.w3.org%2F2000%2Fsvg' viewBox%3D'0 0 1280 854'%2F%3E\" data-src=\"https:\/\/www.riyadelcadi.com\/wp-content\/uploads\/2019\/05\/Filles-cAnna-Bartels-2.jpg\"><\/div><div class=\"bklyn-team-member-info\"><h3 class=\"bklyn-team-member-name\">``Les Filles``<\/h3><p class=\"bklyn-team-member-ocupation\">HOUSEKEEPING, CUISINE, LINGE<\/p><p class=\"bklyn-team-member-description\">Les femmes de la maison, travaillent surtout \u00e0 l&rsquo;arri\u00e8re-plan, invisibles, mais pas moins importantes. Ils font cuire le pain dans la cuisine, s&rsquo;occupent du linge propre et des chambres propres. Elles sont les personnalit\u00e9s les plus fortes parmi notre \u00e9quipe.<\/p><\/div><\/div><\/div>[\/vc_column][vc_column width=\u00a0\u00bb1\/4&Prime;]<div class=\"wpb_content_element \"><style type=\"text\/css\">#ut_tm_69ef70e957953 .bklyn-team-member-ocupation { color: #999999; }#ut_tm_69ef70e957953 .bklyn-team-member-social-icons a { font-size: 18px; }#ut_tm_69ef70e957953 .bklyn-team-member-ocupation { font-weight: 600; }#ut_tm_69ef70e957953 .bklyn-team-member-ocupation { letter-spacing: 0.05em; }#ut_tm_69ef70e957953 .bklyn-team-member-ocupation { margin-bottom: 10px; }#ut_tm_69ef70e957953 .bklyn-team-member-social-icons a { color: #333333; }#ut_tm_69ef70e957953 .bklyn-team-member-social-icons a:visited { color: #333333; }#ut_tm_69ef70e957953 .bklyn-team-member-social-icons a:hover { color: #999999; }#ut_tm_69ef70e957953 .bklyn-team-member-social-icons a:focus { color: #999999; }#ut_tm_69ef70e957953 .bklyn-team-member-social-icons a:active { color: #999999; }<\/style><div id=\"ut_tm_69ef70e957953\" class=\"bklyn-team-member bklyn-team-member-style-1  bklyn-team-member-left\"><div class=\"bklyn-team-member-avatar \"><img decoding=\"async\" alt=\"Portrait-Karim (c)Anna Bartels-2\" class=\"ut-lozad\" src=\"data:image\/svg+xml;charset=utf-8,%3Csvg xmlns%3D'http%3A%2F%2Fwww.w3.org%2F2000%2Fsvg' viewBox%3D'0 0 682 971'%2F%3E\" data-src=\"https:\/\/www.riyadelcadi.com\/wp-content\/uploads\/2019\/05\/Portrait-Karim-cAnna-Bartels-2-e1730216352347.jpg\"><\/div><div class=\"bklyn-team-member-info\"><h3 class=\"bklyn-team-member-name\">Karim<\/h3><p class=\"bklyn-team-member-ocupation\">RECEPTION<\/p><p class=\"bklyn-team-member-description\">Karim s&rsquo;occupe de l&rsquo;accueil le soir et le dimanche : il vous r\u00e9servera des restaurants, des excursions, des transferts et des cours de cuisine. Karim a le meilleur aper\u00e7u de nos tableaux, listes et plans.<\/p><\/div><div class=\"bklyn-team-member-social-icons \"><ul><li><a title=\"Twitter\" href=\"https:\/\/www.facebook.com\/RiyadElCadi\/\" target=\"_blank\" rel=\"nofollow\"><i class=\"fa fa-twitter\"><\/i><\/a><\/li><li><a title=\"Facebook\" href=\"https:\/\/www.facebook.com\/RiyadElCadi\/\" target=\"_blank\" rel=\"nofollow\"><i class=\"fa fa-facebook\"><\/i><\/a><\/li><li><a title=\"Facebook\" href=\"https:\/\/www.instagram.com\/RiyadElCadi\/\" target=\"_blank\" rel=\"nofollow\"><i class=\"fa fa-instagram\"><\/i><\/a><\/li><\/ul><\/div><\/div><\/div>[\/vc_column][vc_column width=\u00a0\u00bb1\/4&Prime;]<div class=\"wpb_content_element \"><style type=\"text\/css\">#ut_tm_69ef70e961075 .bklyn-team-member-ocupation { color: #999999; }#ut_tm_69ef70e961075 .bklyn-team-member-social-icons a { font-size: 18px; }#ut_tm_69ef70e961075 .bklyn-team-member-ocupation { font-weight: 600; }#ut_tm_69ef70e961075 .bklyn-team-member-ocupation { letter-spacing: 0.05em; }#ut_tm_69ef70e961075 .bklyn-team-member-ocupation { margin-bottom: 10px; }#ut_tm_69ef70e961075 .bklyn-team-member-social-icons a { color: #333333; }#ut_tm_69ef70e961075 .bklyn-team-member-social-icons a:visited { color: #333333; }#ut_tm_69ef70e961075 .bklyn-team-member-social-icons a:hover { color: #999999; }#ut_tm_69ef70e961075 .bklyn-team-member-social-icons a:focus { color: #999999; }#ut_tm_69ef70e961075 .bklyn-team-member-social-icons a:active { color: #999999; }<\/style><div id=\"ut_tm_69ef70e961075\" class=\"bklyn-team-member bklyn-team-member-style-1  bklyn-team-member-left\"><div class=\"bklyn-team-member-avatar \"><img decoding=\"async\" alt=\"Abdou_DSC4984 (c)Michael-Bley\" class=\"ut-lozad\" src=\"data:image\/svg+xml;charset=utf-8,%3Csvg xmlns%3D'http%3A%2F%2Fwww.w3.org%2F2000%2Fsvg' viewBox%3D'0 0 872 1239'%2F%3E\" data-src=\"https:\/\/www.riyadelcadi.com\/wp-content\/uploads\/2024\/10\/Abdou_DSC4984-cMichael-Bley-scaled-e1730215848314.jpg\"><\/div><div class=\"bklyn-team-member-info\"><h3 class=\"bklyn-team-member-name\">Abderrazzak<\/h3><p class=\"bklyn-team-member-ocupation\">SERVICE<\/p><p class=\"bklyn-team-member-description\">Abderrazzak est le \u00ab\u00a0plus jeune\u00a0\u00bb de nos employ\u00e9s et un nouveau venu particuli\u00e8rement appr\u00e9ci\u00e9. Sympathique, attentif et rapide, il est l\u00e0 pour aider tout le monde en cas de besoin et vous apporte le petit d\u00e9jeuner et le d\u00e9jeuner.<\/p><\/div><div class=\"bklyn-team-member-social-icons \"><ul><li><a title=\"Facebook\" href=\"https:\/\/www.facebook.com\/riyadelcadi\" target=\"_blank\" rel=\"nofollow\"><i class=\"fa fa-facebook\"><\/i><\/a><\/li><li><a title=\"\" href=\"https:\/\/www.instagram.com\/riyadelcadi\/\" target=\"_blank\" ><i class=\"fa fa-instagram\"><\/i><\/a><\/li><\/ul><\/div><\/div><\/div>[\/vc_column][\/vc_row][vc_row effect=\u00a0\u00bbfadeIn\u00a0\u00bb][vc_column width=\u00a0\u00bb1\/4&Prime;]<div class=\"wpb_content_element \"><style type=\"text\/css\">#ut_tm_69ef70e971bfd .bklyn-team-member-ocupation { color: #999999; }#ut_tm_69ef70e971bfd .bklyn-team-member-social-icons a { font-size: 18px; }#ut_tm_69ef70e971bfd .bklyn-team-member-ocupation { font-weight: 600; }#ut_tm_69ef70e971bfd .bklyn-team-member-ocupation { letter-spacing: 0.05em; }#ut_tm_69ef70e971bfd .bklyn-team-member-ocupation { margin-bottom: 10px; }#ut_tm_69ef70e971bfd .bklyn-team-member-social-icons a { color: #333333; }#ut_tm_69ef70e971bfd .bklyn-team-member-social-icons a:visited { color: #333333; }#ut_tm_69ef70e971bfd .bklyn-team-member-social-icons a:hover { color: #999999; }#ut_tm_69ef70e971bfd .bklyn-team-member-social-icons a:focus { color: #999999; }#ut_tm_69ef70e971bfd .bklyn-team-member-social-icons a:active { color: #999999; }<\/style><div id=\"ut_tm_69ef70e971bfd\" class=\"bklyn-team-member bklyn-team-member-style-1  bklyn-team-member-left\"><div class=\"bklyn-team-member-avatar \"><img decoding=\"async\" alt=\"A6_07576_Michael-Bley\" class=\"ut-lozad\" src=\"data:image\/svg+xml;charset=utf-8,%3Csvg xmlns%3D'http%3A%2F%2Fwww.w3.org%2F2000%2Fsvg' viewBox%3D'0 0 827 1240'%2F%3E\" data-src=\"https:\/\/www.riyadelcadi.com\/wp-content\/uploads\/2019\/10\/A6_07576_Michael-Bley-e1571670720932.jpg\"><\/div><div class=\"bklyn-team-member-info\"><h3 class=\"bklyn-team-member-name\">Youssef<\/h3><p class=\"bklyn-team-member-ocupation\">MANAGEMENT<\/p><p class=\"bklyn-team-member-description\">Youssef g\u00e8re et supervise les op\u00e9rations et l\u2019\u00e9quipage de Riyad El Cadi avec beaucoup d\u2019\u00e9l\u00e9gance et d\u2019efficacit\u00e9. Probablement il n&rsquo;y a aucun probl\u00e8me qu&rsquo;il ne pourrait pas r\u00e9soudre. Un des trois membres de l&rsquo;\u00e9quipage qui parle couramment l&rsquo;Allemand.<\/p><\/div><div class=\"bklyn-team-member-social-icons \"><ul><li><a title=\"\" href=\"https:\/\/www.facebook.com\/youssef.elharch\" target=\"_self\" ><i class=\"fa fa-facebook\"><\/i><\/a><\/li><\/ul><\/div><\/div><\/div>[\/vc_column][vc_column width=\u00a0\u00bb1\/4&Prime;]<div class=\"wpb_content_element \"><style type=\"text\/css\">#ut_tm_69ef70e97b93c .bklyn-team-member-ocupation { color: #999999; }#ut_tm_69ef70e97b93c .bklyn-team-member-social-icons a { font-size: 18px; }#ut_tm_69ef70e97b93c .bklyn-team-member-ocupation { font-weight: 600; }#ut_tm_69ef70e97b93c .bklyn-team-member-ocupation { letter-spacing: 0.05em; }#ut_tm_69ef70e97b93c .bklyn-team-member-ocupation { margin-bottom: 10px; }#ut_tm_69ef70e97b93c .bklyn-team-member-social-icons a { color: #333333; }#ut_tm_69ef70e97b93c .bklyn-team-member-social-icons a:visited { color: #333333; }#ut_tm_69ef70e97b93c .bklyn-team-member-social-icons a:hover { color: #999999; }#ut_tm_69ef70e97b93c .bklyn-team-member-social-icons a:focus { color: #999999; }#ut_tm_69ef70e97b93c .bklyn-team-member-social-icons a:active { color: #999999; }<\/style><div id=\"ut_tm_69ef70e97b93c\" class=\"bklyn-team-member bklyn-team-member-style-1  bklyn-team-member-left\"><div class=\"bklyn-team-member-avatar \"><img decoding=\"async\" alt=\"Portrait-(c)Jelka von Langen\" class=\"ut-lozad\" src=\"data:image\/svg+xml;charset=utf-8,%3Csvg xmlns%3D'http%3A%2F%2Fwww.w3.org%2F2000%2Fsvg' viewBox%3D'0 0 684 1024'%2F%3E\" data-src=\"https:\/\/www.riyadelcadi.com\/wp-content\/uploads\/2019\/02\/Portrait-cJelka-von-Langen.jpg\"><\/div><div class=\"bklyn-team-member-info\"><h3 class=\"bklyn-team-member-name\">Julia<\/h3><p class=\"bklyn-team-member-ocupation\">MANAGEMENT<\/p><p class=\"bklyn-team-member-description\">Julia adore son bureau \u00e0 ciel ouvert sur le toit ou dans la cour. Elle prend son plaisir de r\u00e9pondre \u00e0 toutes vos questions lorsque vous passez devant son \u00ab\u00a0bureau\u00a0\u00bb.<\/p><\/div><\/div><\/div>[\/vc_column][vc_column width=\u00a0\u00bb1\/2&Prime;]<div class=\"wpb_content_element \"><style type=\"text\/css\">#ut_tm_69ef70e98a8a7 .bklyn-team-member-ocupation { color: #999999; }#ut_tm_69ef70e98a8a7 .bklyn-team-member-social-icons a { font-size: 18px; }#ut_tm_69ef70e98a8a7 .bklyn-team-member-ocupation { font-weight: 600; }#ut_tm_69ef70e98a8a7 .bklyn-team-member-ocupation { letter-spacing: 0.05em; }#ut_tm_69ef70e98a8a7 .bklyn-team-member-ocupation { margin-bottom: 10px; }#ut_tm_69ef70e98a8a7 .bklyn-team-member-social-icons a { color: #333333; }#ut_tm_69ef70e98a8a7 .bklyn-team-member-social-icons a:visited { color: #333333; }#ut_tm_69ef70e98a8a7 .bklyn-team-member-social-icons a:hover { color: #999999; }#ut_tm_69ef70e98a8a7 .bklyn-team-member-social-icons a:focus { color: #999999; }#ut_tm_69ef70e98a8a7 .bklyn-team-member-social-icons a:active { color: #999999; }<\/style><div id=\"ut_tm_69ef70e98a8a7\" class=\"bklyn-team-member bklyn-team-member-style-1  bklyn-team-member-left\"><div class=\"bklyn-team-member-avatar \"><img decoding=\"async\" alt=\"RiyadElCadi-Team\" class=\"ut-lozad\" src=\"data:image\/svg+xml;charset=utf-8,%3Csvg xmlns%3D'http%3A%2F%2Fwww.w3.org%2F2000%2Fsvg' viewBox%3D'0 0 1280 942'%2F%3E\" data-src=\"https:\/\/www.riyadelcadi.com\/wp-content\/uploads\/2020\/07\/RiyadElCadi-Team.jpg\"><\/div><div class=\"bklyn-team-member-info\"><h3 class=\"bklyn-team-member-name\">L'Equipe<\/h3><p class=\"bklyn-team-member-ocupation\">NOUS TOUS<\/p><p class=\"bklyn-team-member-description\">Nous, c\u2019est une \u00e9quipe de 19 personnes sous la direction de Julia Bartels et de Youssef Elharch.<\/p><\/div><\/div><\/div>[\/vc_column][\/vc_row][vc_row disable_element=\u00a0\u00bbyes\u00a0\u00bb effect=\u00a0\u00bbfadeIn\u00a0\u00bb][vc_column width=\u00a0\u00bb1\/6&Prime;]<div class=\"wpb_content_element \"><style type=\"text\/css\">#ut_tm_69ef70e999694 .bklyn-team-member-ocupation { color: #999999; }#ut_tm_69ef70e999694 .bklyn-team-member-social-icons a { font-size: 18px; }#ut_tm_69ef70e999694 .bklyn-team-member-ocupation { font-weight: 600; }#ut_tm_69ef70e999694 .bklyn-team-member-ocupation { letter-spacing: 0.05em; }#ut_tm_69ef70e999694 .bklyn-team-member-ocupation { margin-bottom: 10px; }#ut_tm_69ef70e999694 .bklyn-team-member-social-icons a { color: #333333; }#ut_tm_69ef70e999694 .bklyn-team-member-social-icons a:visited { color: #333333; }#ut_tm_69ef70e999694 .bklyn-team-member-social-icons a:hover { color: #999999; }#ut_tm_69ef70e999694 .bklyn-team-member-social-icons a:focus { color: #999999; }#ut_tm_69ef70e999694 .bklyn-team-member-social-icons a:active { color: #999999; }<\/style><div id=\"ut_tm_69ef70e999694\" class=\"bklyn-team-member bklyn-team-member-style-1  bklyn-team-member-left\"><div class=\"bklyn-team-member-avatar \"><img decoding=\"async\" alt=\"Samir\" class=\"ut-lozad\" src=\"data:image\/svg+xml;charset=utf-8,%3Csvg xmlns%3D'http%3A%2F%2Fwww.w3.org%2F2000%2Fsvg' viewBox%3D'0 0 684 1024'%2F%3E\" data-src=\"https:\/\/www.riyadelcadi.com\/wp-content\/uploads\/2019\/02\/Marrakesch-Kochkurs-230.jpg\"><\/div><div class=\"bklyn-team-member-info\"><h3 class=\"bklyn-team-member-name\">Samir<\/h3><p class=\"bklyn-team-member-ocupation\">COURS DE CUISINE ALLEMAND, SERVICE<\/p><p class=\"bklyn-team-member-description\">Samir vous servira le petit-d\u00e9jeuner les matins et le d\u00e9jeuner avec beaucoup de charme et un grand sourire.<\/p>\n<p>Il vous accompagne pour les cours de cuisine en Allemand.<\/p><\/div><div class=\"bklyn-team-member-social-icons \"><ul><li><a title=\"Facebook\" href=\"https:\/\/www.facebook.com\/samir.smith.50951\" target=\"_blank\" rel=\"nofollow\"><i class=\"fa fa-facebook\"><\/i><\/a><\/li><\/ul><\/div><\/div><\/div>[\/vc_column][vc_column width=\u00a0\u00bb2\/3&Prime;][\/vc_column][vc_column width=\u00a0\u00bb1\/6&Prime;]<div class=\"wpb_content_element \"><style type=\"text\/css\">#ut_tm_69ef70e9a15ad .bklyn-team-member-ocupation { color: #999999; }#ut_tm_69ef70e9a15ad .bklyn-team-member-social-icons a { font-size: 18px; }#ut_tm_69ef70e9a15ad .bklyn-team-member-ocupation { font-weight: 600; }#ut_tm_69ef70e9a15ad .bklyn-team-member-ocupation { letter-spacing: 0.05em; }#ut_tm_69ef70e9a15ad .bklyn-team-member-ocupation { margin-bottom: 10px; }#ut_tm_69ef70e9a15ad .bklyn-team-member-social-icons a { color: #333333; }#ut_tm_69ef70e9a15ad .bklyn-team-member-social-icons a:visited { color: #333333; }#ut_tm_69ef70e9a15ad .bklyn-team-member-social-icons a:hover { color: #999999; }#ut_tm_69ef70e9a15ad .bklyn-team-member-social-icons a:focus { color: #999999; }#ut_tm_69ef70e9a15ad .bklyn-team-member-social-icons a:active { color: #999999; }<\/style><div id=\"ut_tm_69ef70e9a15ad\" class=\"bklyn-team-member bklyn-team-member-style-1  bklyn-team-member-left\"><div class=\"bklyn-team-member-avatar \"><img decoding=\"async\" alt=\"Service by Justin Macala\" class=\"ut-lozad\" src=\"data:image\/svg+xml;charset=utf-8,%3Csvg xmlns%3D'http%3A%2F%2Fwww.w3.org%2F2000%2Fsvg' viewBox%3D'0 0 640 800'%2F%3E\" data-src=\"https:\/\/www.riyadelcadi.com\/wp-content\/uploads\/2019\/01\/Service-by-Justin-Macala.jpg\"><\/div><div class=\"bklyn-team-member-info\"><h3 class=\"bklyn-team-member-name\">Samir, Hassan and Yassine<\/h3><p class=\"bklyn-team-member-ocupation\">SERVICE<\/p><p class=\"bklyn-team-member-description\">Yassine, Hassan et Samir, sont \u00e0 votre service, toujours attentivement. Nous n&rsquo;avons pas de bar d&rsquo;h\u00f4tel classique, mais tous les trois avec Said vous garantissent que vous pourrez d\u00e9guster vos boissons o\u00f9 que vous soyez: sur la terrasse pour l&rsquo;ap\u00e9ritif au chant du muezzine ou m\u00eame au feu de bois de votre suite &#8230;<\/p><\/div><\/div><\/div>[\/vc_column][\/vc_row][\/vc_section]<\/p>\n<\/div>","protected":false},"excerpt":{"rendered":"<p>[vc_section][vc_row][vc_column][vc_column_text]Notre riad vit gr\u00e2ce aux personnes qui y travaillent &#8211; notre \u00e9quipe est le c\u0153ur et l&rsquo;\u00e2me de la maison. Je suis tr\u00e8s heureux d&rsquo;avoir autant de collaborateurs merveilleux qui rendent cet endroit si chaleureux, beau et sp\u00e9cial. Ensemble, nous veillons \u00e0 ce que nos h\u00f4tes soient choy\u00e9s au riad comme s&rsquo;ils \u00e9taient chez des [&hellip;]<\/p>\n","protected":false},"author":4,"featured_media":33893,"parent":17115,"menu_order":0,"comment_status":"closed","ping_status":"closed","template":"","meta":{"footnotes":""},"yoast_head":"<!-- This site is optimized with the Yoast SEO plugin v24.5 - https:\/\/yoast.com\/wordpress\/plugins\/seo\/ -->\n<title>Equipe: toujours \u00e0 votre disposition - Riyad El Cadi<\/title>\n<meta name=\"robots\" content=\"index, follow, max-snippet:-1, max-image-preview:large, max-video-preview:-1\" \/>\n<link rel=\"canonical\" href=\"https:\/\/www.riyadelcadi.com\/fr\/riad-3\/equipe\/\" \/>\n<meta property=\"og:locale\" content=\"fr_FR\" \/>\n<meta property=\"og:type\" content=\"article\" \/>\n<meta property=\"og:title\" content=\"Equipe: toujours \u00e0 votre disposition - Riyad El Cadi\" \/>\n<meta property=\"og:description\" content=\"[vc_section][vc_row][vc_column][vc_column_text]Notre riad vit gr\u00e2ce aux personnes qui y travaillent &#8211; notre \u00e9quipe est le c\u0153ur et l&rsquo;\u00e2me de la maison. Je suis tr\u00e8s heureux d&rsquo;avoir autant de collaborateurs merveilleux qui rendent cet endroit si chaleureux, beau et sp\u00e9cial. Ensemble, nous veillons \u00e0 ce que nos h\u00f4tes soient choy\u00e9s au riad comme s&rsquo;ils \u00e9taient chez des [&hellip;]\" \/>\n<meta property=\"og:url\" content=\"https:\/\/www.riyadelcadi.com\/fr\/riad-3\/equipe\/\" \/>\n<meta property=\"og:site_name\" content=\"Riyad El Cadi\" \/>\n<meta property=\"article:publisher\" content=\"https:\/\/www.facebook.com\/RiyadElCadi\/\" \/>\n<meta property=\"article:modified_time\" content=\"2024-11-05T23:06:51+00:00\" \/>\n<meta property=\"og:image\" content=\"https:\/\/www.riyadelcadi.com\/wp-content\/uploads\/2024\/10\/Staff_Niels-Bitsch-kl-scaled.jpg\" \/>\n\t<meta property=\"og:image:width\" content=\"2560\" \/>\n\t<meta property=\"og:image:height\" content=\"1901\" \/>\n\t<meta property=\"og:image:type\" content=\"image\/jpeg\" \/>\n<meta name=\"twitter:card\" content=\"summary_large_image\" \/>\n<meta name=\"twitter:label1\" content=\"Dur\u00e9e de lecture estim\u00e9e\" \/>\n\t<meta name=\"twitter:data1\" content=\"6 minutes\" \/>\n<script type=\"application\/ld+json\" class=\"yoast-schema-graph\">{\"@context\":\"https:\/\/schema.org\",\"@graph\":[{\"@type\":\"WebPage\",\"@id\":\"https:\/\/www.riyadelcadi.com\/fr\/riad-3\/equipe\/\",\"url\":\"https:\/\/www.riyadelcadi.com\/fr\/riad-3\/equipe\/\",\"name\":\"Equipe: toujours \u00e0 votre disposition - Riyad El Cadi\",\"isPartOf\":{\"@id\":\"https:\/\/www.riyadelcadi.com\/fr\/#website\"},\"primaryImageOfPage\":{\"@id\":\"https:\/\/www.riyadelcadi.com\/fr\/riad-3\/equipe\/#primaryimage\"},\"image\":{\"@id\":\"https:\/\/www.riyadelcadi.com\/fr\/riad-3\/equipe\/#primaryimage\"},\"thumbnailUrl\":\"https:\/\/www.riyadelcadi.com\/wp-content\/uploads\/2024\/10\/Staff_Niels-Bitsch-kl-scaled.jpg\",\"datePublished\":\"2015-12-26T14:03:06+00:00\",\"dateModified\":\"2024-11-05T23:06:51+00:00\",\"breadcrumb\":{\"@id\":\"https:\/\/www.riyadelcadi.com\/fr\/riad-3\/equipe\/#breadcrumb\"},\"inLanguage\":\"fr-FR\",\"potentialAction\":[{\"@type\":\"ReadAction\",\"target\":[\"https:\/\/www.riyadelcadi.com\/fr\/riad-3\/equipe\/\"]}]},{\"@type\":\"ImageObject\",\"inLanguage\":\"fr-FR\",\"@id\":\"https:\/\/www.riyadelcadi.com\/fr\/riad-3\/equipe\/#primaryimage\",\"url\":\"https:\/\/www.riyadelcadi.com\/wp-content\/uploads\/2024\/10\/Staff_Niels-Bitsch-kl-scaled.jpg\",\"contentUrl\":\"https:\/\/www.riyadelcadi.com\/wp-content\/uploads\/2024\/10\/Staff_Niels-Bitsch-kl-scaled.jpg\",\"width\":2560,\"height\":1901},{\"@type\":\"BreadcrumbList\",\"@id\":\"https:\/\/www.riyadelcadi.com\/fr\/riad-3\/equipe\/#breadcrumb\",\"itemListElement\":[{\"@type\":\"ListItem\",\"position\":1,\"name\":\"Accueil\",\"item\":\"https:\/\/www.riyadelcadi.com\/fr\/\"},{\"@type\":\"ListItem\",\"position\":2,\"name\":\"Riyad El Cadi \u2013 votre riad \u00e0 Marrakech\",\"item\":\"https:\/\/www.riyadelcadi.com\/fr\/riad-3\/\"},{\"@type\":\"ListItem\",\"position\":3,\"name\":\"Equipe: toujours \u00e0 votre disposition\"}]},{\"@type\":\"WebSite\",\"@id\":\"https:\/\/www.riyadelcadi.com\/fr\/#website\",\"url\":\"https:\/\/www.riyadelcadi.com\/fr\/\",\"name\":\"Riyad El Cadi\",\"description\":\"Riad avec du style in Marrakech\",\"potentialAction\":[{\"@type\":\"SearchAction\",\"target\":{\"@type\":\"EntryPoint\",\"urlTemplate\":\"https:\/\/www.riyadelcadi.com\/fr\/?s={search_term_string}\"},\"query-input\":{\"@type\":\"PropertyValueSpecification\",\"valueRequired\":true,\"valueName\":\"search_term_string\"}}],\"inLanguage\":\"fr-FR\"}]}<\/script>\n<!-- \/ Yoast SEO plugin. -->","yoast_head_json":{"title":"Equipe: toujours \u00e0 votre disposition - Riyad El Cadi","robots":{"index":"index","follow":"follow","max-snippet":"max-snippet:-1","max-image-preview":"max-image-preview:large","max-video-preview":"max-video-preview:-1"},"canonical":"https:\/\/www.riyadelcadi.com\/fr\/riad-3\/equipe\/","og_locale":"fr_FR","og_type":"article","og_title":"Equipe: toujours \u00e0 votre disposition - Riyad El Cadi","og_description":"[vc_section][vc_row][vc_column][vc_column_text]Notre riad vit gr\u00e2ce aux personnes qui y travaillent &#8211; notre \u00e9quipe est le c\u0153ur et l&rsquo;\u00e2me de la maison. Je suis tr\u00e8s heureux d&rsquo;avoir autant de collaborateurs merveilleux qui rendent cet endroit si chaleureux, beau et sp\u00e9cial. Ensemble, nous veillons \u00e0 ce que nos h\u00f4tes soient choy\u00e9s au riad comme s&rsquo;ils \u00e9taient chez des [&hellip;]","og_url":"https:\/\/www.riyadelcadi.com\/fr\/riad-3\/equipe\/","og_site_name":"Riyad El Cadi","article_publisher":"https:\/\/www.facebook.com\/RiyadElCadi\/","article_modified_time":"2024-11-05T23:06:51+00:00","og_image":[{"width":2560,"height":1901,"url":"https:\/\/www.riyadelcadi.com\/wp-content\/uploads\/2024\/10\/Staff_Niels-Bitsch-kl-scaled.jpg","type":"image\/jpeg"}],"twitter_card":"summary_large_image","twitter_misc":{"Dur\u00e9e de lecture estim\u00e9e":"6 minutes"},"schema":{"@context":"https:\/\/schema.org","@graph":[{"@type":"WebPage","@id":"https:\/\/www.riyadelcadi.com\/fr\/riad-3\/equipe\/","url":"https:\/\/www.riyadelcadi.com\/fr\/riad-3\/equipe\/","name":"Equipe: toujours \u00e0 votre disposition - Riyad El Cadi","isPartOf":{"@id":"https:\/\/www.riyadelcadi.com\/fr\/#website"},"primaryImageOfPage":{"@id":"https:\/\/www.riyadelcadi.com\/fr\/riad-3\/equipe\/#primaryimage"},"image":{"@id":"https:\/\/www.riyadelcadi.com\/fr\/riad-3\/equipe\/#primaryimage"},"thumbnailUrl":"https:\/\/www.riyadelcadi.com\/wp-content\/uploads\/2024\/10\/Staff_Niels-Bitsch-kl-scaled.jpg","datePublished":"2015-12-26T14:03:06+00:00","dateModified":"2024-11-05T23:06:51+00:00","breadcrumb":{"@id":"https:\/\/www.riyadelcadi.com\/fr\/riad-3\/equipe\/#breadcrumb"},"inLanguage":"fr-FR","potentialAction":[{"@type":"ReadAction","target":["https:\/\/www.riyadelcadi.com\/fr\/riad-3\/equipe\/"]}]},{"@type":"ImageObject","inLanguage":"fr-FR","@id":"https:\/\/www.riyadelcadi.com\/fr\/riad-3\/equipe\/#primaryimage","url":"https:\/\/www.riyadelcadi.com\/wp-content\/uploads\/2024\/10\/Staff_Niels-Bitsch-kl-scaled.jpg","contentUrl":"https:\/\/www.riyadelcadi.com\/wp-content\/uploads\/2024\/10\/Staff_Niels-Bitsch-kl-scaled.jpg","width":2560,"height":1901},{"@type":"BreadcrumbList","@id":"https:\/\/www.riyadelcadi.com\/fr\/riad-3\/equipe\/#breadcrumb","itemListElement":[{"@type":"ListItem","position":1,"name":"Accueil","item":"https:\/\/www.riyadelcadi.com\/fr\/"},{"@type":"ListItem","position":2,"name":"Riyad El Cadi \u2013 votre riad \u00e0 Marrakech","item":"https:\/\/www.riyadelcadi.com\/fr\/riad-3\/"},{"@type":"ListItem","position":3,"name":"Equipe: toujours \u00e0 votre disposition"}]},{"@type":"WebSite","@id":"https:\/\/www.riyadelcadi.com\/fr\/#website","url":"https:\/\/www.riyadelcadi.com\/fr\/","name":"Riyad El Cadi","description":"Riad avec du style in Marrakech","potentialAction":[{"@type":"SearchAction","target":{"@type":"EntryPoint","urlTemplate":"https:\/\/www.riyadelcadi.com\/fr\/?s={search_term_string}"},"query-input":{"@type":"PropertyValueSpecification","valueRequired":true,"valueName":"search_term_string"}}],"inLanguage":"fr-FR"}]}},"_links":{"self":[{"href":"https:\/\/www.riyadelcadi.com\/fr\/wp-json\/wp\/v2\/pages\/18430"}],"collection":[{"href":"https:\/\/www.riyadelcadi.com\/fr\/wp-json\/wp\/v2\/pages"}],"about":[{"href":"https:\/\/www.riyadelcadi.com\/fr\/wp-json\/wp\/v2\/types\/page"}],"author":[{"embeddable":true,"href":"https:\/\/www.riyadelcadi.com\/fr\/wp-json\/wp\/v2\/users\/4"}],"replies":[{"embeddable":true,"href":"https:\/\/www.riyadelcadi.com\/fr\/wp-json\/wp\/v2\/comments?post=18430"}],"version-history":[{"count":6,"href":"https:\/\/www.riyadelcadi.com\/fr\/wp-json\/wp\/v2\/pages\/18430\/revisions"}],"predecessor-version":[{"id":33996,"href":"https:\/\/www.riyadelcadi.com\/fr\/wp-json\/wp\/v2\/pages\/18430\/revisions\/33996"}],"up":[{"embeddable":true,"href":"https:\/\/www.riyadelcadi.com\/fr\/wp-json\/wp\/v2\/pages\/17115"}],"wp:featuredmedia":[{"embeddable":true,"href":"https:\/\/www.riyadelcadi.com\/fr\/wp-json\/wp\/v2\/media\/33893"}],"wp:attachment":[{"href":"https:\/\/www.riyadelcadi.com\/fr\/wp-json\/wp\/v2\/media?parent=18430"}],"curies":[{"name":"wp","href":"https:\/\/api.w.org\/{rel}","templated":true}]}}