{"id":28623,"date":"2020-05-01T01:33:10","date_gmt":"2020-04-30T23:33:10","guid":{"rendered":"https:\/\/www.riyadelcadi.com\/zimmer\/doppelzimmer\/"},"modified":"2025-05-02T17:46:20","modified_gmt":"2025-05-02T15:46:20","slug":"doppelzimmer","status":"publish","type":"page","link":"https:\/\/www.riyadelcadi.com\/de\/zimmer\/doppelzimmer\/","title":{"rendered":"Doppelzimmer"},"content":{"rendered":"<div class=\"wpb-content-wrapper\"><p>[vc_section][vc_row][vc_column css=&#8220;.vc_custom_1588337521996{background-color: #faf8f4 !important;}&#8220;][vc_column_text]<\/p>\n<ul>\n<li>Alle <strong>Zimmer<\/strong>\u00a0im 1. Stock sind <strong>klimatisiert<\/strong>. Badezimmer verf\u00fcgen \u00fcber eine <strong>Dusche <\/strong>(Ausnahme Piscine: Wanne).<\/li>\n<li>Die <strong>Zimmer<\/strong> <strong>im Erdgeschoss\u00a0<\/strong>sind nicht klimatisiert, aber Dank der traditionellen Architektur auch zu w\u00e4rmeren Zeiten angenehm temperiert.<\/li>\n<li><strong>Alle Zimmer<\/strong> haben private Badezimmer mit Bio-Toilettenartikeln auf der Basis von <strong>Argan\u00f6l, <\/strong>Badem\u00e4ntel, Hausschuhe und F\u00f6n.<\/li>\n<\/ul>\n<p>[\/vc_column_text][\/vc_column][\/vc_row][vc_row][vc_column][vc_empty_space height=&#8220;5px&#8220;][\/vc_column][\/vc_row][vc_row equal_height=&#8220;yes&#8220; content_placement=&#8220;middle&#8220; css=&#8220;.vc_custom_1588333492680{margin-bottom: 40px !important;border-radius: 1px !important;}&#8220;][vc_column width=&#8220;2\/3&#8243; css=&#8220;.vc_custom_1588291555697{padding-top: 160px !important;padding-bottom: 160px !important;background-image: url(https:\/\/www.riyadelcadi.com\/wp-content\/uploads\/2020\/04\/DSC9732.jpg?id=28392) !important;background-position: center !important;background-repeat: no-repeat !important;background-size: cover !important;}&#8220;][\/vc_column][vc_column width=&#8220;1\/3&#8243; css=&#8220;.vc_custom_1553275641280{background-color: #faf8f4 !important;}&#8220;][vc_column_text]<\/p>\n<h2><a href=\"https:\/\/www.riyadelcadi.com\/de\/rooms-chambres\/argan-zimmer\/\">ARGAN ZIMMER<\/a><\/h2>\n<p style=\"text-align: left;\"><span style=\"color: #193d38;\">Einfaches Doppelzimmer<\/span><\/p>\n<ul>\n<li style=\"text-align: left;\">Erdgeschoss<\/li>\n<li>Bad mit Dusche<\/li>\n<li>kleines Wohnzimmer<\/li>\n<li style=\"text-align: left;\">bis zu 3 Personen<\/li>\n<\/ul>\n<p>[\/vc_column_text]<div class=\"ut-btn-group  ut-btn-group-center ut-btn-group-tablet-center ut-btn-group-mobile-center clearfix\"><style type=\"text\/css\">#bklyn_btn_69ef83b5cf7f2 .bklyn-btn { color:#ffffff !important; background-color:#193d38 !important; }#bklyn_btn_69ef83b5cf7f2 .bklyn-btn:hover{ color:#ffffff !important; background-color:#46635f !important; }#bklyn_btn_69ef83b5cf7f2 .bklyn-btn:focus{ color:#ffffff !important; background-color:#46635f !important; }#bklyn_btn_69ef83b5cf7f2 .bklyn-btn:active { color:#ffffff !important; background-color:#46635f !important; }#bklyn_btn_69ef83b5cf7f2 a.bklyn-btn { font-weight:500 !important; }#bklyn_btn_69ef83b5cf7f2.bklyn-btn-header a.bklyn-btn { font-weight:500 !important; }#bklyn_btn_69ef83b5cf7f2.bklyn-btn-header a.bklyn-btn span { font-weight:500 !important; }#bklyn_btn_69ef83b5cf7f2 a.bklyn-btn { font-family:inherit !important; }<\/style><div id=\"bklyn_btn_69ef83b5cf7f2\" class=\"bklyn-btn-holder  bklyn-btn-first bklyn-btn-center bklyn-btn-tablet-center bklyn-btn-mobile-center\"><a title=\"Argan Zimmer\"   href=\"https:\/\/www.riyadelcadi.com\/de\/rooms-chambres\/argan-zimmer\/\" target=\"_self\" class=\"bklyn-btn  bklyn-btn-small\" ><span class=\"ut-btn-text\">ZUM ZIMMER<\/span><\/a><\/div><style type=\"text\/css\">#bklyn_btn_69ef83b5cf89d .bklyn-btn { color:#ffffff !important; background-color:#eca65c !important; }#bklyn_btn_69ef83b5cf89d .bklyn-btn:hover{ color:#ffffff !important; background-color:#efb273 !important; }#bklyn_btn_69ef83b5cf89d .bklyn-btn:focus{ color:#ffffff !important; background-color:#efb273 !important; }#bklyn_btn_69ef83b5cf89d .bklyn-btn:active { color:#ffffff !important; background-color:#efb273 !important; }#bklyn_btn_69ef83b5cf89d a.bklyn-btn { font-weight:500 !important; }#bklyn_btn_69ef83b5cf89d.bklyn-btn-header a.bklyn-btn { font-weight:500 !important; }#bklyn_btn_69ef83b5cf89d.bklyn-btn-header a.bklyn-btn span { font-weight:500 !important; }#bklyn_btn_69ef83b5cf89d a.bklyn-btn { text-transform:uppercase !important; }<\/style><div id=\"bklyn_btn_69ef83b5cf89d\" class=\"bklyn-btn-holder  bklyn-btn-last bklyn-btn-center bklyn-btn-tablet-center bklyn-btn-mobile-center\"><a title=\"\"   href=\"https:\/\/direct-book.com\/properties\/riyadelcadidirect?number_nights=3&#038;number_adults=2&#038;promotion_code=Special\" target=\"_self\" class=\"bklyn-btn  bklyn-btn-small\" ><span class=\"ut-btn-text\">Reservierung<\/span><\/a><\/div><\/div>[\/vc_column][\/vc_row][vc_row equal_height=&#8220;yes&#8220; content_placement=&#8220;middle&#8220; css=&#8220;.vc_custom_1588291984842{margin-bottom: 40px !important;border-radius: 1px !important;}&#8220;][vc_column width=&#8220;2\/3&#8243; css=&#8220;.vc_custom_1588291884804{padding-top: 160px !important;padding-bottom: 160px !important;background-image: url(https:\/\/www.riyadelcadi.com\/wp-content\/uploads\/2015\/11\/Chambre-Alep_-Aleppo-Room-e1448278306877.jpg?id=17496) !important;background-position: center !important;background-repeat: no-repeat !important;background-size: cover !important;}&#8220;][\/vc_column][vc_column width=&#8220;1\/3&#8243; css=&#8220;.vc_custom_1553275628359{background-color: #faf8f4 !important;}&#8220;][vc_column_text]<\/p>\n<h2 style=\"text-align: left;\"><a title=\"Staying fit in Marrakech\" href=\"https:\/\/www.riyadelcadi.com\/de\/rooms-chambres\/aleppo-zimmer\/\">ALEPPO ZIMMER<\/a><\/h2>\n<p style=\"text-align: left;\"><span style=\"color: #193d38;\">Einfaches Doppelzimmer<\/span><\/p>\n<ul>\n<li style=\"text-align: left;\">Erdgeschoss<\/li>\n<li style=\"text-align: left;\">bis zu 2 Personen<\/li>\n<\/ul>\n<p>[\/vc_column_text]<div class=\"ut-btn-group  ut-btn-group-center ut-btn-group-tablet-center ut-btn-group-mobile-center clearfix\"><style type=\"text\/css\">#bklyn_btn_69ef83b5cf954 .bklyn-btn { color:#ffffff !important; background-color:#193d38 !important; }#bklyn_btn_69ef83b5cf954 .bklyn-btn:hover{ color:#ffffff !important; background-color:#46635f !important; }#bklyn_btn_69ef83b5cf954 .bklyn-btn:focus{ color:#ffffff !important; background-color:#46635f !important; }#bklyn_btn_69ef83b5cf954 .bklyn-btn:active { color:#ffffff !important; background-color:#46635f !important; }#bklyn_btn_69ef83b5cf954 a.bklyn-btn { font-weight:500 !important; }#bklyn_btn_69ef83b5cf954.bklyn-btn-header a.bklyn-btn { font-weight:500 !important; }#bklyn_btn_69ef83b5cf954.bklyn-btn-header a.bklyn-btn span { font-weight:500 !important; }#bklyn_btn_69ef83b5cf954 a.bklyn-btn { font-family:inherit !important; }<\/style><div id=\"bklyn_btn_69ef83b5cf954\" class=\"bklyn-btn-holder  bklyn-btn-first bklyn-btn-center bklyn-btn-tablet-center bklyn-btn-mobile-center\"><a title=\"Argan Zimmer\"   href=\"https:\/\/www.riyadelcadi.com\/de\/rooms-chambres\/aleppo-zimmer\/\" target=\"_self\" class=\"bklyn-btn  bklyn-btn-small\" ><span class=\"ut-btn-text\">ZUM ZIMMER<\/span><\/a><\/div><style type=\"text\/css\">#bklyn_btn_69ef83b5cf9bd .bklyn-btn { color:#ffffff !important; background-color:#eca65c !important; }#bklyn_btn_69ef83b5cf9bd .bklyn-btn:hover{ color:#ffffff !important; background-color:#efb273 !important; }#bklyn_btn_69ef83b5cf9bd .bklyn-btn:focus{ color:#ffffff !important; background-color:#efb273 !important; }#bklyn_btn_69ef83b5cf9bd .bklyn-btn:active { color:#ffffff !important; background-color:#efb273 !important; }#bklyn_btn_69ef83b5cf9bd a.bklyn-btn { font-weight:500 !important; }#bklyn_btn_69ef83b5cf9bd.bklyn-btn-header a.bklyn-btn { font-weight:500 !important; }#bklyn_btn_69ef83b5cf9bd.bklyn-btn-header a.bklyn-btn span { font-weight:500 !important; }#bklyn_btn_69ef83b5cf9bd a.bklyn-btn { text-transform:uppercase !important; }<\/style><div id=\"bklyn_btn_69ef83b5cf9bd\" class=\"bklyn-btn-holder  bklyn-btn-last bklyn-btn-center bklyn-btn-tablet-center bklyn-btn-mobile-center\"><a title=\"\"   href=\"https:\/\/direct-book.com\/properties\/riyadelcadidirect?number_nights=3&#038;number_adults=2&#038;promotion_code=Special\" target=\"_self\" class=\"bklyn-btn  bklyn-btn-small\" ><span class=\"ut-btn-text\">Reservierung<\/span><\/a><\/div><\/div>[\/vc_column][\/vc_row][vc_row equal_height=&#8220;yes&#8220; content_placement=&#8220;middle&#8220; css=&#8220;.vc_custom_1588291984842{margin-bottom: 40px !important;border-radius: 1px !important;}&#8220;][vc_column width=&#8220;2\/3&#8243; css=&#8220;.vc_custom_1588292918796{padding-top: 160px !important;padding-bottom: 160px !important;background-image: url(https:\/\/www.riyadelcadi.com\/wp-content\/uploads\/2011\/01\/Petite-Suite-Terrace-2-c-Keohane.jpg?id=2410) !important;background-position: center !important;background-repeat: no-repeat !important;background-size: cover !important;}&#8220;][\/vc_column][vc_column width=&#8220;1\/3&#8243; css=&#8220;.vc_custom_1553275628359{background-color: #faf8f4 !important;}&#8220;][vc_column_text]<\/p>\n<h2 style=\"text-align: left;\"><a title=\"Staying fit in Marrakech\" href=\"https:\/\/www.riyadelcadi.com\/de\/rooms-chambres\/petite-suite\/\">PETITE SUITE<\/a><\/h2>\n<p style=\"text-align: left;\"><span style=\"color: #193d38;\">Superior Doppelzimmer<\/span><\/p>\n<ul>\n<li style=\"text-align: left;\">2. Stock<\/li>\n<li>Wohnzimmer<\/li>\n<li>Dachterrasse<\/li>\n<li>klimatisiert<\/li>\n<li style=\"text-align: left;\">bis zu 3 Personen<\/li>\n<\/ul>\n<p>[\/vc_column_text]<div class=\"ut-btn-group  ut-btn-group-center ut-btn-group-tablet-center ut-btn-group-mobile-center clearfix\"><style type=\"text\/css\">#bklyn_btn_69ef83b5cfa5b .bklyn-btn { color:#ffffff !important; background-color:#193d38 !important; }#bklyn_btn_69ef83b5cfa5b .bklyn-btn:hover{ color:#ffffff !important; background-color:#46635f !important; }#bklyn_btn_69ef83b5cfa5b .bklyn-btn:focus{ color:#ffffff !important; background-color:#46635f !important; }#bklyn_btn_69ef83b5cfa5b .bklyn-btn:active { color:#ffffff !important; background-color:#46635f !important; }#bklyn_btn_69ef83b5cfa5b a.bklyn-btn { font-weight:500 !important; }#bklyn_btn_69ef83b5cfa5b.bklyn-btn-header a.bklyn-btn { font-weight:500 !important; }#bklyn_btn_69ef83b5cfa5b.bklyn-btn-header a.bklyn-btn span { font-weight:500 !important; }#bklyn_btn_69ef83b5cfa5b a.bklyn-btn { font-family:inherit !important; }<\/style><div id=\"bklyn_btn_69ef83b5cfa5b\" class=\"bklyn-btn-holder  bklyn-btn-first bklyn-btn-center bklyn-btn-tablet-center bklyn-btn-mobile-center\"><a title=\"Petite Suite\"   href=\"https:\/\/www.riyadelcadi.com\/de\/rooms-chambres\/petite-suite\/\" target=\"_self\" class=\"bklyn-btn  bklyn-btn-small\" ><span class=\"ut-btn-text\">ZUM ZIMMER<\/span><\/a><\/div><style type=\"text\/css\">#bklyn_btn_69ef83b5cfaab .bklyn-btn { color:#ffffff !important; background-color:#eca65c !important; }#bklyn_btn_69ef83b5cfaab .bklyn-btn:hover{ color:#ffffff !important; background-color:#efb273 !important; }#bklyn_btn_69ef83b5cfaab .bklyn-btn:focus{ color:#ffffff !important; background-color:#efb273 !important; }#bklyn_btn_69ef83b5cfaab .bklyn-btn:active { color:#ffffff !important; background-color:#efb273 !important; }#bklyn_btn_69ef83b5cfaab a.bklyn-btn { font-weight:500 !important; }#bklyn_btn_69ef83b5cfaab.bklyn-btn-header a.bklyn-btn { font-weight:500 !important; }#bklyn_btn_69ef83b5cfaab.bklyn-btn-header a.bklyn-btn span { font-weight:500 !important; }#bklyn_btn_69ef83b5cfaab a.bklyn-btn { text-transform:uppercase !important; }<\/style><div id=\"bklyn_btn_69ef83b5cfaab\" class=\"bklyn-btn-holder  bklyn-btn-last bklyn-btn-center bklyn-btn-tablet-center bklyn-btn-mobile-center\"><a title=\"\"   href=\"https:\/\/direct-book.com\/properties\/riyadelcadidirect?number_nights=3&#038;number_adults=2&#038;promotion_code=Special\" target=\"_self\" class=\"bklyn-btn  bklyn-btn-small\" ><span class=\"ut-btn-text\">Reservierung<\/span><\/a><\/div><\/div>[\/vc_column][\/vc_row][vc_row equal_height=&#8220;yes&#8220; content_placement=&#8220;middle&#8220; css=&#8220;.vc_custom_1588291984842{margin-bottom: 40px !important;border-radius: 1px !important;}&#8220;][vc_column width=&#8220;2\/3&#8243; css=&#8220;.vc_custom_1746200476855{padding-top: 160px !important;padding-bottom: 160px !important;background-image: url(https:\/\/www.riyadelcadi.com\/wp-content\/uploads\/2023\/12\/Tinmel-Room-Issam_Bousga-03-2.jpg?id=43126) !important;background-position: center !important;background-repeat: no-repeat !important;background-size: cover !important;}&#8220;][\/vc_column][vc_column width=&#8220;1\/3&#8243; css=&#8220;.vc_custom_1553275628359{background-color: #faf8f4 !important;}&#8220;][vc_column_text]<\/p>\n<h2><a title=\"Staying fit in Marrakech\" href=\"https:\/\/www.riyadelcadi.com\/de\/rooms-chambres\/tinmel-zimmer\/\">TINMEL ZIMMER<\/a><\/h2>\n<p>Superior Doppelzimmer<\/p>\n<ul>\n<li>1. Stock<\/li>\n<li>klimatisiert<\/li>\n<li>Bad mit Dusche<\/li>\n<li>bis zu 2 Personen.<\/li>\n<\/ul>\n<p>[\/vc_column_text]<div class=\"ut-btn-group  ut-btn-group-center ut-btn-group-tablet-center ut-btn-group-mobile-center clearfix\"><style type=\"text\/css\">#bklyn_btn_69ef83b5cfb42 .bklyn-btn { color:#ffffff !important; background-color:#193d38 !important; }#bklyn_btn_69ef83b5cfb42 .bklyn-btn:hover{ color:#ffffff !important; background-color:#46635f !important; }#bklyn_btn_69ef83b5cfb42 .bklyn-btn:focus{ color:#ffffff !important; background-color:#46635f !important; }#bklyn_btn_69ef83b5cfb42 .bklyn-btn:active { color:#ffffff !important; background-color:#46635f !important; }#bklyn_btn_69ef83b5cfb42 a.bklyn-btn { font-weight:500 !important; }#bklyn_btn_69ef83b5cfb42.bklyn-btn-header a.bklyn-btn { font-weight:500 !important; }#bklyn_btn_69ef83b5cfb42.bklyn-btn-header a.bklyn-btn span { font-weight:500 !important; }#bklyn_btn_69ef83b5cfb42 a.bklyn-btn { font-family:inherit !important; }<\/style><div id=\"bklyn_btn_69ef83b5cfb42\" class=\"bklyn-btn-holder  bklyn-btn-first bklyn-btn-center bklyn-btn-tablet-center bklyn-btn-mobile-center\"><a title=\"Tinmel Zimmer\"   href=\"https:\/\/www.riyadelcadi.com\/de\/rooms-chambres\/tinmel-zimmer\/\" target=\"_self\" class=\"bklyn-btn  bklyn-btn-small\" ><span class=\"ut-btn-text\">ZUM ZIMMER<\/span><\/a><\/div><style type=\"text\/css\">#bklyn_btn_69ef83b5cfb92 .bklyn-btn { color:#ffffff !important; background-color:#eca65c !important; }#bklyn_btn_69ef83b5cfb92 .bklyn-btn:hover{ color:#ffffff !important; background-color:#efb273 !important; }#bklyn_btn_69ef83b5cfb92 .bklyn-btn:focus{ color:#ffffff !important; background-color:#efb273 !important; }#bklyn_btn_69ef83b5cfb92 .bklyn-btn:active { color:#ffffff !important; background-color:#efb273 !important; }#bklyn_btn_69ef83b5cfb92 a.bklyn-btn { font-weight:500 !important; }#bklyn_btn_69ef83b5cfb92.bklyn-btn-header a.bklyn-btn { font-weight:500 !important; }#bklyn_btn_69ef83b5cfb92.bklyn-btn-header a.bklyn-btn span { font-weight:500 !important; }#bklyn_btn_69ef83b5cfb92 a.bklyn-btn { text-transform:uppercase !important; }<\/style><div id=\"bklyn_btn_69ef83b5cfb92\" class=\"bklyn-btn-holder  bklyn-btn-last bklyn-btn-center bklyn-btn-tablet-center bklyn-btn-mobile-center\"><a title=\"\"   href=\"https:\/\/direct-book.com\/properties\/riyadelcadidirect?number_nights=3&#038;number_adults=2&#038;promotion_code=Special\" target=\"_self\" class=\"bklyn-btn  bklyn-btn-small\" ><span class=\"ut-btn-text\">Reservierung<\/span><\/a><\/div><\/div>[\/vc_column][\/vc_row][vc_row equal_height=&#8220;yes&#8220; content_placement=&#8220;middle&#8220; css=&#8220;.vc_custom_1588296113001{margin-bottom: 40px !important;border-radius: 1px !important;}&#8220;][vc_column width=&#8220;2\/3&#8243; css=&#8220;.vc_custom_1703514058661{padding-top: 160px !important;padding-bottom: 160px !important;background-image: url(https:\/\/www.riyadelcadi.com\/wp-content\/uploads\/2018\/03\/Chanbre-Tanger-c-Uwe-Niehuus-1.jpg?id=21730) !important;background-position: center !important;background-repeat: no-repeat !important;background-size: cover !important;}&#8220;][\/vc_column][vc_column width=&#8220;1\/3&#8243; css=&#8220;.vc_custom_1553275628359{background-color: #faf8f4 !important;}&#8220;][vc_column_text]<\/p>\n<h2 style=\"text-align: left;\"><a title=\"Staying fit in Marrakech\" href=\"https:\/\/www.riyadelcadi.com\/de\/rooms-chambres\/tanger-zimmer\/\">TANGER ZIMMER<\/a><\/h2>\n<p style=\"text-align: left;\"><span style=\"color: #193d38;\">Superior Doppelzimmer<\/span><\/p>\n<ul>\n<li style=\"text-align: left;\">Erdgeschoss<\/li>\n<li>Wohnecke<\/li>\n<li style=\"text-align: left;\">bis zu 3 Personen<\/li>\n<\/ul>\n<p>[\/vc_column_text]<div class=\"ut-btn-group  ut-btn-group-center ut-btn-group-tablet-center ut-btn-group-mobile-center clearfix\"><style type=\"text\/css\">#bklyn_btn_69ef83b5cfc22 .bklyn-btn { color:#ffffff !important; background-color:#193d38 !important; }#bklyn_btn_69ef83b5cfc22 .bklyn-btn:hover{ color:#ffffff !important; background-color:#46635f !important; }#bklyn_btn_69ef83b5cfc22 .bklyn-btn:focus{ color:#ffffff !important; background-color:#46635f !important; }#bklyn_btn_69ef83b5cfc22 .bklyn-btn:active { color:#ffffff !important; background-color:#46635f !important; }#bklyn_btn_69ef83b5cfc22 a.bklyn-btn { font-weight:500 !important; }#bklyn_btn_69ef83b5cfc22.bklyn-btn-header a.bklyn-btn { font-weight:500 !important; }#bklyn_btn_69ef83b5cfc22.bklyn-btn-header a.bklyn-btn span { font-weight:500 !important; }#bklyn_btn_69ef83b5cfc22 a.bklyn-btn { font-family:inherit !important; }<\/style><div id=\"bklyn_btn_69ef83b5cfc22\" class=\"bklyn-btn-holder  bklyn-btn-first bklyn-btn-center bklyn-btn-tablet-center bklyn-btn-mobile-center\"><a title=\"Tanger Zimmer\"   href=\"https:\/\/www.riyadelcadi.com\/de\/rooms-chambres\/tanger-zimmer\/\" target=\"_self\" class=\"bklyn-btn  bklyn-btn-small\" ><span class=\"ut-btn-text\">ZUM ZIMMER<\/span><\/a><\/div><style type=\"text\/css\">#bklyn_btn_69ef83b5cfc80 .bklyn-btn { color:#ffffff !important; background-color:#eca65c !important; }#bklyn_btn_69ef83b5cfc80 .bklyn-btn:hover{ color:#ffffff !important; background-color:#efb273 !important; }#bklyn_btn_69ef83b5cfc80 .bklyn-btn:focus{ color:#ffffff !important; background-color:#efb273 !important; }#bklyn_btn_69ef83b5cfc80 .bklyn-btn:active { color:#ffffff !important; background-color:#efb273 !important; }#bklyn_btn_69ef83b5cfc80 a.bklyn-btn { font-weight:500 !important; }#bklyn_btn_69ef83b5cfc80.bklyn-btn-header a.bklyn-btn { font-weight:500 !important; }#bklyn_btn_69ef83b5cfc80.bklyn-btn-header a.bklyn-btn span { font-weight:500 !important; }#bklyn_btn_69ef83b5cfc80 a.bklyn-btn { text-transform:uppercase !important; }<\/style><div id=\"bklyn_btn_69ef83b5cfc80\" class=\"bklyn-btn-holder  bklyn-btn-last bklyn-btn-center bklyn-btn-tablet-center bklyn-btn-mobile-center\"><a title=\"\"   href=\"https:\/\/direct-book.com\/properties\/riyadelcadidirect?number_nights=3&#038;number_adults=2&#038;promotion_code=Special\" target=\"_self\" class=\"bklyn-btn  bklyn-btn-small\" ><span class=\"ut-btn-text\">Reservierung<\/span><\/a><\/div><\/div>[\/vc_column][\/vc_row][vc_row equal_height=&#8220;yes&#8220; content_placement=&#8220;middle&#8220; css=&#8220;.vc_custom_1588291984842{margin-bottom: 40px !important;border-radius: 1px !important;}&#8220;][vc_column width=&#8220;2\/3&#8243; css=&#8220;.vc_custom_1588292584510{padding-top: 160px !important;padding-bottom: 160px !important;background-image: url(https:\/\/www.riyadelcadi.com\/wp-content\/uploads\/2015\/10\/Chambre-Coree-Korea-Room_Alan_Keohane-940&#215;928.jpg?id=23440) !important;background-position: center !important;background-repeat: no-repeat !important;background-size: cover !important;}&#8220;][\/vc_column][vc_column width=&#8220;1\/3&#8243; css=&#8220;.vc_custom_1553275628359{background-color: #faf8f4 !important;}&#8220;][vc_column_text]<\/p>\n<h2 style=\"text-align: left;\"><a title=\"Staying fit in Marrakech\" href=\"https:\/\/www.riyadelcadi.com\/de\/rooms-chambres\/korea-zimmer\/\">Korea Zimmer<\/a><\/h2>\n<p style=\"text-align: left;\"><span style=\"color: #193d38;\">Superior Doppelzimmer<\/span><\/p>\n<ul>\n<li style=\"text-align: left;\">Erdgeschoss<\/li>\n<li>Bad mit Dusche<\/li>\n<li style=\"text-align: left;\">bis zu 2 Personen<\/li>\n<\/ul>\n<p>[\/vc_column_text]<div class=\"ut-btn-group  ut-btn-group-center ut-btn-group-tablet-center ut-btn-group-mobile-center clearfix\"><style type=\"text\/css\">#bklyn_btn_69ef83b5cfd19 .bklyn-btn { color:#ffffff !important; background-color:#193d38 !important; }#bklyn_btn_69ef83b5cfd19 .bklyn-btn:hover{ color:#ffffff !important; background-color:#46635f !important; }#bklyn_btn_69ef83b5cfd19 .bklyn-btn:focus{ color:#ffffff !important; background-color:#46635f !important; }#bklyn_btn_69ef83b5cfd19 .bklyn-btn:active { color:#ffffff !important; background-color:#46635f !important; }#bklyn_btn_69ef83b5cfd19 a.bklyn-btn { font-weight:500 !important; }#bklyn_btn_69ef83b5cfd19.bklyn-btn-header a.bklyn-btn { font-weight:500 !important; }#bklyn_btn_69ef83b5cfd19.bklyn-btn-header a.bklyn-btn span { font-weight:500 !important; }#bklyn_btn_69ef83b5cfd19 a.bklyn-btn { font-family:inherit !important; }<\/style><div id=\"bklyn_btn_69ef83b5cfd19\" class=\"bklyn-btn-holder  bklyn-btn-first bklyn-btn-center bklyn-btn-tablet-center bklyn-btn-mobile-center\"><a title=\"Korea Zimmer\"   href=\"https:\/\/www.riyadelcadi.com\/de\/rooms-chambres\/korea-zimmer\/\" target=\"_self\" class=\"bklyn-btn  bklyn-btn-small\" ><span class=\"ut-btn-text\">ZUM ZIMMER<\/span><\/a><\/div><style type=\"text\/css\">#bklyn_btn_69ef83b5cfd66 .bklyn-btn { color:#ffffff !important; background-color:#eca65c !important; }#bklyn_btn_69ef83b5cfd66 .bklyn-btn:hover{ color:#ffffff !important; background-color:#efb273 !important; }#bklyn_btn_69ef83b5cfd66 .bklyn-btn:focus{ color:#ffffff !important; background-color:#efb273 !important; }#bklyn_btn_69ef83b5cfd66 .bklyn-btn:active { color:#ffffff !important; background-color:#efb273 !important; }#bklyn_btn_69ef83b5cfd66 a.bklyn-btn { font-weight:500 !important; }#bklyn_btn_69ef83b5cfd66.bklyn-btn-header a.bklyn-btn { font-weight:500 !important; }#bklyn_btn_69ef83b5cfd66.bklyn-btn-header a.bklyn-btn span { font-weight:500 !important; }#bklyn_btn_69ef83b5cfd66 a.bklyn-btn { text-transform:uppercase !important; }<\/style><div id=\"bklyn_btn_69ef83b5cfd66\" class=\"bklyn-btn-holder  bklyn-btn-last bklyn-btn-center bklyn-btn-tablet-center bklyn-btn-mobile-center\"><a title=\"\"   href=\"https:\/\/direct-book.com\/properties\/riyadelcadidirect?number_nights=3&#038;number_adults=2&#038;promotion_code=Special\" target=\"_self\" class=\"bklyn-btn  bklyn-btn-small\" ><span class=\"ut-btn-text\">Reservierung<\/span><\/a><\/div><\/div>[\/vc_column][\/vc_row][vc_row equal_height=&#8220;yes&#8220; content_placement=&#8220;middle&#8220; css=&#8220;.vc_custom_1588291984842{margin-bottom: 40px !important;border-radius: 1px !important;}&#8220;][vc_column width=&#8220;2\/3&#8243; css=&#8220;.vc_custom_1588292206064{padding-top: 160px !important;padding-bottom: 160px !important;background-image: url(https:\/\/www.riyadelcadi.com\/wp-content\/uploads\/2015\/10\/Chambre-Piscine_-Piscine-Room-c-Keohane.jpg?id=23426) !important;background-position: center !important;background-repeat: no-repeat !important;background-size: cover !important;}&#8220;][\/vc_column][vc_column width=&#8220;1\/3&#8243; css=&#8220;.vc_custom_1553275628359{background-color: #faf8f4 !important;}&#8220;][vc_column_text]<\/p>\n<h2 style=\"text-align: left;\"><a title=\"Staying fit in Marrakech\" href=\"https:\/\/www.riyadelcadi.com\/de\/rooms-chambres\/piscine-zimmer\/\">PISCINE ROOM<\/a><\/h2>\n<p style=\"text-align: left;\"><span style=\"color: #193d38;\">Superior Doppelzimmer<\/span><\/p>\n<ul>\n<li style=\"text-align: left;\">1. Stock<\/li>\n<li>klimatisiert<\/li>\n<li>Badewanne<\/li>\n<li style=\"text-align: left;\">bis zu 2 Personen.<\/li>\n<\/ul>\n<p>[\/vc_column_text]<div class=\"ut-btn-group  ut-btn-group-center ut-btn-group-tablet-center ut-btn-group-mobile-center clearfix\"><style type=\"text\/css\">#bklyn_btn_69ef83b5cfdf3 .bklyn-btn { color:#ffffff !important; background-color:#193d38 !important; }#bklyn_btn_69ef83b5cfdf3 .bklyn-btn:hover{ color:#ffffff !important; background-color:#46635f !important; }#bklyn_btn_69ef83b5cfdf3 .bklyn-btn:focus{ color:#ffffff !important; background-color:#46635f !important; }#bklyn_btn_69ef83b5cfdf3 .bklyn-btn:active { color:#ffffff !important; background-color:#46635f !important; }#bklyn_btn_69ef83b5cfdf3 a.bklyn-btn { font-weight:500 !important; }#bklyn_btn_69ef83b5cfdf3.bklyn-btn-header a.bklyn-btn { font-weight:500 !important; }#bklyn_btn_69ef83b5cfdf3.bklyn-btn-header a.bklyn-btn span { font-weight:500 !important; }#bklyn_btn_69ef83b5cfdf3 a.bklyn-btn { font-family:inherit !important; }<\/style><div id=\"bklyn_btn_69ef83b5cfdf3\" class=\"bklyn-btn-holder  bklyn-btn-first bklyn-btn-center bklyn-btn-tablet-center bklyn-btn-mobile-center\"><a title=\"Piscine Zimmer\"   href=\"https:\/\/www.riyadelcadi.com\/de\/rooms-chambres\/piscine-zimmer\/\" target=\"_self\" class=\"bklyn-btn  bklyn-btn-small\" ><span class=\"ut-btn-text\">ZUM ZIMMER<\/span><\/a><\/div><style type=\"text\/css\">#bklyn_btn_69ef83b5cfe6a .bklyn-btn { color:#ffffff !important; background-color:#eca65c !important; }#bklyn_btn_69ef83b5cfe6a .bklyn-btn:hover{ color:#ffffff !important; background-color:#efb273 !important; }#bklyn_btn_69ef83b5cfe6a .bklyn-btn:focus{ color:#ffffff !important; background-color:#efb273 !important; }#bklyn_btn_69ef83b5cfe6a .bklyn-btn:active { color:#ffffff !important; background-color:#efb273 !important; }#bklyn_btn_69ef83b5cfe6a a.bklyn-btn { font-weight:500 !important; }#bklyn_btn_69ef83b5cfe6a.bklyn-btn-header a.bklyn-btn { font-weight:500 !important; }#bklyn_btn_69ef83b5cfe6a.bklyn-btn-header a.bklyn-btn span { font-weight:500 !important; }#bklyn_btn_69ef83b5cfe6a a.bklyn-btn { text-transform:uppercase !important; }<\/style><div id=\"bklyn_btn_69ef83b5cfe6a\" class=\"bklyn-btn-holder  bklyn-btn-last bklyn-btn-center bklyn-btn-tablet-center bklyn-btn-mobile-center\"><a title=\"\"   href=\"https:\/\/direct-book.com\/properties\/riyadelcadidirect?number_nights=3&#038;number_adults=2&#038;promotion_code=Special\" target=\"_self\" class=\"bklyn-btn  bklyn-btn-small\" ><span class=\"ut-btn-text\">Reservierung<\/span><\/a><\/div><\/div>[\/vc_column][\/vc_row][\/vc_section][vc_row][vc_column][vc_column_text]<\/p>\n<p>[\/vc_column_text][\/vc_column][\/vc_row]<\/p>\n<\/div>","protected":false},"excerpt":{"rendered":"<p>[vc_section][vc_row][vc_column css=&#8220;.vc_custom_1588337521996{background-color: #faf8f4 !important;}&#8220;][vc_column_text] Alle Zimmer\u00a0im 1. Stock sind klimatisiert. Badezimmer verf\u00fcgen \u00fcber eine Dusche (Ausnahme Piscine: Wanne). Die Zimmer im Erdgeschoss\u00a0sind nicht klimatisiert, aber Dank der traditionellen Architektur auch zu w\u00e4rmeren Zeiten angenehm temperiert. Alle Zimmer haben private Badezimmer mit Bio-Toilettenartikeln auf der Basis von Argan\u00f6l, Badem\u00e4ntel, Hausschuhe und F\u00f6n. [\/vc_column_text][\/vc_column][\/vc_row][vc_row][vc_column][vc_empty_space height=&#8220;5px&#8220;][\/vc_column][\/vc_row][vc_row equal_height=&#8220;yes&#8220; content_placement=&#8220;middle&#8220; [&hellip;]<\/p>\n","protected":false},"author":4,"featured_media":23608,"parent":18517,"menu_order":0,"comment_status":"closed","ping_status":"closed","template":"","meta":{"footnotes":""},"yoast_head":"<!-- This site is optimized with the Yoast SEO plugin v24.5 - https:\/\/yoast.com\/wordpress\/plugins\/seo\/ -->\n<title>Doppelzimmer - Riyad El Cadi<\/title>\n<meta name=\"robots\" content=\"index, follow, max-snippet:-1, max-image-preview:large, max-video-preview:-1\" \/>\n<link rel=\"canonical\" href=\"https:\/\/www.riyadelcadi.com\/de\/zimmer\/doppelzimmer\/\" \/>\n<meta property=\"og:locale\" content=\"de_DE\" \/>\n<meta property=\"og:type\" content=\"article\" \/>\n<meta property=\"og:title\" content=\"Doppelzimmer - Riyad El Cadi\" \/>\n<meta property=\"og:description\" content=\"[vc_section][vc_row][vc_column css=&#8220;.vc_custom_1588337521996{background-color: #faf8f4 !important;}&#8220;][vc_column_text] Alle Zimmer\u00a0im 1. Stock sind klimatisiert. Badezimmer verf\u00fcgen \u00fcber eine Dusche (Ausnahme Piscine: Wanne). Die Zimmer im Erdgeschoss\u00a0sind nicht klimatisiert, aber Dank der traditionellen Architektur auch zu w\u00e4rmeren Zeiten angenehm temperiert. Alle Zimmer haben private Badezimmer mit Bio-Toilettenartikeln auf der Basis von Argan\u00f6l, Badem\u00e4ntel, Hausschuhe und F\u00f6n. [\/vc_column_text][\/vc_column][\/vc_row][vc_row][vc_column][vc_empty_space height=&#8220;5px&#8220;][\/vc_column][\/vc_row][vc_row equal_height=&#8220;yes&#8220; content_placement=&#8220;middle&#8220; [&hellip;]\" \/>\n<meta property=\"og:url\" content=\"https:\/\/www.riyadelcadi.com\/de\/zimmer\/doppelzimmer\/\" \/>\n<meta property=\"og:site_name\" content=\"Riyad El Cadi\" \/>\n<meta property=\"article:publisher\" content=\"https:\/\/www.facebook.com\/RiyadElCadi\/\" \/>\n<meta property=\"article:modified_time\" content=\"2025-05-02T15:46:20+00:00\" \/>\n<meta property=\"og:image\" content=\"https:\/\/www.riyadelcadi.com\/wp-content\/uploads\/2019\/02\/Curtain-Pattern_jed.kaoru_.share_.jpg\" \/>\n\t<meta property=\"og:image:width\" content=\"1280\" \/>\n\t<meta property=\"og:image:height\" content=\"853\" \/>\n\t<meta property=\"og:image:type\" content=\"image\/jpeg\" \/>\n<meta name=\"twitter:card\" content=\"summary_large_image\" \/>\n<meta name=\"twitter:label1\" content=\"Gesch\u00e4tzte Lesezeit\" \/>\n\t<meta name=\"twitter:data1\" content=\"3\u00a0Minuten\" \/>\n<script type=\"application\/ld+json\" class=\"yoast-schema-graph\">{\"@context\":\"https:\/\/schema.org\",\"@graph\":[{\"@type\":\"WebPage\",\"@id\":\"https:\/\/www.riyadelcadi.com\/de\/zimmer\/doppelzimmer\/\",\"url\":\"https:\/\/www.riyadelcadi.com\/de\/zimmer\/doppelzimmer\/\",\"name\":\"Doppelzimmer - Riyad El Cadi\",\"isPartOf\":{\"@id\":\"https:\/\/www.riyadelcadi.com\/de\/#website\"},\"primaryImageOfPage\":{\"@id\":\"https:\/\/www.riyadelcadi.com\/de\/zimmer\/doppelzimmer\/#primaryimage\"},\"image\":{\"@id\":\"https:\/\/www.riyadelcadi.com\/de\/zimmer\/doppelzimmer\/#primaryimage\"},\"thumbnailUrl\":\"https:\/\/www.riyadelcadi.com\/wp-content\/uploads\/2019\/02\/Curtain-Pattern_jed.kaoru_.share_.jpg\",\"datePublished\":\"2020-04-30T23:33:10+00:00\",\"dateModified\":\"2025-05-02T15:46:20+00:00\",\"breadcrumb\":{\"@id\":\"https:\/\/www.riyadelcadi.com\/de\/zimmer\/doppelzimmer\/#breadcrumb\"},\"inLanguage\":\"de\",\"potentialAction\":[{\"@type\":\"ReadAction\",\"target\":[\"https:\/\/www.riyadelcadi.com\/de\/zimmer\/doppelzimmer\/\"]}]},{\"@type\":\"ImageObject\",\"inLanguage\":\"de\",\"@id\":\"https:\/\/www.riyadelcadi.com\/de\/zimmer\/doppelzimmer\/#primaryimage\",\"url\":\"https:\/\/www.riyadelcadi.com\/wp-content\/uploads\/2019\/02\/Curtain-Pattern_jed.kaoru_.share_.jpg\",\"contentUrl\":\"https:\/\/www.riyadelcadi.com\/wp-content\/uploads\/2019\/02\/Curtain-Pattern_jed.kaoru_.share_.jpg\",\"width\":1280,\"height\":853},{\"@type\":\"BreadcrumbList\",\"@id\":\"https:\/\/www.riyadelcadi.com\/de\/zimmer\/doppelzimmer\/#breadcrumb\",\"itemListElement\":[{\"@type\":\"ListItem\",\"position\":1,\"name\":\"Startseite\",\"item\":\"https:\/\/www.riyadelcadi.com\/de\/\"},{\"@type\":\"ListItem\",\"position\":2,\"name\":\"Unsere Zimmer\",\"item\":\"https:\/\/www.riyadelcadi.com\/de\/zimmer\/\"},{\"@type\":\"ListItem\",\"position\":3,\"name\":\"Doppelzimmer\"}]},{\"@type\":\"WebSite\",\"@id\":\"https:\/\/www.riyadelcadi.com\/de\/#website\",\"url\":\"https:\/\/www.riyadelcadi.com\/de\/\",\"name\":\"Riyad El Cadi\",\"description\":\"Riad mit Stil in Marrakesch\",\"potentialAction\":[{\"@type\":\"SearchAction\",\"target\":{\"@type\":\"EntryPoint\",\"urlTemplate\":\"https:\/\/www.riyadelcadi.com\/de\/?s={search_term_string}\"},\"query-input\":{\"@type\":\"PropertyValueSpecification\",\"valueRequired\":true,\"valueName\":\"search_term_string\"}}],\"inLanguage\":\"de\"}]}<\/script>\n<!-- \/ Yoast SEO plugin. -->","yoast_head_json":{"title":"Doppelzimmer - Riyad El Cadi","robots":{"index":"index","follow":"follow","max-snippet":"max-snippet:-1","max-image-preview":"max-image-preview:large","max-video-preview":"max-video-preview:-1"},"canonical":"https:\/\/www.riyadelcadi.com\/de\/zimmer\/doppelzimmer\/","og_locale":"de_DE","og_type":"article","og_title":"Doppelzimmer - Riyad El Cadi","og_description":"[vc_section][vc_row][vc_column css=&#8220;.vc_custom_1588337521996{background-color: #faf8f4 !important;}&#8220;][vc_column_text] Alle Zimmer\u00a0im 1. Stock sind klimatisiert. Badezimmer verf\u00fcgen \u00fcber eine Dusche (Ausnahme Piscine: Wanne). Die Zimmer im Erdgeschoss\u00a0sind nicht klimatisiert, aber Dank der traditionellen Architektur auch zu w\u00e4rmeren Zeiten angenehm temperiert. Alle Zimmer haben private Badezimmer mit Bio-Toilettenartikeln auf der Basis von Argan\u00f6l, Badem\u00e4ntel, Hausschuhe und F\u00f6n. [\/vc_column_text][\/vc_column][\/vc_row][vc_row][vc_column][vc_empty_space height=&#8220;5px&#8220;][\/vc_column][\/vc_row][vc_row equal_height=&#8220;yes&#8220; content_placement=&#8220;middle&#8220; [&hellip;]","og_url":"https:\/\/www.riyadelcadi.com\/de\/zimmer\/doppelzimmer\/","og_site_name":"Riyad El Cadi","article_publisher":"https:\/\/www.facebook.com\/RiyadElCadi\/","article_modified_time":"2025-05-02T15:46:20+00:00","og_image":[{"width":1280,"height":853,"url":"https:\/\/www.riyadelcadi.com\/wp-content\/uploads\/2019\/02\/Curtain-Pattern_jed.kaoru_.share_.jpg","type":"image\/jpeg"}],"twitter_card":"summary_large_image","twitter_misc":{"Gesch\u00e4tzte Lesezeit":"3\u00a0Minuten"},"schema":{"@context":"https:\/\/schema.org","@graph":[{"@type":"WebPage","@id":"https:\/\/www.riyadelcadi.com\/de\/zimmer\/doppelzimmer\/","url":"https:\/\/www.riyadelcadi.com\/de\/zimmer\/doppelzimmer\/","name":"Doppelzimmer - Riyad El Cadi","isPartOf":{"@id":"https:\/\/www.riyadelcadi.com\/de\/#website"},"primaryImageOfPage":{"@id":"https:\/\/www.riyadelcadi.com\/de\/zimmer\/doppelzimmer\/#primaryimage"},"image":{"@id":"https:\/\/www.riyadelcadi.com\/de\/zimmer\/doppelzimmer\/#primaryimage"},"thumbnailUrl":"https:\/\/www.riyadelcadi.com\/wp-content\/uploads\/2019\/02\/Curtain-Pattern_jed.kaoru_.share_.jpg","datePublished":"2020-04-30T23:33:10+00:00","dateModified":"2025-05-02T15:46:20+00:00","breadcrumb":{"@id":"https:\/\/www.riyadelcadi.com\/de\/zimmer\/doppelzimmer\/#breadcrumb"},"inLanguage":"de","potentialAction":[{"@type":"ReadAction","target":["https:\/\/www.riyadelcadi.com\/de\/zimmer\/doppelzimmer\/"]}]},{"@type":"ImageObject","inLanguage":"de","@id":"https:\/\/www.riyadelcadi.com\/de\/zimmer\/doppelzimmer\/#primaryimage","url":"https:\/\/www.riyadelcadi.com\/wp-content\/uploads\/2019\/02\/Curtain-Pattern_jed.kaoru_.share_.jpg","contentUrl":"https:\/\/www.riyadelcadi.com\/wp-content\/uploads\/2019\/02\/Curtain-Pattern_jed.kaoru_.share_.jpg","width":1280,"height":853},{"@type":"BreadcrumbList","@id":"https:\/\/www.riyadelcadi.com\/de\/zimmer\/doppelzimmer\/#breadcrumb","itemListElement":[{"@type":"ListItem","position":1,"name":"Startseite","item":"https:\/\/www.riyadelcadi.com\/de\/"},{"@type":"ListItem","position":2,"name":"Unsere Zimmer","item":"https:\/\/www.riyadelcadi.com\/de\/zimmer\/"},{"@type":"ListItem","position":3,"name":"Doppelzimmer"}]},{"@type":"WebSite","@id":"https:\/\/www.riyadelcadi.com\/de\/#website","url":"https:\/\/www.riyadelcadi.com\/de\/","name":"Riyad El Cadi","description":"Riad mit Stil in Marrakesch","potentialAction":[{"@type":"SearchAction","target":{"@type":"EntryPoint","urlTemplate":"https:\/\/www.riyadelcadi.com\/de\/?s={search_term_string}"},"query-input":{"@type":"PropertyValueSpecification","valueRequired":true,"valueName":"search_term_string"}}],"inLanguage":"de"}]}},"_links":{"self":[{"href":"https:\/\/www.riyadelcadi.com\/de\/wp-json\/wp\/v2\/pages\/28623"}],"collection":[{"href":"https:\/\/www.riyadelcadi.com\/de\/wp-json\/wp\/v2\/pages"}],"about":[{"href":"https:\/\/www.riyadelcadi.com\/de\/wp-json\/wp\/v2\/types\/page"}],"author":[{"embeddable":true,"href":"https:\/\/www.riyadelcadi.com\/de\/wp-json\/wp\/v2\/users\/4"}],"replies":[{"embeddable":true,"href":"https:\/\/www.riyadelcadi.com\/de\/wp-json\/wp\/v2\/comments?post=28623"}],"version-history":[{"count":8,"href":"https:\/\/www.riyadelcadi.com\/de\/wp-json\/wp\/v2\/pages\/28623\/revisions"}],"predecessor-version":[{"id":33056,"href":"https:\/\/www.riyadelcadi.com\/de\/wp-json\/wp\/v2\/pages\/28623\/revisions\/33056"}],"up":[{"embeddable":true,"href":"https:\/\/www.riyadelcadi.com\/de\/wp-json\/wp\/v2\/pages\/18517"}],"wp:featuredmedia":[{"embeddable":true,"href":"https:\/\/www.riyadelcadi.com\/de\/wp-json\/wp\/v2\/media\/23608"}],"wp:attachment":[{"href":"https:\/\/www.riyadelcadi.com\/de\/wp-json\/wp\/v2\/media?parent=28623"}],"curies":[{"name":"wp","href":"https:\/\/api.w.org\/{rel}","templated":true}]}}