{"id":28611,"date":"2020-05-01T14:58:33","date_gmt":"2020-05-01T12:58:33","guid":{"rendered":"https:\/\/www.riyadelcadi.com\/zimmer\/senior-suiten\/"},"modified":"2023-01-26T14:58:00","modified_gmt":"2023-01-26T13:58:00","slug":"senior-suiten","status":"publish","type":"page","link":"https:\/\/www.riyadelcadi.com\/de\/zimmer\/senior-suiten\/","title":{"rendered":"Senior Suiten"},"content":{"rendered":"<div class=\"wpb-content-wrapper\"><p>[vc_section][vc_row][vc_column css=&#8220;.vc_custom_1588335465436{background-color: #faf8f4 !important;}&#8220;][vc_column_text]<\/p>\n<ul>\n<li>Alle <span style=\"color: #336666;\"><strong>Suiten<\/strong><\/span> liegen im 1. oder 2. Stock und sind <strong>klimatisiert<\/strong>. Badezimmer verf\u00fcgen \u00fcber eine <strong>Badewanne\u00a0<\/strong>(Ausnahme: Master Suite)<\/li>\n<li>Alle Suiten haben entweder ein Wohnzimmer und ein zus\u00e4tzliches Zimmer oder einen Balkon\/Terrasse.<\/li>\n<li><span style=\"color: #336666;\"><strong>Alle Zimmer<\/strong><\/span> haben private Badezimmer mit Bio-Toilettenartikeln auf der Basis von <strong>Argan\u00f6l, <\/strong>Badem\u00e4ntel, Hausschuhe und F\u00f6n.<\/li>\n<\/ul>\n<p>[\/vc_column_text][\/vc_column][\/vc_row][vc_row][vc_column][vc_empty_space height=&#8220;5px&#8220;][\/vc_column][\/vc_row][vc_row equal_height=&#8220;yes&#8220; content_placement=&#8220;middle&#8220; css=&#8220;.vc_custom_1588333492680{margin-bottom: 40px !important;border-radius: 1px !important;}&#8220;][vc_column width=&#8220;2\/3&#8243; css=&#8220;.vc_custom_1588338086794{padding-top: 160px !important;padding-bottom: 160px !important;background-image: url(https:\/\/www.riyadelcadi.com\/wp-content\/uploads\/2015\/10\/Suite-Ottomane-Salon_-Ottoman-Suite-Living-room.jpg?id=26792) !important;background-position: center !important;background-repeat: no-repeat !important;background-size: cover !important;}&#8220;][\/vc_column][vc_column width=&#8220;1\/3&#8243; css=&#8220;.vc_custom_1553275641280{background-color: #faf8f4 !important;}&#8220;][vc_column_text]<\/p>\n<h2><a href=\"https:\/\/www.riyadelcadi.com\/de\/rooms-chambres\/osmanische-suite\/\">OSMANISCHE SUITE<\/a><\/h2>\n<p style=\"text-align: left;\"><span style=\"color: #193d38;\">Senior Suite<\/span><\/p>\n<ul>\n<li style=\"text-align: left;\">1. Stock<\/li>\n<li>klimatisiert<\/li>\n<li>Salon, Gallerie<\/li>\n<li style=\"text-align: left;\">bis zu 3 Personen<\/li>\n<\/ul>\n<p>[\/vc_column_text]<div class=\"ut-btn-group  ut-btn-group-center ut-btn-group-tablet-center ut-btn-group-mobile-center clearfix\"><style type=\"text\/css\">#bklyn_btn_69ef83ba86116 .bklyn-btn { color:#ffffff !important; background-color:#193d38 !important; }#bklyn_btn_69ef83ba86116 .bklyn-btn:hover{ color:#ffffff !important; background-color:#46635f !important; }#bklyn_btn_69ef83ba86116 .bklyn-btn:focus{ color:#ffffff !important; background-color:#46635f !important; }#bklyn_btn_69ef83ba86116 .bklyn-btn:active { color:#ffffff !important; background-color:#46635f !important; }#bklyn_btn_69ef83ba86116 a.bklyn-btn { font-weight:500 !important; }#bklyn_btn_69ef83ba86116.bklyn-btn-header a.bklyn-btn { font-weight:500 !important; }#bklyn_btn_69ef83ba86116.bklyn-btn-header a.bklyn-btn span { font-weight:500 !important; }#bklyn_btn_69ef83ba86116 a.bklyn-btn { font-family:inherit !important; }<\/style><div id=\"bklyn_btn_69ef83ba86116\" class=\"bklyn-btn-holder  bklyn-btn-first bklyn-btn-center bklyn-btn-tablet-center bklyn-btn-mobile-center\"><a title=\"Osmanische Suite\"   href=\"https:\/\/www.riyadelcadi.com\/de\/rooms-chambres\/osmanische-suite\/\" target=\"_self\" class=\"bklyn-btn  bklyn-btn-small\" ><span class=\"ut-btn-text\">ZUM ZIMMER<\/span><\/a><\/div><style type=\"text\/css\">#bklyn_btn_69ef83ba861b7 .bklyn-btn { color:#ffffff !important; background-color:#eca65c !important; }#bklyn_btn_69ef83ba861b7 .bklyn-btn:hover{ color:#ffffff !important; background-color:#efb273 !important; }#bklyn_btn_69ef83ba861b7 .bklyn-btn:focus{ color:#ffffff !important; background-color:#efb273 !important; }#bklyn_btn_69ef83ba861b7 .bklyn-btn:active { color:#ffffff !important; background-color:#efb273 !important; }#bklyn_btn_69ef83ba861b7 a.bklyn-btn { font-weight:500 !important; }#bklyn_btn_69ef83ba861b7.bklyn-btn-header a.bklyn-btn { font-weight:500 !important; }#bklyn_btn_69ef83ba861b7.bklyn-btn-header a.bklyn-btn span { font-weight:500 !important; }#bklyn_btn_69ef83ba861b7 a.bklyn-btn { text-transform:uppercase !important; }<\/style><div id=\"bklyn_btn_69ef83ba861b7\" class=\"bklyn-btn-holder  bklyn-btn-last bklyn-btn-center bklyn-btn-tablet-center bklyn-btn-mobile-center\"><a title=\"\"   href=\"https:\/\/direct-book.com\/properties\/riyadelcadidirect?number_nights=3&#038;number_adults=2&#038;promotion_code=Special\" target=\"_self\" class=\"bklyn-btn  bklyn-btn-small\" ><span class=\"ut-btn-text\">Reservierung<\/span><\/a><\/div><\/div>[\/vc_column][\/vc_row][vc_row equal_height=&#8220;yes&#8220; content_placement=&#8220;middle&#8220; css=&#8220;.vc_custom_1588291984842{margin-bottom: 40px !important;border-radius: 1px !important;}&#8220;][vc_column width=&#8220;2\/3&#8243; css=&#8220;.vc_custom_1588338276591{padding-top: 160px !important;padding-bottom: 160px !important;background-image: url(https:\/\/www.riyadelcadi.com\/wp-content\/uploads\/2015\/10\/Suite-Palmier-03-by-Lydia-Toll-1.jpg?id=23511) !important;background-position: center !important;background-repeat: no-repeat !important;background-size: cover !important;}&#8220;][\/vc_column][vc_column width=&#8220;1\/3&#8243; css=&#8220;.vc_custom_1553275628359{background-color: #faf8f4 !important;}&#8220;][vc_column_text]<\/p>\n<h2><a href=\"https:\/\/www.riyadelcadi.com\/de\/rooms-chambres\/palmen-suite\/\">PALMEN SUITE<\/a><\/h2>\n<p style=\"text-align: left;\"><span style=\"color: #193d38;\">Senior Suite<\/span><\/p>\n<ul>\n<li style=\"text-align: left;\">1. Stock<\/li>\n<li>klimatisiert<\/li>\n<li>Salon, Balcon<\/li>\n<li style=\"text-align: left;\">bis zu 3 Personen<\/li>\n<\/ul>\n<p>[\/vc_column_text]<div class=\"ut-btn-group  ut-btn-group-center ut-btn-group-tablet-center ut-btn-group-mobile-center clearfix\"><style type=\"text\/css\">#bklyn_btn_69ef83ba8625c .bklyn-btn { color:#ffffff !important; background-color:#193d38 !important; }#bklyn_btn_69ef83ba8625c .bklyn-btn:hover{ color:#ffffff !important; background-color:#46635f !important; }#bklyn_btn_69ef83ba8625c .bklyn-btn:focus{ color:#ffffff !important; background-color:#46635f !important; }#bklyn_btn_69ef83ba8625c .bklyn-btn:active { color:#ffffff !important; background-color:#46635f !important; }#bklyn_btn_69ef83ba8625c a.bklyn-btn { font-weight:500 !important; }#bklyn_btn_69ef83ba8625c.bklyn-btn-header a.bklyn-btn { font-weight:500 !important; }#bklyn_btn_69ef83ba8625c.bklyn-btn-header a.bklyn-btn span { font-weight:500 !important; }#bklyn_btn_69ef83ba8625c a.bklyn-btn { font-family:inherit !important; }<\/style><div id=\"bklyn_btn_69ef83ba8625c\" class=\"bklyn-btn-holder  bklyn-btn-first bklyn-btn-center bklyn-btn-tablet-center bklyn-btn-mobile-center\"><a title=\"Palmen Suite\"   href=\"https:\/\/www.riyadelcadi.com\/de\/rooms-chambres\/palmen-suite\/\" target=\"_self\" class=\"bklyn-btn  bklyn-btn-small\" ><span class=\"ut-btn-text\">ZUM ZIMMER<\/span><\/a><\/div><style type=\"text\/css\">#bklyn_btn_69ef83ba862ad .bklyn-btn { color:#ffffff !important; background-color:#eca65c !important; }#bklyn_btn_69ef83ba862ad .bklyn-btn:hover{ color:#ffffff !important; background-color:#efb273 !important; }#bklyn_btn_69ef83ba862ad .bklyn-btn:focus{ color:#ffffff !important; background-color:#efb273 !important; }#bklyn_btn_69ef83ba862ad .bklyn-btn:active { color:#ffffff !important; background-color:#efb273 !important; }#bklyn_btn_69ef83ba862ad a.bklyn-btn { font-weight:500 !important; }#bklyn_btn_69ef83ba862ad.bklyn-btn-header a.bklyn-btn { font-weight:500 !important; }#bklyn_btn_69ef83ba862ad.bklyn-btn-header a.bklyn-btn span { font-weight:500 !important; }#bklyn_btn_69ef83ba862ad a.bklyn-btn { text-transform:uppercase !important; }<\/style><div id=\"bklyn_btn_69ef83ba862ad\" class=\"bklyn-btn-holder  bklyn-btn-last bklyn-btn-center bklyn-btn-tablet-center bklyn-btn-mobile-center\"><a title=\"\"   href=\"https:\/\/direct-book.com\/properties\/riyadelcadidirect?number_nights=3&#038;number_adults=2&#038;promotion_code=Special\" target=\"_self\" class=\"bklyn-btn  bklyn-btn-small\" ><span class=\"ut-btn-text\">Reservierung<\/span><\/a><\/div><\/div>[\/vc_column][\/vc_row][vc_row equal_height=&#8220;yes&#8220; content_placement=&#8220;middle&#8220; css=&#8220;.vc_custom_1588291984842{margin-bottom: 40px !important;border-radius: 1px !important;}&#8220;][vc_column width=&#8220;2\/3&#8243; css=&#8220;.vc_custom_1588338377404{padding-top: 160px !important;padding-bottom: 160px !important;background-image: url(https:\/\/www.riyadelcadi.com\/wp-content\/uploads\/2015\/11\/Master-Suite-Patio-4-c-Keohane-e1448641461436.jpg?id=17601) !important;background-position: center !important;background-repeat: no-repeat !important;background-size: cover !important;}&#8220;][\/vc_column][vc_column width=&#8220;1\/3&#8243; css=&#8220;.vc_custom_1553275628359{background-color: #faf8f4 !important;}&#8220;][vc_column_text]<\/p>\n<h2><a href=\"https:\/\/www.riyadelcadi.com\/de\/rooms-chambres\/master-suite\/\">MASTER SUITE<\/a><\/h2>\n<p style=\"text-align: left;\"><span style=\"color: #193d38;\">Senior Suite<\/span><\/p>\n<ul>\n<li style=\"text-align: left;\">1.\/2. Stock<\/li>\n<li>klimatisiert<\/li>\n<li>Wohnzimmer, Patio, Dachterrasse<\/li>\n<li style=\"text-align: left;\">bis zu 3 Personen<\/li>\n<\/ul>\n<p>[\/vc_column_text]<div class=\"ut-btn-group  ut-btn-group-center ut-btn-group-tablet-center ut-btn-group-mobile-center clearfix\"><style type=\"text\/css\">#bklyn_btn_69ef83ba86344 .bklyn-btn { color:#ffffff !important; background-color:#193d38 !important; }#bklyn_btn_69ef83ba86344 .bklyn-btn:hover{ color:#ffffff !important; background-color:#46635f !important; }#bklyn_btn_69ef83ba86344 .bklyn-btn:focus{ color:#ffffff !important; background-color:#46635f !important; }#bklyn_btn_69ef83ba86344 .bklyn-btn:active { color:#ffffff !important; background-color:#46635f !important; }#bklyn_btn_69ef83ba86344 a.bklyn-btn { font-weight:500 !important; }#bklyn_btn_69ef83ba86344.bklyn-btn-header a.bklyn-btn { font-weight:500 !important; }#bklyn_btn_69ef83ba86344.bklyn-btn-header a.bklyn-btn span { font-weight:500 !important; }#bklyn_btn_69ef83ba86344 a.bklyn-btn { font-family:inherit !important; }<\/style><div id=\"bklyn_btn_69ef83ba86344\" class=\"bklyn-btn-holder  bklyn-btn-first bklyn-btn-center bklyn-btn-tablet-center bklyn-btn-mobile-center\"><a title=\"Master Suite\"   href=\"https:\/\/www.riyadelcadi.com\/de\/rooms-chambres\/master-suite\/\" target=\"_self\" class=\"bklyn-btn  bklyn-btn-small\" ><span class=\"ut-btn-text\">ZUM ZIMMER<\/span><\/a><\/div><style type=\"text\/css\">#bklyn_btn_69ef83ba863a5 .bklyn-btn { color:#ffffff !important; background-color:#eca65c !important; }#bklyn_btn_69ef83ba863a5 .bklyn-btn:hover{ color:#ffffff !important; background-color:#efb273 !important; }#bklyn_btn_69ef83ba863a5 .bklyn-btn:focus{ color:#ffffff !important; background-color:#efb273 !important; }#bklyn_btn_69ef83ba863a5 .bklyn-btn:active { color:#ffffff !important; background-color:#efb273 !important; }#bklyn_btn_69ef83ba863a5 a.bklyn-btn { font-weight:500 !important; }#bklyn_btn_69ef83ba863a5.bklyn-btn-header a.bklyn-btn { font-weight:500 !important; }#bklyn_btn_69ef83ba863a5.bklyn-btn-header a.bklyn-btn span { font-weight:500 !important; }#bklyn_btn_69ef83ba863a5 a.bklyn-btn { text-transform:uppercase !important; }<\/style><div id=\"bklyn_btn_69ef83ba863a5\" class=\"bklyn-btn-holder  bklyn-btn-last bklyn-btn-center bklyn-btn-tablet-center bklyn-btn-mobile-center\"><a title=\"\"   href=\"https:\/\/direct-book.com\/properties\/riyadelcadidirect?number_nights=3&#038;number_adults=2&#038;promotion_code=Special\" target=\"_self\" class=\"bklyn-btn  bklyn-btn-small\" ><span class=\"ut-btn-text\">Reservierung<\/span><\/a><\/div><\/div>[\/vc_column][\/vc_row][\/vc_section]<\/p>\n<\/div>","protected":false},"excerpt":{"rendered":"<p>[vc_section][vc_row][vc_column css=&#8220;.vc_custom_1588335465436{background-color: #faf8f4 !important;}&#8220;][vc_column_text] Alle Suiten liegen im 1. oder 2. Stock und sind klimatisiert. Badezimmer verf\u00fcgen \u00fcber eine Badewanne\u00a0(Ausnahme: Master Suite) Alle Suiten haben entweder ein Wohnzimmer und ein zus\u00e4tzliches Zimmer oder einen Balkon\/Terrasse. Alle Zimmer haben private Badezimmer mit Bio-Toilettenartikeln auf der Basis von Argan\u00f6l, Badem\u00e4ntel, Hausschuhe und F\u00f6n. [\/vc_column_text][\/vc_column][\/vc_row][vc_row][vc_column][vc_empty_space height=&#8220;5px&#8220;][\/vc_column][\/vc_row][vc_row equal_height=&#8220;yes&#8220; content_placement=&#8220;middle&#8220; [&hellip;]<\/p>\n","protected":false},"author":4,"featured_media":23608,"parent":18517,"menu_order":0,"comment_status":"closed","ping_status":"closed","template":"","meta":{"footnotes":""},"yoast_head":"<!-- This site is optimized with the Yoast SEO plugin v24.5 - https:\/\/yoast.com\/wordpress\/plugins\/seo\/ -->\n<title>Senior Suiten - Riyad El Cadi<\/title>\n<meta name=\"robots\" content=\"index, follow, max-snippet:-1, max-image-preview:large, max-video-preview:-1\" \/>\n<link rel=\"canonical\" href=\"https:\/\/www.riyadelcadi.com\/de\/zimmer\/senior-suiten\/\" \/>\n<meta property=\"og:locale\" content=\"de_DE\" \/>\n<meta property=\"og:type\" content=\"article\" \/>\n<meta property=\"og:title\" content=\"Senior Suiten - Riyad El Cadi\" \/>\n<meta property=\"og:description\" content=\"[vc_section][vc_row][vc_column css=&#8220;.vc_custom_1588335465436{background-color: #faf8f4 !important;}&#8220;][vc_column_text] Alle Suiten liegen im 1. oder 2. Stock und sind klimatisiert. Badezimmer verf\u00fcgen \u00fcber eine Badewanne\u00a0(Ausnahme: Master Suite) Alle Suiten haben entweder ein Wohnzimmer und ein zus\u00e4tzliches Zimmer oder einen Balkon\/Terrasse. Alle Zimmer haben private Badezimmer mit Bio-Toilettenartikeln auf der Basis von Argan\u00f6l, Badem\u00e4ntel, Hausschuhe und F\u00f6n. [\/vc_column_text][\/vc_column][\/vc_row][vc_row][vc_column][vc_empty_space height=&#8220;5px&#8220;][\/vc_column][\/vc_row][vc_row equal_height=&#8220;yes&#8220; content_placement=&#8220;middle&#8220; [&hellip;]\" \/>\n<meta property=\"og:url\" content=\"https:\/\/www.riyadelcadi.com\/de\/zimmer\/senior-suiten\/\" \/>\n<meta property=\"og:site_name\" content=\"Riyad El Cadi\" \/>\n<meta property=\"article:publisher\" content=\"https:\/\/www.facebook.com\/RiyadElCadi\/\" \/>\n<meta property=\"article:modified_time\" content=\"2023-01-26T13:58:00+00:00\" \/>\n<meta property=\"og:image\" content=\"https:\/\/www.riyadelcadi.com\/wp-content\/uploads\/2019\/02\/Curtain-Pattern_jed.kaoru_.share_.jpg\" \/>\n\t<meta property=\"og:image:width\" content=\"1280\" \/>\n\t<meta property=\"og:image:height\" content=\"853\" \/>\n\t<meta property=\"og:image:type\" content=\"image\/jpeg\" \/>\n<meta name=\"twitter:card\" content=\"summary_large_image\" \/>\n<meta name=\"twitter:label1\" content=\"Gesch\u00e4tzte Lesezeit\" \/>\n\t<meta name=\"twitter:data1\" content=\"2\u00a0Minuten\" \/>\n<script type=\"application\/ld+json\" class=\"yoast-schema-graph\">{\"@context\":\"https:\/\/schema.org\",\"@graph\":[{\"@type\":\"WebPage\",\"@id\":\"https:\/\/www.riyadelcadi.com\/de\/zimmer\/senior-suiten\/\",\"url\":\"https:\/\/www.riyadelcadi.com\/de\/zimmer\/senior-suiten\/\",\"name\":\"Senior Suiten - Riyad El Cadi\",\"isPartOf\":{\"@id\":\"https:\/\/www.riyadelcadi.com\/de\/#website\"},\"primaryImageOfPage\":{\"@id\":\"https:\/\/www.riyadelcadi.com\/de\/zimmer\/senior-suiten\/#primaryimage\"},\"image\":{\"@id\":\"https:\/\/www.riyadelcadi.com\/de\/zimmer\/senior-suiten\/#primaryimage\"},\"thumbnailUrl\":\"https:\/\/www.riyadelcadi.com\/wp-content\/uploads\/2019\/02\/Curtain-Pattern_jed.kaoru_.share_.jpg\",\"datePublished\":\"2020-05-01T12:58:33+00:00\",\"dateModified\":\"2023-01-26T13:58:00+00:00\",\"breadcrumb\":{\"@id\":\"https:\/\/www.riyadelcadi.com\/de\/zimmer\/senior-suiten\/#breadcrumb\"},\"inLanguage\":\"de\",\"potentialAction\":[{\"@type\":\"ReadAction\",\"target\":[\"https:\/\/www.riyadelcadi.com\/de\/zimmer\/senior-suiten\/\"]}]},{\"@type\":\"ImageObject\",\"inLanguage\":\"de\",\"@id\":\"https:\/\/www.riyadelcadi.com\/de\/zimmer\/senior-suiten\/#primaryimage\",\"url\":\"https:\/\/www.riyadelcadi.com\/wp-content\/uploads\/2019\/02\/Curtain-Pattern_jed.kaoru_.share_.jpg\",\"contentUrl\":\"https:\/\/www.riyadelcadi.com\/wp-content\/uploads\/2019\/02\/Curtain-Pattern_jed.kaoru_.share_.jpg\",\"width\":1280,\"height\":853},{\"@type\":\"BreadcrumbList\",\"@id\":\"https:\/\/www.riyadelcadi.com\/de\/zimmer\/senior-suiten\/#breadcrumb\",\"itemListElement\":[{\"@type\":\"ListItem\",\"position\":1,\"name\":\"Startseite\",\"item\":\"https:\/\/www.riyadelcadi.com\/de\/\"},{\"@type\":\"ListItem\",\"position\":2,\"name\":\"Unsere Zimmer\",\"item\":\"https:\/\/www.riyadelcadi.com\/de\/zimmer\/\"},{\"@type\":\"ListItem\",\"position\":3,\"name\":\"Senior Suiten\"}]},{\"@type\":\"WebSite\",\"@id\":\"https:\/\/www.riyadelcadi.com\/de\/#website\",\"url\":\"https:\/\/www.riyadelcadi.com\/de\/\",\"name\":\"Riyad El Cadi\",\"description\":\"Riad mit Stil in Marrakesch\",\"potentialAction\":[{\"@type\":\"SearchAction\",\"target\":{\"@type\":\"EntryPoint\",\"urlTemplate\":\"https:\/\/www.riyadelcadi.com\/de\/?s={search_term_string}\"},\"query-input\":{\"@type\":\"PropertyValueSpecification\",\"valueRequired\":true,\"valueName\":\"search_term_string\"}}],\"inLanguage\":\"de\"}]}<\/script>\n<!-- \/ Yoast SEO plugin. -->","yoast_head_json":{"title":"Senior Suiten - Riyad El Cadi","robots":{"index":"index","follow":"follow","max-snippet":"max-snippet:-1","max-image-preview":"max-image-preview:large","max-video-preview":"max-video-preview:-1"},"canonical":"https:\/\/www.riyadelcadi.com\/de\/zimmer\/senior-suiten\/","og_locale":"de_DE","og_type":"article","og_title":"Senior Suiten - Riyad El Cadi","og_description":"[vc_section][vc_row][vc_column css=&#8220;.vc_custom_1588335465436{background-color: #faf8f4 !important;}&#8220;][vc_column_text] Alle Suiten liegen im 1. oder 2. Stock und sind klimatisiert. Badezimmer verf\u00fcgen \u00fcber eine Badewanne\u00a0(Ausnahme: Master Suite) Alle Suiten haben entweder ein Wohnzimmer und ein zus\u00e4tzliches Zimmer oder einen Balkon\/Terrasse. Alle Zimmer haben private Badezimmer mit Bio-Toilettenartikeln auf der Basis von Argan\u00f6l, Badem\u00e4ntel, Hausschuhe und F\u00f6n. [\/vc_column_text][\/vc_column][\/vc_row][vc_row][vc_column][vc_empty_space height=&#8220;5px&#8220;][\/vc_column][\/vc_row][vc_row equal_height=&#8220;yes&#8220; content_placement=&#8220;middle&#8220; [&hellip;]","og_url":"https:\/\/www.riyadelcadi.com\/de\/zimmer\/senior-suiten\/","og_site_name":"Riyad El Cadi","article_publisher":"https:\/\/www.facebook.com\/RiyadElCadi\/","article_modified_time":"2023-01-26T13:58:00+00:00","og_image":[{"width":1280,"height":853,"url":"https:\/\/www.riyadelcadi.com\/wp-content\/uploads\/2019\/02\/Curtain-Pattern_jed.kaoru_.share_.jpg","type":"image\/jpeg"}],"twitter_card":"summary_large_image","twitter_misc":{"Gesch\u00e4tzte Lesezeit":"2\u00a0Minuten"},"schema":{"@context":"https:\/\/schema.org","@graph":[{"@type":"WebPage","@id":"https:\/\/www.riyadelcadi.com\/de\/zimmer\/senior-suiten\/","url":"https:\/\/www.riyadelcadi.com\/de\/zimmer\/senior-suiten\/","name":"Senior Suiten - Riyad El Cadi","isPartOf":{"@id":"https:\/\/www.riyadelcadi.com\/de\/#website"},"primaryImageOfPage":{"@id":"https:\/\/www.riyadelcadi.com\/de\/zimmer\/senior-suiten\/#primaryimage"},"image":{"@id":"https:\/\/www.riyadelcadi.com\/de\/zimmer\/senior-suiten\/#primaryimage"},"thumbnailUrl":"https:\/\/www.riyadelcadi.com\/wp-content\/uploads\/2019\/02\/Curtain-Pattern_jed.kaoru_.share_.jpg","datePublished":"2020-05-01T12:58:33+00:00","dateModified":"2023-01-26T13:58:00+00:00","breadcrumb":{"@id":"https:\/\/www.riyadelcadi.com\/de\/zimmer\/senior-suiten\/#breadcrumb"},"inLanguage":"de","potentialAction":[{"@type":"ReadAction","target":["https:\/\/www.riyadelcadi.com\/de\/zimmer\/senior-suiten\/"]}]},{"@type":"ImageObject","inLanguage":"de","@id":"https:\/\/www.riyadelcadi.com\/de\/zimmer\/senior-suiten\/#primaryimage","url":"https:\/\/www.riyadelcadi.com\/wp-content\/uploads\/2019\/02\/Curtain-Pattern_jed.kaoru_.share_.jpg","contentUrl":"https:\/\/www.riyadelcadi.com\/wp-content\/uploads\/2019\/02\/Curtain-Pattern_jed.kaoru_.share_.jpg","width":1280,"height":853},{"@type":"BreadcrumbList","@id":"https:\/\/www.riyadelcadi.com\/de\/zimmer\/senior-suiten\/#breadcrumb","itemListElement":[{"@type":"ListItem","position":1,"name":"Startseite","item":"https:\/\/www.riyadelcadi.com\/de\/"},{"@type":"ListItem","position":2,"name":"Unsere Zimmer","item":"https:\/\/www.riyadelcadi.com\/de\/zimmer\/"},{"@type":"ListItem","position":3,"name":"Senior Suiten"}]},{"@type":"WebSite","@id":"https:\/\/www.riyadelcadi.com\/de\/#website","url":"https:\/\/www.riyadelcadi.com\/de\/","name":"Riyad El Cadi","description":"Riad mit Stil in Marrakesch","potentialAction":[{"@type":"SearchAction","target":{"@type":"EntryPoint","urlTemplate":"https:\/\/www.riyadelcadi.com\/de\/?s={search_term_string}"},"query-input":{"@type":"PropertyValueSpecification","valueRequired":true,"valueName":"search_term_string"}}],"inLanguage":"de"}]}},"_links":{"self":[{"href":"https:\/\/www.riyadelcadi.com\/de\/wp-json\/wp\/v2\/pages\/28611"}],"collection":[{"href":"https:\/\/www.riyadelcadi.com\/de\/wp-json\/wp\/v2\/pages"}],"about":[{"href":"https:\/\/www.riyadelcadi.com\/de\/wp-json\/wp\/v2\/types\/page"}],"author":[{"embeddable":true,"href":"https:\/\/www.riyadelcadi.com\/de\/wp-json\/wp\/v2\/users\/4"}],"replies":[{"embeddable":true,"href":"https:\/\/www.riyadelcadi.com\/de\/wp-json\/wp\/v2\/comments?post=28611"}],"version-history":[{"count":0,"href":"https:\/\/www.riyadelcadi.com\/de\/wp-json\/wp\/v2\/pages\/28611\/revisions"}],"up":[{"embeddable":true,"href":"https:\/\/www.riyadelcadi.com\/de\/wp-json\/wp\/v2\/pages\/18517"}],"wp:featuredmedia":[{"embeddable":true,"href":"https:\/\/www.riyadelcadi.com\/de\/wp-json\/wp\/v2\/media\/23608"}],"wp:attachment":[{"href":"https:\/\/www.riyadelcadi.com\/de\/wp-json\/wp\/v2\/media?parent=28611"}],"curies":[{"name":"wp","href":"https:\/\/api.w.org\/{rel}","templated":true}]}}