{"id":18213,"date":"2015-12-26T15:03:06","date_gmt":"2015-12-26T14:03:06","guid":{"rendered":"http:\/\/www.riyadelcadi.com\/?page_id=18213&#038;lang=de"},"modified":"2024-11-05T23:55:34","modified_gmt":"2024-11-05T22:55:34","slug":"team","status":"publish","type":"page","link":"https:\/\/www.riyadelcadi.com\/de\/riad-2\/team\/","title":{"rendered":"Team: Pers\u00f6nlicher Service in Marrakesch"},"content":{"rendered":"<div class=\"wpb-content-wrapper\"><p>[vc_section][vc_row][vc_column][vc_column_text]<\/p>\n<p style=\"text-align: left;\"><img decoding=\"async\" class=\"size-medium wp-image-33947 alignleft\" src=\"https:\/\/www.riyadelcadi.com\/wp-content\/uploads\/2024\/10\/Julia-Bartels-A6_5329-cMichael-Bley-650x433.jpg\" alt=\"\" width=\"162\" height=\"108\" srcset=\"https:\/\/www.riyadelcadi.com\/wp-content\/uploads\/2024\/10\/Julia-Bartels-A6_5329-cMichael-Bley-650x433.jpg 650w, https:\/\/www.riyadelcadi.com\/wp-content\/uploads\/2024\/10\/Julia-Bartels-A6_5329-cMichael-Bley-1300x867.jpg 1300w, https:\/\/www.riyadelcadi.com\/wp-content\/uploads\/2024\/10\/Julia-Bartels-A6_5329-cMichael-Bley-325x217.jpg 325w\" sizes=\"(max-width: 162px) 100vw, 162px\" \/>Unser Riad lebt von den Menschen, die hier arbeiten &#8211; unser Team ist das Herz und die Seele des Hauses. Ich bin sehr gl\u00fccklich, so viele wunderbare Mitarbeiter zu haben, die diesen Ort so warmherzig, sch\u00f6n und besonders machen. Gemeinsam sorgen wir daf\u00fcr, dass unsere G\u00e4ste im Riad verw\u00f6hnt werden wie bei Freunden. Unser Service ist unaufdringlich, aber immer pr\u00e4sent.<\/p>\n<p><em>Julia Bartels<\/em>[\/vc_column_text][\/vc_column][\/vc_row][vc_row][vc_column][vc_column_text]<\/p>\n<h3>Darf ich vorstellen:<\/h3>\n<p>[\/vc_column_text][\/vc_column][\/vc_row][vc_row effect=&#8220;fadeIn&#8220; el_name=&#8220;Bilder 872&#215;1420&#8243;][vc_column width=&#8220;1\/4&#8243; background_position=&#8220;center center&#8220;]<div class=\"wpb_content_element \"><style type=\"text\/css\">#ut_tm_69ef853ac3a3d .bklyn-team-member-ocupation { color: #999999; }#ut_tm_69ef853ac3a3d .bklyn-team-member-social-icons a { font-size: 18px; }#ut_tm_69ef853ac3a3d .bklyn-team-member-ocupation { font-weight: 600; }#ut_tm_69ef853ac3a3d .bklyn-team-member-ocupation { letter-spacing: 0.05em; }#ut_tm_69ef853ac3a3d .bklyn-team-member-ocupation { margin-bottom: 10px; }#ut_tm_69ef853ac3a3d .bklyn-team-member-social-icons a { color: #333333; }#ut_tm_69ef853ac3a3d .bklyn-team-member-social-icons a:visited { color: #333333; }#ut_tm_69ef853ac3a3d .bklyn-team-member-social-icons a:hover { color: #999999; }#ut_tm_69ef853ac3a3d .bklyn-team-member-social-icons a:focus { color: #999999; }#ut_tm_69ef853ac3a3d .bklyn-team-member-social-icons a:active { color: #999999; }<\/style><div id=\"ut_tm_69ef853ac3a3d\" class=\"bklyn-team-member bklyn-team-member-style-1  bklyn-team-member-center\"><a title=\"Concierge Tipps f\u00fcr Marrakesch\" href=\"https:\/\/www.riyadelcadi.com\/de\/riad-2\/team\/concierge-tipps-fuer-marrakesch\/\" target=\"_self\" ><div class=\"bklyn-team-member-avatar \"><img decoding=\"async\" alt=\"Khadija Marai-DSC5050 (c)Michael-Bley\" class=\"ut-lozad\" src=\"data:image\/svg+xml;charset=utf-8,%3Csvg xmlns%3D'http%3A%2F%2Fwww.w3.org%2F2000%2Fsvg' viewBox%3D'0 0 826 1239'%2F%3E\" data-src=\"https:\/\/www.riyadelcadi.com\/wp-content\/uploads\/2024\/10\/Khadija-Marai-DSC5050-cMichael-Bley-1-scaled-e1730213665776.jpg\"><\/div><\/a><div class=\"bklyn-team-member-info\"><h3 class=\"bklyn-team-member-name\">Khadija<\/h3><p class=\"bklyn-team-member-ocupation\">REZEPTION<\/p><p class=\"bklyn-team-member-description\">Khadija im Empfang ist Ihnen gerne bei der Erf\u00fcllung Ihrer W\u00fcnsche und beim Planen Ihres Urlaubs behilflich. Sie steht Ihnen von morgens bis zum Nachmittag mit Rat zur Seite, bucht Restaurants und Stadtf\u00fchrer und organisiert vieles andere mehr.<br \/>\nKhadija begleitet den englischsprachigen Kochkurs.<br \/>\nIhre ganz pers\u00f6nlichen Tipps f\u00fcr Ihren Aufenthalt in Marrakesch finden Sie hier: <a href=\"https:\/\/www.riyadelcadi.com\/de\/riad-2\/team\/concierge-tipps-fuer-marrakesch\/\">Tipps<\/a><\/p><\/div><\/div><\/div>[\/vc_column][vc_column width=&#8220;1\/4&#8243;]<div class=\"wpb_content_element \"><style type=\"text\/css\">#ut_tm_69ef853acae10 .bklyn-team-member-ocupation { color: #999999; }#ut_tm_69ef853acae10 .bklyn-team-member-social-icons a { font-size: 18px; }#ut_tm_69ef853acae10 .bklyn-team-member-ocupation { font-weight: 600; }#ut_tm_69ef853acae10 .bklyn-team-member-ocupation { letter-spacing: 0.05em; }#ut_tm_69ef853acae10 .bklyn-team-member-ocupation { margin-bottom: 10px; }#ut_tm_69ef853acae10 .bklyn-team-member-social-icons a { color: #333333; }#ut_tm_69ef853acae10 .bklyn-team-member-social-icons a:visited { color: #333333; }#ut_tm_69ef853acae10 .bklyn-team-member-social-icons a:hover { color: #999999; }#ut_tm_69ef853acae10 .bklyn-team-member-social-icons a:focus { color: #999999; }#ut_tm_69ef853acae10 .bklyn-team-member-social-icons a:active { color: #999999; }<\/style><div id=\"ut_tm_69ef853acae10\" class=\"bklyn-team-member bklyn-team-member-style-1  bklyn-team-member-left\"><a title=\"\" href=\"https:\/\/www.riyadelcadi.com\/riad-in-marrakech\/restaurant\/\" target=\"_self\" ><div class=\"bklyn-team-member-avatar \"><img decoding=\"async\" alt=\"A6_07490_Michael-Bley\" class=\"ut-lozad\" src=\"data:image\/svg+xml;charset=utf-8,%3Csvg xmlns%3D'http%3A%2F%2Fwww.w3.org%2F2000%2Fsvg' viewBox%3D'0 0 827 1240'%2F%3E\" data-src=\"https:\/\/www.riyadelcadi.com\/wp-content\/uploads\/2019\/10\/A6_07490_Michael-Bley-e1571672850282.jpg\"><\/div><\/a><div class=\"bklyn-team-member-info\"><h3 class=\"bklyn-team-member-name\">Hassan<\/h3><p class=\"bklyn-team-member-ocupation\">CHEF DE CUISINE<\/p><p class=\"bklyn-team-member-description\">Unser ausgezeichneter Chefkoch Hassan tr\u00e4gt mit seinem Kollegen Tariq und ihrer gro\u00dfen Palette von Gerichten marokkanischer und internationaler K\u00fcche dazu bei, dass Sie sich bei uns wohl f\u00fchlen. Seine Spezialit\u00e4t sind delikate marokkanische Salate in gro\u00dfer Variation und marokkanische Interpretationen von klassischen Desserts. Aber auch seine Tajines sind immer wieder k\u00f6stlich. Dank Hassans K\u00f6nnen haben wir eine der besten K\u00fcchen in Marrakech.<\/p>\n<p>Hassan weiht Sie gerne in die Geheimnisse der marokkanischen K\u00fcche in einem seiner Kochkurse ein: <a href=\"\/?page_id=17070\">Kochkurs<\/a>.<\/p><\/div><\/div><\/div>[\/vc_column][vc_column width=&#8220;1\/4&#8243;]<div class=\"wpb_content_element \"><style type=\"text\/css\">#ut_tm_69ef853ad8b3f .bklyn-team-member-ocupation { color: #999999; }#ut_tm_69ef853ad8b3f .bklyn-team-member-social-icons a { font-size: 18px; }#ut_tm_69ef853ad8b3f .bklyn-team-member-ocupation { font-weight: 600; }#ut_tm_69ef853ad8b3f .bklyn-team-member-ocupation { letter-spacing: 0.05em; }#ut_tm_69ef853ad8b3f .bklyn-team-member-ocupation { margin-bottom: 10px; }#ut_tm_69ef853ad8b3f .bklyn-team-member-social-icons a { color: #333333; }#ut_tm_69ef853ad8b3f .bklyn-team-member-social-icons a:visited { color: #333333; }#ut_tm_69ef853ad8b3f .bklyn-team-member-social-icons a:hover { color: #999999; }#ut_tm_69ef853ad8b3f .bklyn-team-member-social-icons a:focus { color: #999999; }#ut_tm_69ef853ad8b3f .bklyn-team-member-social-icons a:active { color: #999999; }<\/style><div id=\"ut_tm_69ef853ad8b3f\" class=\"bklyn-team-member bklyn-team-member-style-1  bklyn-team-member-left\"><a title=\"\" href=\"https:\/\/www.riyadelcadi.com\/riad-in-marrakech\/restaurant\/\" target=\"_self\" ><div class=\"bklyn-team-member-avatar \"><img decoding=\"async\" alt=\"Marrakesch-Kochkurs-Tariq\" class=\"ut-lozad\" src=\"data:image\/svg+xml;charset=utf-8,%3Csvg xmlns%3D'http%3A%2F%2Fwww.w3.org%2F2000%2Fsvg' viewBox%3D'0 0 684 1024'%2F%3E\" data-src=\"https:\/\/www.riyadelcadi.com\/wp-content\/uploads\/2019\/02\/Marrakesch-Kochkurs-Tariq.jpg\"><\/div><\/a><div class=\"bklyn-team-member-info\"><h3 class=\"bklyn-team-member-name\">Tariq<\/h3><p class=\"bklyn-team-member-ocupation\">CHEF DE CUISINE<\/p><p class=\"bklyn-team-member-description\">Tariq sorgt mit seinem Kollegen Hassan in der K\u00fcche f\u00fcr Ihr Wohlergehen mit einer gro\u00dfen Spannbreite an traditionellen marokkanischen und internationalen Gerichten. Seine Spezialit\u00e4t sind herzhafte Tajines und k\u00fcnstlerisch angerichtete internationale Salate. Bei uns finden Sie das beste Poulet au Citron der Stadt. Sie sollten aber schon Brot essen k\u00f6nnen &#8211; zum Auftunken der letzten Tropfen Sauce.<\/p>\n<p>Tariq f\u00fchrt Sie gerne in die Geheimnisse der marrokanischen K\u00fcche ein: <a href=\"\/?page_id=17070\">Kochkurs<\/a>.<\/p><\/div><\/div><\/div>[\/vc_column][vc_column width=&#8220;1\/4&#8243;]<div class=\"wpb_content_element \"><style type=\"text\/css\">#ut_tm_69ef853aecfad .bklyn-team-member-ocupation { color: #999999; }#ut_tm_69ef853aecfad .bklyn-team-member-social-icons a { font-size: 18px; }#ut_tm_69ef853aecfad .bklyn-team-member-ocupation { font-weight: 600; }#ut_tm_69ef853aecfad .bklyn-team-member-ocupation { letter-spacing: 0.05em; }#ut_tm_69ef853aecfad .bklyn-team-member-ocupation { margin-bottom: 10px; }#ut_tm_69ef853aecfad .bklyn-team-member-social-icons a { color: #333333; }#ut_tm_69ef853aecfad .bklyn-team-member-social-icons a:visited { color: #333333; }#ut_tm_69ef853aecfad .bklyn-team-member-social-icons a:hover { color: #999999; }#ut_tm_69ef853aecfad .bklyn-team-member-social-icons a:focus { color: #999999; }#ut_tm_69ef853aecfad .bklyn-team-member-social-icons a:active { color: #999999; }<\/style><div id=\"ut_tm_69ef853aecfad\" class=\"bklyn-team-member bklyn-team-member-style-1  bklyn-team-member-left\"><div class=\"bklyn-team-member-avatar \"><img decoding=\"async\" alt=\"Fatiha-DSC5013 (c)Michael-Bley\" class=\"ut-lozad\" src=\"data:image\/svg+xml;charset=utf-8,%3Csvg xmlns%3D'http%3A%2F%2Fwww.w3.org%2F2000%2Fsvg' viewBox%3D'0 0 870 1237'%2F%3E\" data-src=\"https:\/\/www.riyadelcadi.com\/wp-content\/uploads\/2024\/10\/Fatiha-DSC5013-cMichael-Bley-scaled-e1730220589251.jpg\"><\/div><div class=\"bklyn-team-member-info\"><h3 class=\"bklyn-team-member-name\">Fatiha<\/h3><p class=\"bklyn-team-member-ocupation\">HOUSEKEEPING<\/p><p class=\"bklyn-team-member-description\">Fatiha ist eine von vier Damen, die sich um Ihr Wohlergehen und Ihren Komfort in Ihrem marokkanischen Heim k\u00fcmmern.<\/p><\/div><\/div><\/div>[\/vc_column][\/vc_row][vc_row effect=&#8220;fadeIn&#8220;][vc_column width=&#8220;1\/4&#8243;]<div class=\"wpb_content_element \"><style type=\"text\/css\">#ut_tm_69ef853b057bb .bklyn-team-member-ocupation { color: #999999; }#ut_tm_69ef853b057bb .bklyn-team-member-social-icons a { font-size: 18px; }#ut_tm_69ef853b057bb .bklyn-team-member-ocupation { font-weight: 600; }#ut_tm_69ef853b057bb .bklyn-team-member-ocupation { letter-spacing: 0.05em; }#ut_tm_69ef853b057bb .bklyn-team-member-ocupation { margin-bottom: 10px; }#ut_tm_69ef853b057bb .bklyn-team-member-social-icons a { color: #333333; }#ut_tm_69ef853b057bb .bklyn-team-member-social-icons a:visited { color: #333333; }#ut_tm_69ef853b057bb .bklyn-team-member-social-icons a:hover { color: #999999; }#ut_tm_69ef853b057bb .bklyn-team-member-social-icons a:focus { color: #999999; }#ut_tm_69ef853b057bb .bklyn-team-member-social-icons a:active { color: #999999; }<\/style><div id=\"ut_tm_69ef853b057bb\" class=\"bklyn-team-member bklyn-team-member-style-1  bklyn-team-member-left\"><div class=\"bklyn-team-member-avatar \"><img decoding=\"async\" alt=\"Portrait-Hassan (c) Anna Bartels-3 Kopie\" class=\"ut-lozad\" src=\"data:image\/svg+xml;charset=utf-8,%3Csvg xmlns%3D'http%3A%2F%2Fwww.w3.org%2F2000%2Fsvg' viewBox%3D'0 0 683 1024'%2F%3E\" data-src=\"https:\/\/www.riyadelcadi.com\/wp-content\/uploads\/2019\/05\/Portrait-Hassan-c-Anna-Bartels-3-Kopie.jpg\"><\/div><div class=\"bklyn-team-member-info\"><h3 class=\"bklyn-team-member-name\">Hassan<\/h3><p class=\"bklyn-team-member-ocupation\">SERVICE<\/p><p class=\"bklyn-team-member-description\">Hassan begleitet Sie am Nachmittag und beim Abendessen mit feiner Zur\u00fcckhaltung und freundlicher Aufmerksamkeit und versorgt Sie kundig und immer up to date mit den neuesten Fu\u00dfballnachrichten aus Ihrem Heimatort.<\/p><\/div><\/div><\/div>[\/vc_column][vc_column width=&#8220;1\/4&#8243;]<div class=\"wpb_content_element \"><style type=\"text\/css\">#ut_tm_69ef853b1abd4 .bklyn-team-member-ocupation { color: #999999; }#ut_tm_69ef853b1abd4 .bklyn-team-member-social-icons a { font-size: 18px; }#ut_tm_69ef853b1abd4 .bklyn-team-member-ocupation { font-weight: 600; }#ut_tm_69ef853b1abd4 .bklyn-team-member-ocupation { letter-spacing: 0.05em; }#ut_tm_69ef853b1abd4 .bklyn-team-member-ocupation { margin-bottom: 10px; }#ut_tm_69ef853b1abd4 .bklyn-team-member-social-icons a { color: #333333; }#ut_tm_69ef853b1abd4 .bklyn-team-member-social-icons a:visited { color: #333333; }#ut_tm_69ef853b1abd4 .bklyn-team-member-social-icons a:hover { color: #999999; }#ut_tm_69ef853b1abd4 .bklyn-team-member-social-icons a:focus { color: #999999; }#ut_tm_69ef853b1abd4 .bklyn-team-member-social-icons a:active { color: #999999; }<\/style><div id=\"ut_tm_69ef853b1abd4\" class=\"bklyn-team-member bklyn-team-member-style-1  bklyn-team-member-left\"><div class=\"bklyn-team-member-avatar \"><img decoding=\"async\" alt=\"Fatima Boutaf (c)Anna Bartels-0\" class=\"ut-lozad\" src=\"data:image\/svg+xml;charset=utf-8,%3Csvg xmlns%3D'http%3A%2F%2Fwww.w3.org%2F2000%2Fsvg' viewBox%3D'0 0 683 1024'%2F%3E\" data-src=\"https:\/\/www.riyadelcadi.com\/wp-content\/uploads\/2019\/05\/Fatima-Boutaf-cAnna-Bartels-0.jpg\"><\/div><div class=\"bklyn-team-member-info\"><h3 class=\"bklyn-team-member-name\">Fatima<\/h3><p class=\"bklyn-team-member-ocupation\">HOUSEKEEPING<\/p><p class=\"bklyn-team-member-description\">Fatima ist die Grande Dame des Housekeeping. Vertrauensperson f\u00fcr alle Mitarbeiter, immer die erste im Haus und mit Naima die dienst\u00e4lteste unter uns.<\/p><\/div><\/div><\/div>[\/vc_column][vc_column width=&#8220;1\/4&#8243;]<div class=\"wpb_content_element \"><style type=\"text\/css\">#ut_tm_69ef853b280f6 .bklyn-team-member-ocupation { color: #999999; }#ut_tm_69ef853b280f6 .bklyn-team-member-social-icons a { font-size: 18px; }#ut_tm_69ef853b280f6 .bklyn-team-member-ocupation { font-weight: 600; }#ut_tm_69ef853b280f6 .bklyn-team-member-ocupation { letter-spacing: 0.05em; }#ut_tm_69ef853b280f6 .bklyn-team-member-ocupation { margin-bottom: 10px; }#ut_tm_69ef853b280f6 .bklyn-team-member-social-icons a { color: #333333; }#ut_tm_69ef853b280f6 .bklyn-team-member-social-icons a:visited { color: #333333; }#ut_tm_69ef853b280f6 .bklyn-team-member-social-icons a:hover { color: #999999; }#ut_tm_69ef853b280f6 .bklyn-team-member-social-icons a:focus { color: #999999; }#ut_tm_69ef853b280f6 .bklyn-team-member-social-icons a:active { color: #999999; }<\/style><div id=\"ut_tm_69ef853b280f6\" class=\"bklyn-team-member bklyn-team-member-style-1  bklyn-team-member-left\"><div class=\"bklyn-team-member-avatar \"><img decoding=\"async\" alt=\"Said (c)Anna Bartels\" class=\"ut-lozad\" src=\"data:image\/svg+xml;charset=utf-8,%3Csvg xmlns%3D'http%3A%2F%2Fwww.w3.org%2F2000%2Fsvg' viewBox%3D'0 0 683 1024'%2F%3E\" data-src=\"https:\/\/www.riyadelcadi.com\/wp-content\/uploads\/2019\/05\/Said-cAnna-Bartels.jpg\"><\/div><div class=\"bklyn-team-member-info\"><h3 class=\"bklyn-team-member-name\">Said<\/h3><p class=\"bklyn-team-member-ocupation\">SERVICE<\/p><p class=\"bklyn-team-member-description\">Said hat das strahlendste L\u00e4cheln von uns allen, hilft Ihnen mit dem Gep\u00e4ck, Ihrem Durst auf Kaffee und r\u00fchrt sogar &#8211; wenn Ihnen danach sein sollte &#8211; mitten in der Nacht ein paar Eier in die Pfanne. Er ist der Meister des Einpackens &#8211; nichts geht auf Ihrer Reise zu Bruch, das Auspacken allerdings kann lange dauern.<\/p><\/div><\/div><\/div>[\/vc_column][vc_column width=&#8220;1\/4&#8243;]<div class=\"wpb_content_element \"><style type=\"text\/css\">#ut_tm_69ef853b3467a .bklyn-team-member-ocupation { color: #999999; }#ut_tm_69ef853b3467a .bklyn-team-member-social-icons a { font-size: 18px; }#ut_tm_69ef853b3467a .bklyn-team-member-ocupation { font-weight: 600; }#ut_tm_69ef853b3467a .bklyn-team-member-ocupation { letter-spacing: 0.05em; }#ut_tm_69ef853b3467a .bklyn-team-member-ocupation { margin-bottom: 10px; }#ut_tm_69ef853b3467a .bklyn-team-member-social-icons a { color: #333333; }#ut_tm_69ef853b3467a .bklyn-team-member-social-icons a:visited { color: #333333; }#ut_tm_69ef853b3467a .bklyn-team-member-social-icons a:hover { color: #999999; }#ut_tm_69ef853b3467a .bklyn-team-member-social-icons a:focus { color: #999999; }#ut_tm_69ef853b3467a .bklyn-team-member-social-icons a:active { color: #999999; }<\/style><div id=\"ut_tm_69ef853b3467a\" class=\"bklyn-team-member bklyn-team-member-style-1  bklyn-team-member-left\"><div class=\"bklyn-team-member-avatar \"><img decoding=\"async\" alt=\"Henna Party Naima (c)Anna Bartels-2\" class=\"ut-lozad\" src=\"data:image\/svg+xml;charset=utf-8,%3Csvg xmlns%3D'http%3A%2F%2Fwww.w3.org%2F2000%2Fsvg' viewBox%3D'0 0 683 1024'%2F%3E\" data-src=\"https:\/\/www.riyadelcadi.com\/wp-content\/uploads\/2019\/05\/Henna-Party-Naima-cAnna-Bartels-2.jpg\"><\/div><div class=\"bklyn-team-member-info\"><h3 class=\"bklyn-team-member-name\">Naima<\/h3><p class=\"bklyn-team-member-ocupation\">HENNA, HOUSEKEEPING<\/p><p class=\"bklyn-team-member-description\">Naima gibt es im Riyad El Cadi so lange wie es das Riyad El Cadi gibt. Sie sorgt f\u00fcr Sauberkeit in Ihrem Zimmer und verziert auch Sie selbst, wenn Sie es denn w\u00fcnschen. Sie ist unsere gro\u00dfe Henna-Artistin.<\/p><\/div><\/div><\/div>[\/vc_column][\/vc_row][vc_row effect=&#8220;fadeIn&#8220;][vc_column width=&#8220;1\/2&#8243;]<div class=\"wpb_content_element \"><style type=\"text\/css\">#ut_tm_69ef853b43b48 .bklyn-team-member-ocupation { color: #999999; }#ut_tm_69ef853b43b48 .bklyn-team-member-social-icons a { font-size: 18px; }#ut_tm_69ef853b43b48 .bklyn-team-member-ocupation { font-weight: 600; }#ut_tm_69ef853b43b48 .bklyn-team-member-ocupation { letter-spacing: 0.05em; }#ut_tm_69ef853b43b48 .bklyn-team-member-ocupation { margin-bottom: 10px; }#ut_tm_69ef853b43b48 .bklyn-team-member-social-icons a { color: #333333; }#ut_tm_69ef853b43b48 .bklyn-team-member-social-icons a:visited { color: #333333; }#ut_tm_69ef853b43b48 .bklyn-team-member-social-icons a:hover { color: #999999; }#ut_tm_69ef853b43b48 .bklyn-team-member-social-icons a:focus { color: #999999; }#ut_tm_69ef853b43b48 .bklyn-team-member-social-icons a:active { color: #999999; }<\/style><div id=\"ut_tm_69ef853b43b48\" class=\"bklyn-team-member bklyn-team-member-style-1  bklyn-team-member-left\"><div class=\"bklyn-team-member-avatar \"><img decoding=\"async\" alt=\"Filles (c)Anna Bartels-2\" class=\"ut-lozad\" src=\"data:image\/svg+xml;charset=utf-8,%3Csvg xmlns%3D'http%3A%2F%2Fwww.w3.org%2F2000%2Fsvg' viewBox%3D'0 0 1280 854'%2F%3E\" data-src=\"https:\/\/www.riyadelcadi.com\/wp-content\/uploads\/2019\/05\/Filles-cAnna-Bartels-2.jpg\"><\/div><div class=\"bklyn-team-member-info\"><h3 class=\"bklyn-team-member-name\">``Les Filles``<\/h3><p class=\"bklyn-team-member-ocupation\">K\u00dcCHE, W\u00c4SCHEREI, ZIMMER<\/p><p class=\"bklyn-team-member-description\">Unsere Frauen arbeiten zumeist im Hintergrund, nicht sichtbar, aber nicht weniger wichtig. Sie backen das Brot in der K\u00fcche, sorgen f\u00fcr saubere W\u00e4sche und f\u00fcr reinliche Zimmer. Sie sind die starken Pers\u00f6nlichkeiten in unserer Mannschaft. <\/p><\/div><\/div><\/div>[\/vc_column][vc_column width=&#8220;1\/4&#8243;]<div class=\"wpb_content_element \"><style type=\"text\/css\">#ut_tm_69ef853b4e325 .bklyn-team-member-ocupation { color: #999999; }#ut_tm_69ef853b4e325 .bklyn-team-member-social-icons a { font-size: 18px; }#ut_tm_69ef853b4e325 .bklyn-team-member-ocupation { font-weight: 600; }#ut_tm_69ef853b4e325 .bklyn-team-member-ocupation { letter-spacing: 0.05em; }#ut_tm_69ef853b4e325 .bklyn-team-member-ocupation { margin-bottom: 10px; }#ut_tm_69ef853b4e325 .bklyn-team-member-social-icons a { color: #333333; }#ut_tm_69ef853b4e325 .bklyn-team-member-social-icons a:visited { color: #333333; }#ut_tm_69ef853b4e325 .bklyn-team-member-social-icons a:hover { color: #999999; }#ut_tm_69ef853b4e325 .bklyn-team-member-social-icons a:focus { color: #999999; }#ut_tm_69ef853b4e325 .bklyn-team-member-social-icons a:active { color: #999999; }<\/style><div id=\"ut_tm_69ef853b4e325\" class=\"bklyn-team-member bklyn-team-member-style-1  bklyn-team-member-left\"><div class=\"bklyn-team-member-avatar \"><img decoding=\"async\" alt=\"Portrait-Karim (c)Anna Bartels-2\" class=\"ut-lozad\" src=\"data:image\/svg+xml;charset=utf-8,%3Csvg xmlns%3D'http%3A%2F%2Fwww.w3.org%2F2000%2Fsvg' viewBox%3D'0 0 682 971'%2F%3E\" data-src=\"https:\/\/www.riyadelcadi.com\/wp-content\/uploads\/2019\/05\/Portrait-Karim-cAnna-Bartels-2-e1730216352347.jpg\"><\/div><div class=\"bklyn-team-member-info\"><h3 class=\"bklyn-team-member-name\">Karim<\/h3><p class=\"bklyn-team-member-ocupation\">RECEPTION<\/p><p class=\"bklyn-team-member-description\">Karim betreut abends und Sonntags die Rezeption: er reserviert f\u00fcr Sie Restaurants, Ausfl\u00fcge, Transfers und Kochkurse. Karim hat den besten \u00dcberblick \u00fcber unsere Tabellen, Listen und Pl\u00e4ne.<\/p><\/div><\/div><\/div>[\/vc_column][vc_column width=&#8220;1\/4&#8243;]<div class=\"wpb_content_element \"><style type=\"text\/css\">#ut_tm_69ef853b588a3 .bklyn-team-member-ocupation { color: #999999; }#ut_tm_69ef853b588a3 .bklyn-team-member-social-icons a { font-size: 18px; }#ut_tm_69ef853b588a3 .bklyn-team-member-ocupation { font-weight: 600; }#ut_tm_69ef853b588a3 .bklyn-team-member-ocupation { letter-spacing: 0.05em; }#ut_tm_69ef853b588a3 .bklyn-team-member-ocupation { margin-bottom: 10px; }#ut_tm_69ef853b588a3 .bklyn-team-member-social-icons a { color: #333333; }#ut_tm_69ef853b588a3 .bklyn-team-member-social-icons a:visited { color: #333333; }#ut_tm_69ef853b588a3 .bklyn-team-member-social-icons a:hover { color: #999999; }#ut_tm_69ef853b588a3 .bklyn-team-member-social-icons a:focus { color: #999999; }#ut_tm_69ef853b588a3 .bklyn-team-member-social-icons a:active { color: #999999; }<\/style><div id=\"ut_tm_69ef853b588a3\" class=\"bklyn-team-member bklyn-team-member-style-1  bklyn-team-member-left\"><div class=\"bklyn-team-member-avatar \"><img decoding=\"async\" alt=\"Abdou_DSC4984 (c)Michael-Bley\" class=\"ut-lozad\" src=\"data:image\/svg+xml;charset=utf-8,%3Csvg xmlns%3D'http%3A%2F%2Fwww.w3.org%2F2000%2Fsvg' viewBox%3D'0 0 872 1239'%2F%3E\" data-src=\"https:\/\/www.riyadelcadi.com\/wp-content\/uploads\/2024\/10\/Abdou_DSC4984-cMichael-Bley-scaled-e1730215848314.jpg\"><\/div><div class=\"bklyn-team-member-info\"><h3 class=\"bklyn-team-member-name\">Abderrazak<\/h3><p class=\"bklyn-team-member-ocupation\">SERVICE<\/p><p class=\"bklyn-team-member-description\">Abderrazak ist einer der &#8222;j\u00fcngsten&#8220; unserer Mitarbeiter und ein sehr gesch\u00e4tzter Neuzugang. Freundlich, aufmerksam und schnell springt er f\u00fcr alle ein, wenn mal wieder Not am Mann ist und bringt Ihnen Fr\u00fchst\u00fcck und Mittagessen.<\/p><\/div><\/div><\/div>[\/vc_column][\/vc_row][vc_row effect=&#8220;fadeIn&#8220;][vc_column width=&#8220;1\/4&#8243;]<div class=\"wpb_content_element \"><style type=\"text\/css\">#ut_tm_69ef853b626dc .bklyn-team-member-ocupation { color: #999999; }#ut_tm_69ef853b626dc .bklyn-team-member-social-icons a { font-size: 18px; }#ut_tm_69ef853b626dc .bklyn-team-member-ocupation { font-weight: 600; }#ut_tm_69ef853b626dc .bklyn-team-member-ocupation { letter-spacing: 0.05em; }#ut_tm_69ef853b626dc .bklyn-team-member-ocupation { margin-bottom: 10px; }#ut_tm_69ef853b626dc .bklyn-team-member-social-icons a { color: #333333; }#ut_tm_69ef853b626dc .bklyn-team-member-social-icons a:visited { color: #333333; }#ut_tm_69ef853b626dc .bklyn-team-member-social-icons a:hover { color: #999999; }#ut_tm_69ef853b626dc .bklyn-team-member-social-icons a:focus { color: #999999; }#ut_tm_69ef853b626dc .bklyn-team-member-social-icons a:active { color: #999999; }<\/style><div id=\"ut_tm_69ef853b626dc\" class=\"bklyn-team-member bklyn-team-member-style-1  bklyn-team-member-left\"><div class=\"bklyn-team-member-avatar \"><img decoding=\"async\" alt=\"A6_07575\" class=\"ut-lozad\" src=\"data:image\/svg+xml;charset=utf-8,%3Csvg xmlns%3D'http%3A%2F%2Fwww.w3.org%2F2000%2Fsvg' viewBox%3D'0 0 827 1240'%2F%3E\" data-src=\"https:\/\/www.riyadelcadi.com\/wp-content\/uploads\/2019\/10\/A6_07575-e1571673313409.jpg\"><\/div><div class=\"bklyn-team-member-info\"><h3 class=\"bklyn-team-member-name\">Youssef<\/h3><p class=\"bklyn-team-member-ocupation\">MANAGEMENT<\/p><p class=\"bklyn-team-member-description\">Mit gro\u00dfer Eleganz und sehr effizient leitet und \u00fcberwacht Youssef Betrieb und Mannschaft des Riyad El Cadi. Er ist nie aus der Ruhe zu bringen und vermutlich gibt es kein Problem, das er nicht l\u00f6sen k\u00f6nnte. Eins von drei Mannschaftsmitgliedern, das flie\u00dfend deutsch spricht. <\/p><\/div><\/div><\/div>[\/vc_column][vc_column width=&#8220;1\/4&#8243;]<div class=\"wpb_content_element \"><style type=\"text\/css\">#ut_tm_69ef853b6ad5d .bklyn-team-member-ocupation { color: #999999; }#ut_tm_69ef853b6ad5d .bklyn-team-member-social-icons a { font-size: 18px; }#ut_tm_69ef853b6ad5d .bklyn-team-member-ocupation { font-weight: 600; }#ut_tm_69ef853b6ad5d .bklyn-team-member-ocupation { letter-spacing: 0.05em; }#ut_tm_69ef853b6ad5d .bklyn-team-member-ocupation { margin-bottom: 10px; }#ut_tm_69ef853b6ad5d .bklyn-team-member-social-icons a { color: #333333; }#ut_tm_69ef853b6ad5d .bklyn-team-member-social-icons a:visited { color: #333333; }#ut_tm_69ef853b6ad5d .bklyn-team-member-social-icons a:hover { color: #999999; }#ut_tm_69ef853b6ad5d .bklyn-team-member-social-icons a:focus { color: #999999; }#ut_tm_69ef853b6ad5d .bklyn-team-member-social-icons a:active { color: #999999; }<\/style><div id=\"ut_tm_69ef853b6ad5d\" class=\"bklyn-team-member bklyn-team-member-style-1  bklyn-team-member-left\"><div class=\"bklyn-team-member-avatar \"><img decoding=\"async\" alt=\"Portrait-(c)Jelka von Langen\" class=\"ut-lozad\" src=\"data:image\/svg+xml;charset=utf-8,%3Csvg xmlns%3D'http%3A%2F%2Fwww.w3.org%2F2000%2Fsvg' viewBox%3D'0 0 684 1024'%2F%3E\" data-src=\"https:\/\/www.riyadelcadi.com\/wp-content\/uploads\/2019\/02\/Portrait-cJelka-von-Langen.jpg\"><\/div><div class=\"bklyn-team-member-info\"><h3 class=\"bklyn-team-member-name\">Julia<\/h3><p class=\"bklyn-team-member-ocupation\">MANAGEMENT<\/p><p class=\"bklyn-team-member-description\">Julia liebt Ihr Open-Air-B\u00fcro auf der Dachterrasse oder im Hof. Sie empfindet es als gro\u00dfes Gl\u00fcck, so viele wunderbare, herzliche und gute Kollegen um sich zu haben. Sie unterst\u00fctzt den Rest der Mannschaft alle paar Wochen direkt vor Ort.<\/p><\/div><\/div><\/div>[\/vc_column][vc_column width=&#8220;2\/4&#8243;]<div class=\"wpb_content_element \"><style type=\"text\/css\">#ut_tm_69ef853b7255a .bklyn-team-member-ocupation { color: #999999; }#ut_tm_69ef853b7255a .bklyn-team-member-social-icons a { font-size: 18px; }#ut_tm_69ef853b7255a .bklyn-team-member-ocupation { font-weight: 600; }#ut_tm_69ef853b7255a .bklyn-team-member-ocupation { letter-spacing: 0.05em; }#ut_tm_69ef853b7255a .bklyn-team-member-ocupation { margin-bottom: 10px; }#ut_tm_69ef853b7255a .bklyn-team-member-social-icons a { color: #333333; }#ut_tm_69ef853b7255a .bklyn-team-member-social-icons a:visited { color: #333333; }#ut_tm_69ef853b7255a .bklyn-team-member-social-icons a:hover { color: #999999; }#ut_tm_69ef853b7255a .bklyn-team-member-social-icons a:focus { color: #999999; }#ut_tm_69ef853b7255a .bklyn-team-member-social-icons a:active { color: #999999; }<\/style><div id=\"ut_tm_69ef853b7255a\" class=\"bklyn-team-member bklyn-team-member-style-1  bklyn-team-member-left\"><div class=\"bklyn-team-member-avatar \"><img decoding=\"async\" alt=\"RiyadElCadi-Team\" class=\"ut-lozad\" src=\"data:image\/svg+xml;charset=utf-8,%3Csvg xmlns%3D'http%3A%2F%2Fwww.w3.org%2F2000%2Fsvg' viewBox%3D'0 0 1280 942'%2F%3E\" data-src=\"https:\/\/www.riyadelcadi.com\/wp-content\/uploads\/2020\/07\/RiyadElCadi-Team.jpg\"><\/div><div class=\"bklyn-team-member-info\"><h3 class=\"bklyn-team-member-name\">Das Team<\/h3><p class=\"bklyn-team-member-ocupation\">DAS SIND WIR<\/p><p class=\"bklyn-team-member-description\">Wir alle sind seit vielen Jahren im Riad t\u00e4tig und kennen die W\u00fcnsche und Bed\u00fcrfnisse unserer G\u00e4ste genau. Wir, das sind ein eingespieltes Team von 19 unter der Leitung von Julia Bartels und Youssef Elharch.<\/p>\n<p>M\u00f6chten Sie mehr \u00fcber den Service im El Cadi Riad Marrakech erfahren? <a href=\"https:\/\/www.youtube.com\/watch?v=6UlumVrnQjA\">Video<\/a><\/p><\/div><\/div><\/div>[\/vc_column][\/vc_row][vc_row][vc_column width=&#8220;1\/6&#8243;][\/vc_column][vc_column width=&#8220;2\/3&#8243;][\/vc_column][vc_column width=&#8220;1\/6&#8243;][\/vc_column][\/vc_row][vc_row disable_element=&#8220;yes&#8220;][vc_column width=&#8220;1\/4&#8243;][\/vc_column][vc_column width=&#8220;1\/4&#8243;][\/vc_column][vc_column width=&#8220;1\/4&#8243;]<div class=\"wpb_content_element \"><style type=\"text\/css\">#ut_tm_69ef853b7a5ba .bklyn-team-member-ocupation { color: #999999; }#ut_tm_69ef853b7a5ba .bklyn-team-member-social-icons a { font-size: 18px; }#ut_tm_69ef853b7a5ba .bklyn-team-member-ocupation { font-weight: 600; }#ut_tm_69ef853b7a5ba .bklyn-team-member-ocupation { letter-spacing: 0.05em; }#ut_tm_69ef853b7a5ba .bklyn-team-member-ocupation { margin-bottom: 10px; }#ut_tm_69ef853b7a5ba .bklyn-team-member-social-icons a { color: #333333; }#ut_tm_69ef853b7a5ba .bklyn-team-member-social-icons a:visited { color: #333333; }#ut_tm_69ef853b7a5ba .bklyn-team-member-social-icons a:hover { color: #999999; }#ut_tm_69ef853b7a5ba .bklyn-team-member-social-icons a:focus { color: #999999; }#ut_tm_69ef853b7a5ba .bklyn-team-member-social-icons a:active { color: #999999; }<\/style><div id=\"ut_tm_69ef853b7a5ba\" class=\"bklyn-team-member bklyn-team-member-style-1  bklyn-team-member-left\"><div class=\"bklyn-team-member-avatar \"><img decoding=\"async\" alt=\"Samir\" class=\"ut-lozad\" src=\"data:image\/svg+xml;charset=utf-8,%3Csvg xmlns%3D'http%3A%2F%2Fwww.w3.org%2F2000%2Fsvg' viewBox%3D'0 0 684 1024'%2F%3E\" data-src=\"https:\/\/www.riyadelcadi.com\/wp-content\/uploads\/2019\/02\/Marrakesch-Kochkurs-230.jpg\"><\/div><div class=\"bklyn-team-member-info\"><h3 class=\"bklyn-team-member-name\">Samir<\/h3><p class=\"bklyn-team-member-ocupation\">KOCHKURS DEUTSCH, SERVICE<\/p><p class=\"bklyn-team-member-description\">Samir begleitet Sie bei Ihrem Kochkurs in flie\u00dfendem Deutsch und sorgt f\u00fcr viel Gel\u00e4chter beim harten Gesch\u00e4ft des Gem\u00fcse schnibbelns.<br \/>\nVormittags serviert er Ihnen mit viel Charme und einem gro\u00dfen L\u00e4cheln Fr\u00fchst\u00fcck und Mittagessen.<\/p><\/div><div class=\"bklyn-team-member-social-icons \"><ul><li><a title=\"Facebook\" href=\"https:\/\/www.facebook.com\/samir.smith.50951\" target=\"_blank\" rel=\"nofollow\"><i class=\"fa fa-facebook-official\"><\/i><\/a><\/li><\/ul><\/div><\/div><\/div>[\/vc_column][vc_column width=&#8220;1\/4&#8243;]<div class=\"wpb_content_element \"><style type=\"text\/css\">#ut_tm_69ef853b82b18 .bklyn-team-member-ocupation { color: #999999; }#ut_tm_69ef853b82b18 .bklyn-team-member-social-icons a { font-size: 18px; }#ut_tm_69ef853b82b18 .bklyn-team-member-ocupation { font-weight: 600; }#ut_tm_69ef853b82b18 .bklyn-team-member-ocupation { letter-spacing: 0.05em; }#ut_tm_69ef853b82b18 .bklyn-team-member-ocupation { margin-bottom: 10px; }#ut_tm_69ef853b82b18 .bklyn-team-member-social-icons a { color: #333333; }#ut_tm_69ef853b82b18 .bklyn-team-member-social-icons a:visited { color: #333333; }#ut_tm_69ef853b82b18 .bklyn-team-member-social-icons a:hover { color: #999999; }#ut_tm_69ef853b82b18 .bklyn-team-member-social-icons a:focus { color: #999999; }#ut_tm_69ef853b82b18 .bklyn-team-member-social-icons a:active { color: #999999; }<\/style><div id=\"ut_tm_69ef853b82b18\" class=\"bklyn-team-member bklyn-team-member-style-1  bklyn-team-member-left\"><div class=\"bklyn-team-member-avatar \"><img decoding=\"async\" alt=\"Service by Justin Macala\" class=\"ut-lozad\" src=\"data:image\/svg+xml;charset=utf-8,%3Csvg xmlns%3D'http%3A%2F%2Fwww.w3.org%2F2000%2Fsvg' viewBox%3D'0 0 640 800'%2F%3E\" data-src=\"https:\/\/www.riyadelcadi.com\/wp-content\/uploads\/2019\/01\/Service-by-Justin-Macala.jpg\"><\/div><div class=\"bklyn-team-member-info\"><h3 class=\"bklyn-team-member-name\">Yassine, Hassan, Samir<\/h3><p class=\"bklyn-team-member-ocupation\">OUR ROOMSERVICE<\/p><p class=\"bklyn-team-member-description\">Unser Room Service steht Ihnen von den fr\u00fchen Morgenstunden bis sp\u00e4t in die Nacht zur Verf\u00fcgung. Kommen Sie sp\u00e4t am Abend ins Riad zur\u00fcck, erwarten Sie Said und SiMohammed mit einem strahlenden L\u00e4cheln, einem Drink und \u2013 wenn Sie w\u00fcnschen \u2013 auch einem Snack.<\/p>\n<p>M\u00f6chten Sie Ihr Fr\u00fchst\u00fcck nicht auf der Dachterrasse in der warmen Sonne von Marokko genie\u00dfen, bringt Ihnen Yassine auch gerne das Fr\u00fchst\u00fcck in Ihr Zimmer \u2026 oder in den Hof \u2026 oder an den Pool \u2026<\/p><\/div><\/div><\/div>[\/vc_column][\/vc_row][\/vc_section]<\/p>\n<\/div>","protected":false},"excerpt":{"rendered":"<p>[vc_section][vc_row][vc_column][vc_column_text] Unser Riad lebt von den Menschen, die hier arbeiten &#8211; unser Team ist das Herz und die Seele des Hauses. Ich bin sehr gl\u00fccklich, so viele wunderbare Mitarbeiter zu haben, die diesen Ort so warmherzig, sch\u00f6n und besonders machen. Gemeinsam sorgen wir daf\u00fcr, dass unsere G\u00e4ste im Riad verw\u00f6hnt werden wie bei Freunden. Unser [&hellip;]<\/p>\n","protected":false},"author":4,"featured_media":33891,"parent":17117,"menu_order":0,"comment_status":"closed","ping_status":"closed","template":"","meta":{"footnotes":""},"yoast_head":"<!-- This site is optimized with the Yoast SEO plugin v24.5 - https:\/\/yoast.com\/wordpress\/plugins\/seo\/ -->\n<title>Team: Pers\u00f6nlicher Service in Marrakesch - Riyad El Cadi<\/title>\n<meta name=\"robots\" content=\"index, follow, max-snippet:-1, max-image-preview:large, max-video-preview:-1\" \/>\n<link rel=\"canonical\" href=\"https:\/\/www.riyadelcadi.com\/de\/riad-2\/team\/\" \/>\n<meta property=\"og:locale\" content=\"de_DE\" \/>\n<meta property=\"og:type\" content=\"article\" \/>\n<meta property=\"og:title\" content=\"Team: Pers\u00f6nlicher Service in Marrakesch - Riyad El Cadi\" \/>\n<meta property=\"og:description\" content=\"[vc_section][vc_row][vc_column][vc_column_text] Unser Riad lebt von den Menschen, die hier arbeiten &#8211; unser Team ist das Herz und die Seele des Hauses. Ich bin sehr gl\u00fccklich, so viele wunderbare Mitarbeiter zu haben, die diesen Ort so warmherzig, sch\u00f6n und besonders machen. Gemeinsam sorgen wir daf\u00fcr, dass unsere G\u00e4ste im Riad verw\u00f6hnt werden wie bei Freunden. Unser [&hellip;]\" \/>\n<meta property=\"og:url\" content=\"https:\/\/www.riyadelcadi.com\/de\/riad-2\/team\/\" \/>\n<meta property=\"og:site_name\" content=\"Riyad El Cadi\" \/>\n<meta property=\"article:publisher\" content=\"https:\/\/www.facebook.com\/RiyadElCadi\/\" \/>\n<meta property=\"article:modified_time\" content=\"2024-11-05T22:55:34+00:00\" \/>\n<meta property=\"og:image\" content=\"https:\/\/www.riyadelcadi.com\/wp-content\/uploads\/2024\/10\/Staff_Niels-Bitsch-kl-scaled.jpg\" \/>\n\t<meta property=\"og:image:width\" content=\"2560\" \/>\n\t<meta property=\"og:image:height\" content=\"1901\" \/>\n\t<meta property=\"og:image:type\" content=\"image\/jpeg\" \/>\n<meta name=\"twitter:card\" content=\"summary_large_image\" \/>\n<meta name=\"twitter:label1\" content=\"Gesch\u00e4tzte Lesezeit\" \/>\n\t<meta name=\"twitter:data1\" content=\"6\u00a0Minuten\" \/>\n<script type=\"application\/ld+json\" class=\"yoast-schema-graph\">{\"@context\":\"https:\/\/schema.org\",\"@graph\":[{\"@type\":\"WebPage\",\"@id\":\"https:\/\/www.riyadelcadi.com\/de\/riad-2\/team\/\",\"url\":\"https:\/\/www.riyadelcadi.com\/de\/riad-2\/team\/\",\"name\":\"Team: Pers\u00f6nlicher Service in Marrakesch - Riyad El Cadi\",\"isPartOf\":{\"@id\":\"https:\/\/www.riyadelcadi.com\/de\/#website\"},\"primaryImageOfPage\":{\"@id\":\"https:\/\/www.riyadelcadi.com\/de\/riad-2\/team\/#primaryimage\"},\"image\":{\"@id\":\"https:\/\/www.riyadelcadi.com\/de\/riad-2\/team\/#primaryimage\"},\"thumbnailUrl\":\"https:\/\/www.riyadelcadi.com\/wp-content\/uploads\/2024\/10\/Staff_Niels-Bitsch-kl-scaled.jpg\",\"datePublished\":\"2015-12-26T14:03:06+00:00\",\"dateModified\":\"2024-11-05T22:55:34+00:00\",\"breadcrumb\":{\"@id\":\"https:\/\/www.riyadelcadi.com\/de\/riad-2\/team\/#breadcrumb\"},\"inLanguage\":\"de\",\"potentialAction\":[{\"@type\":\"ReadAction\",\"target\":[\"https:\/\/www.riyadelcadi.com\/de\/riad-2\/team\/\"]}]},{\"@type\":\"ImageObject\",\"inLanguage\":\"de\",\"@id\":\"https:\/\/www.riyadelcadi.com\/de\/riad-2\/team\/#primaryimage\",\"url\":\"https:\/\/www.riyadelcadi.com\/wp-content\/uploads\/2024\/10\/Staff_Niels-Bitsch-kl-scaled.jpg\",\"contentUrl\":\"https:\/\/www.riyadelcadi.com\/wp-content\/uploads\/2024\/10\/Staff_Niels-Bitsch-kl-scaled.jpg\",\"width\":2560,\"height\":1901},{\"@type\":\"BreadcrumbList\",\"@id\":\"https:\/\/www.riyadelcadi.com\/de\/riad-2\/team\/#breadcrumb\",\"itemListElement\":[{\"@type\":\"ListItem\",\"position\":1,\"name\":\"Startseite\",\"item\":\"https:\/\/www.riyadelcadi.com\/de\/\"},{\"@type\":\"ListItem\",\"position\":2,\"name\":\"Das Riad &#8211; Ihr Zuhause in Marrakech\",\"item\":\"https:\/\/www.riyadelcadi.com\/de\/riad-2\/\"},{\"@type\":\"ListItem\",\"position\":3,\"name\":\"Team: Pers\u00f6nlicher Service in Marrakesch\"}]},{\"@type\":\"WebSite\",\"@id\":\"https:\/\/www.riyadelcadi.com\/de\/#website\",\"url\":\"https:\/\/www.riyadelcadi.com\/de\/\",\"name\":\"Riyad El Cadi\",\"description\":\"Riad mit Stil in Marrakesch\",\"potentialAction\":[{\"@type\":\"SearchAction\",\"target\":{\"@type\":\"EntryPoint\",\"urlTemplate\":\"https:\/\/www.riyadelcadi.com\/de\/?s={search_term_string}\"},\"query-input\":{\"@type\":\"PropertyValueSpecification\",\"valueRequired\":true,\"valueName\":\"search_term_string\"}}],\"inLanguage\":\"de\"}]}<\/script>\n<!-- \/ Yoast SEO plugin. -->","yoast_head_json":{"title":"Team: Pers\u00f6nlicher Service in Marrakesch - Riyad El Cadi","robots":{"index":"index","follow":"follow","max-snippet":"max-snippet:-1","max-image-preview":"max-image-preview:large","max-video-preview":"max-video-preview:-1"},"canonical":"https:\/\/www.riyadelcadi.com\/de\/riad-2\/team\/","og_locale":"de_DE","og_type":"article","og_title":"Team: Pers\u00f6nlicher Service in Marrakesch - Riyad El Cadi","og_description":"[vc_section][vc_row][vc_column][vc_column_text] Unser Riad lebt von den Menschen, die hier arbeiten &#8211; unser Team ist das Herz und die Seele des Hauses. Ich bin sehr gl\u00fccklich, so viele wunderbare Mitarbeiter zu haben, die diesen Ort so warmherzig, sch\u00f6n und besonders machen. Gemeinsam sorgen wir daf\u00fcr, dass unsere G\u00e4ste im Riad verw\u00f6hnt werden wie bei Freunden. Unser [&hellip;]","og_url":"https:\/\/www.riyadelcadi.com\/de\/riad-2\/team\/","og_site_name":"Riyad El Cadi","article_publisher":"https:\/\/www.facebook.com\/RiyadElCadi\/","article_modified_time":"2024-11-05T22:55:34+00:00","og_image":[{"width":2560,"height":1901,"url":"https:\/\/www.riyadelcadi.com\/wp-content\/uploads\/2024\/10\/Staff_Niels-Bitsch-kl-scaled.jpg","type":"image\/jpeg"}],"twitter_card":"summary_large_image","twitter_misc":{"Gesch\u00e4tzte Lesezeit":"6\u00a0Minuten"},"schema":{"@context":"https:\/\/schema.org","@graph":[{"@type":"WebPage","@id":"https:\/\/www.riyadelcadi.com\/de\/riad-2\/team\/","url":"https:\/\/www.riyadelcadi.com\/de\/riad-2\/team\/","name":"Team: Pers\u00f6nlicher Service in Marrakesch - Riyad El Cadi","isPartOf":{"@id":"https:\/\/www.riyadelcadi.com\/de\/#website"},"primaryImageOfPage":{"@id":"https:\/\/www.riyadelcadi.com\/de\/riad-2\/team\/#primaryimage"},"image":{"@id":"https:\/\/www.riyadelcadi.com\/de\/riad-2\/team\/#primaryimage"},"thumbnailUrl":"https:\/\/www.riyadelcadi.com\/wp-content\/uploads\/2024\/10\/Staff_Niels-Bitsch-kl-scaled.jpg","datePublished":"2015-12-26T14:03:06+00:00","dateModified":"2024-11-05T22:55:34+00:00","breadcrumb":{"@id":"https:\/\/www.riyadelcadi.com\/de\/riad-2\/team\/#breadcrumb"},"inLanguage":"de","potentialAction":[{"@type":"ReadAction","target":["https:\/\/www.riyadelcadi.com\/de\/riad-2\/team\/"]}]},{"@type":"ImageObject","inLanguage":"de","@id":"https:\/\/www.riyadelcadi.com\/de\/riad-2\/team\/#primaryimage","url":"https:\/\/www.riyadelcadi.com\/wp-content\/uploads\/2024\/10\/Staff_Niels-Bitsch-kl-scaled.jpg","contentUrl":"https:\/\/www.riyadelcadi.com\/wp-content\/uploads\/2024\/10\/Staff_Niels-Bitsch-kl-scaled.jpg","width":2560,"height":1901},{"@type":"BreadcrumbList","@id":"https:\/\/www.riyadelcadi.com\/de\/riad-2\/team\/#breadcrumb","itemListElement":[{"@type":"ListItem","position":1,"name":"Startseite","item":"https:\/\/www.riyadelcadi.com\/de\/"},{"@type":"ListItem","position":2,"name":"Das Riad &#8211; Ihr Zuhause in Marrakech","item":"https:\/\/www.riyadelcadi.com\/de\/riad-2\/"},{"@type":"ListItem","position":3,"name":"Team: Pers\u00f6nlicher Service in Marrakesch"}]},{"@type":"WebSite","@id":"https:\/\/www.riyadelcadi.com\/de\/#website","url":"https:\/\/www.riyadelcadi.com\/de\/","name":"Riyad El Cadi","description":"Riad mit Stil in Marrakesch","potentialAction":[{"@type":"SearchAction","target":{"@type":"EntryPoint","urlTemplate":"https:\/\/www.riyadelcadi.com\/de\/?s={search_term_string}"},"query-input":{"@type":"PropertyValueSpecification","valueRequired":true,"valueName":"search_term_string"}}],"inLanguage":"de"}]}},"_links":{"self":[{"href":"https:\/\/www.riyadelcadi.com\/de\/wp-json\/wp\/v2\/pages\/18213"}],"collection":[{"href":"https:\/\/www.riyadelcadi.com\/de\/wp-json\/wp\/v2\/pages"}],"about":[{"href":"https:\/\/www.riyadelcadi.com\/de\/wp-json\/wp\/v2\/types\/page"}],"author":[{"embeddable":true,"href":"https:\/\/www.riyadelcadi.com\/de\/wp-json\/wp\/v2\/users\/4"}],"replies":[{"embeddable":true,"href":"https:\/\/www.riyadelcadi.com\/de\/wp-json\/wp\/v2\/comments?post=18213"}],"version-history":[{"count":13,"href":"https:\/\/www.riyadelcadi.com\/de\/wp-json\/wp\/v2\/pages\/18213\/revisions"}],"predecessor-version":[{"id":34107,"href":"https:\/\/www.riyadelcadi.com\/de\/wp-json\/wp\/v2\/pages\/18213\/revisions\/34107"}],"up":[{"embeddable":true,"href":"https:\/\/www.riyadelcadi.com\/de\/wp-json\/wp\/v2\/pages\/17117"}],"wp:featuredmedia":[{"embeddable":true,"href":"https:\/\/www.riyadelcadi.com\/de\/wp-json\/wp\/v2\/media\/33891"}],"wp:attachment":[{"href":"https:\/\/www.riyadelcadi.com\/de\/wp-json\/wp\/v2\/media?parent=18213"}],"curies":[{"name":"wp","href":"https:\/\/api.w.org\/{rel}","templated":true}]}}