{"id":17123,"date":"2011-07-30T22:48:44","date_gmt":"2011-07-30T20:48:44","guid":{"rendered":"http:\/\/www.riyadelcadi.com\/?page_id=17123&#038;lang=de"},"modified":"2019-03-23T12:06:26","modified_gmt":"2019-03-23T11:06:26","slug":"lage-riad-im-zentrum","status":"publish","type":"page","link":"https:\/\/www.riyadelcadi.com\/de\/riad-2\/lage-riad-im-zentrum\/","title":{"rendered":"Lage: Riad im Zentrum"},"content":{"rendered":"<div class=\"wpb-content-wrapper\"><p>[vc_section][vc_row][vc_column][vc_column_text]<\/p>\n<h2><strong>Zentral und doch ganz ruhig <\/strong><\/h2>\n<p>Unser Riad befindet sich im <strong>Zentrum der Altstadt<\/strong> von Marrakesch, nur wenige Gehminuten von dem ber\u00fchmten Platz der Gaukler (Jemaa el Fna) entfernt. Wenn Sie die Erfahrung suchen, mitten unter &#8222;Locals&#8220; ganz zentral im Herzen einer marokkanischen Stadt zu leben, dann sind Sie hier richtig.<\/p>\n<p>Die engen Stra\u00dfen sind ges\u00e4umt von kleinen Boutiquen und fliegenden H\u00e4ndlern, die alles anbieten, was das Leben in der Altstadt erfordert. Pferdekutschen, Eselkarren, Mopeds und unz\u00e4hlige Fussg\u00e4nger schieben sich durch die Stra\u00dfe, die unserem Viertel seinen Namen gegeben hat: Derb Dabachi.<\/p>\n<p>Biegen Sie von dieser lebendigen Stra\u00dfe in die kleine Gasse Moulay Abdelkader ab, so kehrt unmittelbar Stille ein: ein kleines L\u00e4dchen, ein Damen- und ein Herrenfriseur, nat\u00fcrlich die Moschee unseres kleinen Quartiers \u2013 im \u00fcbrigen sind hier nur Wohnh\u00e4user. Nichts l\u00e4\u00dft vermuten, dass nur wenige Schritte entfernt von hier das Leben tobt \u2013 unser Riad ist zentral gelegen und bietet doch h\u00f6chste Ruhe.<\/p>\n<p>&nbsp;<\/p>\n<h2><strong>Gut gelegen im Herzen der Medina von Marrakesch<\/strong><\/h2>\n<p>Die meisten Sehensw\u00fcrdigkeiten von Marrakesch liegen ebenfalls im Zentrum der Altstadt und damit nur 5-15 Gehminuten vom Riad entfernt: Wir befinden uns im Herzen der Souks mit all seinen L\u00e4dchen, sind nur Schritte vom Platz Jemaa el Fna entfernt, die Pal\u00e4ste und Saadier Gr\u00e4ber sind in 15 Minuten vom Riad aus zu erreichen. Dank der Ausg\u00e4nge aus dem Riad k\u00f6nnen Sie auch alle anderen Viertel der Altstadt in K\u00fcrze erreichen: Sie sind in 5 Minuten bei der Koranschule Medersa Ben Youssef, dem Museum von Marrakesch, dem Gew\u00fcrzmarkt und vielem anderen mehr.[\/vc_column_text]<div  class=\"wpb_content_element   clearfix\"><style type=\"text\/css\">#ut_am_69ef875900f2f { opacity: 1; }#ut_am_wrap_69ef875900f33 { text-align: left; }@media (min-width: 768px) and (max-width: 1024px) { #ut_am_wrap_69ef875900f33 { text-align: left !important; } }@media (max-width: 767px) { #ut_am_wrap_69ef875900f33 { text-align: center !important; } }<\/style><div id=\"ut_am_wrap_69ef875900f33\" class=\"ut-image-gallery-image \"><div id=\"ut_reveal_69ef875900f35\"  data-appear-top-offset=\"auto\" class=\"ut-animated-image-item ut-image-gallery-item ut-animation-done \"><a class=\"ut-deactivated-link\" href=\"#\"><div class=\"ut-animated-image-zoom\">\r\n        <div class=\"ut-element-glitch-wrap\">\r\n\r\n            \r\n        <style type=\"text\/css\">\r\n\r\n                        \r\n        @media (min-width: 1025px) {\r\n\r\n        #ut-element-glitch-69ef875900f87404104405-22729 .ut-glitch-single-element {\r\n                                            \r\n                }\r\n        }\r\n\r\n        @media (min-width: 768px) and (max-width: 1024px) {\r\n\r\n        #ut-element-glitch-69ef875900f87404104405-22729 .ut-glitch-single-element {\r\n                                                \r\n                    }\r\n        }\r\n\r\n        @media (max-width: 767px) {\r\n\r\n        #ut-element-glitch-69ef875900f87404104405-22729 .ut-glitch-single-element {\r\n                                                \r\n                    }\r\n        }\r\n\r\n        \r\n        <\/style>\r\n\r\n        \r\n            <div id=\"ut-element-glitch-69ef875900f87404104405-22729\" class=\" ut-element-glitch ut-glitch-none ut-element-glitch-permanent\">\r\n                <div class=\"ut-glitch-single-element ut-lozad skip-lazy\" data-background-image=\"https:\/\/www.riyadelcadi.com\/wp-content\/uploads\/2019\/01\/Plan-Map-Karte-Riyad-El-Cadi.jpg\"><\/div>\r\n                <div class=\"ut-glitch-single-element ut-lozad skip-lazy\" data-background-image=\"https:\/\/www.riyadelcadi.com\/wp-content\/uploads\/2019\/01\/Plan-Map-Karte-Riyad-El-Cadi.jpg\"><\/div>\r\n                <div class=\"ut-glitch-single-element ut-lozad skip-lazy\" data-background-image=\"https:\/\/www.riyadelcadi.com\/wp-content\/uploads\/2019\/01\/Plan-Map-Karte-Riyad-El-Cadi.jpg\"><\/div>\r\n                <div class=\"ut-glitch-single-element ut-lozad skip-lazy\" data-background-image=\"https:\/\/www.riyadelcadi.com\/wp-content\/uploads\/2019\/01\/Plan-Map-Karte-Riyad-El-Cadi.jpg\"><\/div>\r\n                <div class=\"ut-glitch-single-element ut-lozad skip-lazy\" data-background-image=\"https:\/\/www.riyadelcadi.com\/wp-content\/uploads\/2019\/01\/Plan-Map-Karte-Riyad-El-Cadi.jpg\"><\/div>\r\n            <\/div>\r\n\r\n        <\/div>\r\n\r\n        <img decoding=\"async\" class=\"ut-lazy skip-lazy ut-animated-image \"  id=\"ut_am_69ef875900f2f\" src=\"data:image\/svg+xml;charset=utf-8,%3Csvg xmlns%3D'http%3A%2F%2Fwww.w3.org%2F2000%2Fsvg' viewBox%3D'0 0 1273 654'%2F%3E\" data-src=\"https:\/\/www.riyadelcadi.com\/wp-content\/uploads\/2019\/01\/Plan-Map-Karte-Riyad-El-Cadi.jpg\" width=\"1273\" height=\"654\" alt=\"\"\/><\/div><\/a><\/div><\/div><\/div>[\/vc_column][\/vc_row][vc_row full_width=&#8220;&#8220;][vc_column][vc_column_text]<\/p>\n<h2><strong>Anfahrt zum Riad<\/strong><\/h2>\n<p>Das Zentrum von Marrakesch ist f\u00fcr Autos nicht zug\u00e4nglich, der Platz Jemaa el Fna ist ab Mittag f\u00fcr Autos gesperrt. Wir empfehlen daher, uns vor Ankunft am Platz anzurufen, damit unser Tr\u00e4ger Sie mit Ihrem Gep\u00e4ck in Empfang nehmen und zum Riad f\u00fchren kann. Bitte bedenken Sie, dass unser Riad zwar zentral gelegen ist, aber beim ersten Besuch schwer zu finden sein kann.[\/vc_column_text]<div class=\"ut-btn-group  ut-btn-group-center ut-btn-group-tablet-center ut-btn-group-mobile-center clearfix\"><style type=\"text\/css\">#bklyn_btn_69ef8759011da .bklyn-btn { color:#ffffff !important; background-color:#193d38 !important; }#bklyn_btn_69ef8759011da .bklyn-btn:hover{ color:#ffffff !important; background-color:#46635f !important; }#bklyn_btn_69ef8759011da .bklyn-btn:focus{ color:#ffffff !important; background-color:#46635f !important; }#bklyn_btn_69ef8759011da .bklyn-btn:active { color:#ffffff !important; background-color:#46635f !important; }#bklyn_btn_69ef8759011da a.bklyn-btn { font-weight:500 !important; }#bklyn_btn_69ef8759011da.bklyn-btn-header a.bklyn-btn { font-weight:500 !important; }#bklyn_btn_69ef8759011da.bklyn-btn-header a.bklyn-btn span { font-weight:500 !important; }#bklyn_btn_69ef8759011da a.bklyn-btn { font-family:inherit !important; }<\/style><div id=\"bklyn_btn_69ef8759011da\" class=\"bklyn-btn-holder  bklyn-btn-first bklyn-btn-center bklyn-btn-tablet-center bklyn-btn-mobile-center\"><a title=\"\"   href=\"mailto:%20info@riyadelcadi.com\" target=\"_self\" class=\"bklyn-btn  bklyn-btn-normal\" ><span class=\"ut-btn-text\">KONTAKT<\/span><\/a><\/div><style type=\"text\/css\">#bklyn_btn_69ef8759012ac .bklyn-btn { color:#ffffff !important; background-color:#eca65c !important; }#bklyn_btn_69ef8759012ac .bklyn-btn:hover{ color:#ffffff !important; background-color:#efb273 !important; }#bklyn_btn_69ef8759012ac .bklyn-btn:focus{ color:#ffffff !important; background-color:#efb273 !important; }#bklyn_btn_69ef8759012ac .bklyn-btn:active { color:#ffffff !important; background-color:#efb273 !important; }#bklyn_btn_69ef8759012ac a.bklyn-btn { font-weight:500 !important; }#bklyn_btn_69ef8759012ac.bklyn-btn-header a.bklyn-btn { font-weight:500 !important; }#bklyn_btn_69ef8759012ac.bklyn-btn-header a.bklyn-btn span { font-weight:500 !important; }#bklyn_btn_69ef8759012ac a.bklyn-btn { text-transform:uppercase !important; }<\/style><div id=\"bklyn_btn_69ef8759012ac\" class=\"bklyn-btn-holder  bklyn-btn-last bklyn-btn-center bklyn-btn-tablet-center bklyn-btn-mobile-center\"><a title=\"\"   href=\"https:\/\/gc.synxis.com\/rez.aspx?Hotel=21826&#038;adult=2&#038;promo=DIRECT&#038;rate=EARLY&#038;rate=BEST\" target=\"_self\" class=\"bklyn-btn  bklyn-btn-normal\" ><span class=\"ut-btn-text\">Reservierung<\/span><\/a><\/div><\/div>[\/vc_column][\/vc_row][vc_row][vc_column][vc_empty_space][\/vc_column][\/vc_row][\/vc_section]<\/p>\n<\/div>","protected":false},"excerpt":{"rendered":"<p>[vc_section][vc_row][vc_column][vc_column_text] Zentral und doch ganz ruhig Unser Riad befindet sich im Zentrum der Altstadt von Marrakesch, nur wenige Gehminuten von dem ber\u00fchmten Platz der Gaukler (Jemaa el Fna) entfernt. Wenn Sie die Erfahrung suchen, mitten unter &#8222;Locals&#8220; ganz zentral im Herzen einer marokkanischen Stadt zu leben, dann sind Sie hier richtig. Die engen Stra\u00dfen sind [&hellip;]<\/p>\n","protected":false},"author":4,"featured_media":26223,"parent":17117,"menu_order":0,"comment_status":"closed","ping_status":"closed","template":"","meta":{"footnotes":""},"yoast_head":"<!-- This site is optimized with the Yoast SEO plugin v24.5 - https:\/\/yoast.com\/wordpress\/plugins\/seo\/ -->\n<title>Lage: Riad im Zentrum - Riyad El Cadi<\/title>\n<meta name=\"robots\" content=\"index, follow, max-snippet:-1, max-image-preview:large, max-video-preview:-1\" \/>\n<link rel=\"canonical\" href=\"https:\/\/www.riyadelcadi.com\/de\/riad-2\/lage-riad-im-zentrum\/\" \/>\n<meta property=\"og:locale\" content=\"de_DE\" \/>\n<meta property=\"og:type\" content=\"article\" \/>\n<meta property=\"og:title\" content=\"Lage: Riad im Zentrum - Riyad El Cadi\" \/>\n<meta property=\"og:description\" content=\"[vc_section][vc_row][vc_column][vc_column_text] Zentral und doch ganz ruhig Unser Riad befindet sich im Zentrum der Altstadt von Marrakesch, nur wenige Gehminuten von dem ber\u00fchmten Platz der Gaukler (Jemaa el Fna) entfernt. Wenn Sie die Erfahrung suchen, mitten unter &#8222;Locals&#8220; ganz zentral im Herzen einer marokkanischen Stadt zu leben, dann sind Sie hier richtig. Die engen Stra\u00dfen sind [&hellip;]\" \/>\n<meta property=\"og:url\" content=\"https:\/\/www.riyadelcadi.com\/de\/riad-2\/lage-riad-im-zentrum\/\" \/>\n<meta property=\"og:site_name\" content=\"Riyad El Cadi\" \/>\n<meta property=\"article:publisher\" content=\"https:\/\/www.facebook.com\/RiyadElCadi\/\" \/>\n<meta property=\"article:modified_time\" content=\"2019-03-23T11:06:26+00:00\" \/>\n<meta property=\"og:image\" content=\"https:\/\/www.riyadelcadi.com\/wp-content\/uploads\/2019\/03\/1-Luftbild_20081.jpg\" \/>\n\t<meta property=\"og:image:width\" content=\"1108\" \/>\n\t<meta property=\"og:image:height\" content=\"721\" \/>\n\t<meta property=\"og:image:type\" content=\"image\/jpeg\" \/>\n<meta name=\"twitter:card\" content=\"summary_large_image\" \/>\n<meta name=\"twitter:label1\" content=\"Gesch\u00e4tzte Lesezeit\" \/>\n\t<meta name=\"twitter:data1\" content=\"2\u00a0Minuten\" \/>\n<script type=\"application\/ld+json\" class=\"yoast-schema-graph\">{\"@context\":\"https:\/\/schema.org\",\"@graph\":[{\"@type\":\"WebPage\",\"@id\":\"https:\/\/www.riyadelcadi.com\/de\/riad-2\/lage-riad-im-zentrum\/\",\"url\":\"https:\/\/www.riyadelcadi.com\/de\/riad-2\/lage-riad-im-zentrum\/\",\"name\":\"Lage: Riad im Zentrum - Riyad El Cadi\",\"isPartOf\":{\"@id\":\"https:\/\/www.riyadelcadi.com\/de\/#website\"},\"primaryImageOfPage\":{\"@id\":\"https:\/\/www.riyadelcadi.com\/de\/riad-2\/lage-riad-im-zentrum\/#primaryimage\"},\"image\":{\"@id\":\"https:\/\/www.riyadelcadi.com\/de\/riad-2\/lage-riad-im-zentrum\/#primaryimage\"},\"thumbnailUrl\":\"https:\/\/www.riyadelcadi.com\/wp-content\/uploads\/2019\/03\/1-Luftbild_20081.jpg\",\"datePublished\":\"2011-07-30T20:48:44+00:00\",\"dateModified\":\"2019-03-23T11:06:26+00:00\",\"breadcrumb\":{\"@id\":\"https:\/\/www.riyadelcadi.com\/de\/riad-2\/lage-riad-im-zentrum\/#breadcrumb\"},\"inLanguage\":\"de\",\"potentialAction\":[{\"@type\":\"ReadAction\",\"target\":[\"https:\/\/www.riyadelcadi.com\/de\/riad-2\/lage-riad-im-zentrum\/\"]}]},{\"@type\":\"ImageObject\",\"inLanguage\":\"de\",\"@id\":\"https:\/\/www.riyadelcadi.com\/de\/riad-2\/lage-riad-im-zentrum\/#primaryimage\",\"url\":\"https:\/\/www.riyadelcadi.com\/wp-content\/uploads\/2019\/03\/1-Luftbild_20081.jpg\",\"contentUrl\":\"https:\/\/www.riyadelcadi.com\/wp-content\/uploads\/2019\/03\/1-Luftbild_20081.jpg\",\"width\":1108,\"height\":721},{\"@type\":\"BreadcrumbList\",\"@id\":\"https:\/\/www.riyadelcadi.com\/de\/riad-2\/lage-riad-im-zentrum\/#breadcrumb\",\"itemListElement\":[{\"@type\":\"ListItem\",\"position\":1,\"name\":\"Startseite\",\"item\":\"https:\/\/www.riyadelcadi.com\/de\/\"},{\"@type\":\"ListItem\",\"position\":2,\"name\":\"Das Riad &#8211; Ihr Zuhause in Marrakech\",\"item\":\"https:\/\/www.riyadelcadi.com\/de\/riad-2\/\"},{\"@type\":\"ListItem\",\"position\":3,\"name\":\"Lage: Riad im Zentrum\"}]},{\"@type\":\"WebSite\",\"@id\":\"https:\/\/www.riyadelcadi.com\/de\/#website\",\"url\":\"https:\/\/www.riyadelcadi.com\/de\/\",\"name\":\"Riyad El Cadi\",\"description\":\"Riad mit Stil in Marrakesch\",\"potentialAction\":[{\"@type\":\"SearchAction\",\"target\":{\"@type\":\"EntryPoint\",\"urlTemplate\":\"https:\/\/www.riyadelcadi.com\/de\/?s={search_term_string}\"},\"query-input\":{\"@type\":\"PropertyValueSpecification\",\"valueRequired\":true,\"valueName\":\"search_term_string\"}}],\"inLanguage\":\"de\"}]}<\/script>\n<!-- \/ Yoast SEO plugin. -->","yoast_head_json":{"title":"Lage: Riad im Zentrum - Riyad El Cadi","robots":{"index":"index","follow":"follow","max-snippet":"max-snippet:-1","max-image-preview":"max-image-preview:large","max-video-preview":"max-video-preview:-1"},"canonical":"https:\/\/www.riyadelcadi.com\/de\/riad-2\/lage-riad-im-zentrum\/","og_locale":"de_DE","og_type":"article","og_title":"Lage: Riad im Zentrum - Riyad El Cadi","og_description":"[vc_section][vc_row][vc_column][vc_column_text] Zentral und doch ganz ruhig Unser Riad befindet sich im Zentrum der Altstadt von Marrakesch, nur wenige Gehminuten von dem ber\u00fchmten Platz der Gaukler (Jemaa el Fna) entfernt. Wenn Sie die Erfahrung suchen, mitten unter &#8222;Locals&#8220; ganz zentral im Herzen einer marokkanischen Stadt zu leben, dann sind Sie hier richtig. Die engen Stra\u00dfen sind [&hellip;]","og_url":"https:\/\/www.riyadelcadi.com\/de\/riad-2\/lage-riad-im-zentrum\/","og_site_name":"Riyad El Cadi","article_publisher":"https:\/\/www.facebook.com\/RiyadElCadi\/","article_modified_time":"2019-03-23T11:06:26+00:00","og_image":[{"width":1108,"height":721,"url":"https:\/\/www.riyadelcadi.com\/wp-content\/uploads\/2019\/03\/1-Luftbild_20081.jpg","type":"image\/jpeg"}],"twitter_card":"summary_large_image","twitter_misc":{"Gesch\u00e4tzte Lesezeit":"2\u00a0Minuten"},"schema":{"@context":"https:\/\/schema.org","@graph":[{"@type":"WebPage","@id":"https:\/\/www.riyadelcadi.com\/de\/riad-2\/lage-riad-im-zentrum\/","url":"https:\/\/www.riyadelcadi.com\/de\/riad-2\/lage-riad-im-zentrum\/","name":"Lage: Riad im Zentrum - Riyad El Cadi","isPartOf":{"@id":"https:\/\/www.riyadelcadi.com\/de\/#website"},"primaryImageOfPage":{"@id":"https:\/\/www.riyadelcadi.com\/de\/riad-2\/lage-riad-im-zentrum\/#primaryimage"},"image":{"@id":"https:\/\/www.riyadelcadi.com\/de\/riad-2\/lage-riad-im-zentrum\/#primaryimage"},"thumbnailUrl":"https:\/\/www.riyadelcadi.com\/wp-content\/uploads\/2019\/03\/1-Luftbild_20081.jpg","datePublished":"2011-07-30T20:48:44+00:00","dateModified":"2019-03-23T11:06:26+00:00","breadcrumb":{"@id":"https:\/\/www.riyadelcadi.com\/de\/riad-2\/lage-riad-im-zentrum\/#breadcrumb"},"inLanguage":"de","potentialAction":[{"@type":"ReadAction","target":["https:\/\/www.riyadelcadi.com\/de\/riad-2\/lage-riad-im-zentrum\/"]}]},{"@type":"ImageObject","inLanguage":"de","@id":"https:\/\/www.riyadelcadi.com\/de\/riad-2\/lage-riad-im-zentrum\/#primaryimage","url":"https:\/\/www.riyadelcadi.com\/wp-content\/uploads\/2019\/03\/1-Luftbild_20081.jpg","contentUrl":"https:\/\/www.riyadelcadi.com\/wp-content\/uploads\/2019\/03\/1-Luftbild_20081.jpg","width":1108,"height":721},{"@type":"BreadcrumbList","@id":"https:\/\/www.riyadelcadi.com\/de\/riad-2\/lage-riad-im-zentrum\/#breadcrumb","itemListElement":[{"@type":"ListItem","position":1,"name":"Startseite","item":"https:\/\/www.riyadelcadi.com\/de\/"},{"@type":"ListItem","position":2,"name":"Das Riad &#8211; Ihr Zuhause in Marrakech","item":"https:\/\/www.riyadelcadi.com\/de\/riad-2\/"},{"@type":"ListItem","position":3,"name":"Lage: Riad im Zentrum"}]},{"@type":"WebSite","@id":"https:\/\/www.riyadelcadi.com\/de\/#website","url":"https:\/\/www.riyadelcadi.com\/de\/","name":"Riyad El Cadi","description":"Riad mit Stil in Marrakesch","potentialAction":[{"@type":"SearchAction","target":{"@type":"EntryPoint","urlTemplate":"https:\/\/www.riyadelcadi.com\/de\/?s={search_term_string}"},"query-input":{"@type":"PropertyValueSpecification","valueRequired":true,"valueName":"search_term_string"}}],"inLanguage":"de"}]}},"_links":{"self":[{"href":"https:\/\/www.riyadelcadi.com\/de\/wp-json\/wp\/v2\/pages\/17123"}],"collection":[{"href":"https:\/\/www.riyadelcadi.com\/de\/wp-json\/wp\/v2\/pages"}],"about":[{"href":"https:\/\/www.riyadelcadi.com\/de\/wp-json\/wp\/v2\/types\/page"}],"author":[{"embeddable":true,"href":"https:\/\/www.riyadelcadi.com\/de\/wp-json\/wp\/v2\/users\/4"}],"replies":[{"embeddable":true,"href":"https:\/\/www.riyadelcadi.com\/de\/wp-json\/wp\/v2\/comments?post=17123"}],"version-history":[{"count":0,"href":"https:\/\/www.riyadelcadi.com\/de\/wp-json\/wp\/v2\/pages\/17123\/revisions"}],"up":[{"embeddable":true,"href":"https:\/\/www.riyadelcadi.com\/de\/wp-json\/wp\/v2\/pages\/17117"}],"wp:featuredmedia":[{"embeddable":true,"href":"https:\/\/www.riyadelcadi.com\/de\/wp-json\/wp\/v2\/media\/26223"}],"wp:attachment":[{"href":"https:\/\/www.riyadelcadi.com\/de\/wp-json\/wp\/v2\/media?parent=17123"}],"curies":[{"name":"wp","href":"https:\/\/api.w.org\/{rel}","templated":true}]}}