{"id":17088,"date":"2011-07-30T22:26:34","date_gmt":"2011-07-30T20:26:34","guid":{"rendered":"http:\/\/www.riyadelcadi.com\/?page_id=17088&#038;lang=de"},"modified":"2023-01-24T21:26:48","modified_gmt":"2023-01-24T20:26:48","slug":"reisen-in-marokko","status":"publish","type":"page","link":"https:\/\/www.riyadelcadi.com\/de\/marrakesch\/reisen-in-marokko\/","title":{"rendered":"Reisen in Marokko"},"content":{"rendered":"<div class=\"wpb-content-wrapper\"><p>[vc_section][vc_row][vc_column]<div class=\"wpb_content_element \"><style type=\"text\/css\"><\/style><header id=\"ut_header_69ef73c22fc78\" class=\"section-header  ut-no-title-linebreak-mobile ut-no-lead-linebreak-mobile pt-style-2 header-center header-tablet-center header-mobile-center\"><h2 data-title=\"Marrakesch ist der ideale Ausgangspunkt f\u00fcr Reisen in Marokko.\"  data-responsive-font=\"section_title\" class=\"section-title  \"><span>Marrakesch ist der ideale Ausgangspunkt f\u00fcr Reisen in Marokko.<\/span><\/h2><div data-delay=\"0\" class=\"lead \"><p>Marokko bietet eine unglaubliche Vielfalt f\u00fcr den Reisenden:<\/p>\n<\/div><\/header><\/div>[\/vc_column][\/vc_row][vc_row full_width=&#8220;&#8220; content_placement=&#8220;middle&#8220;][vc_column][vc_column_text]Aufregende Berglandschaften, weite K\u00fcsten, Sandd\u00fcnen in der W\u00fcste. Dar\u00fcber hinaus gilt Marokko als ein vergleichsweise politisch stabiles Land (<a title=\"Sicherheitshinweise Ausw\u00e4rtiges Amt\" href=\"http:\/\/www.auswaertiges-amt.de\/DE\/Laenderinformationen\/00-SiHi\/MarokkoSicherheit.html\">Ausw\u00e4rtiges Amt<\/a>). Wir geben Ihnen gerne Tipps f\u00fcr Ihre Reisen in Marokko &#8211; sei es vor Ihrem Aufenthalt per Email oder w\u00e4hrend Ihrer Zeit im Riyad El Cadi.[\/vc_column_text][\/vc_column][\/vc_row][vc_row full_width=&#8220;&#8220; gap=&#8220;10&#8243; equal_height=&#8220;yes&#8220; content_placement=&#8220;middle&#8220; css=&#8220;.vc_custom_1674581217489{margin-bottom: 20px !important;border-top-width: 2px !important;border-right-width: 2px !important;border-bottom-width: 2px !important;border-left-width: 2px !important;padding-top: 10px !important;padding-right: 10px !important;padding-bottom: 10px !important;padding-left: 10px !important;background-color: rgba(255, 255, 255, 0.5) !important;background-position: center !important;background-repeat: no-repeat !important;background-size: cover !important;*background-color: rgba(255,255, 255, 0.5) !important;border-left-color: #193d38 !important;border-left-style: solid !important;border-right-color: #193d38 !important;border-right-style: solid !important;border-top-color: #193d38 !important;border-top-style: solid !important;border-bottom-color: #193d38 !important;border-bottom-style: solid !important;border-radius: 3px !important;}&#8220;][vc_column width=&#8220;1\/2&#8243; background_position=&#8220;center center&#8220;][vc_column_text]<\/p>\n<h2>Tipps f\u00fcr Tagesausfl\u00fcge von Marrakesch aus<\/h2>\n<p>Erw\u00e4gen Sie einen <strong>Ausflug in die T\u00e4ler des Hohen Atlas<\/strong>, wandern Sie zu den Wasserf\u00e4llen von Setti Fatma, essen Sie eine frische Tajine am Ufer des kleinen Flusses im Ourika Tal zusammen mit unternehmungslustigen marokkanischen Ausfl\u00fcglern.<\/p>\n<p>Sollten es Sie nach frischer Seeluft und Fisch gel\u00fcsten, empfehlen wir Ihnen einen <strong>Ausflug nach Essaouira<\/strong>, der reizvollen, farbigen Hafenstadt am Atlantik (ca. 2,5 Stunden Fahrtzeit).[\/vc_column_text][\/vc_column][vc_column width=&#8220;1\/2&#8243;]<style type=\"text\/css\">#bklyn_btn_69ef73c235546 .bklyn-btn { color:#ffffff !important; background-color:#193d38 !important; }#bklyn_btn_69ef73c235546 .bklyn-btn:hover{ color:#ffffff !important; background-color:#46635f !important; }#bklyn_btn_69ef73c235546 .bklyn-btn:focus{ color:#ffffff !important; background-color:#46635f !important; }#bklyn_btn_69ef73c235546 .bklyn-btn:active { color:#ffffff !important; background-color:#46635f !important; }<\/style><div id=\"bklyn_btn_69ef73c235546\" class=\"bklyn-btn-holder btn-green bklyn-btn-center bklyn-btn-tablet-center bklyn-btn-mobile-center\"><a title=\"\"   href=\"#Tagesausfl\u00fcge\" target=\"_self\" class=\"bklyn-btn  bklyn-btn-small\" ><span class=\"ut-btn-text\">Tagesausfl\u00fcge<\/span><\/a><\/div>[\/vc_column][\/vc_row][vc_row full_width=&#8220;&#8220; gap=&#8220;20&#8243; equal_height=&#8220;yes&#8220; content_placement=&#8220;middle&#8220; css=&#8220;.vc_custom_1674581059618{border-top-width: 2px !important;border-right-width: 2px !important;border-bottom-width: 2px !important;border-left-width: 2px !important;padding-top: 10px !important;padding-right: 10px !important;padding-bottom: 10px !important;padding-left: 10px !important;background-color: rgba(255, 255, 255, 0.5) !important;background-position: center !important;background-repeat: no-repeat !important;background-size: cover !important;*background-color: rgba(255,255, 255, 0.5) !important;border-left-color: #193d38 !important;border-left-style: solid !important;border-right-color: #193d38 !important;border-right-style: solid !important;border-top-color: #193d38 !important;border-top-style: solid !important;border-bottom-color: #193d38 !important;border-bottom-style: solid !important;border-radius: 3px !important;}&#8220;][vc_column width=&#8220;1\/2&#8243; background_position=&#8220;center center&#8220;][vc_column_text]<\/p>\n<h2>Tipps f\u00fcr die Weiterreise oder mehrt\u00e4gige Ausfl\u00fcge<\/h2>\n<p>Wir oder unsere Partner sind Ihnen bei der Planung Ihrer Reisen in Marokko und Marrakesch gern behilflich. Unsere Partner sind lizensierte Fahrunternehmen und Reiseagenturen mit Schwerpunkt Marokko.[\/vc_column_text][\/vc_column][vc_column width=&#8220;1\/2&#8243;]<style type=\"text\/css\">#bklyn_btn_69ef73c2355f5 .bklyn-btn { color:#ffffff !important; background-color:#193d38 !important; }#bklyn_btn_69ef73c2355f5 .bklyn-btn:hover{ color:#ffffff !important; background-color:#46635f !important; }#bklyn_btn_69ef73c2355f5 .bklyn-btn:focus{ color:#ffffff !important; background-color:#46635f !important; }#bklyn_btn_69ef73c2355f5 .bklyn-btn:active { color:#ffffff !important; background-color:#46635f !important; }<\/style><div id=\"bklyn_btn_69ef73c2355f5\" class=\"bklyn-btn-holder btn-green bklyn-btn-center bklyn-btn-tablet-center bklyn-btn-mobile-center\"><a title=\"Touren\"   href=\"#Touren\" target=\"_self\" class=\"bklyn-btn  bklyn-btn-small\" ><span class=\"ut-btn-text\">Mehrt\u00e4gige Ausfl\u00fcge<\/span><\/a><\/div>[\/vc_column][\/vc_row][vc_row el_id=&#8220;Tagesausfl\u00fcge&#8220;][vc_column][vc_empty_space el_id=&#8220;Tagesausfl\u00fcge&#8220;][\/vc_column][\/vc_row][vc_row][vc_column]<div class=\"wpb_content_element \"><style type=\"text\/css\">#ut_header_69ef73c235c73 h2.section-title { font-size:30px !important; }<\/style><header id=\"ut_header_69ef73c235c73\" class=\"section-header  ut-no-title-linebreak-mobile ut-no-lead-linebreak-mobile pt-style-2 header-center header-tablet-center header-mobile-center\"><h2 data-title=\"Unsere Vorschl\u00e4ge f\u00fcr Ausfl\u00fcge in der Umgebung von Marrakech\"  data-responsive-font=\"section_title\" data-responsive-font-settings=\"{&quot;base-font-size&quot;:&quot;global&quot;,&quot;font-size&quot;:{&quot;desktop_large&quot;:&quot;30&quot;},&quot;base-line-height&quot;:&quot;global&quot;,&quot;base-letter-spacing&quot;:&quot;global&quot;}\" class=\"section-title  \"><span>Unsere Vorschl\u00e4ge f\u00fcr Ausfl\u00fcge in der Umgebung von Marrakech<\/span><\/h2><div data-delay=\"0\" class=\"lead \"><p>Wir organisieren gerne f\u00fcr Sie Ihre Tagesausfl\u00fcge. Sie k\u00f6nnen sie bei uns im Voraus bestellen oder auch am Vorabend.<\/p>\n<\/div><\/header><\/div>[\/vc_column][\/vc_row][vc_row full_width=&#8220;&#8220; gap=&#8220;10&#8243; equal_height=&#8220;yes&#8220; content_placement=&#8220;top&#8220; css=&#8220;.vc_custom_1674491054168{background-position: center !important;background-repeat: no-repeat !important;background-size: cover !important;}&#8220;][vc_column width=&#8220;1\/2&#8243; background_position=&#8220;center center&#8220; css=&#8220;.vc_custom_1674489710840{background-color: rgba(252, 252, 252, 0.7) !important;*background-color: rgba(252,252, 252, 0.7) !important;}&#8220;]<div  class=\"wpb_content_element   clearfix\"><style type=\"text\/css\">#ut_am_69ef73c23866a { opacity: 1; }#ut_am_wrap_69ef73c23866b .ut-image-gallery-item-caption-title h3 { letter-spacing: 0em; }#ut_am_wrap_69ef73c23866b .ut-gallery-slider-caption { font-weight: bold; }#ut_am_wrap_69ef73c23866b { text-align: left; }@media (min-width: 768px) and (max-width: 1024px) { #ut_am_wrap_69ef73c23866b { text-align: left !important; } }@media (max-width: 767px) { #ut_am_wrap_69ef73c23866b { text-align: center !important; } }<\/style><div id=\"ut_am_wrap_69ef73c23866b\" class=\"ut-image-gallery-image \"><div id=\"ut_reveal_69ef73c23866c\"  data-appear-top-offset=\"auto\" class=\"ut-animated-image-item ut-image-gallery-item ut-animation-done \"><a class=\"ut-deactivated-link\" href=\"#\"><div class=\"ut-animated-image-zoom\"><img decoding=\"async\" class=\"ut-lazy skip-lazy ut-animated-image \"  id=\"ut_am_69ef73c23866a\" src=\"data:image\/svg+xml;charset=utf-8,%3Csvg xmlns%3D'http%3A%2F%2Fwww.w3.org%2F2000%2Fsvg' viewBox%3D'0 0 1280 719'%2F%3E\" data-src=\"https:\/\/www.riyadelcadi.com\/wp-content\/uploads\/2019\/02\/Ait_Ben_Haddou-morocco-2349647_1920.jpg\" width=\"1280\" height=\"719\" alt=\"\"\/><\/div><\/a><\/div><\/div><\/div>[vc_column_text]<\/p>\n<h2>Trois Vall\u00e9es &#8211; 3 T\u00e4ler<\/h2>\n<h5>&#8211; Tagesausflug &#8211;<\/h5>\n<p>Erkunden Sie die Vielfalt des Atlas um Marrakech: An dem <strong>Stausee Lalla Takerkoust<\/strong> vorbei fahren Sie durch typische Berberd\u00f6rfer bis hin zum rauen Hochland des <strong>Kik-Plateaus<\/strong> (Plateau du Kik). Das Plateau ist bekannt f\u00fcr seine einzigartige Kalksteintopographie, bedeckt mit alpinen Wildblumen und Weizenfeldern und einen herrlichen Blick \u00fcber die umliegenden Gipfel des Atlas bietet, einschlie\u00dflich des Mount Toubkal, dem h\u00f6chsten Berg Nordafrikas.<\/p>\n<p>Nach einem erfrischenden Glas Minztee sind Sie eingeladen, das kleine <strong>Berberdorf Asni<\/strong> zu entdecken, das sich 1150 m \u00fcber dem Meeresspiegel am Fu\u00dfe des Jebel Toubkal befindet, bevor Sie zu den Schluchten von <strong>Moulay Brahim<\/strong> weiterfahren. Am Nachmittag fahren Sie \u00fcber das malerische <strong>Ourika-Tal zur\u00fcck<\/strong> nach Marrakesch.<\/p>\n<div class=\"page\" title=\"Page 6\">\n<div class=\"layoutArea\">\n<div class=\"column\">\n<p>Die Landschaft ist in den Atlas Bergen u\u0308berall atemberaubend, auch auf anderen Strecken. An jeder Kurve entdeckt man neue, gro\u00dfartige Bergformationen, hu\u0308bsche kleine Do\u0308rfer und im Fru\u0308hling Massen von blu\u0308henden Oleandern. Hier ist eindeutig der Weg das Ziel.<\/p>\n<\/div>\n<\/div>\n<\/div>\n<p>[\/vc_column_text][vc_column_text]<\/p>\n<div>\n<p>REISEPREIS<\/p>\n<p>1-4 mitreisende Personen: 172 Euro \/ 1900 DH<br \/>\n5-7 mitreisende Personen: 193 Euro \/ 2130 DH<\/p>\n<p><em>Wir empfehlen diese Tour als attraktive Alternative zum Ausflug in das Ourika Tal, das inzwischen touristisch recht \u00fcberlaufen sein kann.<br \/>\n<\/em><\/p>\n<\/div>\n<p>[\/vc_column_text]<style type=\"text\/css\">#bklyn_btn_69ef73c238758 .bklyn-btn { color:#ffffff !important; background-color:#193d38 !important; }#bklyn_btn_69ef73c238758 .bklyn-btn:hover{ color:#ffffff !important; background-color:#46635f !important; }#bklyn_btn_69ef73c238758 .bklyn-btn:focus{ color:#ffffff !important; background-color:#46635f !important; }#bklyn_btn_69ef73c238758 .bklyn-btn:active { color:#ffffff !important; background-color:#46635f !important; }<\/style><div id=\"bklyn_btn_69ef73c238758\" class=\"bklyn-btn-holder btn-green bklyn-btn-center bklyn-btn-tablet-center bklyn-btn-mobile-center\"><a title=\"\"   href=\"mailto:info@riyadelcadi.com?subject=Request%20for%20Excursion:%203%20Valley%20Tour&#038;body=I%20am%20interested%20in%20an%20excursion%20for%20the%20following%20dates:%20\" target=\"_self\" class=\"bklyn-btn  bklyn-btn-small\" ><span class=\"ut-btn-text\">Unverbindliche Emailanfrage<\/span><\/a><\/div>[\/vc_column][vc_column width=&#8220;1\/2&#8243; css=&#8220;.vc_custom_1674489816875{background-color: rgba(255, 255, 255, 0.7) !important;*background-color: rgba(255,255, 255, 0.7) !important;}&#8220;]<div  class=\"wpb_content_element   clearfix\"><style type=\"text\/css\">#ut_am_69ef73c23913b { opacity: 1; }#ut_am_wrap_69ef73c23913c .ut-image-gallery-item-caption-title h3 { letter-spacing: 0em; }#ut_am_wrap_69ef73c23913c .ut-gallery-slider-caption { font-weight: bold; }#ut_am_wrap_69ef73c23913c { text-align: left; }@media (min-width: 768px) and (max-width: 1024px) { #ut_am_wrap_69ef73c23913c { text-align: left !important; } }@media (max-width: 767px) { #ut_am_wrap_69ef73c23913c { text-align: center !important; } }<\/style><div id=\"ut_am_wrap_69ef73c23913c\" class=\"ut-image-gallery-image \"><div id=\"ut_reveal_69ef73c23913d\"  data-appear-top-offset=\"auto\" class=\"ut-animated-image-item ut-image-gallery-item ut-animation-done \"><a class=\"ut-deactivated-link\" href=\"#\"><div class=\"ut-animated-image-zoom\"><img decoding=\"async\" class=\"ut-lazy skip-lazy ut-animated-image \"  id=\"ut_am_69ef73c23913b\" src=\"data:image\/svg+xml;charset=utf-8,%3Csvg xmlns%3D'http%3A%2F%2Fwww.w3.org%2F2000%2Fsvg' viewBox%3D'0 0 1024 768'%2F%3E\" data-src=\"https:\/\/www.riyadelcadi.com\/wp-content\/uploads\/2013\/01\/Essaouira3-1024x768.jpg\" width=\"1024\" height=\"768\" alt=\"\"\/><\/div><\/a><\/div><\/div><\/div>[vc_column_text]<\/p>\n<h2>Essaouira &#8211; Die Portugiesenstadt am Atlantik<\/h2>\n<h5>&#8211; Tagesausflug &#8211;<\/h5>\n<div class=\"page\" title=\"Page 6\">\n<div class=\"layoutArea\">\n<div class=\"column\">\n<p>Wer ein wenig Seeluft schnuppern m\u00f6chte, kann in einem Tagesausflug Essaouira entdecken, die <strong>portugiesische Stadt<\/strong> am Meer. Die kleine und charmant entspannte Altstadt la\u0308\u00dft sich gut an einem Tag erlaufen, der <strong>frische Fisch<\/strong>, direkt aus dem Meer gefischt, ist besonders ko\u0308stlich.<\/p>\n<p>Auf dem Weg nach Essaouira kommen Sie an <strong>Arganbaum-Plantagen<\/strong> vorbei. Der Arganbaum w\u00e4chst nur in Marokko. Er produziert Fr\u00fcchte, aus denen ein \u00d6l gewonnen wird, das f\u00fcr edle Kosmetik und f\u00fcr medizinische Zwecke genutzt wird. Lassen Sie sich die m\u00fchselige Argan\u00f6l-Produktion in einer der Kooperativen zeigen.<\/p>\n<\/div>\n<\/div>\n<\/div>\n<p>[\/vc_column_text][vc_column_text]<\/p>\n<div>\n<p>REISEPREIS<\/p>\n<p>1-4 mitreisende Personen: 160 Euro \/ 1760 DH<br \/>\n5-7 mitreisende Personen: 182 Euro \/ 2010 DH<\/p>\n<p><em>Der Preis enth\u00e4lt die Fahrt in einer privaten Limousine\/Kleinbus mit Fahrer. F\u00fchrer, Essen, Eintrittsgelder sind vor Ort gesondert zu bezahlen.<\/em><\/p>\n<p><em>Die Fahrtzeit nach Essaouira betr\u00e4gt ca 3 Stunden. Ein fr\u00fcher Start ist daher empfehlenswert.<\/em><\/p>\n<\/div>\n<p>[\/vc_column_text]<div class=\"ut-btn-group  ut-btn-group-center ut-btn-group-tablet-center ut-btn-group-mobile-center clearfix\"><style type=\"text\/css\">#bklyn_btn_69ef73c2392ef .bklyn-btn { color:#ffffff !important; background-color:#193d38 !important; }#bklyn_btn_69ef73c2392ef .bklyn-btn:hover{ color:#ffffff !important; background-color:#46635f !important; }#bklyn_btn_69ef73c2392ef .bklyn-btn:focus{ color:#ffffff !important; background-color:#46635f !important; }#bklyn_btn_69ef73c2392ef .bklyn-btn:active { color:#ffffff !important; background-color:#46635f !important; }<\/style><div id=\"bklyn_btn_69ef73c2392ef\" class=\"bklyn-btn-holder  bklyn-btn-center bklyn-btn-tablet-center bklyn-btn-mobile-center\"><a title=\"Emailanfrage\"   href=\"mailto:info@riyadelcadi.com?subject=Request%20for%20Excursion:%20Essaouira&#038;body=I%20am%20interested%20in%20an%20excursion%20for%20the%20following%20dates:%20\" target=\"_self\" class=\"bklyn-btn  bklyn-btn-small\" ><span class=\"ut-btn-text\">Unverbindliche Emailanfrage<\/span><\/a><\/div><\/div>[\/vc_column][\/vc_row][vc_row full_width=&#8220;&#8220; gap=&#8220;10&#8243; equal_height=&#8220;yes&#8220; content_placement=&#8220;top&#8220; css=&#8220;.vc_custom_1674491054168{background-position: center !important;background-repeat: no-repeat !important;background-size: cover !important;}&#8220;][vc_column width=&#8220;1\/2&#8243; background_position=&#8220;center center&#8220; css=&#8220;.vc_custom_1674489710840{background-color: rgba(252, 252, 252, 0.7) !important;*background-color: rgba(252,252, 252, 0.7) !important;}&#8220;]<div  class=\"wpb_content_element   clearfix\"><style type=\"text\/css\">#ut_am_69ef73c239ff6 { opacity: 1; }#ut_am_wrap_69ef73c239ff8 .ut-image-gallery-item-caption-title h3 { letter-spacing: 0em; }#ut_am_wrap_69ef73c239ff8 .ut-gallery-slider-caption { font-weight: bold; }#ut_am_wrap_69ef73c239ff8 { text-align: left; }@media (min-width: 768px) and (max-width: 1024px) { #ut_am_wrap_69ef73c239ff8 { text-align: left !important; } }@media (max-width: 767px) { #ut_am_wrap_69ef73c239ff8 { text-align: center !important; } }<\/style><div id=\"ut_am_wrap_69ef73c239ff8\" class=\"ut-image-gallery-image \"><div id=\"ut_reveal_69ef73c239ff9\"  data-appear-top-offset=\"auto\" class=\"ut-animated-image-item ut-image-gallery-item ut-animation-done \"><a class=\"ut-deactivated-link\" href=\"#\"><div class=\"ut-animated-image-zoom\"><img decoding=\"async\" class=\"ut-lazy skip-lazy ut-animated-image \"  id=\"ut_am_69ef73c239ff6\" src=\"data:image\/svg+xml;charset=utf-8,%3Csvg xmlns%3D'http%3A%2F%2Fwww.w3.org%2F2000%2Fsvg' viewBox%3D'0 0 1600 1200'%2F%3E\" data-src=\"https:\/\/www.riyadelcadi.com\/wp-content\/uploads\/2013\/01\/Ourika-Valley4.jpg\" width=\"1600\" height=\"1200\" alt=\"\"\/><\/div><\/a><\/div><\/div><\/div>[vc_column_text]<\/p>\n<h2>Ourika Tal<\/h2>\n<h5>&#8211; Tagesausflug &#8211;<\/h5>\n<p>Das Ourika-Tal liegt nur 30 km von Marrakesch entfernt. Mit dem eher k\u00fcrzeren Tagesausflug in das Tal k\u00f6nnen Sie einen kurzen Abstecher in das nahe gelegenen <strong>Atlasgebirges<\/strong> machen, <strong>traditionelle Berberd\u00f6rfer<\/strong> erkunden, lokale M\u00e4rkte besuchen und Panoramablicke auf die umliegenden Landschaften genie\u00dfen.<\/p>\n<p>Diejenigen, die das Ourika-Tal zu Fu\u00df erkunden m\u00f6chten, k\u00f6nnen einen F\u00fchrer vor Ort engagieren, der verschiedene <strong>Wanderungen<\/strong> zu dem Kopf der <strong>Wasserf\u00e4lle<\/strong> erm\u00f6glicht, das Tal mit den Oleandern in Bl\u00fcte stehts unter Ihnen. Das Ourika-Tal und die Wanderung zu den Wasserf\u00e4llen ist sehr touristisch, zugegeben, verschafft aber auch einen sehr lebhaften und farbenfrohen Einblick in das marokkanische Ausflugsleben: Ausflu\u0308gler sitzen zum Mittagessen mit Tisch und Stu\u0308hlen und nackten Fu\u0308\u00dfen im Bach, kunstvolle Getra\u0308nkeku\u0308hlanlagen zieren den Weg, ganze Gro\u00dffamilien werden von den Guides die Wege hoch geschoben. Verkaufsst\u00e4nde s\u00e4umen den kurzen Pfad zu den Wasserf\u00e4llen, der l\u00e4ngere ist weniger gut besucht. Man muss gut zu Fu\u00df sein (oder wird selbst geschoben) und Lust auf ein wenig Klettern haben. Oben erwartet den Wanderer ein Wasserfall, der in einem Becken mu\u0308ndet, in dem die Jungs baden.<\/p>\n<p><strong>F\u00fcr den Mittag<\/strong> bietet sich ein Stop in einer der Gark\u00fcchen am Bach, ein k\u00f6stliches Essen in der <a href=\"http:\/\/www.diesafranfrau.de\/\" target=\"_blank\" rel=\"noopener\">Safran Farm<\/a> von Christine Ferrari mit Barfuss-Garten oder eine Fahrt zum Essen hoch zur Kasbah Bab Ourika, von der es einen der dramatischsten Blicke \u00fcber das Tal gibt.<\/p>\n<p>Wenn noch Zeit ist, lohnt sich ein Besuch das <a href=\"https:\/\/www.anima-garden.com\/\" target=\"_blank\" rel=\"noopener\">Anima Garten<\/a> von Andr\u00e9 Heller allemal.[\/vc_column_text][vc_column_text]<\/p>\n<div>\n<p>REISEPREIS<\/p>\n<p>1-4 mitreisende Personen: 120 Euro \/ 1200 DH<br \/>\n5-7 mitreisende Personen: 130 Euro \/ 1450 DH<\/p>\n<p><em>Der Preis enth\u00e4lt die Fahrt in einer privaten Limousine\/Kleinbus mit Fahrer. F\u00fchrer, Essen, Eintrittsgelder sind vor Ort gesondert zu bezahlen.<\/em><\/p>\n<\/div>\n<p>[\/vc_column_text]<style type=\"text\/css\">#bklyn_btn_69ef73c23a0f0 .bklyn-btn { color:#ffffff !important; background-color:#193d38 !important; }#bklyn_btn_69ef73c23a0f0 .bklyn-btn:hover{ color:#ffffff !important; background-color:#46635f !important; }#bklyn_btn_69ef73c23a0f0 .bklyn-btn:focus{ color:#ffffff !important; background-color:#46635f !important; }#bklyn_btn_69ef73c23a0f0 .bklyn-btn:active { color:#ffffff !important; background-color:#46635f !important; }<\/style><div id=\"bklyn_btn_69ef73c23a0f0\" class=\"bklyn-btn-holder btn-green bklyn-btn-center bklyn-btn-tablet-center bklyn-btn-mobile-center\"><a title=\"\"   href=\"mailto:info@riyadelcadi.com?subject=Request%20for%20Excursion:%20Ourika%20Valley&#038;body=I%20am%20interested%20in%20an%20excursion%20for%20the%20following%20dates:%20\" target=\"_self\" class=\"bklyn-btn  bklyn-btn-small\" ><span class=\"ut-btn-text\">Unverbindliche Emailanfrage<\/span><\/a><\/div>[\/vc_column][vc_column width=&#8220;1\/2&#8243; css=&#8220;.vc_custom_1674489816875{background-color: rgba(255, 255, 255, 0.7) !important;*background-color: rgba(255,255, 255, 0.7) !important;}&#8220;][\/vc_column][\/vc_row][vc_row el_id=&#8220;Touren&#8220;][vc_column][vc_empty_space][\/vc_column][\/vc_row][vc_row][vc_column]<div class=\"wpb_content_element \"><style type=\"text\/css\">#ut_header_69ef73c23ae8d h2.section-title { font-size:30px !important; }<\/style><header id=\"ut_header_69ef73c23ae8d\" class=\"section-header  ut-no-title-linebreak-mobile ut-no-lead-linebreak-mobile pt-style-2 header-center header-tablet-center header-mobile-center\"><h2 data-title=\"Unsere Vorschl\u00e4ge f\u00fcr mehrt\u00e4gige Reisen in Marokko:\"  data-responsive-font=\"section_title\" data-responsive-font-settings=\"{&quot;base-font-size&quot;:&quot;global&quot;,&quot;font-size&quot;:{&quot;desktop_large&quot;:&quot;30&quot;},&quot;base-line-height&quot;:&quot;global&quot;,&quot;base-letter-spacing&quot;:&quot;global&quot;}\" class=\"section-title  \"><span>Unsere Vorschl\u00e4ge f\u00fcr mehrt\u00e4gige Reisen in Marokko:<\/span><\/h2><div data-delay=\"0\" class=\"lead \"><p>Nehmen Sie Marrakesch als Ausgangspunkt f\u00fcr Reisen durch Marokko.<\/p>\n<\/div><\/header><\/div>[\/vc_column][\/vc_row][vc_row full_width=&#8220;&#8220; gap=&#8220;15&#8243; equal_height=&#8220;yes&#8220; content_placement=&#8220;middle&#8220;][vc_column width=&#8220;1\/2&#8243; css=&#8220;.vc_custom_1674577765695{background-color: rgba(255, 255, 255, 0.7) !important;*background-color: rgba(255,255, 255, 0.7) !important;}&#8220;]<div  class=\"wpb_content_element   clearfix\"><style type=\"text\/css\">#ut_am_69ef73c240802 { opacity: 1; }#ut_am_wrap_69ef73c240806 { text-align: left; }@media (min-width: 768px) and (max-width: 1024px) { #ut_am_wrap_69ef73c240806 { text-align: left !important; } }@media (max-width: 767px) { #ut_am_wrap_69ef73c240806 { text-align: center !important; } }<\/style><div id=\"ut_am_wrap_69ef73c240806\" class=\"ut-image-gallery-image \"><div id=\"ut_reveal_69ef73c240807\"  data-appear-top-offset=\"auto\" class=\"ut-animated-image-item ut-image-gallery-item ut-animation-done \"><a class=\"ut-deactivated-link\" href=\"#\"><div class=\"ut-animated-image-zoom\">\r\n        <div class=\"ut-element-glitch-wrap\">\r\n\r\n            \r\n        <style type=\"text\/css\">\r\n\r\n                        \r\n        @media (min-width: 1025px) {\r\n\r\n        #ut-element-glitch-69ef73c24086e512880681-23032 .ut-glitch-single-element {\r\n                                            \r\n                }\r\n        }\r\n\r\n        @media (min-width: 768px) and (max-width: 1024px) {\r\n\r\n        #ut-element-glitch-69ef73c24086e512880681-23032 .ut-glitch-single-element {\r\n                                                \r\n                    }\r\n        }\r\n\r\n        @media (max-width: 767px) {\r\n\r\n        #ut-element-glitch-69ef73c24086e512880681-23032 .ut-glitch-single-element {\r\n                                                \r\n                    }\r\n        }\r\n\r\n        \r\n        <\/style>\r\n\r\n        \r\n            <div id=\"ut-element-glitch-69ef73c24086e512880681-23032\" class=\" ut-element-glitch ut-glitch-none ut-element-glitch-permanent\">\r\n                <div class=\"ut-glitch-single-element ut-lozad skip-lazy\" data-background-image=\"https:\/\/www.riyadelcadi.com\/wp-content\/uploads\/2019\/02\/Desert-Camels-makenna-entrikin-1138714-unsplash.jpg\"><\/div>\r\n                <div class=\"ut-glitch-single-element ut-lozad skip-lazy\" data-background-image=\"https:\/\/www.riyadelcadi.com\/wp-content\/uploads\/2019\/02\/Desert-Camels-makenna-entrikin-1138714-unsplash.jpg\"><\/div>\r\n                <div class=\"ut-glitch-single-element ut-lozad skip-lazy\" data-background-image=\"https:\/\/www.riyadelcadi.com\/wp-content\/uploads\/2019\/02\/Desert-Camels-makenna-entrikin-1138714-unsplash.jpg\"><\/div>\r\n                <div class=\"ut-glitch-single-element ut-lozad skip-lazy\" data-background-image=\"https:\/\/www.riyadelcadi.com\/wp-content\/uploads\/2019\/02\/Desert-Camels-makenna-entrikin-1138714-unsplash.jpg\"><\/div>\r\n                <div class=\"ut-glitch-single-element ut-lozad skip-lazy\" data-background-image=\"https:\/\/www.riyadelcadi.com\/wp-content\/uploads\/2019\/02\/Desert-Camels-makenna-entrikin-1138714-unsplash.jpg\"><\/div>\r\n            <\/div>\r\n\r\n        <\/div>\r\n\r\n        <img decoding=\"async\" class=\"ut-lazy skip-lazy ut-animated-image \"  id=\"ut_am_69ef73c240802\" src=\"data:image\/svg+xml;charset=utf-8,%3Csvg xmlns%3D'http%3A%2F%2Fwww.w3.org%2F2000%2Fsvg' viewBox%3D'0 0 1180 786'%2F%3E\" data-src=\"https:\/\/www.riyadelcadi.com\/wp-content\/uploads\/2019\/02\/Desert-Camels-makenna-entrikin-1138714-unsplash.jpg\" width=\"1180\" height=\"786\" alt=\"\"\/><\/div><\/a><\/div><\/div><\/div>[vc_column_text]<\/p>\n<h2>Berge, Kasbahs, Oasen und W\u00fcste: Reisen in Marokko mit Schwerpunkt auf Naturschauspiel<\/h2>\n<h5>&#8211; Die 4 Tagestour &#8211;<\/h5>\n<p>Fahren Sie von Marrakesch aus in die atemberaubende Berglandschaft und H\u00f6hen des <strong>Hohen Atlas<\/strong> auf der \u201eRoute des Kasbah\u201c durch Palmenoasen, verschlungene T\u00e4ler mit bizarren Felsformationen bis hin zur bis zu den <strong>Sandd\u00fcnen<\/strong> s\u00fcdlich von M&#8217;hamid. Reiten Sie auf Kamelen dem Sonnenuntergang und einer Nacht in Berberzelten unter klarem W\u00fcstenhimmel entgegen. Zur\u00fcck geht es zu der teilweise bewohnten Dorffestung Kasbah <strong>Ait Benhaddou<\/strong>, einem <a href=\"http:\/\/whc.unesco.org\/en\/list\/444\">UNESCO-Kulturerbe<\/a> und oft genutzte Filmkulisse, und \u00fcber den Tichka-Pass wieder nach Marrakech.<\/p>\n<div class=\"page\" title=\"Page 4\">\n<div class=\"layoutArea\">\n<div class=\"column\"><\/div>\n<\/div>\n<\/div>\n<p>[\/vc_column_text][vc_column_text]<\/p>\n<div>\n<p>REISEPREIS<\/p>\n<p>bei 4 mitreisenden Personen: 495 Euro pro Person<br \/>\nbei 2 mitreisenden Personen: 700 Euro pro Person<\/p>\n<p>Hochsaisonaufschlag an Weihnachten und Ostern: 125 Euro pro Person<\/p>\n<p><strong><em>Diese Reise wird angeboten und gebucht von unserer Partnerin Muriel Brunswig &#8211; Tour Serail.<\/em><\/strong><\/p>\n<\/div>\n<p>[\/vc_column_text]<div class=\"ut-btn-group  ut-btn-group-center ut-btn-group-tablet-center ut-btn-group-mobile-center clearfix\"><style type=\"text\/css\">#bklyn_btn_69ef73c240a7b .bklyn-btn { color:#ffffff !important; background-color:#193d38 !important; }#bklyn_btn_69ef73c240a7b .bklyn-btn:hover{ color:#ffffff !important; background-color:#46635f !important; }#bklyn_btn_69ef73c240a7b .bklyn-btn:focus{ color:#ffffff !important; background-color:#46635f !important; }#bklyn_btn_69ef73c240a7b .bklyn-btn:active { color:#ffffff !important; background-color:#46635f !important; }<\/style><div id=\"bklyn_btn_69ef73c240a7b\" class=\"bklyn-btn-holder btn-green bklyn-btn-first bklyn-btn-center bklyn-btn-tablet-center bklyn-btn-mobile-center\"><a title=\"Reiseprogramm 4 Tage Kasbah-W\u00fcste\"   href=\"https:\/\/www.riyadelcadi.com\/wp-content\/uploads\/2023\/01\/Viertagesausflug_Wueste.pdf\" target=\"_blank\" class=\"bklyn-btn  bklyn-btn-small\" ><span class=\"ut-btn-text\">Programm<\/span><\/a><\/div><style type=\"text\/css\">#bklyn_btn_69ef73c240b29 .bklyn-btn { color:#ffffff !important; background-color:#eca65c !important; }#bklyn_btn_69ef73c240b29 .bklyn-btn:hover{ color:#ffffff !important; background-color:#efb273 !important; }#bklyn_btn_69ef73c240b29 .bklyn-btn:focus{ color:#ffffff !important; background-color:#efb273 !important; }#bklyn_btn_69ef73c240b29 .bklyn-btn:active { color:#ffffff !important; background-color:#efb273 !important; }<\/style><div id=\"bklyn_btn_69ef73c240b29\" class=\"bklyn-btn-holder  bklyn-btn-last bklyn-btn-center bklyn-btn-tablet-center bklyn-btn-mobile-center\"><a title=\"Emailanfrage\"   href=\"mailto:info@tourserail.com?subject=Anfrage%204%20Tagesausflug%20via%20Riyad%20El%20Cadi&#038;body=Ich%20bitte%20Sie%20um%20ein%20Angebot%20zu%20der%204%20Tagestour%20Berge,%20Kasbahs,%20Oasen%20und%20W\u00fcste.%20\" target=\"_self\" class=\"bklyn-btn  bklyn-btn-small\" ><span class=\"ut-btn-text\">Unverbindliche Anfrage per Email<\/span><\/a><\/div><\/div>[\/vc_column][vc_column width=&#8220;1\/2&#8243; css=&#8220;.vc_custom_1674577756860{background-color: rgba(255, 255, 255, 0.7) !important;*background-color: rgba(255,255, 255, 0.7) !important;}&#8220;]<div  class=\"wpb_content_element   clearfix\"><style type=\"text\/css\">#ut_am_69ef73c241de5 { opacity: 1; }#ut_am_wrap_69ef73c241de6 { text-align: left; }@media (min-width: 768px) and (max-width: 1024px) { #ut_am_wrap_69ef73c241de6 { text-align: left !important; } }@media (max-width: 767px) { #ut_am_wrap_69ef73c241de6 { text-align: center !important; } }<\/style><div id=\"ut_am_wrap_69ef73c241de6\" class=\"ut-image-gallery-image \"><div id=\"ut_reveal_69ef73c241de7\"  data-appear-top-offset=\"auto\" class=\"ut-animated-image-item ut-image-gallery-item ut-animation-done \"><a class=\"ut-deactivated-link\" href=\"#\"><div class=\"ut-animated-image-zoom\">\r\n        <div class=\"ut-element-glitch-wrap\">\r\n\r\n            \r\n        <style type=\"text\/css\">\r\n\r\n                        \r\n        @media (min-width: 1025px) {\r\n\r\n        #ut-element-glitch-69ef73c241e0f224400795-23043 .ut-glitch-single-element {\r\n                                            \r\n                }\r\n        }\r\n\r\n        @media (min-width: 768px) and (max-width: 1024px) {\r\n\r\n        #ut-element-glitch-69ef73c241e0f224400795-23043 .ut-glitch-single-element {\r\n                                                \r\n                    }\r\n        }\r\n\r\n        @media (max-width: 767px) {\r\n\r\n        #ut-element-glitch-69ef73c241e0f224400795-23043 .ut-glitch-single-element {\r\n                                                \r\n                    }\r\n        }\r\n\r\n        \r\n        <\/style>\r\n\r\n        \r\n            <div id=\"ut-element-glitch-69ef73c241e0f224400795-23043\" class=\" ut-element-glitch ut-glitch-none ut-element-glitch-permanent\">\r\n                <div class=\"ut-glitch-single-element ut-lozad skip-lazy\" data-background-image=\"https:\/\/www.riyadelcadi.com\/wp-content\/uploads\/2019\/02\/Morocco-Essaouira-Riyad_El_Cadi-1.jpg\"><\/div>\r\n                <div class=\"ut-glitch-single-element ut-lozad skip-lazy\" data-background-image=\"https:\/\/www.riyadelcadi.com\/wp-content\/uploads\/2019\/02\/Morocco-Essaouira-Riyad_El_Cadi-1.jpg\"><\/div>\r\n                <div class=\"ut-glitch-single-element ut-lozad skip-lazy\" data-background-image=\"https:\/\/www.riyadelcadi.com\/wp-content\/uploads\/2019\/02\/Morocco-Essaouira-Riyad_El_Cadi-1.jpg\"><\/div>\r\n                <div class=\"ut-glitch-single-element ut-lozad skip-lazy\" data-background-image=\"https:\/\/www.riyadelcadi.com\/wp-content\/uploads\/2019\/02\/Morocco-Essaouira-Riyad_El_Cadi-1.jpg\"><\/div>\r\n                <div class=\"ut-glitch-single-element ut-lozad skip-lazy\" data-background-image=\"https:\/\/www.riyadelcadi.com\/wp-content\/uploads\/2019\/02\/Morocco-Essaouira-Riyad_El_Cadi-1.jpg\"><\/div>\r\n            <\/div>\r\n\r\n        <\/div>\r\n\r\n        <img decoding=\"async\" class=\"ut-lazy skip-lazy ut-animated-image \"  id=\"ut_am_69ef73c241de5\" src=\"data:image\/svg+xml;charset=utf-8,%3Csvg xmlns%3D'http%3A%2F%2Fwww.w3.org%2F2000%2Fsvg' viewBox%3D'0 0 1280 960'%2F%3E\" data-src=\"https:\/\/www.riyadelcadi.com\/wp-content\/uploads\/2019\/02\/Morocco-Essaouira-Riyad_El_Cadi-1.jpg\" width=\"1280\" height=\"960\" alt=\"\"\/><\/div><\/a><\/div><\/div><\/div>[vc_column_text]<\/p>\n<h2>Die K\u00f6nigsst\u00e4dte: Reisen in Marokko mit Kulturschwerpunkt<\/h2>\n<p>Machen Sie Marrakesch zum Teil einer St\u00e4dtereise. Planen Sie hierf\u00fcr noch einen Aufenthalt in <strong>Casablanca<\/strong> ein, mit der imposanten Moschee Hassan II, dazu <strong>Rabat<\/strong> mit seinen K\u00f6nigsgrabst\u00e4tten und den verwinkelten Gassen der Kasbah des Oudaya. Weiter geht es nach <strong>Meknes<\/strong> mit immensem Kornspeicher und der nahe gelegenen r\u00f6mischen Ruinenstadt Volubilis sowie der \u00e4ltesten marokkanischen Stadt, Moulay Idriss. Schlie\u00dflich f\u00fchrt die Reise Sie nach <strong>Fes<\/strong>, mit dicht gedr\u00e4ngten Gassen in der besterhaltenen Altstadt Marokkos. <strong>Fl\u00fcge<\/strong> gibt es nach Marrakesch, Casablanca und Fes.[\/vc_column_text][vc_column_text]<\/p>\n<div>\n<p>REISEPREIS AUF ANFRAGE<\/p>\n<p>Gerne stellt Ihnen Muriel Brunswig von unserer Partneragentur Tour Serail ein individuelles Programm zusammen.<\/p>\n<p><em>Ersch\u00f6pfende Hinweise zu den Reise- und Transportmitteln in Marokko liefert die Seite <a title=\"Marokko - Transportmittel\" href=\"http:\/\/www.transafrika.org\/pages\/laenderinfo-afrika\/marokko\/reisen-im-land.php\">Transafrika.org<\/a>.<\/em><\/p>\n<\/div>\n<p>[\/vc_column_text]<div class=\"ut-btn-group  ut-btn-group-center ut-btn-group-tablet-center ut-btn-group-mobile-center clearfix\"><style type=\"text\/css\">#bklyn_btn_69ef73c241f8e .bklyn-btn { color:#ffffff !important; background-color:#eca65c !important; }#bklyn_btn_69ef73c241f8e .bklyn-btn:hover{ color:#ffffff !important; background-color:#efb273 !important; }#bklyn_btn_69ef73c241f8e .bklyn-btn:focus{ color:#ffffff !important; background-color:#efb273 !important; }#bklyn_btn_69ef73c241f8e .bklyn-btn:active { color:#ffffff !important; background-color:#efb273 !important; }<\/style><div id=\"bklyn_btn_69ef73c241f8e\" class=\"bklyn-btn-holder  bklyn-btn-center bklyn-btn-tablet-center bklyn-btn-mobile-center\"><a title=\"Emailanfrage\"   href=\"mailto:info@tourserail.com?subject=Anfrage%204%20Tagesausflug%20via%20Riyad%20El%20Cadi&#038;body=Ich%20bitte%20Sie%20um%20ein%20Angebot%20zu%20einer%20Reise%20K\u00f6nigsst\u00e4dte%20in%20Marokko.%20\" target=\"_self\" class=\"bklyn-btn  bklyn-btn-small\" ><span class=\"ut-btn-text\">Unverbindliche Anfrage per Email<\/span><\/a><\/div><\/div>[\/vc_column][\/vc_row][\/vc_section]<\/p>\n<\/div>","protected":false},"excerpt":{"rendered":"<p>[vc_section][vc_row][vc_column][\/vc_column][\/vc_row][vc_row full_width=&#8220;&#8220; content_placement=&#8220;middle&#8220;][vc_column][vc_column_text]Aufregende Berglandschaften, weite K\u00fcsten, Sandd\u00fcnen in der W\u00fcste. Dar\u00fcber hinaus gilt Marokko als ein vergleichsweise politisch stabiles Land (Ausw\u00e4rtiges Amt). Wir geben Ihnen gerne Tipps f\u00fcr Ihre Reisen in Marokko &#8211; sei es vor Ihrem Aufenthalt per Email oder w\u00e4hrend Ihrer Zeit im Riyad El Cadi.[\/vc_column_text][\/vc_column][\/vc_row][vc_row full_width=&#8220;&#8220; gap=&#8220;10&#8243; equal_height=&#8220;yes&#8220; content_placement=&#8220;middle&#8220; css=&#8220;.vc_custom_1674581217489{margin-bottom: 20px !important;border-top-width: [&hellip;]<\/p>\n","protected":false},"author":4,"featured_media":23026,"parent":17020,"menu_order":2,"comment_status":"closed","ping_status":"closed","template":"","meta":{"footnotes":""},"yoast_head":"<!-- This site is optimized with the Yoast SEO plugin v24.5 - https:\/\/yoast.com\/wordpress\/plugins\/seo\/ -->\n<title>Reisen in Marokko - Riyad El Cadi<\/title>\n<meta name=\"robots\" content=\"index, follow, max-snippet:-1, max-image-preview:large, max-video-preview:-1\" \/>\n<link rel=\"canonical\" href=\"https:\/\/www.riyadelcadi.com\/de\/marrakesch\/reisen-in-marokko\/\" \/>\n<meta property=\"og:locale\" content=\"de_DE\" \/>\n<meta property=\"og:type\" content=\"article\" \/>\n<meta property=\"og:title\" content=\"Reisen in Marokko - Riyad El Cadi\" \/>\n<meta property=\"og:description\" content=\"[vc_section][vc_row][vc_column][\/vc_column][\/vc_row][vc_row full_width=&#8220;&#8220; content_placement=&#8220;middle&#8220;][vc_column][vc_column_text]Aufregende Berglandschaften, weite K\u00fcsten, Sandd\u00fcnen in der W\u00fcste. Dar\u00fcber hinaus gilt Marokko als ein vergleichsweise politisch stabiles Land (Ausw\u00e4rtiges Amt). Wir geben Ihnen gerne Tipps f\u00fcr Ihre Reisen in Marokko &#8211; sei es vor Ihrem Aufenthalt per Email oder w\u00e4hrend Ihrer Zeit im Riyad El Cadi.[\/vc_column_text][\/vc_column][\/vc_row][vc_row full_width=&#8220;&#8220; gap=&#8220;10&#8243; equal_height=&#8220;yes&#8220; content_placement=&#8220;middle&#8220; css=&#8220;.vc_custom_1674581217489{margin-bottom: 20px !important;border-top-width: [&hellip;]\" \/>\n<meta property=\"og:url\" content=\"https:\/\/www.riyadelcadi.com\/de\/marrakesch\/reisen-in-marokko\/\" \/>\n<meta property=\"og:site_name\" content=\"Riyad El Cadi\" \/>\n<meta property=\"article:publisher\" content=\"https:\/\/www.facebook.com\/RiyadElCadi\/\" \/>\n<meta property=\"article:modified_time\" content=\"2023-01-24T20:26:48+00:00\" \/>\n<meta property=\"og:image\" content=\"https:\/\/www.riyadelcadi.com\/wp-content\/uploads\/2019\/02\/Ait_Ben_Haddou-morocco-2349647_1920.jpg\" \/>\n\t<meta property=\"og:image:width\" content=\"1280\" \/>\n\t<meta property=\"og:image:height\" content=\"719\" \/>\n\t<meta property=\"og:image:type\" content=\"image\/jpeg\" \/>\n<meta name=\"twitter:card\" content=\"summary_large_image\" \/>\n<meta name=\"twitter:label1\" content=\"Gesch\u00e4tzte Lesezeit\" \/>\n\t<meta name=\"twitter:data1\" content=\"9\u00a0Minuten\" \/>\n<script type=\"application\/ld+json\" class=\"yoast-schema-graph\">{\"@context\":\"https:\/\/schema.org\",\"@graph\":[{\"@type\":\"WebPage\",\"@id\":\"https:\/\/www.riyadelcadi.com\/de\/marrakesch\/reisen-in-marokko\/\",\"url\":\"https:\/\/www.riyadelcadi.com\/de\/marrakesch\/reisen-in-marokko\/\",\"name\":\"Reisen in Marokko - Riyad El Cadi\",\"isPartOf\":{\"@id\":\"https:\/\/www.riyadelcadi.com\/de\/#website\"},\"primaryImageOfPage\":{\"@id\":\"https:\/\/www.riyadelcadi.com\/de\/marrakesch\/reisen-in-marokko\/#primaryimage\"},\"image\":{\"@id\":\"https:\/\/www.riyadelcadi.com\/de\/marrakesch\/reisen-in-marokko\/#primaryimage\"},\"thumbnailUrl\":\"https:\/\/www.riyadelcadi.com\/wp-content\/uploads\/2019\/02\/Ait_Ben_Haddou-morocco-2349647_1920.jpg\",\"datePublished\":\"2011-07-30T20:26:34+00:00\",\"dateModified\":\"2023-01-24T20:26:48+00:00\",\"breadcrumb\":{\"@id\":\"https:\/\/www.riyadelcadi.com\/de\/marrakesch\/reisen-in-marokko\/#breadcrumb\"},\"inLanguage\":\"de\",\"potentialAction\":[{\"@type\":\"ReadAction\",\"target\":[\"https:\/\/www.riyadelcadi.com\/de\/marrakesch\/reisen-in-marokko\/\"]}]},{\"@type\":\"ImageObject\",\"inLanguage\":\"de\",\"@id\":\"https:\/\/www.riyadelcadi.com\/de\/marrakesch\/reisen-in-marokko\/#primaryimage\",\"url\":\"https:\/\/www.riyadelcadi.com\/wp-content\/uploads\/2019\/02\/Ait_Ben_Haddou-morocco-2349647_1920.jpg\",\"contentUrl\":\"https:\/\/www.riyadelcadi.com\/wp-content\/uploads\/2019\/02\/Ait_Ben_Haddou-morocco-2349647_1920.jpg\",\"width\":1280,\"height\":719},{\"@type\":\"BreadcrumbList\",\"@id\":\"https:\/\/www.riyadelcadi.com\/de\/marrakesch\/reisen-in-marokko\/#breadcrumb\",\"itemListElement\":[{\"@type\":\"ListItem\",\"position\":1,\"name\":\"Startseite\",\"item\":\"https:\/\/www.riyadelcadi.com\/de\/\"},{\"@type\":\"ListItem\",\"position\":2,\"name\":\"Urlaub in Marrakesch\",\"item\":\"https:\/\/www.riyadelcadi.com\/de\/marrakesch\/\"},{\"@type\":\"ListItem\",\"position\":3,\"name\":\"Reisen in Marokko\"}]},{\"@type\":\"WebSite\",\"@id\":\"https:\/\/www.riyadelcadi.com\/de\/#website\",\"url\":\"https:\/\/www.riyadelcadi.com\/de\/\",\"name\":\"Riyad El Cadi\",\"description\":\"Riad mit Stil in Marrakesch\",\"potentialAction\":[{\"@type\":\"SearchAction\",\"target\":{\"@type\":\"EntryPoint\",\"urlTemplate\":\"https:\/\/www.riyadelcadi.com\/de\/?s={search_term_string}\"},\"query-input\":{\"@type\":\"PropertyValueSpecification\",\"valueRequired\":true,\"valueName\":\"search_term_string\"}}],\"inLanguage\":\"de\"}]}<\/script>\n<!-- \/ Yoast SEO plugin. -->","yoast_head_json":{"title":"Reisen in Marokko - Riyad El Cadi","robots":{"index":"index","follow":"follow","max-snippet":"max-snippet:-1","max-image-preview":"max-image-preview:large","max-video-preview":"max-video-preview:-1"},"canonical":"https:\/\/www.riyadelcadi.com\/de\/marrakesch\/reisen-in-marokko\/","og_locale":"de_DE","og_type":"article","og_title":"Reisen in Marokko - Riyad El Cadi","og_description":"[vc_section][vc_row][vc_column][\/vc_column][\/vc_row][vc_row full_width=&#8220;&#8220; content_placement=&#8220;middle&#8220;][vc_column][vc_column_text]Aufregende Berglandschaften, weite K\u00fcsten, Sandd\u00fcnen in der W\u00fcste. Dar\u00fcber hinaus gilt Marokko als ein vergleichsweise politisch stabiles Land (Ausw\u00e4rtiges Amt). Wir geben Ihnen gerne Tipps f\u00fcr Ihre Reisen in Marokko &#8211; sei es vor Ihrem Aufenthalt per Email oder w\u00e4hrend Ihrer Zeit im Riyad El Cadi.[\/vc_column_text][\/vc_column][\/vc_row][vc_row full_width=&#8220;&#8220; gap=&#8220;10&#8243; equal_height=&#8220;yes&#8220; content_placement=&#8220;middle&#8220; css=&#8220;.vc_custom_1674581217489{margin-bottom: 20px !important;border-top-width: [&hellip;]","og_url":"https:\/\/www.riyadelcadi.com\/de\/marrakesch\/reisen-in-marokko\/","og_site_name":"Riyad El Cadi","article_publisher":"https:\/\/www.facebook.com\/RiyadElCadi\/","article_modified_time":"2023-01-24T20:26:48+00:00","og_image":[{"width":1280,"height":719,"url":"https:\/\/www.riyadelcadi.com\/wp-content\/uploads\/2019\/02\/Ait_Ben_Haddou-morocco-2349647_1920.jpg","type":"image\/jpeg"}],"twitter_card":"summary_large_image","twitter_misc":{"Gesch\u00e4tzte Lesezeit":"9\u00a0Minuten"},"schema":{"@context":"https:\/\/schema.org","@graph":[{"@type":"WebPage","@id":"https:\/\/www.riyadelcadi.com\/de\/marrakesch\/reisen-in-marokko\/","url":"https:\/\/www.riyadelcadi.com\/de\/marrakesch\/reisen-in-marokko\/","name":"Reisen in Marokko - Riyad El Cadi","isPartOf":{"@id":"https:\/\/www.riyadelcadi.com\/de\/#website"},"primaryImageOfPage":{"@id":"https:\/\/www.riyadelcadi.com\/de\/marrakesch\/reisen-in-marokko\/#primaryimage"},"image":{"@id":"https:\/\/www.riyadelcadi.com\/de\/marrakesch\/reisen-in-marokko\/#primaryimage"},"thumbnailUrl":"https:\/\/www.riyadelcadi.com\/wp-content\/uploads\/2019\/02\/Ait_Ben_Haddou-morocco-2349647_1920.jpg","datePublished":"2011-07-30T20:26:34+00:00","dateModified":"2023-01-24T20:26:48+00:00","breadcrumb":{"@id":"https:\/\/www.riyadelcadi.com\/de\/marrakesch\/reisen-in-marokko\/#breadcrumb"},"inLanguage":"de","potentialAction":[{"@type":"ReadAction","target":["https:\/\/www.riyadelcadi.com\/de\/marrakesch\/reisen-in-marokko\/"]}]},{"@type":"ImageObject","inLanguage":"de","@id":"https:\/\/www.riyadelcadi.com\/de\/marrakesch\/reisen-in-marokko\/#primaryimage","url":"https:\/\/www.riyadelcadi.com\/wp-content\/uploads\/2019\/02\/Ait_Ben_Haddou-morocco-2349647_1920.jpg","contentUrl":"https:\/\/www.riyadelcadi.com\/wp-content\/uploads\/2019\/02\/Ait_Ben_Haddou-morocco-2349647_1920.jpg","width":1280,"height":719},{"@type":"BreadcrumbList","@id":"https:\/\/www.riyadelcadi.com\/de\/marrakesch\/reisen-in-marokko\/#breadcrumb","itemListElement":[{"@type":"ListItem","position":1,"name":"Startseite","item":"https:\/\/www.riyadelcadi.com\/de\/"},{"@type":"ListItem","position":2,"name":"Urlaub in Marrakesch","item":"https:\/\/www.riyadelcadi.com\/de\/marrakesch\/"},{"@type":"ListItem","position":3,"name":"Reisen in Marokko"}]},{"@type":"WebSite","@id":"https:\/\/www.riyadelcadi.com\/de\/#website","url":"https:\/\/www.riyadelcadi.com\/de\/","name":"Riyad El Cadi","description":"Riad mit Stil in Marrakesch","potentialAction":[{"@type":"SearchAction","target":{"@type":"EntryPoint","urlTemplate":"https:\/\/www.riyadelcadi.com\/de\/?s={search_term_string}"},"query-input":{"@type":"PropertyValueSpecification","valueRequired":true,"valueName":"search_term_string"}}],"inLanguage":"de"}]}},"_links":{"self":[{"href":"https:\/\/www.riyadelcadi.com\/de\/wp-json\/wp\/v2\/pages\/17088"}],"collection":[{"href":"https:\/\/www.riyadelcadi.com\/de\/wp-json\/wp\/v2\/pages"}],"about":[{"href":"https:\/\/www.riyadelcadi.com\/de\/wp-json\/wp\/v2\/types\/page"}],"author":[{"embeddable":true,"href":"https:\/\/www.riyadelcadi.com\/de\/wp-json\/wp\/v2\/users\/4"}],"replies":[{"embeddable":true,"href":"https:\/\/www.riyadelcadi.com\/de\/wp-json\/wp\/v2\/comments?post=17088"}],"version-history":[{"count":0,"href":"https:\/\/www.riyadelcadi.com\/de\/wp-json\/wp\/v2\/pages\/17088\/revisions"}],"up":[{"embeddable":true,"href":"https:\/\/www.riyadelcadi.com\/de\/wp-json\/wp\/v2\/pages\/17020"}],"wp:featuredmedia":[{"embeddable":true,"href":"https:\/\/www.riyadelcadi.com\/de\/wp-json\/wp\/v2\/media\/23026"}],"wp:attachment":[{"href":"https:\/\/www.riyadelcadi.com\/de\/wp-json\/wp\/v2\/media?parent=17088"}],"curies":[{"name":"wp","href":"https:\/\/api.w.org\/{rel}","templated":true}]}}