{"id":17020,"date":"2011-08-01T15:14:18","date_gmt":"2011-08-01T13:14:18","guid":{"rendered":"http:\/\/www.riyadelcadi.com\/?page_id=17020&#038;lang=de"},"modified":"2022-10-12T18:42:48","modified_gmt":"2022-10-12T16:42:48","slug":"marrakesch","status":"publish","type":"page","link":"https:\/\/www.riyadelcadi.com\/de\/marrakesch\/","title":{"rendered":"Urlaub in Marrakesch"},"content":{"rendered":"<div class=\"wpb-content-wrapper\"><p>[vc_section][vc_row][vc_column]<div class=\"wpb_content_element \"><style type=\"text\/css\">#ut_header_69ef7088dcd80 h2.section-title { font-size:30px !important; }<\/style><header id=\"ut_header_69ef7088dcd80\" class=\"section-header  ut-no-title-linebreak-mobile ut-no-lead-linebreak-mobile pt-style-2 header-center header-tablet-center header-mobile-center\"><h2 data-title=\"Die fast tausendj\u00e4hrige Stadt Marrakesch ist die lebendigste und exotischste Stadt Marokkos.\"  data-responsive-font=\"section_title\" data-responsive-font-settings=\"{&quot;base-font-size&quot;:&quot;30&quot;,&quot;font-size-unit&quot;:&quot;px&quot;,&quot;font-size&quot;:{&quot;desktop_large&quot;:&quot;30&quot;},&quot;base-line-height&quot;:&quot;global&quot;,&quot;base-letter-spacing&quot;:&quot;global&quot;}\" class=\"section-title  \"><span>Die fast tausendj\u00e4hrige Stadt Marrakesch ist die lebendigste und exotischste Stadt Marokkos.<\/span><\/h2><div data-delay=\"0\" class=\"lead \"><p>Marrakech ist damit ein ideales Ziel f\u00fcr einen Urlaub voller Erholung und Anregung durch Abenteuer und Sightseeing.<\/p>\n<\/div><\/header><\/div>[\/vc_column][\/vc_row][vc_row full_width=&#8220;&#8220; equal_height=&#8220;yes&#8220; content_placement=&#8220;middle&#8220; css=&#8220;.vc_custom_1588416232436{border-bottom-width: 0px !important;border-bottom-style: solid !important;}&#8220;][vc_column width=&#8220;1\/2&#8243;]<div  class=\"wpb_content_element   clearfix\"><style type=\"text\/css\">#ut_am_69ef7088e2fd1 { opacity: 1; }#ut_am_wrap_69ef7088e2fd2 .ut-image-gallery-item-caption-title h3 { letter-spacing: 0em; }#ut_am_wrap_69ef7088e2fd2 .ut-gallery-slider-caption { font-weight: bold; }#ut_am_wrap_69ef7088e2fd2 { text-align: left; }@media (min-width: 768px) and (max-width: 1024px) { #ut_am_wrap_69ef7088e2fd2 { text-align: left !important; } }@media (max-width: 767px) { #ut_am_wrap_69ef7088e2fd2 { text-align: center !important; } }<\/style><div id=\"ut_am_wrap_69ef7088e2fd2\" class=\"ut-image-gallery-image \"><div id=\"ut_reveal_69ef7088e2fd4\"  data-appear-top-offset=\"auto\" class=\"ut-animated-image-item ut-image-gallery-item ut-animation-done \"><a class=\"ut-deactivated-link\" href=\"#\"><div class=\"ut-animated-image-zoom\"><img decoding=\"async\" class=\"ut-lazy skip-lazy ut-animated-image \"  id=\"ut_am_69ef7088e2fd1\" src=\"data:image\/svg+xml;charset=utf-8,%3Csvg xmlns%3D'http%3A%2F%2Fwww.w3.org%2F2000%2Fsvg' viewBox%3D'0 0 1280 853'%2F%3E\" data-src=\"https:\/\/www.riyadelcadi.com\/wp-content\/uploads\/2019\/02\/Marrakech-El_Fna-Sign-rodolfo-cuadros-762401-unsplash.jpg\" width=\"1280\" height=\"853\" alt=\"Marrakech Riad- City Tour - Jemaa El Fna\"\/><\/div><\/a><\/div><\/div><\/div>[\/vc_column][vc_column width=&#8220;1\/2&#8243; background_position=&#8220;center center&#8220;][vc_column_text]<\/p>\n<h2>Sightseeing<\/h2>\n<p>F\u00fcr einen Besuch dieser traditionsreichen Stadt mit ihren <strong>historischen Bauwerken<\/strong>, den einzigartigen <strong>Souks<\/strong> und sch\u00f6nster Landschaft vor dem schneebedeckten <strong>Atlas Gebirge<\/strong> sollten Sie m\u00f6glichst 2 bis 3 Tage vorsehen.<\/p>\n<p>Zwei Vormittage k\u00f6nnen Sie f\u00fcr Sightseeing einplanen, sei es mit einem zertifiziertem F\u00fchrer, sei es in Eigenregie. Ein halber Tag sollte der n\u00f6rdlichen Medina mit den traditionellen M\u00e4rkten, den Souks, gewidmet sein, ein anderer den Sightseeing-H\u00f6hepunkte der s\u00fcdlichen Medina. Gerne buchen wir f\u00fcr Sie Stadtf\u00fchrungen in allen Sprachen.[\/vc_column_text][\/vc_column][\/vc_row][vc_row full_width=&#8220;&#8220; equal_height=&#8220;yes&#8220; content_placement=&#8220;middle&#8220; hide_on_mobile=&#8220;true&#8220; el_class=&#8220;No Mobile&#8220;][vc_column width=&#8220;1\/2&#8243;][vc_column_text]<\/p>\n<h2>Urlaub in der Stadt Marrakesch<\/h2>\n<p>Erholen Sie sich am Nachmittag nach dem Sightseeing bei uns auf den weiten, ruhigen Dachterrassen, in einem unserer Alkoven im k\u00fchlen Schatten oder auch am Pool \u2013 es ist wie ein Urlaub vom Urlaub.<\/p>\n<p>Wir haben ein paar Sightseeing-Vorschl\u00e4ge f\u00fcr sie zusammengestellt:[\/vc_column_text]<style type=\"text\/css\">#bklyn_btn_69ef7088e309c .bklyn-btn { background-color:#193d38 !important; }#bklyn_btn_69ef7088e309c .bklyn-btn:hover{ color:#ffffff !important; background-color:#46635f !important; }#bklyn_btn_69ef7088e309c .bklyn-btn:focus{ color:#ffffff !important; background-color:#46635f !important; }#bklyn_btn_69ef7088e309c .bklyn-btn:active { color:#ffffff !important; background-color:#46635f !important; }<\/style><div id=\"bklyn_btn_69ef7088e309c\" class=\"bklyn-btn-holder  bklyn-btn-center bklyn-btn-tablet-center bklyn-btn-mobile-center\"><a title=\"\"   href=\"http:\/\/riyadelcadi.com\/de\/marrakesch\/stadttour\/\" target=\"_self\" class=\"bklyn-btn  bklyn-btn-normal\" ><span class=\"ut-btn-text\">Stadttouren<\/span><\/a><\/div>[\/vc_column][vc_column width=&#8220;1\/2&#8243;]<div  class=\"wpb_content_element   clearfix\"><style type=\"text\/css\">#ut_am_69ef7088e3acd { opacity: 1; }#ut_am_wrap_69ef7088e3ace { text-align: left; }@media (min-width: 768px) and (max-width: 1024px) { #ut_am_wrap_69ef7088e3ace { text-align: left !important; } }@media (max-width: 767px) { #ut_am_wrap_69ef7088e3ace { text-align: center !important; } }<\/style><div id=\"ut_am_wrap_69ef7088e3ace\" class=\"ut-image-gallery-image \"><div id=\"ut_reveal_69ef7088e3acf\"  data-appear-top-offset=\"auto\" class=\"ut-animated-image-item ut-image-gallery-item ut-animation-done \"><a class=\"ut-deactivated-link\" href=\"#\"><div class=\"ut-animated-image-zoom\">\r\n        <div class=\"ut-element-glitch-wrap\">\r\n\r\n            \r\n        <style type=\"text\/css\">\r\n\r\n                        \r\n        @media (min-width: 1025px) {\r\n\r\n        #ut-element-glitch-69ef7088e3aef168168642-23000 .ut-glitch-single-element {\r\n                                            \r\n                }\r\n        }\r\n\r\n        @media (min-width: 768px) and (max-width: 1024px) {\r\n\r\n        #ut-element-glitch-69ef7088e3aef168168642-23000 .ut-glitch-single-element {\r\n                                                \r\n                    }\r\n        }\r\n\r\n        @media (max-width: 767px) {\r\n\r\n        #ut-element-glitch-69ef7088e3aef168168642-23000 .ut-glitch-single-element {\r\n                                                \r\n                    }\r\n        }\r\n\r\n        \r\n        <\/style>\r\n\r\n        \r\n            <div id=\"ut-element-glitch-69ef7088e3aef168168642-23000\" class=\" ut-element-glitch ut-glitch-none ut-element-glitch-permanent\">\r\n                <div class=\"ut-glitch-single-element ut-lozad skip-lazy\" data-background-image=\"https:\/\/www.riyadelcadi.com\/wp-content\/uploads\/2019\/02\/Marrakech-Jardins_Majorelle-zoltan-tasi-675280-unsplash.jpg\"><\/div>\r\n                <div class=\"ut-glitch-single-element ut-lozad skip-lazy\" data-background-image=\"https:\/\/www.riyadelcadi.com\/wp-content\/uploads\/2019\/02\/Marrakech-Jardins_Majorelle-zoltan-tasi-675280-unsplash.jpg\"><\/div>\r\n                <div class=\"ut-glitch-single-element ut-lozad skip-lazy\" data-background-image=\"https:\/\/www.riyadelcadi.com\/wp-content\/uploads\/2019\/02\/Marrakech-Jardins_Majorelle-zoltan-tasi-675280-unsplash.jpg\"><\/div>\r\n                <div class=\"ut-glitch-single-element ut-lozad skip-lazy\" data-background-image=\"https:\/\/www.riyadelcadi.com\/wp-content\/uploads\/2019\/02\/Marrakech-Jardins_Majorelle-zoltan-tasi-675280-unsplash.jpg\"><\/div>\r\n                <div class=\"ut-glitch-single-element ut-lozad skip-lazy\" data-background-image=\"https:\/\/www.riyadelcadi.com\/wp-content\/uploads\/2019\/02\/Marrakech-Jardins_Majorelle-zoltan-tasi-675280-unsplash.jpg\"><\/div>\r\n            <\/div>\r\n\r\n        <\/div>\r\n\r\n        <img decoding=\"async\" class=\"ut-lazy skip-lazy ut-animated-image \"  id=\"ut_am_69ef7088e3acd\" src=\"data:image\/svg+xml;charset=utf-8,%3Csvg xmlns%3D'http%3A%2F%2Fwww.w3.org%2F2000%2Fsvg' viewBox%3D'0 0 1280 892'%2F%3E\" data-src=\"https:\/\/www.riyadelcadi.com\/wp-content\/uploads\/2019\/02\/Marrakech-Jardins_Majorelle-zoltan-tasi-675280-unsplash.jpg\" width=\"1280\" height=\"892\" alt=\"\"\/><\/div><\/a><\/div><\/div><\/div>[\/vc_column][\/vc_row][vc_row full_width=&#8220;&#8220; content_placement=&#8220;middle&#8220; hide_on_desktop=&#8220;true&#8220; hide_on_tablet=&#8220;true&#8220; el_name=&#8220;Only Mobile&#8220;][vc_column width=&#8220;1\/2&#8243;]<div  class=\"wpb_content_element   clearfix\"><style type=\"text\/css\">#ut_am_69ef7088e3c1e { opacity: 1; }#ut_am_wrap_69ef7088e3c1f { text-align: left; }@media (min-width: 768px) and (max-width: 1024px) { #ut_am_wrap_69ef7088e3c1f { text-align: left !important; } }@media (max-width: 767px) { #ut_am_wrap_69ef7088e3c1f { text-align: center !important; } }<\/style><div id=\"ut_am_wrap_69ef7088e3c1f\" class=\"ut-image-gallery-image \"><div id=\"ut_reveal_69ef7088e3c20\"  data-appear-top-offset=\"auto\" class=\"ut-animated-image-item ut-image-gallery-item ut-animation-done \"><a class=\"ut-deactivated-link\" href=\"#\"><div class=\"ut-animated-image-zoom\">\r\n        <div class=\"ut-element-glitch-wrap\">\r\n\r\n            \r\n        <style type=\"text\/css\">\r\n\r\n                        \r\n        @media (min-width: 1025px) {\r\n\r\n        #ut-element-glitch-69ef7088e3c31758116272-23000 .ut-glitch-single-element {\r\n                                            \r\n                }\r\n        }\r\n\r\n        @media (min-width: 768px) and (max-width: 1024px) {\r\n\r\n        #ut-element-glitch-69ef7088e3c31758116272-23000 .ut-glitch-single-element {\r\n                                                \r\n                    }\r\n        }\r\n\r\n        @media (max-width: 767px) {\r\n\r\n        #ut-element-glitch-69ef7088e3c31758116272-23000 .ut-glitch-single-element {\r\n                                                \r\n                    }\r\n        }\r\n\r\n        \r\n        <\/style>\r\n\r\n        \r\n            <div id=\"ut-element-glitch-69ef7088e3c31758116272-23000\" class=\" ut-element-glitch ut-glitch-none ut-element-glitch-permanent\">\r\n                <div class=\"ut-glitch-single-element ut-lozad skip-lazy\" data-background-image=\"https:\/\/www.riyadelcadi.com\/wp-content\/uploads\/2019\/02\/Marrakech-Jardins_Majorelle-zoltan-tasi-675280-unsplash.jpg\"><\/div>\r\n                <div class=\"ut-glitch-single-element ut-lozad skip-lazy\" data-background-image=\"https:\/\/www.riyadelcadi.com\/wp-content\/uploads\/2019\/02\/Marrakech-Jardins_Majorelle-zoltan-tasi-675280-unsplash.jpg\"><\/div>\r\n                <div class=\"ut-glitch-single-element ut-lozad skip-lazy\" data-background-image=\"https:\/\/www.riyadelcadi.com\/wp-content\/uploads\/2019\/02\/Marrakech-Jardins_Majorelle-zoltan-tasi-675280-unsplash.jpg\"><\/div>\r\n                <div class=\"ut-glitch-single-element ut-lozad skip-lazy\" data-background-image=\"https:\/\/www.riyadelcadi.com\/wp-content\/uploads\/2019\/02\/Marrakech-Jardins_Majorelle-zoltan-tasi-675280-unsplash.jpg\"><\/div>\r\n                <div class=\"ut-glitch-single-element ut-lozad skip-lazy\" data-background-image=\"https:\/\/www.riyadelcadi.com\/wp-content\/uploads\/2019\/02\/Marrakech-Jardins_Majorelle-zoltan-tasi-675280-unsplash.jpg\"><\/div>\r\n            <\/div>\r\n\r\n        <\/div>\r\n\r\n        <img decoding=\"async\" class=\"ut-lazy skip-lazy ut-animated-image \"  id=\"ut_am_69ef7088e3c1e\" src=\"data:image\/svg+xml;charset=utf-8,%3Csvg xmlns%3D'http%3A%2F%2Fwww.w3.org%2F2000%2Fsvg' viewBox%3D'0 0 1280 892'%2F%3E\" data-src=\"https:\/\/www.riyadelcadi.com\/wp-content\/uploads\/2019\/02\/Marrakech-Jardins_Majorelle-zoltan-tasi-675280-unsplash.jpg\" width=\"1280\" height=\"892\" alt=\"\"\/><\/div><\/a><\/div><\/div><\/div>[\/vc_column][vc_column width=&#8220;1\/2&#8243;][vc_column_text]<\/p>\n<h2>Urlaub in der Stadt Marrakesch<\/h2>\n<p>Erholen Sie sich am Nachmittag nach dem Sightseeing bei uns auf den weiten, ruhigen Dachterrassen, in einem unserer Alkoven im k\u00fchlen Schatten oder auch am Pool \u2013 es ist wie ein Urlaub vom Urlaub.<\/p>\n<p>Wir haben ein paar Sightseeing-Vorschl\u00e4ge f\u00fcr sie zusammengestellt:[\/vc_column_text]<style type=\"text\/css\">#bklyn_btn_69ef7088e3cc9 .bklyn-btn { background-color:#193d38 !important; }#bklyn_btn_69ef7088e3cc9 .bklyn-btn:hover{ color:#ffffff !important; background-color:#46635f !important; }#bklyn_btn_69ef7088e3cc9 .bklyn-btn:focus{ color:#ffffff !important; background-color:#46635f !important; }#bklyn_btn_69ef7088e3cc9 .bklyn-btn:active { color:#ffffff !important; background-color:#46635f !important; }<\/style><div id=\"bklyn_btn_69ef7088e3cc9\" class=\"bklyn-btn-holder  bklyn-btn-center bklyn-btn-tablet-center bklyn-btn-mobile-center\"><a title=\"\"   href=\"http:\/\/riyadelcadi.com\/de\/marrakesch\/stadttour\/\" target=\"_self\" class=\"bklyn-btn  bklyn-btn-normal\" ><span class=\"ut-btn-text\">Stadttouren<\/span><\/a><\/div>[\/vc_column][\/vc_row][\/vc_section][vc_section content_placement=&#8220;middle&#8220; hide_on_mobile=&#8220;true&#8220; bklyn_section_anchor_id=&#8220;Team&#8220; el_name=&#8220;No Mobile&#8220;][vc_row][vc_column]<div class=\"wpb_content_element \"><style type=\"text\/css\"><\/style><header id=\"ut_header_69ef7088e423c\" class=\"section-header  ut-no-title-linebreak-mobile ut-no-lead-linebreak-mobile pt-style-2 header-center header-tablet-center header-mobile-center\"><h2 data-title=\"ES GIBT VIEL ZU SEHEN IN MARRAKESCH\"  data-responsive-font=\"section_title\" class=\"section-title  \"><span>ES GIBT VIEL ZU SEHEN IN MARRAKESCH<\/span><\/h2><div data-delay=\"0\" class=\"lead \"><p>Lebendige Souks und M\u00e4rkte, \u00fcppige G\u00e4rten, labyrinthische Pal\u00e4ste &#8211; f\u00fcr jeden ist etwas dabei.<\/p>\n<\/div><\/header><\/div>[\/vc_column][\/vc_row][vc_row][vc_column width=&#8220;1\/3&#8243;]<div class=\"wpb_content_element \"><style type=\"text\/css\">#ut_tm_69ef7088f0630 .bklyn-team-member-ocupation { color: #496666; }#ut_tm_69ef7088f0630 .bklyn-team-member-social-icons a { font-size: 20px; }#ut_tm_69ef7088f0630 .bklyn-team-member-ocupation { font-weight: normal; }#ut_tm_69ef7088f0630 .bklyn-team-member-social-icons a { color: #dddddd; }#ut_tm_69ef7088f0630 .bklyn-team-member-social-icons a:visited { color: #dddddd; }#ut_tm_69ef7088f0630 .bklyn-team-member-social-icons a:hover { color: #0674ec; }#ut_tm_69ef7088f0630 .bklyn-team-member-social-icons a:focus { color: #0674ec; }#ut_tm_69ef7088f0630 .bklyn-team-member-social-icons a:active { color: #0674ec; }<\/style><div id=\"ut_tm_69ef7088f0630\" class=\"bklyn-team-member bklyn-team-member-style-1  bklyn-team-member-left\"><div class=\"bklyn-team-member-avatar \"><img decoding=\"async\" alt=\"Marrakech-People-Souq-wei-pan-128228-unsplash\" class=\"ut-lozad\" src=\"data:image\/svg+xml;charset=utf-8,%3Csvg xmlns%3D'http%3A%2F%2Fwww.w3.org%2F2000%2Fsvg' viewBox%3D'0 0 1280 848'%2F%3E\" data-src=\"https:\/\/www.riyadelcadi.com\/wp-content\/uploads\/2019\/02\/Marrakech-People-Souq-wei-pan-128228-unsplash.jpg\"><\/div><div class=\"bklyn-team-member-info\"><h3 class=\"bklyn-team-member-name\">Souks<\/h3><p class=\"bklyn-team-member-ocupation\">N\u00d6RDLICHE MEDINA<\/p><p class=\"bklyn-team-member-description\">Der Alltag ist exotisch und aufregend: unbekannte D\u00fcfte, lebendige Souks mit H\u00e4ndlern, die ihre Waren anpreisen, orientalisches Kunsthandwerk, in zahlreichen Buden zur Schau gestellt, K\u00f6stlichkeiten zum Probieren herangereicht, es wird geklopft, geh\u00e4mmert und gen\u00e4ht &#8211; dies ist ein Teil der aufregenden Tour durch die Souks von Marrakech.<br \/>\n<\/p><\/div><\/div><\/div>[\/vc_column][vc_column width=&#8220;1\/3&#8243;]<div class=\"wpb_content_element \"><style type=\"text\/css\">#ut_tm_69ef708903e5b .bklyn-team-member-ocupation { color: #496666; }#ut_tm_69ef708903e5b .bklyn-team-member-social-icons a { font-size: 20px; }#ut_tm_69ef708903e5b .bklyn-team-member-ocupation { font-weight: normal; }#ut_tm_69ef708903e5b .bklyn-team-member-social-icons a { color: #dddddd; }#ut_tm_69ef708903e5b .bklyn-team-member-social-icons a:visited { color: #dddddd; }#ut_tm_69ef708903e5b .bklyn-team-member-social-icons a:hover { color: #0674ec; }#ut_tm_69ef708903e5b .bklyn-team-member-social-icons a:focus { color: #0674ec; }#ut_tm_69ef708903e5b .bklyn-team-member-social-icons a:active { color: #0674ec; }<\/style><div id=\"ut_tm_69ef708903e5b\" class=\"bklyn-team-member bklyn-team-member-style-1  bklyn-team-member-left\"><div class=\"bklyn-team-member-avatar \"><img decoding=\"async\" alt=\"Jardins Majorelle\" class=\"ut-lozad\" src=\"data:image\/svg+xml;charset=utf-8,%3Csvg xmlns%3D'http%3A%2F%2Fwww.w3.org%2F2000%2Fsvg' viewBox%3D'0 0 399 399'%2F%3E\" data-src=\"https:\/\/www.riyadelcadi.com\/wp-content\/uploads\/2011\/08\/Marrakech-2011_452-e13147901886443.jpg\"><\/div><div class=\"bklyn-team-member-info\"><h3 class=\"bklyn-team-member-name\">Majorelle Garten<\/h3><p class=\"bklyn-team-member-ocupation\">GARTEN<\/p><p class=\"bklyn-team-member-description\">Majorelle Garten<br \/>\nAngelegt und gestaltet von dem franz\u00f6sischen Maler Majorelle, \u00fcbernommen und der \u00d6ffentlichkeit frei gegeben von Yves St Laurent und seinem Partner Berg\u00e9, ist der Garten nun eine gr\u00fcne Oase mit Sprengseln von Majorelle Blau. Sehenswert ist die Sammlung von Berber Trachten und Schmuck im Museum des Gartens.<\/p><\/div><\/div><\/div>[\/vc_column][vc_column width=&#8220;1\/3&#8243;]<div class=\"wpb_content_element \"><style type=\"text\/css\">#ut_tm_69ef70890b3dd .bklyn-team-member-ocupation { color: #496666; }#ut_tm_69ef70890b3dd .bklyn-team-member-social-icons a { font-size: 20px; }#ut_tm_69ef70890b3dd .bklyn-team-member-ocupation { font-weight: normal; }#ut_tm_69ef70890b3dd .bklyn-team-member-social-icons a { color: #dddddd; }#ut_tm_69ef70890b3dd .bklyn-team-member-social-icons a:visited { color: #dddddd; }#ut_tm_69ef70890b3dd .bklyn-team-member-social-icons a:hover { color: #0674ec; }#ut_tm_69ef70890b3dd .bklyn-team-member-social-icons a:focus { color: #0674ec; }#ut_tm_69ef70890b3dd .bklyn-team-member-social-icons a:active { color: #0674ec; }<\/style><div id=\"ut_tm_69ef70890b3dd\" class=\"bklyn-team-member bklyn-team-member-style-1  bklyn-team-member-left\"><div class=\"bklyn-team-member-avatar \"><img decoding=\"async\" alt=\"Marrakech-Koutoubia-annie-spratt-542955-unsplash\" class=\"ut-lozad\" src=\"data:image\/svg+xml;charset=utf-8,%3Csvg xmlns%3D'http%3A%2F%2Fwww.w3.org%2F2000%2Fsvg' viewBox%3D'0 0 1280 943'%2F%3E\" data-src=\"https:\/\/www.riyadelcadi.com\/wp-content\/uploads\/2019\/02\/Marrakech-Koutoubia-annie-spratt-542955-unsplash.jpg\"><\/div><div class=\"bklyn-team-member-info\"><h3 class=\"bklyn-team-member-name\">Pal\u00e4ste und Saadier Gr\u00e4ber<\/h3><p class=\"bklyn-team-member-ocupation\">S\u00dcDLICHE MEDINA<\/p><p class=\"bklyn-team-member-description\">In Marrakesch haben auch Kulturfreunde eine Menge zu sehen: Besichtigen Sie den herrschaftlichen Bahia Palast des ehemaligen Pascha El Glaoui, die weitl\u00e4ufigen Ruinen des Badi Palast mit der kunsthistorisch bedeutenden Minbar der Koutoubia Moschee, die reich verzierten Saadier Gr\u00e4ber und durchwandern Sie schlie\u00dflich das j\u00fcdische Viertel, die Mellah.<\/p><\/div><\/div><\/div>[\/vc_column][\/vc_row][vc_row][vc_column width=&#8220;1\/3&#8243;]<div class=\"wpb_content_element \"><style type=\"text\/css\">#ut_tm_69ef708912d96 .bklyn-team-member-ocupation { color: #496666; }#ut_tm_69ef708912d96 .bklyn-team-member-social-icons a { font-size: 20px; }#ut_tm_69ef708912d96 .bklyn-team-member-ocupation { font-weight: normal; }#ut_tm_69ef708912d96 .bklyn-team-member-social-icons a { color: #dddddd; }#ut_tm_69ef708912d96 .bklyn-team-member-social-icons a:visited { color: #dddddd; }#ut_tm_69ef708912d96 .bklyn-team-member-social-icons a:hover { color: #0674ec; }#ut_tm_69ef708912d96 .bklyn-team-member-social-icons a:focus { color: #0674ec; }#ut_tm_69ef708912d96 .bklyn-team-member-social-icons a:active { color: #0674ec; }<\/style><div id=\"ut_tm_69ef708912d96\" class=\"bklyn-team-member bklyn-team-member-style-1  bklyn-team-member-left\"><div class=\"bklyn-team-member-avatar \"><img decoding=\"async\" alt=\"Marrakech-Medersa-kees-kortmulder-119965-unsplash\" class=\"ut-lozad\" src=\"data:image\/svg+xml;charset=utf-8,%3Csvg xmlns%3D'http%3A%2F%2Fwww.w3.org%2F2000%2Fsvg' viewBox%3D'0 0 1280 853'%2F%3E\" data-src=\"https:\/\/www.riyadelcadi.com\/wp-content\/uploads\/2019\/02\/Marrakech-Medersa-kees-kortmulder-119965-unsplash.jpg\"><\/div><div class=\"bklyn-team-member-info\"><h3 class=\"bklyn-team-member-name\">Medersa Ben Youssef<\/h3><p class=\"bklyn-team-member-ocupation\">KORANSCHULE<\/p><p class=\"bklyn-team-member-description\">Fr\u00fchere Hochschule f\u00fcr islamische Theologie aus dem 14. Jhd. mit beeindruckenden Mosaiken, Schnitzereien, Fresken und Stuckarbeiten (derzeit geschlossen wegen Renovierungen).<br \/>\n<\/p><\/div><\/div><\/div>[\/vc_column][vc_column width=&#8220;1\/3&#8243;]<div class=\"wpb_content_element \"><style type=\"text\/css\">#ut_tm_69ef70891bb15 .bklyn-team-member-ocupation { color: #496666; }#ut_tm_69ef70891bb15 .bklyn-team-member-social-icons a { font-size: 20px; }#ut_tm_69ef70891bb15 .bklyn-team-member-ocupation { font-weight: normal; }#ut_tm_69ef70891bb15 .bklyn-team-member-social-icons a { color: #dddddd; }#ut_tm_69ef70891bb15 .bklyn-team-member-social-icons a:visited { color: #dddddd; }#ut_tm_69ef70891bb15 .bklyn-team-member-social-icons a:hover { color: #0674ec; }#ut_tm_69ef70891bb15 .bklyn-team-member-social-icons a:focus { color: #0674ec; }#ut_tm_69ef70891bb15 .bklyn-team-member-social-icons a:active { color: #0674ec; }<\/style><div id=\"ut_tm_69ef70891bb15\" class=\"bklyn-team-member bklyn-team-member-style-1  bklyn-team-member-left\"><div class=\"bklyn-team-member-avatar \"><img decoding=\"async\" alt=\"felix-boujloud\" class=\"ut-lozad\" src=\"data:image\/svg+xml;charset=utf-8,%3Csvg xmlns%3D'http%3A%2F%2Fwww.w3.org%2F2000%2Fsvg' viewBox%3D'0 0 626 386'%2F%3E\" data-src=\"https:\/\/www.riyadelcadi.com\/wp-content\/uploads\/2019\/02\/felix-boujloud.jpg\"><\/div><div class=\"bklyn-team-member-info\"><h3 class=\"bklyn-team-member-name\">Maison de la Photographie<\/h3><p class=\"bklyn-team-member-ocupation\">MUSEUM<\/p><p class=\"bklyn-team-member-description\">Eine wunderbare Sammlung von Originalfotografien aus den Jahren 1870-1950, verteilt auf drei Stockwerke eines Stadthauses aus dem 17. Jhd. Man kann kaum entspannter einen so sch\u00f6nen Eindruck \u00fcber das Leben von Marrakesch im letzten Jahrundert erhalten. Auf der Dachterrasse ein Caf\u00e9 mit weitem Blick \u00fcber die Dachterrassen des Viertels.<\/p><\/div><\/div><\/div>[\/vc_column][vc_column width=&#8220;1\/3&#8243;]<div class=\"wpb_content_element \"><style type=\"text\/css\">#ut_tm_69ef708922a5c .bklyn-team-member-ocupation { color: #496666; }#ut_tm_69ef708922a5c .bklyn-team-member-social-icons a { font-size: 20px; }#ut_tm_69ef708922a5c .bklyn-team-member-ocupation { font-weight: normal; }#ut_tm_69ef708922a5c .bklyn-team-member-social-icons a { color: #dddddd; }#ut_tm_69ef708922a5c .bklyn-team-member-social-icons a:visited { color: #dddddd; }#ut_tm_69ef708922a5c .bklyn-team-member-social-icons a:hover { color: #0674ec; }#ut_tm_69ef708922a5c .bklyn-team-member-social-icons a:focus { color: #0674ec; }#ut_tm_69ef708922a5c .bklyn-team-member-social-icons a:active { color: #0674ec; }<\/style><div id=\"ut_tm_69ef708922a5c\" class=\"bklyn-team-member bklyn-team-member-style-1  bklyn-team-member-left\"><div class=\"bklyn-team-member-avatar \"><img decoding=\"async\" alt=\"Marrakech-YSL_Museum-lukas-juhas-617084-unsplash\" class=\"ut-lozad\" src=\"data:image\/svg+xml;charset=utf-8,%3Csvg xmlns%3D'http%3A%2F%2Fwww.w3.org%2F2000%2Fsvg' viewBox%3D'0 0 1280 853'%2F%3E\" data-src=\"https:\/\/www.riyadelcadi.com\/wp-content\/uploads\/2019\/02\/Marrakech-YSL_Museum-lukas-juhas-617084-unsplash.jpg\"><\/div><div class=\"bklyn-team-member-info\"><h3 class=\"bklyn-team-member-name\">Mus\u00e9e Yves Saint Laurent<\/h3><p class=\"bklyn-team-member-ocupation\">MUSEUM<\/p><p class=\"bklyn-team-member-description\">Das Museum, erst k\u00fcrzlich er\u00f6ffnet (2017), stellt hinter einer strengen Architektur Beispiele der Kunst des gro\u00dfen Modesch\u00f6pfers Yves St Laurent aus. In weiteren Ausstellungsr\u00e4umen finden Sie tempor\u00e4re Ausstellungen und Dokumentationen zu YSL und seinem Wirken.<\/p><\/div><\/div><\/div>[\/vc_column][\/vc_row][\/vc_section][vc_section][vc_row full_width=&#8220;&#8220; content_placement=&#8220;middle&#8220;][vc_column width=&#8220;1\/2&#8243;]<div  class=\"wpb_content_element   clearfix\"><style type=\"text\/css\">#ut_am_69ef708923a44 { opacity: 1; }#ut_am_wrap_69ef708923a45 { text-align: left; }@media (min-width: 768px) and (max-width: 1024px) { #ut_am_wrap_69ef708923a45 { text-align: left !important; } }@media (max-width: 767px) { #ut_am_wrap_69ef708923a45 { text-align: center !important; } }<\/style><div id=\"ut_am_wrap_69ef708923a45\" class=\"ut-image-gallery-image \"><div id=\"ut_reveal_69ef708923a46\"  data-appear-top-offset=\"auto\" class=\"ut-animated-image-item ut-image-gallery-item ut-animation-done \"><a class=\"ut-deactivated-link\" href=\"#\"><div class=\"ut-animated-image-zoom\">\r\n        <div class=\"ut-element-glitch-wrap\">\r\n\r\n            \r\n        <style type=\"text\/css\">\r\n\r\n                        \r\n        @media (min-width: 1025px) {\r\n\r\n        #ut-element-glitch-69ef708923a6e642784160-23024 .ut-glitch-single-element {\r\n                                            \r\n                }\r\n        }\r\n\r\n        @media (min-width: 768px) and (max-width: 1024px) {\r\n\r\n        #ut-element-glitch-69ef708923a6e642784160-23024 .ut-glitch-single-element {\r\n                                                \r\n                    }\r\n        }\r\n\r\n        @media (max-width: 767px) {\r\n\r\n        #ut-element-glitch-69ef708923a6e642784160-23024 .ut-glitch-single-element {\r\n                                                \r\n                    }\r\n        }\r\n\r\n        \r\n        <\/style>\r\n\r\n        \r\n            <div id=\"ut-element-glitch-69ef708923a6e642784160-23024\" class=\" ut-element-glitch ut-glitch-none ut-element-glitch-permanent\">\r\n                <div class=\"ut-glitch-single-element ut-lozad skip-lazy\" data-background-image=\"https:\/\/www.riyadelcadi.com\/wp-content\/uploads\/2019\/02\/Ait_Ben_Haddou-morocco-2349647_1920.jpg\"><\/div>\r\n                <div class=\"ut-glitch-single-element ut-lozad skip-lazy\" data-background-image=\"https:\/\/www.riyadelcadi.com\/wp-content\/uploads\/2019\/02\/Ait_Ben_Haddou-morocco-2349647_1920.jpg\"><\/div>\r\n                <div class=\"ut-glitch-single-element ut-lozad skip-lazy\" data-background-image=\"https:\/\/www.riyadelcadi.com\/wp-content\/uploads\/2019\/02\/Ait_Ben_Haddou-morocco-2349647_1920.jpg\"><\/div>\r\n                <div class=\"ut-glitch-single-element ut-lozad skip-lazy\" data-background-image=\"https:\/\/www.riyadelcadi.com\/wp-content\/uploads\/2019\/02\/Ait_Ben_Haddou-morocco-2349647_1920.jpg\"><\/div>\r\n                <div class=\"ut-glitch-single-element ut-lozad skip-lazy\" data-background-image=\"https:\/\/www.riyadelcadi.com\/wp-content\/uploads\/2019\/02\/Ait_Ben_Haddou-morocco-2349647_1920.jpg\"><\/div>\r\n            <\/div>\r\n\r\n        <\/div>\r\n\r\n        <img decoding=\"async\" class=\"ut-lazy skip-lazy ut-animated-image \"  id=\"ut_am_69ef708923a44\" src=\"data:image\/svg+xml;charset=utf-8,%3Csvg xmlns%3D'http%3A%2F%2Fwww.w3.org%2F2000%2Fsvg' viewBox%3D'0 0 1280 719'%2F%3E\" data-src=\"https:\/\/www.riyadelcadi.com\/wp-content\/uploads\/2019\/02\/Ait_Ben_Haddou-morocco-2349647_1920.jpg\" width=\"1280\" height=\"719\" alt=\"\"\/><\/div><\/a><\/div><\/div><\/div>[\/vc_column][vc_column width=&#8220;1\/2&#8243;][vc_column_text]<\/p>\n<h2>Marokko-Urlaub auf dem Land<\/h2>\n<p>Reisen Sie dorthin, wo der Marokkaner seinen Urlaub verbringt: Machen Sie einen Ausflug in das Atlas Gebirge, wandern Sie zu Wasserf\u00e4llen und stecken Sie Ihre F\u00fc\u00dfe in den Fluss.<\/p>\n<p>Einige Resorts au\u00dferhalb der Stadtmauern von Marrakesch verf\u00fcgen \u00fcber gro\u00dfz\u00fcgige Schwimmbecken, weitl\u00e4ufige Gartenanlagen und Restaurants mit guter K\u00fcche. Ideale Bedingungen, um der Hektik der Medina zu entfliehen und das Gr\u00fcn des Landes zu genie\u00dfen.<\/p>\n<p>Wir haben ein paar Vorschl\u00e4ge f\u00fcr Ausfl\u00fcge f\u00fcr Sie zusammengestellt:[\/vc_column_text]<style type=\"text\/css\">#bklyn_btn_69ef708923b5d .bklyn-btn { background-color:#193d38 !important; }#bklyn_btn_69ef708923b5d .bklyn-btn:hover{ color:#ffffff !important; background-color:#46635f !important; }#bklyn_btn_69ef708923b5d .bklyn-btn:focus{ color:#ffffff !important; background-color:#46635f !important; }#bklyn_btn_69ef708923b5d .bklyn-btn:active { color:#ffffff !important; background-color:#46635f !important; }<\/style><div id=\"bklyn_btn_69ef708923b5d\" class=\"bklyn-btn-holder  bklyn-btn-center bklyn-btn-tablet-center bklyn-btn-mobile-center\"><a title=\"\"   href=\"https:\/\/www.riyadelcadi.com\/de\/marrakesch\/reisen-in-marokko\/\" target=\"_self\" class=\"bklyn-btn  bklyn-btn-normal\" ><span class=\"ut-btn-text\">Ausfl\u00fcge<\/span><\/a><\/div>[\/vc_column][\/vc_row][vc_row full_width=&#8220;&#8220; content_placement=&#8220;middle&#8220; hide_on_desktop=&#8220;true&#8220; hide_on_tablet=&#8220;true&#8220; el_name=&#8220;Mobile Only&#8220;][vc_column width=&#8220;1\/2&#8243;]<div  class=\"wpb_content_element   clearfix\"><style type=\"text\/css\">#ut_am_69ef7089242c6 { opacity: 1; }#ut_am_wrap_69ef7089242c7 { text-align: left; }@media (min-width: 768px) and (max-width: 1024px) { #ut_am_wrap_69ef7089242c7 { text-align: left !important; } }@media (max-width: 767px) { #ut_am_wrap_69ef7089242c7 { text-align: center !important; } }<\/style><div id=\"ut_am_wrap_69ef7089242c7\" class=\"ut-image-gallery-image \"><div id=\"ut_reveal_69ef7089242c8\"  data-appear-top-offset=\"auto\" class=\"ut-animated-image-item ut-image-gallery-item ut-animation-done \"><a class=\"ut-deactivated-link\" href=\"#\"><div class=\"ut-animated-image-zoom\">\r\n        <div class=\"ut-element-glitch-wrap\">\r\n\r\n            \r\n        <style type=\"text\/css\">\r\n\r\n                        \r\n        @media (min-width: 1025px) {\r\n\r\n        #ut-element-glitch-69ef7089242e2873042837-23063 .ut-glitch-single-element {\r\n                                            \r\n                }\r\n        }\r\n\r\n        @media (min-width: 768px) and (max-width: 1024px) {\r\n\r\n        #ut-element-glitch-69ef7089242e2873042837-23063 .ut-glitch-single-element {\r\n                                                \r\n                    }\r\n        }\r\n\r\n        @media (max-width: 767px) {\r\n\r\n        #ut-element-glitch-69ef7089242e2873042837-23063 .ut-glitch-single-element {\r\n                                                \r\n                    }\r\n        }\r\n\r\n        \r\n        <\/style>\r\n\r\n        \r\n            <div id=\"ut-element-glitch-69ef7089242e2873042837-23063\" class=\" ut-element-glitch ut-glitch-none ut-element-glitch-permanent\">\r\n                <div class=\"ut-glitch-single-element ut-lozad skip-lazy\" data-background-image=\"https:\/\/www.riyadelcadi.com\/wp-content\/uploads\/2019\/02\/fond-assoufid-9.jpg\"><\/div>\r\n                <div class=\"ut-glitch-single-element ut-lozad skip-lazy\" data-background-image=\"https:\/\/www.riyadelcadi.com\/wp-content\/uploads\/2019\/02\/fond-assoufid-9.jpg\"><\/div>\r\n                <div class=\"ut-glitch-single-element ut-lozad skip-lazy\" data-background-image=\"https:\/\/www.riyadelcadi.com\/wp-content\/uploads\/2019\/02\/fond-assoufid-9.jpg\"><\/div>\r\n                <div class=\"ut-glitch-single-element ut-lozad skip-lazy\" data-background-image=\"https:\/\/www.riyadelcadi.com\/wp-content\/uploads\/2019\/02\/fond-assoufid-9.jpg\"><\/div>\r\n                <div class=\"ut-glitch-single-element ut-lozad skip-lazy\" data-background-image=\"https:\/\/www.riyadelcadi.com\/wp-content\/uploads\/2019\/02\/fond-assoufid-9.jpg\"><\/div>\r\n            <\/div>\r\n\r\n        <\/div>\r\n\r\n        <img decoding=\"async\" class=\"ut-lazy skip-lazy ut-animated-image \"  id=\"ut_am_69ef7089242c6\" src=\"data:image\/svg+xml;charset=utf-8,%3Csvg xmlns%3D'http%3A%2F%2Fwww.w3.org%2F2000%2Fsvg' viewBox%3D'0 0 990 490'%2F%3E\" data-src=\"https:\/\/www.riyadelcadi.com\/wp-content\/uploads\/2019\/02\/fond-assoufid-9.jpg\" width=\"990\" height=\"490\" alt=\"\"\/><\/div><\/a><\/div><\/div><\/div>[\/vc_column][vc_column width=&#8220;1\/2&#8243;][vc_column_text]<\/p>\n<h2>Sportliches<\/h2>\n<p>5 internationale <a title=\"Golf\" href=\"http:\/\/riyadelcadi.com\/de\/marrakesch\/golf\/\">Golfpl\u00e4tze<\/a> in der Umgebung von Marakesch sind per Taxi in rund 15 Minuten zu erreichen und k\u00f6nnen \u00fcber uns gebucht werden.<\/p>\n<p>Marrakesch im Laufen erkunden: unsere <a title=\"Sightjogging\" href=\"https:\/\/www.riyadelcadi.com\/de\/marrakesch\/sightjogging-in-marrakech\/\">Sightjogging-Touren<\/a>.[\/vc_column_text][\/vc_column][\/vc_row][vc_row full_width=&#8220;&#8220; equal_height=&#8220;yes&#8220; content_placement=&#8220;middle&#8220; hide_on_mobile=&#8220;true&#8220; el_name=&#8220;No Mobile&#8220;][vc_column width=&#8220;1\/2&#8243;][vc_column_text]<\/p>\n<h2>Sportliches<\/h2>\n<p>5 internationale <a title=\"Golf\" href=\"http:\/\/riyadelcadi.com\/de\/marrakesch\/golf\/\">Golfpl\u00e4tze<\/a> in der Umgebung von Marakesch sind per Taxi in rund 15 Minuten zu erreichen und k\u00f6nnen \u00fcber uns gebucht werden.<\/p>\n<p>Marrakesch im Laufen erkunden: unsere <a title=\"Sightjogging\" href=\"https:\/\/www.riyadelcadi.com\/de\/marrakesch\/sightjogging-in-marrakech\/\">Sightjogging-Touren<\/a>.[\/vc_column_text][\/vc_column][vc_column width=&#8220;1\/2&#8243;]<div  class=\"wpb_content_element   clearfix\"><style type=\"text\/css\">#ut_am_69ef7089243f5 { opacity: 1; }#ut_am_wrap_69ef7089243f6 { text-align: left; }@media (min-width: 768px) and (max-width: 1024px) { #ut_am_wrap_69ef7089243f6 { text-align: left !important; } }@media (max-width: 767px) { #ut_am_wrap_69ef7089243f6 { text-align: center !important; } }<\/style><div id=\"ut_am_wrap_69ef7089243f6\" class=\"ut-image-gallery-image \"><div id=\"ut_reveal_69ef7089243f7\"  data-appear-top-offset=\"auto\" class=\"ut-animated-image-item ut-image-gallery-item ut-animation-done \"><a class=\"ut-deactivated-link\" href=\"#\"><div class=\"ut-animated-image-zoom\">\r\n        <div class=\"ut-element-glitch-wrap\">\r\n\r\n            \r\n        <style type=\"text\/css\">\r\n\r\n                        \r\n        @media (min-width: 1025px) {\r\n\r\n        #ut-element-glitch-69ef708924408753746256-23063 .ut-glitch-single-element {\r\n                                            \r\n                }\r\n        }\r\n\r\n        @media (min-width: 768px) and (max-width: 1024px) {\r\n\r\n        #ut-element-glitch-69ef708924408753746256-23063 .ut-glitch-single-element {\r\n                                                \r\n                    }\r\n        }\r\n\r\n        @media (max-width: 767px) {\r\n\r\n        #ut-element-glitch-69ef708924408753746256-23063 .ut-glitch-single-element {\r\n                                                \r\n                    }\r\n        }\r\n\r\n        \r\n        <\/style>\r\n\r\n        \r\n            <div id=\"ut-element-glitch-69ef708924408753746256-23063\" class=\" ut-element-glitch ut-glitch-none ut-element-glitch-permanent\">\r\n                <div class=\"ut-glitch-single-element ut-lozad skip-lazy\" data-background-image=\"https:\/\/www.riyadelcadi.com\/wp-content\/uploads\/2019\/02\/fond-assoufid-9.jpg\"><\/div>\r\n                <div class=\"ut-glitch-single-element ut-lozad skip-lazy\" data-background-image=\"https:\/\/www.riyadelcadi.com\/wp-content\/uploads\/2019\/02\/fond-assoufid-9.jpg\"><\/div>\r\n                <div class=\"ut-glitch-single-element ut-lozad skip-lazy\" data-background-image=\"https:\/\/www.riyadelcadi.com\/wp-content\/uploads\/2019\/02\/fond-assoufid-9.jpg\"><\/div>\r\n                <div class=\"ut-glitch-single-element ut-lozad skip-lazy\" data-background-image=\"https:\/\/www.riyadelcadi.com\/wp-content\/uploads\/2019\/02\/fond-assoufid-9.jpg\"><\/div>\r\n                <div class=\"ut-glitch-single-element ut-lozad skip-lazy\" data-background-image=\"https:\/\/www.riyadelcadi.com\/wp-content\/uploads\/2019\/02\/fond-assoufid-9.jpg\"><\/div>\r\n            <\/div>\r\n\r\n        <\/div>\r\n\r\n        <img decoding=\"async\" class=\"ut-lazy skip-lazy ut-animated-image \"  id=\"ut_am_69ef7089243f5\" src=\"data:image\/svg+xml;charset=utf-8,%3Csvg xmlns%3D'http%3A%2F%2Fwww.w3.org%2F2000%2Fsvg' viewBox%3D'0 0 990 490'%2F%3E\" data-src=\"https:\/\/www.riyadelcadi.com\/wp-content\/uploads\/2019\/02\/fond-assoufid-9.jpg\" width=\"990\" height=\"490\" alt=\"\"\/><\/div><\/a><\/div><\/div><\/div>[\/vc_column][\/vc_row][\/vc_section][vc_section disable_element=&#8220;yes&#8220;][vc_row full_width=&#8220;stretch_row_content&#8220;][vc_column css=&#8220;.vc_custom_1588366190761{background-color: #faf8f4 !important;}&#8220;][vc_column_text]<\/p>\n<h3 style=\"text-align: center;\">Fragen Sie uns &#8211; Wir helfen Ihnen gerne!<\/h3>\n<p style=\"text-align: center;\">Ein Urlaub ist kein Urlaub ohne Mitbringsel: Teppiche, Gew\u00fcrze oder sch\u00f6ne Tuniken und Babouches, gerne geben wir Ihnen Hinweise f\u00fcr ein erfolgreiches <a title=\"Shopping in Marrakesch\" href=\"https:\/\/www.riyadelcadi.com\/de\/marrakesch\/shopping-in-marrakech\/\">Shopping<\/a>.<\/p>\n<p style=\"text-align: center;\">F\u00fcr alle Anfragen und Reservierungen wenden Sie sich bitte an uns.<\/p>\n<p>[\/vc_column_text]<div class=\"ut-btn-group  ut-btn-group-center ut-btn-group-tablet-center ut-btn-group-mobile-center clearfix\"><style type=\"text\/css\">#bklyn_btn_69ef708924559 .bklyn-btn { color:#ffffff !important; background-color:#eca65c !important; }#bklyn_btn_69ef708924559 .bklyn-btn:hover{ color:#ffffff !important; background-color:#efb273 !important; }#bklyn_btn_69ef708924559 .bklyn-btn:focus{ color:#ffffff !important; background-color:#efb273 !important; }#bklyn_btn_69ef708924559 .bklyn-btn:active { color:#ffffff !important; background-color:#efb273 !important; }<\/style><div id=\"bklyn_btn_69ef708924559\" class=\"bklyn-btn-holder  bklyn-btn-center bklyn-btn-tablet-center bklyn-btn-mobile-center\"><a title=\"\"   href=\"https:\/\/gc.synxis.com\/rez.aspx?Hotel=21826&#038;adult=2\" target=\"_self\" class=\"bklyn-btn  bklyn-btn-normal\" ><span class=\"ut-btn-text\">Reservierung<\/span><\/a><\/div><\/div>[\/vc_column][\/vc_row][\/vc_section]<\/p>\n<\/div>","protected":false},"excerpt":{"rendered":"<p>[vc_section][vc_row][vc_column][\/vc_column][\/vc_row][vc_row full_width=&#8220;&#8220; equal_height=&#8220;yes&#8220; content_placement=&#8220;middle&#8220; css=&#8220;.vc_custom_1588416232436{border-bottom-width: 0px !important;border-bottom-style: solid !important;}&#8220;][vc_column width=&#8220;1\/2&#8243;][\/vc_column][vc_column width=&#8220;1\/2&#8243; background_position=&#8220;center center&#8220;][vc_column_text] Sightseeing F\u00fcr einen Besuch dieser traditionsreichen Stadt mit ihren historischen Bauwerken, den einzigartigen Souks und sch\u00f6nster Landschaft vor dem schneebedeckten Atlas Gebirge sollten Sie m\u00f6glichst 2 bis 3 Tage vorsehen. Zwei Vormittage k\u00f6nnen Sie f\u00fcr Sightseeing einplanen, sei es mit einem zertifiziertem [&hellip;]<\/p>\n","protected":false},"author":4,"featured_media":18100,"parent":0,"menu_order":0,"comment_status":"closed","ping_status":"closed","template":"","meta":{"footnotes":""},"yoast_head":"<!-- This site is optimized with the Yoast SEO plugin v24.5 - https:\/\/yoast.com\/wordpress\/plugins\/seo\/ -->\n<title>Urlaub in Marrakesch - Riyad El Cadi<\/title>\n<meta name=\"robots\" content=\"index, follow, max-snippet:-1, max-image-preview:large, max-video-preview:-1\" \/>\n<link rel=\"canonical\" href=\"https:\/\/www.riyadelcadi.com\/de\/marrakesch\/\" \/>\n<meta property=\"og:locale\" content=\"de_DE\" \/>\n<meta property=\"og:type\" content=\"article\" \/>\n<meta property=\"og:title\" content=\"Urlaub in Marrakesch - Riyad El Cadi\" \/>\n<meta property=\"og:description\" content=\"[vc_section][vc_row][vc_column][\/vc_column][\/vc_row][vc_row full_width=&#8220;&#8220; equal_height=&#8220;yes&#8220; content_placement=&#8220;middle&#8220; css=&#8220;.vc_custom_1588416232436{border-bottom-width: 0px !important;border-bottom-style: solid !important;}&#8220;][vc_column width=&#8220;1\/2&#8243;][\/vc_column][vc_column width=&#8220;1\/2&#8243; background_position=&#8220;center center&#8220;][vc_column_text] Sightseeing F\u00fcr einen Besuch dieser traditionsreichen Stadt mit ihren historischen Bauwerken, den einzigartigen Souks und sch\u00f6nster Landschaft vor dem schneebedeckten Atlas Gebirge sollten Sie m\u00f6glichst 2 bis 3 Tage vorsehen. Zwei Vormittage k\u00f6nnen Sie f\u00fcr Sightseeing einplanen, sei es mit einem zertifiziertem [&hellip;]\" \/>\n<meta property=\"og:url\" content=\"https:\/\/www.riyadelcadi.com\/de\/marrakesch\/\" \/>\n<meta property=\"og:site_name\" content=\"Riyad El Cadi\" \/>\n<meta property=\"article:publisher\" content=\"https:\/\/www.facebook.com\/RiyadElCadi\/\" \/>\n<meta property=\"article:modified_time\" content=\"2022-10-12T16:42:48+00:00\" \/>\n<meta property=\"og:image\" content=\"https:\/\/www.riyadelcadi.com\/wp-content\/uploads\/2015\/12\/Marrakech-8.jpg\" \/>\n\t<meta property=\"og:image:width\" content=\"726\" \/>\n\t<meta property=\"og:image:height\" content=\"482\" \/>\n\t<meta property=\"og:image:type\" content=\"image\/jpeg\" \/>\n<meta name=\"twitter:card\" content=\"summary_large_image\" \/>\n<meta name=\"twitter:label1\" content=\"Gesch\u00e4tzte Lesezeit\" \/>\n\t<meta name=\"twitter:data1\" content=\"5\u00a0Minuten\" \/>\n<script type=\"application\/ld+json\" class=\"yoast-schema-graph\">{\"@context\":\"https:\/\/schema.org\",\"@graph\":[{\"@type\":\"WebPage\",\"@id\":\"https:\/\/www.riyadelcadi.com\/de\/marrakesch\/\",\"url\":\"https:\/\/www.riyadelcadi.com\/de\/marrakesch\/\",\"name\":\"Urlaub in Marrakesch - Riyad El Cadi\",\"isPartOf\":{\"@id\":\"https:\/\/www.riyadelcadi.com\/de\/#website\"},\"primaryImageOfPage\":{\"@id\":\"https:\/\/www.riyadelcadi.com\/de\/marrakesch\/#primaryimage\"},\"image\":{\"@id\":\"https:\/\/www.riyadelcadi.com\/de\/marrakesch\/#primaryimage\"},\"thumbnailUrl\":\"https:\/\/www.riyadelcadi.com\/wp-content\/uploads\/2015\/12\/Marrakech-8.jpg\",\"datePublished\":\"2011-08-01T13:14:18+00:00\",\"dateModified\":\"2022-10-12T16:42:48+00:00\",\"breadcrumb\":{\"@id\":\"https:\/\/www.riyadelcadi.com\/de\/marrakesch\/#breadcrumb\"},\"inLanguage\":\"de\",\"potentialAction\":[{\"@type\":\"ReadAction\",\"target\":[\"https:\/\/www.riyadelcadi.com\/de\/marrakesch\/\"]}]},{\"@type\":\"ImageObject\",\"inLanguage\":\"de\",\"@id\":\"https:\/\/www.riyadelcadi.com\/de\/marrakesch\/#primaryimage\",\"url\":\"https:\/\/www.riyadelcadi.com\/wp-content\/uploads\/2015\/12\/Marrakech-8.jpg\",\"contentUrl\":\"https:\/\/www.riyadelcadi.com\/wp-content\/uploads\/2015\/12\/Marrakech-8.jpg\",\"width\":726,\"height\":482,\"caption\":\"None\"},{\"@type\":\"BreadcrumbList\",\"@id\":\"https:\/\/www.riyadelcadi.com\/de\/marrakesch\/#breadcrumb\",\"itemListElement\":[{\"@type\":\"ListItem\",\"position\":1,\"name\":\"Startseite\",\"item\":\"https:\/\/www.riyadelcadi.com\/de\/\"},{\"@type\":\"ListItem\",\"position\":2,\"name\":\"Urlaub in Marrakesch\"}]},{\"@type\":\"WebSite\",\"@id\":\"https:\/\/www.riyadelcadi.com\/de\/#website\",\"url\":\"https:\/\/www.riyadelcadi.com\/de\/\",\"name\":\"Riyad El Cadi\",\"description\":\"Riad mit Stil in Marrakesch\",\"potentialAction\":[{\"@type\":\"SearchAction\",\"target\":{\"@type\":\"EntryPoint\",\"urlTemplate\":\"https:\/\/www.riyadelcadi.com\/de\/?s={search_term_string}\"},\"query-input\":{\"@type\":\"PropertyValueSpecification\",\"valueRequired\":true,\"valueName\":\"search_term_string\"}}],\"inLanguage\":\"de\"}]}<\/script>\n<!-- \/ Yoast SEO plugin. -->","yoast_head_json":{"title":"Urlaub in Marrakesch - Riyad El Cadi","robots":{"index":"index","follow":"follow","max-snippet":"max-snippet:-1","max-image-preview":"max-image-preview:large","max-video-preview":"max-video-preview:-1"},"canonical":"https:\/\/www.riyadelcadi.com\/de\/marrakesch\/","og_locale":"de_DE","og_type":"article","og_title":"Urlaub in Marrakesch - Riyad El Cadi","og_description":"[vc_section][vc_row][vc_column][\/vc_column][\/vc_row][vc_row full_width=&#8220;&#8220; equal_height=&#8220;yes&#8220; content_placement=&#8220;middle&#8220; css=&#8220;.vc_custom_1588416232436{border-bottom-width: 0px !important;border-bottom-style: solid !important;}&#8220;][vc_column width=&#8220;1\/2&#8243;][\/vc_column][vc_column width=&#8220;1\/2&#8243; background_position=&#8220;center center&#8220;][vc_column_text] Sightseeing F\u00fcr einen Besuch dieser traditionsreichen Stadt mit ihren historischen Bauwerken, den einzigartigen Souks und sch\u00f6nster Landschaft vor dem schneebedeckten Atlas Gebirge sollten Sie m\u00f6glichst 2 bis 3 Tage vorsehen. Zwei Vormittage k\u00f6nnen Sie f\u00fcr Sightseeing einplanen, sei es mit einem zertifiziertem [&hellip;]","og_url":"https:\/\/www.riyadelcadi.com\/de\/marrakesch\/","og_site_name":"Riyad El Cadi","article_publisher":"https:\/\/www.facebook.com\/RiyadElCadi\/","article_modified_time":"2022-10-12T16:42:48+00:00","og_image":[{"width":726,"height":482,"url":"https:\/\/www.riyadelcadi.com\/wp-content\/uploads\/2015\/12\/Marrakech-8.jpg","type":"image\/jpeg"}],"twitter_card":"summary_large_image","twitter_misc":{"Gesch\u00e4tzte Lesezeit":"5\u00a0Minuten"},"schema":{"@context":"https:\/\/schema.org","@graph":[{"@type":"WebPage","@id":"https:\/\/www.riyadelcadi.com\/de\/marrakesch\/","url":"https:\/\/www.riyadelcadi.com\/de\/marrakesch\/","name":"Urlaub in Marrakesch - Riyad El Cadi","isPartOf":{"@id":"https:\/\/www.riyadelcadi.com\/de\/#website"},"primaryImageOfPage":{"@id":"https:\/\/www.riyadelcadi.com\/de\/marrakesch\/#primaryimage"},"image":{"@id":"https:\/\/www.riyadelcadi.com\/de\/marrakesch\/#primaryimage"},"thumbnailUrl":"https:\/\/www.riyadelcadi.com\/wp-content\/uploads\/2015\/12\/Marrakech-8.jpg","datePublished":"2011-08-01T13:14:18+00:00","dateModified":"2022-10-12T16:42:48+00:00","breadcrumb":{"@id":"https:\/\/www.riyadelcadi.com\/de\/marrakesch\/#breadcrumb"},"inLanguage":"de","potentialAction":[{"@type":"ReadAction","target":["https:\/\/www.riyadelcadi.com\/de\/marrakesch\/"]}]},{"@type":"ImageObject","inLanguage":"de","@id":"https:\/\/www.riyadelcadi.com\/de\/marrakesch\/#primaryimage","url":"https:\/\/www.riyadelcadi.com\/wp-content\/uploads\/2015\/12\/Marrakech-8.jpg","contentUrl":"https:\/\/www.riyadelcadi.com\/wp-content\/uploads\/2015\/12\/Marrakech-8.jpg","width":726,"height":482,"caption":"None"},{"@type":"BreadcrumbList","@id":"https:\/\/www.riyadelcadi.com\/de\/marrakesch\/#breadcrumb","itemListElement":[{"@type":"ListItem","position":1,"name":"Startseite","item":"https:\/\/www.riyadelcadi.com\/de\/"},{"@type":"ListItem","position":2,"name":"Urlaub in Marrakesch"}]},{"@type":"WebSite","@id":"https:\/\/www.riyadelcadi.com\/de\/#website","url":"https:\/\/www.riyadelcadi.com\/de\/","name":"Riyad El Cadi","description":"Riad mit Stil in Marrakesch","potentialAction":[{"@type":"SearchAction","target":{"@type":"EntryPoint","urlTemplate":"https:\/\/www.riyadelcadi.com\/de\/?s={search_term_string}"},"query-input":{"@type":"PropertyValueSpecification","valueRequired":true,"valueName":"search_term_string"}}],"inLanguage":"de"}]}},"_links":{"self":[{"href":"https:\/\/www.riyadelcadi.com\/de\/wp-json\/wp\/v2\/pages\/17020"}],"collection":[{"href":"https:\/\/www.riyadelcadi.com\/de\/wp-json\/wp\/v2\/pages"}],"about":[{"href":"https:\/\/www.riyadelcadi.com\/de\/wp-json\/wp\/v2\/types\/page"}],"author":[{"embeddable":true,"href":"https:\/\/www.riyadelcadi.com\/de\/wp-json\/wp\/v2\/users\/4"}],"replies":[{"embeddable":true,"href":"https:\/\/www.riyadelcadi.com\/de\/wp-json\/wp\/v2\/comments?post=17020"}],"version-history":[{"count":0,"href":"https:\/\/www.riyadelcadi.com\/de\/wp-json\/wp\/v2\/pages\/17020\/revisions"}],"wp:featuredmedia":[{"embeddable":true,"href":"https:\/\/www.riyadelcadi.com\/de\/wp-json\/wp\/v2\/media\/18100"}],"wp:attachment":[{"href":"https:\/\/www.riyadelcadi.com\/de\/wp-json\/wp\/v2\/media?parent=17020"}],"curies":[{"name":"wp","href":"https:\/\/api.w.org\/{rel}","templated":true}]}}